{"id":1133,"date":"2026-04-16T07:58:20","date_gmt":"2026-04-16T05:58:20","guid":{"rendered":"https:\/\/goslupski.pl\/kalendarz\/?post_type=ajde_events&#038;p=1133"},"modified":"2026-04-16T07:58:20","modified_gmt":"2026-04-16T05:58:20","slug":"slawomir-janeda-wyklad-pt-7-brygada-obrony-wybrzeza-1986-2025","status":"publish","type":"ajde_events","link":"https:\/\/goslupski.pl\/kalendarz\/events\/slawomir-janeda-wyklad-pt-7-brygada-obrony-wybrzeza-1986-2025\/","title":{"rendered":"S\u0141AWOMIR JANEDA wyk\u0142ad pt. 7. BRYGADA OBRONY WYBRZE\u017bA 1986-2025"},"content":{"rendered":"<p style=\"text-align: center;\">Muzeum Pomorza \u015arodkowego w S\u0142upsku<\/p>\n<p style=\"text-align: center;\">zaprasza na spotkanie z cyklu<br \/>\n\u201eS\u0142u\u017cby mundurowe, historia i technika\u201d<\/p>\n<p style=\"text-align: center;\">\nS\u0141AWOMIR JANEDA<\/p>\n<p style=\"text-align: center;\">wyk\u0142ad pt.<\/p>\n<p style=\"text-align: center;\">7. BRYGADA OBRONY WYBRZE\u017bA 1986-2025<\/p>\n<p style=\"text-align: center;\">25 kwietnia 2026 w sobot\u0119 o godz. 12:00<\/p>\n<p style=\"text-align: center;\">W ZAMKU KSI\u0104\u017b\u0104T POMORSKICH<br \/>\nW SALI RYCERSKIEJ<\/p>\n<p style=\"text-align: center;\">Wst\u0119p wolny<\/p>\n<p>Jak pisze S\u0142awomir Janeda: \u201eZapocz\u0105tkowana w drugiej po\u0142owie lat 80. polityka odpr\u0119\u017cenia pomi\u0119dzy dwoma blokami wojskowymi NATO i Uk\u0142adem Warszawskim, spowodowa\u0142a znaczn\u0105 redukcj\u0119 wszystkich komponent\u00f3w si\u0142 zbrojnych pa\u0144stw europejskich oraz si\u0142 USA w Europie. Redukcja dotkn\u0119\u0142a r\u00f3wnie\u017c Wojska Polskiego. 7. \u0141u\u017cycka Dywizja Desantowa zosta\u0142a w 1986 roku przemianowana na 7. Brygad\u0119 Obrony Wybrze\u017ca, a w kolejnych latach jej potencja\u0142 bojowy z jednej strony mocno eksploatowany i niemodernizowany ulega\u0142 destrukcji technicznej, z drugiej strony by\u0142 redukowany na mocy uk\u0142ad\u00f3w mi\u0119dzynarodowych. Zmiany polityczne w 1989 roku w Polsce oraz innych pa\u0144stwach bloku wschodniego, rozwi\u0105zanie w 1991 roku Uk\u0142adu Warszawskiego, wytyczy\u0142y nowe kierunki rozwoju si\u0142 zbrojnych Polski. Odt\u0105d g\u0142\u00f3wnym priorytetem polityki obronnej by\u0142o przyst\u0105pienie przez Polsk\u0119 do NATO. Od pocz\u0105tku lat 90., a\u017c do dzisiaj 7. Pomorska Brygada Obrony Wybrze\u017ca opr\u00f3cz wykonywania zada\u0144 wojskowych jest stabilnym i znacz\u0105cym pracodawc\u0105 w regionie s\u0142upskim\u201d.<\/p>\n","protected":false},"author":10,"featured_media":1134,"menu_order":0,"comment_status":"open","ping_status":"closed","template":"","meta":[],"tags":[],"event_type":[7],"event_type_2":[],"class_list":["post-1133","ajde_events","type-ajde_events","status-publish","has-post-thumbnail","hentry","event_location-zamek-ksiazat-pomorskich-w-slupsku","event_organizer-muzeum-pomorza-srodkowego-w-slupsku","event_type-kulturalne"],"_links":{"self":[{"href":"https:\/\/goslupski.pl\/kalendarz\/wp-json\/wp\/v2\/ajde_events\/1133","targetHints":{"allow":["GET"]}}],"collection":[{"href":"https:\/\/goslupski.pl\/kalendarz\/wp-json\/wp\/v2\/ajde_events"}],"about":[{"href":"https:\/\/goslupski.pl\/kalendarz\/wp-json\/wp\/v2\/types\/ajde_events"}],"author":[{"embeddable":true,"href":"https:\/\/goslupski.pl\/kalendarz\/wp-json\/wp\/v2\/users\/10"}],"replies":[{"embeddable":true,"href":"https:\/\/goslupski.pl\/kalendarz\/wp-json\/wp\/v2\/comments?post=1133"}],"wp:featuredmedia":[{"embeddable":true,"href":"https:\/\/goslupski.pl\/kalendarz\/wp-json\/wp\/v2\/media\/1134"}],"wp:attachment":[{"href":"https:\/\/goslupski.pl\/kalendarz\/wp-json\/wp\/v2\/media?parent=1133"}],"wp:term":[{"taxonomy":"post_tag","embeddable":true,"href":"https:\/\/goslupski.pl\/kalendarz\/wp-json\/wp\/v2\/tags?post=1133"},{"taxonomy":"event_type","embeddable":true,"href":"https:\/\/goslupski.pl\/kalendarz\/wp-json\/wp\/v2\/event_type?post=1133"},{"taxonomy":"event_type_2","embeddable":true,"href":"https:\/\/goslupski.pl\/kalendarz\/wp-json\/wp\/v2\/event_type_2?post=1133"}],"curies":[{"name":"wp","href":"https:\/\/api.w.org\/{rel}","templated":true}]}}