{"id":2,"date":"2021-12-14T11:43:53","date_gmt":"2021-12-14T10:43:53","guid":{"rendered":"https:\/\/goslupski.pl\/kalendarz\/?page_id=2"},"modified":"2026-02-04T12:26:21","modified_gmt":"2026-02-04T11:26:21","slug":"strona-glowna","status":"publish","type":"page","link":"https:\/\/goslupski.pl\/kalendarz\/","title":{"rendered":"Strona g\u0142\u00f3wna"},"content":{"rendered":"<p><div class=\"fusion-fullwidth fullwidth-box fusion-builder-row-1 fusion-flex-container nonhundred-percent-fullwidth non-hundred-percent-height-scrolling fusion-no-small-visibility\" style=\"--awb-border-radius-top-left:0px;--awb-border-radius-top-right:0px;--awb-border-radius-bottom-right:0px;--awb-border-radius-bottom-left:0px;--awb-padding-right:13%;--awb-padding-left:11%;--awb-flex-wrap:wrap;\" ><div class=\"fusion-builder-row fusion-row fusion-flex-align-items-center fusion-flex-justify-content-space-evenly fusion-flex-content-wrap\" style=\"max-width:1248px;margin-left: calc(-4% \/ 2 );margin-right: calc(-4% \/ 2 );\"><div class=\"fusion-layout-column fusion_builder_column fusion-builder-column-0 fusion_builder_column_1_1 1_1 fusion-flex-column\" style=\"--awb-bg-size:cover;--awb-width-large:100%;--awb-margin-top-large:0px;--awb-spacing-right-large:1.92%;--awb-margin-bottom-large:0px;--awb-spacing-left-large:1.92%;--awb-width-medium:100%;--awb-spacing-right-medium:1.92%;--awb-spacing-left-medium:1.92%;--awb-width-small:100%;--awb-spacing-right-small:1.92%;--awb-spacing-left-small:1.92%;\"><div class=\"fusion-column-wrapper fusion-flex-justify-content-flex-start fusion-content-layout-column\"><div id=\"evcal_calendar_421\" class=\"ajde_evcal_calendar evoslider evosliderbox defSlider cs_lr ss_imgleft etttc_custom color sltac\"><div class=\"evo_slider_outter\" >\r\n\t\t\t\t\t<div class=\"evo_slider_slide_out\"><div class='evo_loading_bar_holder h100 evofx_ai_c swipe' style=''><div class='evo_loading_bar wid_100% hi_50px' style='width:100%; height:50px; '><\/div><div class='evo_loading_bar wid_100% hi_50px' style='width:100%; height:50px; '><\/div><div class='evo_loading_bar wid_100% hi_50px' style='width:100%; height:50px; '><\/div><div class='evo_loading_bar wid_100% hi_50px' style='width:100%; height:50px; '><\/div><div class='evo_loading_bar wid_50% hi_50px' style='width:50%; height:50px; '><\/div><\/div><div class=\"eventon_events_list\" style=\"display:none\"><div id=\"event_1071_0\" class=\"eventon_list_event evo_eventtop scheduled  event clrW hasbgimg event_1071_0\" data-event_id=\"1071\" data-ri=\"0r\" data-time=\"1773421200-1792886400\" data-colr=\"#4bb5d8\" itemscope itemtype='http:\/\/schema.org\/Event'><div class=\"evo_event_schema\" style=\"display:none\" ><a itemprop='url'  href='https:\/\/goslupski.pl\/kalendarz\/events\/male-przedmioty-wielkie-historie-dziecinstwo-w-prl\/'><\/a><meta itemprop='image' content=\"https:\/\/goslupski.pl\/kalendarz\/wp-content\/uploads\/2026\/03\/plakat-zabawki-prl-s.jpg\" \/><meta itemprop='startDate' content=\"2026-3-13T17:00+2:00\" \/><meta itemprop='endDate' content=\"2026-10-25T00:00+2:00\" \/><meta itemprop='eventStatus' content=\"https:\/\/schema.org\/EventScheduled\" \/><meta itemprop='eventAttendanceMode'   itemscope itemtype=\"https:\/\/schema.org\/OfflineEventAttendanceMode\"\/><div style=\"display:none\" itemprop=\"location\" itemscope itemtype=\"http:\/\/schema.org\/Place\"><span itemprop=\"name\">Bia\u0142y Spichlerz<\/span><span itemprop=\"address\" itemscope itemtype=\"http:\/\/schema.org\/PostalAddress\"><item itemprop=\"streetAddress\">Szarych Szereg\u00f3w 12<\/item><\/span><\/div><div itemprop=\"organizer\" itemscope=\"\" itemtype=\"http:\/\/schema.org\/Organization\"><meta itemprop=\"name\" content=\"Muzeum Pomorza \u015arodkowego w S\u0142upsku\">\n\t\t\t\t    \t<meta itemprop=\"url\" content=\"www.muzeum.slupsk.pl\"><\/div><div itemprop=\"performer\" itemscope=\"\" itemtype=\"http:\/\/schema.org\/Person\"><meta itemprop=\"name\" content=\"Muzeum Pomorza \u015arodkowego w S\u0142upsku\"><\/div><script type=\"application\/ld+json\">{\"@context\": \"http:\/\/schema.org\",\"@type\": \"Event\",\n\t\t\t\t\"@id\": \"event_1071_0\",\n\t\t\t\t\"eventAttendanceMode\":\"https:\/\/schema.org\/OfflineEventAttendanceMode\",\n\t\t\t\t\"eventStatus\":\"https:\/\/schema.org\/EventScheduled\",\n\t\t\t\t\"name\": \"Ma\u0142e przedmioty, wielkie historie. Dzieci\u0144stwo w PRL\",\n\t\t\t\t\"url\": \"https:\/\/goslupski.pl\/kalendarz\/events\/male-przedmioty-wielkie-historie-dziecinstwo-w-prl\/\",\n\t\t\t\t\"startDate\": \"2026-3-13T17:00+2:00\",\n\t\t\t\t\"endDate\": \"2026-10-25T00:00+2:00\",\n\t\t\t\t\"image\":\"https:\/\/goslupski.pl\/kalendarz\/wp-content\/uploads\/2026\/03\/plakat-zabawki-prl-s.jpg\", \n\t\t\t\t\"description\":\"<p style='text-align: center;'>Muzeum Pomorza \u015arodkowego w S\u0142upsku<br \/> zaprasza na otwarcie nowej wystawy czasowej<\/p> <p style='text-align: center;'> <p style='text-align: center;'><strong>Ma\u0142e przedmioty, wielkie historie. Dzieci\u0144stwo w PRL<\/strong><\/p> <p>&nbsp;<\/p> <p style='text-align: left;'>13 marca 2026 (pi\u0105tek)<\/p> <p style='text-align: left;'>godz. 17:00<\/p> <p style='text-align: left;'>Bia\u0142y Spichlerz<\/p> <p style='text-align: left;'>sala im. Barbary Zieli\u0144skiej<\/p> <p>Szarych Szereg\u00f3w 12<\/p> <p>w S\u0142upsku<\/p> <p>Czy zabawka mo\u017ce opowiedzie\u0107 histori\u0119 dzieci\u0144stwa? Czy szkolny fartuszek, pi\u00f3rnik lub gra planszowa mog\u0105 przywo\u0142a\u0107 wspomnienia sprzed kilkudziesi\u0119ciu lat? Na te pytania odpowiada wystawa \u201eMa\u0142e przedmioty, wielkie historie. Dzieci\u0144stwo w PRL\u201d, kt\u00f3r\u0105 b\u0119dzie mo\u017cna ogl\u0105da\u0107 w sali wernisa\u017cowej Bia\u0142ego Spichlerza.<\/p> <p>Ekspozycja przenosi zwiedzaj\u0105cych w \u015bwiat dzieci\u0144stwa w Polsce drugiej po\u0142owy XX wieku. Poprzez zabawki, przybory szkolne i codzienne przedmioty najm\u0142odszych opowiada o realiach dorastania w czasach PRL \u2013 o marzeniach, obowi\u0105zkach szkolnych, zabawie i dzieci\u0119cej wyobra\u017ani.<\/p> <p>Na wystawie zaprezentowanych zostanie oko\u0142o 300 eksponat\u00f3w pochodz\u0105cych \u00a0z r\u00f3\u017cnych dekad PRL. Przedmioty te pokazuj\u0105 \u015bwiat dzieci\u0144stwa kszta\u0142towany przez ograniczon\u0105 dost\u0119pno\u015b\u0107 towar\u00f3w, prostot\u0119 form i ogromn\u0105 rol\u0119 kreatywno\u015bci w codziennej zabawie.<\/p> <p>Wa\u017cnym elementem ekspozycji s\u0105 fotografie dzieci z zabawkami, kt\u00f3re towarzysz\u0105 prezentowanym obiektom. Zdj\u0119cia te nadaj\u0105 wystawie osobisty i sentymentalny charakter, przywo\u0142uj\u0105c wspomnienia znane wielu odwiedzaj\u0105cym z w\u0142asnego dzieci\u0144stwa.<\/p> <p>Wi\u0119kszo\u015b\u0107 prezentowanych obiekt\u00f3w pochodzi ze zbior\u00f3w Muzeum Zabawek i Zabawy w Kielcach \u2013 jednego z najwa\u017cniejszych w Polsce o\u015brodk\u00f3w dokumentuj\u0105cych histori\u0119 zabawy i dzieci\u0144stwa.<\/p> <p>Wystawa zosta\u0142a zaprojektowana jako przestrze\u0144 wspomnie\u0144 i mi\u0119dzypokoleniowego spotkania. Starsi odwiedzaj\u0105cy odnajd\u0105 w niej fragmenty w\u0142asnego dzieci\u0144stwa, natomiast m\u0142odsze pokolenie b\u0119dzie mia\u0142o okazj\u0119 zobaczy\u0107, jak wygl\u0105da\u0142 \u015bwiat codzienny ich rodzic\u00f3w<br \/> i dziadk\u00f3w.<\/p> <p>Ekspozycja uzupe\u0142niona zostanie o program edukacyjny skierowany do rodzin, dzieci i m\u0142odzie\u017cy, obejmuj\u0105cy warsztaty, zaj\u0119cia muzealne oraz wydarzenia towarzysz\u0105ce.<\/p> <p>\u201eMa\u0142e przedmioty, wielkie historie\u201d to opowie\u015b\u0107 o tym, \u017ce nawet najmniejsze przedmioty mog\u0105 kry\u0107 w sobie wielkie emocje i wspomnienia.<\/p> <p>Wystawa b\u0119dzie czynna do 25 pa\u017adziernika 2026 r.<\/p> <p>Serdecznie zapraszamy!<\/p> <p><img class='aligncenter size-medium wp-image-1072' src='https:\/\/goslupski.pl\/kalendarz\/wp-content\/uploads\/2026\/03\/plakat-zabawki-prl-s-300x212.jpg' alt='' width='300' height='212' \/><\/p> \",\"location\":[{\"@type\":\"Place\",\"name\":\"Bia\u0142y Spichlerz\",\"address\":{\"@type\": \"PostalAddress\",\"streetAddress\":\"Szarych Szereg\u00f3w 12\"}}],\"organizer\":[{\"@type\":\"Organization\",\"name\":\"Muzeum Pomorza \u015arodkowego w S\u0142upsku\",\"url\":\"www.muzeum.slupsk.pl\"}]}<\/script><\/div><div class=\"evo_boxtop\" style=\"background-image: url(https:\/\/goslupski.pl\/kalendarz\/wp-content\/uploads\/2026\/03\/plakat-zabawki-prl-s.jpg); background-color:#4bb5d8;height:200px;\"><\/div>\r\n\t\t\t\t<p class=\"desc_trig_outter\" style=\"\"><a data-gmap_status=\"null\" data-exlk=\"0\" style=\"background-color:#4bb5d8;padding-top: 235px;\" id=\"evc_17734212001071\" href=\"#\" class=\"hasFtIMG desc_trig mul_val evcal_list_a\" data-ux_val=\"3\" data-ux_val_mob=\"-\"  ><span class='evoet_c1 evoet_cx '><span class='evoet_cy ev_ftImg evotrans imgFxdef' data-img='https:\/\/goslupski.pl\/kalendarz\/wp-content\/uploads\/2026\/03\/plakat-zabawki-prl-s.jpg' data-thumb='https:\/\/goslupski.pl\/kalendarz\/wp-content\/uploads\/2026\/03\/plakat-zabawki-prl-s-300x212.jpg' style='background-image:url(\"https:\/\/goslupski.pl\/kalendarz\/wp-content\/uploads\/2026\/03\/plakat-zabawki-prl-s-300x212.jpg\")' ><\/span><\/span><span class='evoet_c2 evoet_cx '><span class='evoet_dayblock evcal_cblock ' data-bgcolor='#4bb5d8' data-smon='marzec' data-syr='2026' data-bub=''><span class='evo_start  evofxdrc'><em class='date'>13<\/em><em class='month'>mar<\/em><em class='time'><i t=\"y\">(mar 13)<\/i>17:00<\/em><\/span><span class='evo_end  evofxdrc'><em class='date'>25<\/em><em class='month'>pa\u017a<\/em><em class='time'><i t=\"y\">(pa\u017a 25)<\/i>00:00<\/em><\/span><\/span><\/span><span class='evoet_c3 evoet_cx evcal_desc hide_eventtopdata '><span class='evoet_title evcal_desc2 evcal_event_title ' itemprop='name'>Ma\u0142e przedmioty, wielkie historie. Dzieci\u0144stwo w PRL<\/span><span class='event_location_attrs'  data-location_address=\"Szarych Szereg\u00f3w 12\" data-location_type=\"address\" data-location_name=\"Bia\u0142y Spichlerz\" data-location_url=\"https:\/\/goslupski.pl\/kalendarz\/event-location\/bialy-spichlerz\/\" data-location_status=\"true\" data-locid=\"159\"><\/span><span class='evoet_cy evoet_time_expand level_3'><em class='evcal_time evo_tz_time'><i class='fa fa-clock-o'><\/i>(marzec 13) 17:00 - (pa\u017adziernik 25) 00:00<span class='evo_tz marl5'>(GMT+00:00)<\/span><\/em> <\/span><span class='evoet_location level_3'><em class=\"evcal_location\"  data-add_str=\"Szarych Szereg\u00f3w 12\" data-n=\"\"><i class=\"fa fa-location-pin\"><\/i>Szarych Szereg\u00f3w 12<\/em><\/span><\/span><span class='evoet_data' data-d=\"{&quot;loc.n&quot;:&quot;Bia\\u0142y Spichlerz&quot;,&quot;orgs&quot;:{&quot;100&quot;:&quot;Muzeum Pomorza \\u015arodkowego w S\\u0142upsku&quot;},&quot;tags&quot;:[]}\" data-bgc=\"#4bb5d8\" data-bggrad=\"\" ><\/span><\/a><\/p><div class='event_description evcal_eventcard ' style=\"display:none\"><div class='evocard_row'><div id='event_ftimage' class='evocard_box ftimage' data-c='' \n\t\t\t\t\tstyle=''><div class='evocard_main_image_hold' data-t='Loading Image..'><div class='evocard_main_image evo_img_triglb evocd_img_direct evobr15 evobgsc evobgpc evodfx evofx_jc_c evofx_ai_c evofz48 direct' style='height:400px; background-image:url();' data-f=\"https:\/\/goslupski.pl\/kalendarz\/wp-content\/uploads\/2026\/03\/plakat-zabawki-prl-s.jpg\" data-h=\"1671\" data-w=\"2362\" data-ratio=\"0.70745131244708\" data-event_id=\"1071\" data-ri=\"0\"  data-t='Loading Image..'><span style='height:400px; background-image:url(https:\/\/goslupski.pl\/kalendarz\/wp-content\/uploads\/2026\/03\/plakat-zabawki-prl-s.jpg)'><\/span><\/div><\/div><\/div><\/div><!-- row close --><div class='evocard_row'><div id='event_eventdetails' class='evocard_box eventdetails' data-c='' \n\t\t\t\t\tstyle=''><div class=\"evo_metarow_details evorow evcal_evdata_row evcal_event_details\">\n    <div class=\"event_excerpt\" style=\"display:none\"><h3 class=\"padb5 evo_h3\">Szczeg\u00f3\u0142y<\/h3><p>Muzeum Pomorza \u015arodkowego w S\u0142upsku\nzaprasza na otwarcie nowej wystawy czasowej\n\nMa\u0142e przedmioty, wielkie historie. Dzieci\u0144stwo w PRL\n&nbsp;\n13 marca 2026 (pi\u0105tek)\ngodz.<\/p><\/div><span class='evcal_evdata_icons'><i class='fa fa-align-justify'><\/i><\/span>    <div class=\"evcal_evdata_cell shorter_desc\">\n        <div class=\"eventon_full_description\">\n            <h3 class=\"padb5 evo_h3\"><span class='evcal_evdata_icons'><i class='fa fa-align-justify'><\/i><\/span>Szczeg\u00f3\u0142y<\/h3>\n            <div class=\"eventon_desc_in\" itemprop=\"description\">\n                <p style=\"text-align: center;\">Muzeum Pomorza \u015arodkowego w S\u0142upsku<br \/>\nzaprasza na otwarcie nowej wystawy czasowej<\/p>\n<p style=\"text-align: center;\">\n<p style=\"text-align: center;\"><strong>Ma\u0142e przedmioty, wielkie historie. Dzieci\u0144stwo w PRL<\/strong><\/p>\n<p>&nbsp;<\/p>\n<p style=\"text-align: left;\">13 marca 2026 (pi\u0105tek)<\/p>\n<p style=\"text-align: left;\">godz. 17:00<\/p>\n<p style=\"text-align: left;\">Bia\u0142y Spichlerz<\/p>\n<p style=\"text-align: left;\">sala im. Barbary Zieli\u0144skiej<\/p>\n<p>Szarych Szereg\u00f3w 12<\/p>\n<p>w S\u0142upsku<\/p>\n<p>Czy zabawka mo\u017ce opowiedzie\u0107 histori\u0119 dzieci\u0144stwa? Czy szkolny fartuszek, pi\u00f3rnik lub gra planszowa mog\u0105 przywo\u0142a\u0107 wspomnienia sprzed kilkudziesi\u0119ciu lat? Na te pytania odpowiada wystawa \u201eMa\u0142e przedmioty, wielkie historie. Dzieci\u0144stwo w PRL\u201d, kt\u00f3r\u0105 b\u0119dzie mo\u017cna ogl\u0105da\u0107 w sali wernisa\u017cowej Bia\u0142ego Spichlerza.<\/p>\n<p>Ekspozycja przenosi zwiedzaj\u0105cych w \u015bwiat dzieci\u0144stwa w Polsce drugiej po\u0142owy XX wieku. Poprzez zabawki, przybory szkolne i codzienne przedmioty najm\u0142odszych opowiada o realiach dorastania w czasach PRL \u2013 o marzeniach, obowi\u0105zkach szkolnych, zabawie i dzieci\u0119cej wyobra\u017ani.<\/p>\n<p>Na wystawie zaprezentowanych zostanie oko\u0142o 300 eksponat\u00f3w pochodz\u0105cych \u00a0z r\u00f3\u017cnych dekad PRL. Przedmioty te pokazuj\u0105 \u015bwiat dzieci\u0144stwa kszta\u0142towany przez ograniczon\u0105 dost\u0119pno\u015b\u0107 towar\u00f3w, prostot\u0119 form i ogromn\u0105 rol\u0119 kreatywno\u015bci w codziennej zabawie.<\/p>\n<p>Wa\u017cnym elementem ekspozycji s\u0105 fotografie dzieci z zabawkami, kt\u00f3re towarzysz\u0105 prezentowanym obiektom. Zdj\u0119cia te nadaj\u0105 wystawie osobisty i sentymentalny charakter, przywo\u0142uj\u0105c wspomnienia znane wielu odwiedzaj\u0105cym z w\u0142asnego dzieci\u0144stwa.<\/p>\n<p>Wi\u0119kszo\u015b\u0107 prezentowanych obiekt\u00f3w pochodzi ze zbior\u00f3w Muzeum Zabawek i Zabawy w Kielcach \u2013 jednego z najwa\u017cniejszych w Polsce o\u015brodk\u00f3w dokumentuj\u0105cych histori\u0119 zabawy i dzieci\u0144stwa.<\/p>\n<p>Wystawa zosta\u0142a zaprojektowana jako przestrze\u0144 wspomnie\u0144 i mi\u0119dzypokoleniowego spotkania. Starsi odwiedzaj\u0105cy odnajd\u0105 w niej fragmenty w\u0142asnego dzieci\u0144stwa, natomiast m\u0142odsze pokolenie b\u0119dzie mia\u0142o okazj\u0119 zobaczy\u0107, jak wygl\u0105da\u0142 \u015bwiat codzienny ich rodzic\u00f3w<br \/>\ni dziadk\u00f3w.<\/p>\n<p>Ekspozycja uzupe\u0142niona zostanie o program edukacyjny skierowany do rodzin, dzieci i m\u0142odzie\u017cy, obejmuj\u0105cy warsztaty, zaj\u0119cia muzealne oraz wydarzenia towarzysz\u0105ce.<\/p>\n<p>\u201eMa\u0142e przedmioty, wielkie historie\u201d to opowie\u015b\u0107 o tym, \u017ce nawet najmniejsze przedmioty mog\u0105 kry\u0107 w sobie wielkie emocje i wspomnienia.<\/p>\n<p>Wystawa b\u0119dzie czynna do 25 pa\u017adziernika 2026 r.<\/p>\n<p>Serdecznie zapraszamy!<\/p>\n<p><img decoding=\"async\" class=\"aligncenter size-medium wp-image-1072\" src=\"https:\/\/goslupski.pl\/kalendarz\/wp-content\/uploads\/2026\/03\/plakat-zabawki-prl-s-300x212.jpg\" alt=\"\" width=\"300\" height=\"212\" srcset=\"https:\/\/goslupski.pl\/kalendarz\/wp-content\/uploads\/2026\/03\/plakat-zabawki-prl-s-200x141.jpg 200w, https:\/\/goslupski.pl\/kalendarz\/wp-content\/uploads\/2026\/03\/plakat-zabawki-prl-s-300x212.jpg 300w, https:\/\/goslupski.pl\/kalendarz\/wp-content\/uploads\/2026\/03\/plakat-zabawki-prl-s-400x283.jpg 400w, https:\/\/goslupski.pl\/kalendarz\/wp-content\/uploads\/2026\/03\/plakat-zabawki-prl-s-600x424.jpg 600w, https:\/\/goslupski.pl\/kalendarz\/wp-content\/uploads\/2026\/03\/plakat-zabawki-prl-s-768x543.jpg 768w, https:\/\/goslupski.pl\/kalendarz\/wp-content\/uploads\/2026\/03\/plakat-zabawki-prl-s-800x566.jpg 800w, https:\/\/goslupski.pl\/kalendarz\/wp-content\/uploads\/2026\/03\/plakat-zabawki-prl-s-1024x724.jpg 1024w, https:\/\/goslupski.pl\/kalendarz\/wp-content\/uploads\/2026\/03\/plakat-zabawki-prl-s-1200x849.jpg 1200w, https:\/\/goslupski.pl\/kalendarz\/wp-content\/uploads\/2026\/03\/plakat-zabawki-prl-s-1536x1087.jpg 1536w\" sizes=\"(max-width: 300px) 100vw, 300px\" \/><\/p>\n            <\/div>\n            <p class='eventon_shad_p' style='padding:5px 0 0; margin:0'><button class='evcal_btn evo_btn_secondary evobtn_details_show_more' content='less'><span class='ev_more_text' data-txt='Mniej'>Wi\u0119cej<\/span><span class='ev_more_arrow ard'><\/span><\/button><\/p><div class='clear'><\/div>        <\/div>\n    <\/div>\n<\/div><\/div><\/div><!-- row close --><div class='evocard_row bx2 bx'><div id='event_time' class='evocard_box time' data-c='' \n\t\t\t\t\tstyle=''><div class='evo_metarow_time evorow evcal_evdata_row evcal_evrow_sm '>\n\t\t<span class='evcal_evdata_icons'><i class='fa fa-clock'><\/i><\/span>\n\t\t<div class='evcal_evdata_cell'>\t\t\t\t\t\t\t\n\t\t\t<h3 class='evo_h3'><span class='evcal_evdata_icons'><i class='fa fa-clock'><\/i><\/span>Termin<\/h3><div><span class='evo_eventcard_time_t evogap5 evofxww'><span class='start'>13 marzec 2026<\/span> <span class='stime'>17:00<\/span> - <span class='end'>25 pa\u017adziernik 2026<\/span> <span class='etime'>00:00<\/span><\/span><span class='evo_tz marr5'>(GMT+00:00)<\/span><\/div>\n\t\t<\/div>\n\t<\/div><\/div><div id='event_location' class='evocard_box location' data-c='' \n\t\t\t\t\tstyle=''><div class='evcal_evdata_row evo_metarow_time_location evorow '>\n\t\t\n\t\t\t<span class='evcal_evdata_icons'><i class='fa fa-map-marker'><\/i><\/span>\n\t\t\t<div class='evcal_evdata_cell' data-loc_tax_id='159'><h3 class='evo_h3 evodfx'><span class='evcal_evdata_icons'><i class='fa fa-map-marker'><\/i><\/span>Lokalizacja<\/h3><p class='evo_location_name'>Bia\u0142y Spichlerz<\/p><p class='evo_location_address evodfxi evogap10'>Szarych Szereg\u00f3w 12<\/p><div class='padt10'><span class='evo_btn_arr evolb_trigger' data-lbvals=\"{&quot;lbdata&quot;:{&quot;class&quot;:&quot;evo_location_lb_159&quot;,&quot;additional_class&quot;:&quot;lb_max&quot;,&quot;title&quot;:&quot;Bia\\u0142y Spichlerz&quot;},&quot;adata&quot;:{&quot;a&quot;:&quot;eventon_get_tax_card_content&quot;,&quot;end&quot;:&quot;client&quot;,&quot;data&quot;:{&quot;lang&quot;:&quot;L1&quot;,&quot;term_id&quot;:159,&quot;tax&quot;:&quot;event_location&quot;,&quot;load_lbcontent&quot;:true}},&quot;uid&quot;:&quot;eventon_get_tax_card_content&quot;}\" >Other Events<i class='fa fa-chevron-right' aria-hidden='true'><\/i><\/span><\/div><\/div>\n\t\t\n\t<\/div><\/div><\/div><!-- row close --><div class='evocard_row'><div id='event_addtocal' class='evocard_box addtocal' data-c='' \n\t\t\t\t\tstyle=''><div class='evo_metarow_ICS evorow evcal_evdata_row'>\n\t\t\t<span class='evcal_evdata_icons'><i class='fa fa-calendar-o'><\/i><\/span>\n\t\t\t<div class='evcal_evdata_cell'>\n\t\t\t\t<p><a href='https:\/\/goslupski.pl\/kalendarz\/export-events\/1071_0\/?key=626d271d26' rel='nofollow' class='evo_ics_nCal' title='Dodaj do swojego kalendarza'>Kalendarz<\/a><a href='https:\/\/www.google.com\/calendar\/event?action=TEMPLATE&text=Ma%C5%82e%20przedmioty%2C%20wielkie%20historie.%20Dzieci%C5%84stwo%20w%20PRL&dates=20260313T170000Z\/20261025T000000Z&ctz=UTC&details=Ma%C5%82e%20przedmioty%2C%20wielkie%20historie.%20Dzieci%C5%84stwo%20w%20PRL&location=Bia%C5%82y%20Spichlerz%20Szarych%20Szereg%C3%B3w%2012' target='_blank' rel='nofollow' class='evo_ics_gCal' title='Dodaj do Google Calendar'>GoogleCal<\/a><\/p>\t\n\t\t\t<\/div>\n\t\t<\/div><\/div><\/div><!-- row close --><div class='evocard_row'><div id='event_organizer' class='evocard_box organizer' data-c='' \n\t\t\t\t\tstyle=''><div class='evo_metarow_organizer evorow evcal_evdata_row evcal_evrow_sm '>\n\t\t<span class='evcal_evdata_icons'><i class='fa fa-headphones'><\/i><\/span>\n\t\t<div class='evcal_evdata_cell'>\t\t\t\t\t\t\t\n\t\t\t<h3 class='evo_h3'>Organizator<\/h3><div class='evo_evdata_cell_content evodfx evofx_ww evofx_dr_r evogap15'><div class='evo_card_organizer evofx_1'><h4 class='evo_org_name evo_h4 marb5 evottui evocl1i evopadb10i'><span class='evo_card_organizer_name_t marb5'><a target=\"_blank\" href='https:\/\/www.muzeum.slupsk.pl' class='evocl1i'>Muzeum Pomorza \u015arodkowego w S\u0142upsku<\/a><\/span><\/h4><div class='evo_org_details'>Muzeum Pomorza \u015arodkowego w S\u0142upsku mie\u015bci si\u0119 w kompleksie budynk\u00f3w znajduj\u0105cych si\u0119 w centrum miasta. Zajmuje malowniczo po\u0142o\u017cone obiekty na obu brzegach S\u0142upi....<button class='evo_organizer_more_trig evonobtn2 evobutton evoff_2 evobgclg30 evoHbgclg50 evoop7 evohoop10 evotrans evobr5 evomarl5 evofz12' style='    padding: 2px 5px;font-size: 11px;'>Read More.<\/button><\/div><div class='evo_org_details_full evodni'>Muzeum Pomorza \u015arodkowego w S\u0142upsku mie\u015bci si\u0119 w kompleksie budynk\u00f3w znajduj\u0105cych si\u0119 w centrum miasta. Zajmuje malowniczo po\u0142o\u017cone obiekty na obu brzegach S\u0142upi.<\/div><p class='evo_card_organizer_more evomart10i'><a class='evolb_trigger evo_btn_arr mart10' data-lbvals=\"{&quot;lbc&quot;:&quot;evo_organizer_lb&quot;,&quot;lbac&quot;:&quot;lb_max&quot;,&quot;preload_temp_key&quot;:&quot;preload_taxlb&quot;,&quot;t&quot;:&quot;Muzeum Pomorza \\u015arodkowego w S\\u0142upsku&quot;,&quot;ajax&quot;:&quot;yes&quot;,&quot;ajax_type&quot;:&quot;endpoint&quot;,&quot;ajax_action&quot;:&quot;eventon_get_tax_card_content&quot;,&quot;end&quot;:&quot;client&quot;,&quot;d&quot;:{&quot;eventid&quot;:1071,&quot;ri&quot;:0,&quot;term_id&quot;:100,&quot;tax&quot;:&quot;event_organizer&quot;,&quot;load_lbcontent&quot;:true}}\" >Learn More<i class='fa fa-chevron-right'><\/i><\/a><\/p><\/div><!-- evo_card_organizer--><\/div><\/div>\t<\/div><\/div><\/div><!-- row close --><div class='evocard_row'><div id='event_locImg' class='evocard_box locImg' data-c='' \n\t\t\t\t\tstyle=''><div class='evcal_evdata_row evo_metarow_locImg evorow evo_gal_box tvi' style='min-height:400px; padding:0'  id='965_locimg' >\n\t<div class='evo_gal_main_img evo_img_triglb evobgsc evobgpc' style='background-image:url(https:\/\/goslupski.pl\/kalendarz\/wp-content\/uploads\/2026\/01\/bialy_spichlerz.jpg); height:100%; width:100%' data-f='https:\/\/goslupski.pl\/kalendarz\/wp-content\/uploads\/2026\/01\/bialy_spichlerz.jpg' data-w='https:\/\/goslupski.pl\/kalendarz\/wp-content\/uploads\/2026\/01\/bialy_spichlerz-150x150.jpg' data-h='965'>\n\t<div class='evo_locimg_over'>\n\t\t<div class='evo_locimg_over_in evopad20'><\/div>\n\t<\/div>\n\t<div class='evo_gal_bottom evo_locimg_bottom '>\n\t\t<div class='evo_gal_icons evo_locimg_left'><div class='evo_gal_icon evo_locimg_gal on evo_transit_all evo_trans_sc1_05' data-index='1' data-u='https:\/\/goslupski.pl\/kalendarz\/wp-content\/uploads\/2026\/01\/bialy_spichlerz.jpg' data-w='https:\/\/goslupski.pl\/kalendarz\/wp-content\/uploads\/2026\/01\/bialy_spichlerz-150x150.jpg' data-h='965'>\n\t\t\t\t<span class='locimg_1' style='background-image:url(https:\/\/goslupski.pl\/kalendarz\/wp-content\/uploads\/2026\/01\/bialy_spichlerz-150x150.jpg)'><\/span>\n\t\t\t<\/div><\/div>\n\t\t<div class='evo_locimg_right'>\n\t\t\t<h3 class='evo_h3 evo_locimg_title'>Bia\u0142y Spichlerz<\/h3>\n\t\t\t\n\t\t<\/div>\t\t\t\t\t\t\t\t\n\t<\/div>\n\t<\/div>\n\t<\/div><\/div><\/div><!-- row close --><div class='evocard_row'><div id='event_getdirection' class='evocard_box getdirection' data-c='' \n\t\t\t\t\tstyle=''><div class='evo_metarow_getDr evorow evcal_evdata_row evcal_evrow_sm getdirections'>\n\t\t<form action='https:\/\/maps.google.com\/maps' method='get' target='_blank'>\n\t\t\t<input type='hidden' name='daddr' value=\"Szarych Szereg\u00f3w 12\"\/> \n\t\t\t<div class='evo_get_direction_content evo_fx_dr_r evogap10'>\n\t\t\t\t<span class='evogetdir_header evodfx evofxdrr evofxaic evogap10'>\n\t\t\t\t\t<i class='mainicon fa fa-road evofz24i'><\/i> \n\t\t\t\t\t<h3 class='evo_h3 evopad0i' style='padding-bottom:5px;'>Get Directions<\/h3>\n\t\t\t\t<\/span>\n\t\t\t\t<span class='evogetdir_field evodfx evofx_1_1 evow100p'>\t\n\t\t\t\t\t<label for='69f54fce5c5ad' class='evo_aria_ready sr-only'>Address - Ma\u0142e przedmioty, wielkie historie. Dzieci\u0144stwo w PRL []<\/label>\t\t\t\t\n\t\t\t\t\t<input id='69f54fce5c5ad' class='evo_aria_ready_match evoInput2 evobr10 evow100p evopad10 evoff_2 evofz14i evobrdB1 evoboxbb' type='text' name='saddr' placeholder='Podaj sw\u00f3j adres' value='' style='' aria-label='Address - Ma\u0142e przedmioty, wielkie historie. Dzieci\u0144stwo w PRL []' \/>\n\t\t\t\t<\/span>\n\t\t\t\t<div class='evodfx evofxdrr evofxaic evogap10'>\n\t\t\t\t\t<i class='fa fa-location-dot'><\/i>\n\t\t\t\t\t<div class='evoposr evofx_1 evoh100p'><label for='69f54fce5c5ad' class='evo_aria_ready sr-only'>Destination Address - Ma\u0142e przedmioty, wielkie historie. Dzieci\u0144stwo w PRL []<\/label>\t\t\n\t\t\t\t\t\t<input id='69f54fce5c5ad' class='evo_aria_ready_match evoInput2 evobr10 evow100p evopad5-10 evoff_2 evofz14i evobrdB1 evoop5 evoboxbb evoh100p' type='text' style='' readonly value='Szarych Szereg\u00f3w 12' aria-label='Destination Address - Ma\u0142e przedmioty, wielkie historie. Dzieci\u0144stwo w PRL []'\/><button class='evo_copy_address evobuttonA evocurp evohoop7 evoposa evopad5' style='right: 3px; top: 4px; background-color: #fff;' data-txt='Szarych Szereg\u00f3w 12' data-t='Address copied to clipboard!'><i class='far fa-copy evofz16i' title='Copy Destination Address!'><\/i><\/button>\n\t\t\t\t\t<\/div>\n\t\t\t\t\t<button type='submit' class='evo_get_direction_button evcal_btn dfx evofxaic evocurp evohoop7' title='Kliknij' style='    padding: 10px 15px !important;'><i class='fa fa-chevron-right'><\/i> <\/button>\n\t\t\t\t<\/div>\n\t\t\t<\/div>\n\t\t<\/form>\n\t<\/div><\/div><\/div><!-- row close --><button class='evo_card_row_end evcal_close' title='Zamknij'><\/button><\/div><div class='clear end'><\/div><\/div><div id=\"event_1090_0\" class=\"eventon_list_event evo_eventtop scheduled  event clrW hasbgimg event_1090_0\" data-event_id=\"1090\" data-ri=\"0r\" data-time=\"1774447200-1779638400\" data-colr=\"#4bb5d8\" itemscope itemtype='http:\/\/schema.org\/Event'><div class=\"evo_event_schema\" style=\"display:none\" ><a itemprop='url'  href='https:\/\/goslupski.pl\/kalendarz\/events\/slupskie-szkoly-podstawowe-w-czasach-prl\/'><\/a><meta itemprop='image' content=\"https:\/\/goslupski.pl\/kalendarz\/wp-content\/uploads\/2026\/03\/656961742_122158508732806372_3204570240111335032_n.jpg\" \/><meta itemprop='startDate' content=\"2026-3-25T14:00+2:00\" \/><meta itemprop='endDate' content=\"2026-5-24T16:00+2:00\" \/><meta itemprop='eventStatus' content=\"https:\/\/schema.org\/EventScheduled\" \/><meta itemprop='eventAttendanceMode'   itemscope itemtype=\"https:\/\/schema.org\/OfflineEventAttendanceMode\"\/><div style=\"display:none\" itemprop=\"location\" itemscope itemtype=\"http:\/\/schema.org\/Place\"><span itemprop=\"name\">Kasztel S\u0142upski<\/span><span itemprop=\"address\" itemscope itemtype=\"http:\/\/schema.org\/PostalAddress\"><item itemprop=\"streetAddress\">Francesco Nullo 3\/4<\/item><\/span><\/div><div itemprop=\"organizer\" itemscope=\"\" itemtype=\"http:\/\/schema.org\/Organization\"><meta itemprop=\"name\" content=\"Kasztel S\u0142upski\">\n\t\t\t\t    \t<\/div><div itemprop=\"performer\" itemscope=\"\" itemtype=\"http:\/\/schema.org\/Person\"><meta itemprop=\"name\" content=\"Kasztel S\u0142upski\"><\/div><script type=\"application\/ld+json\">{\"@context\": \"http:\/\/schema.org\",\"@type\": \"Event\",\n\t\t\t\t\"@id\": \"event_1090_0\",\n\t\t\t\t\"eventAttendanceMode\":\"https:\/\/schema.org\/OfflineEventAttendanceMode\",\n\t\t\t\t\"eventStatus\":\"https:\/\/schema.org\/EventScheduled\",\n\t\t\t\t\"name\": \"S\u0142upskie szko\u0142y podstawowe w czasach PRL\",\n\t\t\t\t\"url\": \"https:\/\/goslupski.pl\/kalendarz\/events\/slupskie-szkoly-podstawowe-w-czasach-prl\/\",\n\t\t\t\t\"startDate\": \"2026-3-25T14:00+2:00\",\n\t\t\t\t\"endDate\": \"2026-5-24T16:00+2:00\",\n\t\t\t\t\"image\":\"https:\/\/goslupski.pl\/kalendarz\/wp-content\/uploads\/2026\/03\/656961742_122158508732806372_3204570240111335032_n.jpg\", \n\t\t\t\t\"description\":\"<div class='xdj266r x14z9mp xat24cr x1lziwak x1vvkbs'>&#8222;S\u0142upskie szko\u0142y podstawowe w czasach PRL&#8221;, wystawa czasowa po\u015bwi\u0119cona s\u0142upskim szko\u0142om podstawowym, kt\u00f3re w trudach powstawa\u0142y od 1945 r.<br class='html-br' \/>Na wystawie b\u0119dzie mo\u017cna zobaczy\u0107 pami\u0105tki dotycz\u0105ce szk\u00f3\u0142 pa\u0144stwowych, kt\u00f3re dzia\u0142a\u0142y w tym okresie &#8211; ponad 20 szk\u00f3\u0142. Na wystawie zostanie przedstawiona historia szkolnictwa w S\u0142upsku, historia szk\u00f3\u0142 i wiele ciekawostek.<br class='html-br' \/>Wystawa organizowana jest g\u0142\u00f3wnie dla uczni\u00f3w szk\u00f3\u0142 podstawowych i w terminie przedwakacyjnym, aby klasy mog\u0142y skorzysta\u0107 ze zwiedzania z oprowadzaniem.<\/div> <div class='x14z9mp xat24cr x1lziwak x1vvkbs xtlvy1s'>Wystawa powsta\u0142a dzi\u0119ki pomocy Jaros\u0142awa Zwierza i Zbigniewa \u0141askiego.<br class='html-br' \/>Wystawa czynna od 25 marca do 24 maja 2026 r.<br class='html-br' \/>Wtorek-pi\u0105tek &#8211; 14-18;<br class='html-br' \/>Sobota-niedziela &#8211; 12-16.<br class='html-br' \/>Wst\u0119p wolny<\/div> \",\"location\":[{\"@type\":\"Place\",\"name\":\"Kasztel S\u0142upski\",\"address\":{\"@type\": \"PostalAddress\",\"streetAddress\":\"Francesco Nullo 3\/4\"}}],\"organizer\":[{\"@type\":\"Organization\",\"name\":\"Kasztel S\u0142upski\"}]}<\/script><\/div><div class=\"evo_boxtop\" style=\"background-image: url(https:\/\/goslupski.pl\/kalendarz\/wp-content\/uploads\/2026\/03\/656961742_122158508732806372_3204570240111335032_n.jpg); background-color:#4bb5d8;height:200px;\"><\/div>\r\n\t\t\t\t<p class=\"desc_trig_outter\" style=\"\"><a data-gmap_status=\"null\" data-exlk=\"0\" style=\"background-color:#4bb5d8;padding-top: 235px;\" id=\"evc_17744472001090\" href=\"#\" class=\"hasFtIMG desc_trig mul_val evcal_list_a\" data-ux_val=\"3\" data-ux_val_mob=\"-\"  ><span class='evoet_c1 evoet_cx '><span class='evoet_cy ev_ftImg evotrans imgFxdef' data-img='https:\/\/goslupski.pl\/kalendarz\/wp-content\/uploads\/2026\/03\/656961742_122158508732806372_3204570240111335032_n.jpg' data-thumb='https:\/\/goslupski.pl\/kalendarz\/wp-content\/uploads\/2026\/03\/656961742_122158508732806372_3204570240111335032_n-212x300.jpg' style='background-image:url(\"https:\/\/goslupski.pl\/kalendarz\/wp-content\/uploads\/2026\/03\/656961742_122158508732806372_3204570240111335032_n-212x300.jpg\")' ><\/span><\/span><span class='evoet_c2 evoet_cx '><span class='evoet_dayblock evcal_cblock ' data-bgcolor='#4bb5d8' data-smon='marzec' data-syr='2026' data-bub=''><span class='evo_start  evofxdrc'><em class='date'>25<\/em><em class='month'>mar<\/em><em class='time'><i t=\"y\">(mar 25)<\/i>14:00<\/em><\/span><span class='evo_end  evofxdrc'><em class='date'>24<\/em><em class='month'>maj<\/em><em class='time'><i t=\"y\">(maj 24)<\/i>16:00<\/em><\/span><\/span><\/span><span class='evoet_c3 evoet_cx evcal_desc hide_eventtopdata '><span class='evoet_title evcal_desc2 evcal_event_title ' itemprop='name'>S\u0142upskie szko\u0142y podstawowe w czasach PRL<\/span><span class='event_location_attrs'  data-location_address=\"Francesco Nullo 3\/4\" data-location_type=\"address\" data-location_name=\"Kasztel S\u0142upski\" data-location_url=\"https:\/\/goslupski.pl\/kalendarz\/event-location\/kasztel-slupski\/\" data-location_status=\"true\" data-locid=\"170\"><\/span><span class='evoet_cy evoet_time_expand level_3'><em class='evcal_time evo_tz_time'><i class='fa fa-clock-o'><\/i>(marzec 25) 14:00 - (maj 24) 16:00<span class='evo_tz marl5'>(GMT+00:00)<\/span><\/em> <\/span><span class='evoet_location level_3'><em class=\"evcal_location\"  data-add_str=\"Francesco Nullo 3\/4\" data-n=\"\"><i class=\"fa fa-location-pin\"><\/i>Francesco Nullo 3\/4<\/em><\/span><\/span><span class='evoet_data' data-d=\"{&quot;loc.n&quot;:&quot;Kasztel S\\u0142upski&quot;,&quot;orgs&quot;:{&quot;171&quot;:&quot;Kasztel S\\u0142upski&quot;},&quot;tags&quot;:[]}\" data-bgc=\"#4bb5d8\" data-bggrad=\"\" ><\/span><\/a><\/p><div class='event_description evcal_eventcard ' style=\"display:none\"><div class='evocard_row'><div id='event_ftimage' class='evocard_box ftimage' data-c='' \n\t\t\t\t\tstyle=''><div class='evocard_main_image_hold' data-t='Loading Image..'><div class='evocard_main_image evo_img_triglb evocd_img_direct evobr15 evobgsc evobgpc evodfx evofx_jc_c evofx_ai_c evofz48 direct' style='height:400px; background-image:url();' data-f=\"https:\/\/goslupski.pl\/kalendarz\/wp-content\/uploads\/2026\/03\/656961742_122158508732806372_3204570240111335032_n.jpg\" data-h=\"2048\" data-w=\"1448\" data-ratio=\"1.414364640884\" data-event_id=\"1090\" data-ri=\"0\"  data-t='Loading Image..'><span style='height:400px; background-image:url(https:\/\/goslupski.pl\/kalendarz\/wp-content\/uploads\/2026\/03\/656961742_122158508732806372_3204570240111335032_n.jpg)'><\/span><\/div><\/div><\/div><\/div><!-- row close --><div class='evocard_row'><div id='event_eventdetails' class='evocard_box eventdetails' data-c='' \n\t\t\t\t\tstyle=''><div class=\"evo_metarow_details evorow evcal_evdata_row evcal_event_details\">\n    <div class=\"event_excerpt\" style=\"display:none\"><h3 class=\"padb5 evo_h3\">Szczeg\u00f3\u0142y<\/h3><p>&#8222;S\u0142upskie szko\u0142y podstawowe w czasach PRL&#8221;, wystawa czasowa po\u015bwi\u0119cona s\u0142upskim szko\u0142om podstawowym, kt\u00f3re w trudach powstawa\u0142y od 1945 r.Na wystawie b\u0119dzie mo\u017cna zobaczy\u0107<\/p><\/div><span class='evcal_evdata_icons'><i class='fa fa-align-justify'><\/i><\/span>    <div class=\"evcal_evdata_cell shorter_desc\">\n        <div class=\"eventon_full_description\">\n            <h3 class=\"padb5 evo_h3\"><span class='evcal_evdata_icons'><i class='fa fa-align-justify'><\/i><\/span>Szczeg\u00f3\u0142y<\/h3>\n            <div class=\"eventon_desc_in\" itemprop=\"description\">\n                <div class=\"xdj266r x14z9mp xat24cr x1lziwak x1vvkbs\">&#8222;S\u0142upskie szko\u0142y podstawowe w czasach PRL&#8221;, wystawa czasowa po\u015bwi\u0119cona s\u0142upskim szko\u0142om podstawowym, kt\u00f3re w trudach powstawa\u0142y od 1945 r.<br class=\"html-br\" \/>Na wystawie b\u0119dzie mo\u017cna zobaczy\u0107 pami\u0105tki dotycz\u0105ce szk\u00f3\u0142 pa\u0144stwowych, kt\u00f3re dzia\u0142a\u0142y w tym okresie &#8211; ponad 20 szk\u00f3\u0142. Na wystawie zostanie przedstawiona historia szkolnictwa w S\u0142upsku, historia szk\u00f3\u0142 i wiele ciekawostek.<br class=\"html-br\" \/>Wystawa organizowana jest g\u0142\u00f3wnie dla uczni\u00f3w szk\u00f3\u0142 podstawowych i w terminie przedwakacyjnym, aby klasy mog\u0142y skorzysta\u0107 ze zwiedzania z oprowadzaniem.<\/div>\n<div class=\"x14z9mp xat24cr x1lziwak x1vvkbs xtlvy1s\">Wystawa powsta\u0142a dzi\u0119ki pomocy Jaros\u0142awa Zwierza i Zbigniewa \u0141askiego.<br class=\"html-br\" \/>Wystawa czynna od 25 marca do 24 maja 2026 r.<br class=\"html-br\" \/>Wtorek-pi\u0105tek &#8211; 14-18;<br class=\"html-br\" \/>Sobota-niedziela &#8211; 12-16.<br class=\"html-br\" \/>Wst\u0119p wolny<\/div>\n            <\/div>\n            <p class='eventon_shad_p' style='padding:5px 0 0; margin:0'><button class='evcal_btn evo_btn_secondary evobtn_details_show_more' content='less'><span class='ev_more_text' data-txt='Mniej'>Wi\u0119cej<\/span><span class='ev_more_arrow ard'><\/span><\/button><\/p><div class='clear'><\/div>        <\/div>\n    <\/div>\n<\/div><\/div><\/div><!-- row close --><div class='evocard_row bx2 bx'><div id='event_time' class='evocard_box time' data-c='' \n\t\t\t\t\tstyle=''><div class='evo_metarow_time evorow evcal_evdata_row evcal_evrow_sm '>\n\t\t<span class='evcal_evdata_icons'><i class='fa fa-clock'><\/i><\/span>\n\t\t<div class='evcal_evdata_cell'>\t\t\t\t\t\t\t\n\t\t\t<h3 class='evo_h3'><span class='evcal_evdata_icons'><i class='fa fa-clock'><\/i><\/span>Termin<\/h3><div><span class='evo_eventcard_time_t evogap5 evofxww'><span class='start'>25 marzec 2026<\/span> <span class='stime'>14:00<\/span> - <span class='end'>24 maj 2026<\/span> <span class='etime'>16:00<\/span><\/span><span class='evo_tz marr5'>(GMT+00:00)<\/span><\/div>\n\t\t<\/div>\n\t<\/div><\/div><div id='event_location' class='evocard_box location' data-c='' \n\t\t\t\t\tstyle=''><div class='evcal_evdata_row evo_metarow_time_location evorow '>\n\t\t\n\t\t\t<span class='evcal_evdata_icons'><i class='fa fa-map-marker'><\/i><\/span>\n\t\t\t<div class='evcal_evdata_cell' data-loc_tax_id='170'><h3 class='evo_h3 evodfx'><span class='evcal_evdata_icons'><i class='fa fa-map-marker'><\/i><\/span>Lokalizacja<\/h3><p class='evo_location_name'>Kasztel S\u0142upski<\/p><p class='evo_location_address evodfxi evogap10'>Francesco Nullo 3\/4<\/p><div class='evopadt5'><p class='evo_location_contact'>606 171 163 <\/p><\/div><div class='padt10'><span class='evo_btn_arr evolb_trigger' data-lbvals=\"{&quot;lbdata&quot;:{&quot;class&quot;:&quot;evo_location_lb_170&quot;,&quot;additional_class&quot;:&quot;lb_max&quot;,&quot;title&quot;:&quot;Kasztel S\\u0142upski&quot;},&quot;adata&quot;:{&quot;a&quot;:&quot;eventon_get_tax_card_content&quot;,&quot;end&quot;:&quot;client&quot;,&quot;data&quot;:{&quot;lang&quot;:&quot;L1&quot;,&quot;term_id&quot;:170,&quot;tax&quot;:&quot;event_location&quot;,&quot;load_lbcontent&quot;:true}},&quot;uid&quot;:&quot;eventon_get_tax_card_content&quot;}\" >Other Events<i class='fa fa-chevron-right' aria-hidden='true'><\/i><\/span><\/div><\/div>\n\t\t\n\t<\/div><\/div><\/div><!-- row close --><div class='evocard_row'><div id='event_addtocal' class='evocard_box addtocal' data-c='' \n\t\t\t\t\tstyle=''><div class='evo_metarow_ICS evorow evcal_evdata_row'>\n\t\t\t<span class='evcal_evdata_icons'><i class='fa fa-calendar-o'><\/i><\/span>\n\t\t\t<div class='evcal_evdata_cell'>\n\t\t\t\t<p><a href='https:\/\/goslupski.pl\/kalendarz\/export-events\/1090_0\/?key=626d271d26' rel='nofollow' class='evo_ics_nCal' title='Dodaj do swojego kalendarza'>Kalendarz<\/a><a href='https:\/\/www.google.com\/calendar\/event?action=TEMPLATE&text=S%C5%82upskie%20szko%C5%82y%20podstawowe%20w%20czasach%20PRL&dates=20260325T140000Z\/20260524T160000Z&ctz=UTC&details=S%C5%82upskie%20szko%C5%82y%20podstawowe%20w%20czasach%20PRL&location=Kasztel%20S%C5%82upski%20Francesco%20Nullo%203%2F4' target='_blank' rel='nofollow' class='evo_ics_gCal' title='Dodaj do Google Calendar'>GoogleCal<\/a><\/p>\t\n\t\t\t<\/div>\n\t\t<\/div><\/div><\/div><!-- row close --><div class='evocard_row'><div id='event_organizer' class='evocard_box organizer' data-c='' \n\t\t\t\t\tstyle=''><div class='evo_metarow_organizer evorow evcal_evdata_row evcal_evrow_sm '>\n\t\t<span class='evcal_evdata_icons'><i class='fa fa-headphones'><\/i><\/span>\n\t\t<div class='evcal_evdata_cell'>\t\t\t\t\t\t\t\n\t\t\t<h3 class='evo_h3'>Organizator<\/h3><div class='evo_evdata_cell_content evodfx evofx_ww evofx_dr_r evogap15'><div class='evo_card_organizer evofx_1'><p class='evo_data_val evo_card_organizer_image'><img class='evolb_trigger evo_curp evo_transit_all evo_trans_sc1_03 evo_boxsh_1' data-lbvals=\"{&quot;lbc&quot;:&quot;evo_organizer_lb&quot;,&quot;lbac&quot;:&quot;lb_max&quot;,&quot;preload_temp_key&quot;:&quot;preload_taxlb&quot;,&quot;t&quot;:&quot;Kasztel S\\u0142upski&quot;,&quot;ajax&quot;:&quot;yes&quot;,&quot;ajax_type&quot;:&quot;endpoint&quot;,&quot;ajax_action&quot;:&quot;eventon_get_tax_card_content&quot;,&quot;end&quot;:&quot;client&quot;,&quot;d&quot;:{&quot;eventid&quot;:1090,&quot;ri&quot;:0,&quot;term_id&quot;:171,&quot;tax&quot;:&quot;event_organizer&quot;,&quot;load_lbcontent&quot;:true}}\"  src='https:\/\/goslupski.pl\/kalendarz\/wp-content\/uploads\/2026\/01\/480795248_8750222128414854_8712920775322106835_n-300x300.jpg'\/><\/p><h4 class='evo_org_name evo_h4 marb5 evottui evocl1i evopadb10i'><span class='evo_card_organizer_name_t marb5'><a  href='https:\/\/goslupski.pl\/kalendarz\/event-organizer\/kasztel-slupski\/' class='evocl1i'>Kasztel S\u0142upski<\/a><\/span><\/h4><div class='evo_org_details'>S\u0142upska Sala Historyczna i Warsztaty Zawod\u00f3w Gin\u0105cych \"S\u0142upski Kasztel Pokole\u0144\" to kompleks budowli w centrum historycznego S\u0142upska, kt\u00f3ry sk\u0142ada si\u0119 z budynku przymurnego, zrekonstruowanego muru miejskiego...<button class='evo_organizer_more_trig evonobtn2 evobutton evoff_2 evobgclg30 evoHbgclg50 evoop7 evohoop10 evotrans evobr5 evomarl5 evofz12' style='    padding: 2px 5px;font-size: 11px;'>Read More.<\/button><\/div><div class='evo_org_details_full evodni'>S\u0142upska Sala Historyczna i Warsztaty Zawod\u00f3w Gin\u0105cych\r\n\"S\u0142upski Kasztel Pokole\u0144\" to kompleks budowli w centrum historycznego S\u0142upska, kt\u00f3ry sk\u0142ada si\u0119 z budynku przymurnego, zrekonstruowanego muru miejskiego wraz z gankiem oraz okaza\u0142ej baszty obronnej.<\/div><p class='evo_card_organizer_more evomart10i'><a class='evolb_trigger evo_btn_arr mart10' data-lbvals=\"{&quot;lbc&quot;:&quot;evo_organizer_lb&quot;,&quot;lbac&quot;:&quot;lb_max&quot;,&quot;preload_temp_key&quot;:&quot;preload_taxlb&quot;,&quot;t&quot;:&quot;Kasztel S\\u0142upski&quot;,&quot;ajax&quot;:&quot;yes&quot;,&quot;ajax_type&quot;:&quot;endpoint&quot;,&quot;ajax_action&quot;:&quot;eventon_get_tax_card_content&quot;,&quot;end&quot;:&quot;client&quot;,&quot;d&quot;:{&quot;eventid&quot;:1090,&quot;ri&quot;:0,&quot;term_id&quot;:171,&quot;tax&quot;:&quot;event_organizer&quot;,&quot;load_lbcontent&quot;:true}}\" >Learn More<i class='fa fa-chevron-right'><\/i><\/a><\/p><\/div><!-- evo_card_organizer--><\/div><\/div>\t<\/div><\/div><\/div><!-- row close --><div class='evocard_row'><div id='event_locImg' class='evocard_box locImg' data-c='' \n\t\t\t\t\tstyle=''><div class='evcal_evdata_row evo_metarow_locImg evorow evo_gal_box tvi' style='min-height:400px; padding:0'  id='994_locimg' >\n\t<div class='evo_gal_main_img evo_img_triglb evobgsc evobgpc' style='background-image:url(https:\/\/goslupski.pl\/kalendarz\/wp-content\/uploads\/2026\/01\/509349727_9436548466448880_8571536489428527948_n.jpg); height:100%; width:100%' data-f='https:\/\/goslupski.pl\/kalendarz\/wp-content\/uploads\/2026\/01\/509349727_9436548466448880_8571536489428527948_n.jpg' data-w='https:\/\/goslupski.pl\/kalendarz\/wp-content\/uploads\/2026\/01\/509349727_9436548466448880_8571536489428527948_n-150x150.jpg' data-h='994'>\n\t<div class='evo_locimg_over'>\n\t\t<div class='evo_locimg_over_in evopad20'><\/div>\n\t<\/div>\n\t<div class='evo_gal_bottom evo_locimg_bottom '>\n\t\t<div class='evo_gal_icons evo_locimg_left'><div class='evo_gal_icon evo_locimg_gal on evo_transit_all evo_trans_sc1_05' data-index='1' data-u='https:\/\/goslupski.pl\/kalendarz\/wp-content\/uploads\/2026\/01\/509349727_9436548466448880_8571536489428527948_n.jpg' data-w='https:\/\/goslupski.pl\/kalendarz\/wp-content\/uploads\/2026\/01\/509349727_9436548466448880_8571536489428527948_n-150x150.jpg' data-h='994'>\n\t\t\t\t<span class='locimg_1' style='background-image:url(https:\/\/goslupski.pl\/kalendarz\/wp-content\/uploads\/2026\/01\/509349727_9436548466448880_8571536489428527948_n-150x150.jpg)'><\/span>\n\t\t\t<\/div><\/div>\n\t\t<div class='evo_locimg_right'>\n\t\t\t<h3 class='evo_h3 evo_locimg_title'>Kasztel S\u0142upski<\/h3>\n\t\t\t\n\t\t<\/div>\t\t\t\t\t\t\t\t\n\t<\/div>\n\t<\/div>\n\t<\/div><\/div><\/div><!-- row close --><div class='evocard_row'><div id='event_getdirection' class='evocard_box getdirection' data-c='' \n\t\t\t\t\tstyle=''><div class='evo_metarow_getDr evorow evcal_evdata_row evcal_evrow_sm getdirections'>\n\t\t<form action='https:\/\/maps.google.com\/maps' method='get' target='_blank'>\n\t\t\t<input type='hidden' name='daddr' value=\"Francesco Nullo 3\/4\"\/> \n\t\t\t<div class='evo_get_direction_content evo_fx_dr_r evogap10'>\n\t\t\t\t<span class='evogetdir_header evodfx evofxdrr evofxaic evogap10'>\n\t\t\t\t\t<i class='mainicon fa fa-road evofz24i'><\/i> \n\t\t\t\t\t<h3 class='evo_h3 evopad0i' style='padding-bottom:5px;'>Get Directions<\/h3>\n\t\t\t\t<\/span>\n\t\t\t\t<span class='evogetdir_field evodfx evofx_1_1 evow100p'>\t\n\t\t\t\t\t<label for='69f54fce5d3b1' class='evo_aria_ready sr-only'>Address - S\u0142upskie szko\u0142y podstawowe w czasach PRL []<\/label>\t\t\t\t\n\t\t\t\t\t<input id='69f54fce5d3b1' class='evo_aria_ready_match evoInput2 evobr10 evow100p evopad10 evoff_2 evofz14i evobrdB1 evoboxbb' type='text' name='saddr' placeholder='Podaj sw\u00f3j adres' value='' style='' aria-label='Address - S\u0142upskie szko\u0142y podstawowe w czasach PRL []' \/>\n\t\t\t\t<\/span>\n\t\t\t\t<div class='evodfx evofxdrr evofxaic evogap10'>\n\t\t\t\t\t<i class='fa fa-location-dot'><\/i>\n\t\t\t\t\t<div class='evoposr evofx_1 evoh100p'><label for='69f54fce5d3b1' class='evo_aria_ready sr-only'>Destination Address - S\u0142upskie szko\u0142y podstawowe w czasach PRL []<\/label>\t\t\n\t\t\t\t\t\t<input id='69f54fce5d3b1' class='evo_aria_ready_match evoInput2 evobr10 evow100p evopad5-10 evoff_2 evofz14i evobrdB1 evoop5 evoboxbb evoh100p' type='text' style='' readonly value='Francesco Nullo 3\/4' aria-label='Destination Address - S\u0142upskie szko\u0142y podstawowe w czasach PRL []'\/><button class='evo_copy_address evobuttonA evocurp evohoop7 evoposa evopad5' style='right: 3px; top: 4px; background-color: #fff;' data-txt='Francesco Nullo 3\/4' data-t='Address copied to clipboard!'><i class='far fa-copy evofz16i' title='Copy Destination Address!'><\/i><\/button>\n\t\t\t\t\t<\/div>\n\t\t\t\t\t<button type='submit' class='evo_get_direction_button evcal_btn dfx evofxaic evocurp evohoop7' title='Kliknij' style='    padding: 10px 15px !important;'><i class='fa fa-chevron-right'><\/i> <\/button>\n\t\t\t\t<\/div>\n\t\t\t<\/div>\n\t\t<\/form>\n\t<\/div><\/div><\/div><!-- row close --><button class='evo_card_row_end evcal_close' title='Zamknij'><\/button><\/div><div class='clear end'><\/div><\/div><div id=\"event_1147_0\" class=\"eventon_list_event evo_eventtop scheduled  event clrW hasbgimg event_1147_0\" data-event_id=\"1147\" data-ri=\"0r\" data-time=\"1778176800-1778263200\" data-colr=\"#b2afe9\" itemscope itemtype='http:\/\/schema.org\/Event'><div class=\"evo_event_schema\" style=\"display:none\" ><a itemprop='url'  href='https:\/\/goslupski.pl\/kalendarz\/events\/operetkowe-expressy\/'><\/a><meta itemprop='image' content=\"https:\/\/goslupski.pl\/kalendarz\/wp-content\/uploads\/2026\/04\/679186974_1598088185160902_5283583998603073820_n-e1777023803702.jpg\" \/><meta itemprop='startDate' content=\"2026-5-7T18:00+2:00\" \/><meta itemprop='endDate' content=\"2026-5-8T18:00+2:00\" \/><meta itemprop='eventStatus' content=\"https:\/\/schema.org\/EventScheduled\" \/><meta itemprop='eventAttendanceMode'   itemscope itemtype=\"https:\/\/schema.org\/OfflineEventAttendanceMode\"\/><div style=\"display:none\" itemprop=\"location\" itemscope itemtype=\"http:\/\/schema.org\/Place\"><span itemprop=\"name\">Centrum Kultury i Promocji w Kobylnicy<\/span><span itemprop=\"address\" itemscope itemtype=\"http:\/\/schema.org\/PostalAddress\"><item itemprop=\"streetAddress\">Wodna 20\/4, Kobylnica<\/item><\/span><\/div><div itemprop=\"organizer\" itemscope=\"\" itemtype=\"http:\/\/schema.org\/Organization\"><meta itemprop=\"name\" content=\"Centrum Kultury i Promocji w Kobylnicy\">\n\t\t\t\t    \t<meta itemprop=\"url\" content=\"https:\/\/www.facebook.com\/Gminne-Centrum-Kultury-i-Promocji-w-Kobylnicy-441103052590881\"><\/div><div itemprop=\"performer\" itemscope=\"\" itemtype=\"http:\/\/schema.org\/Person\"><meta itemprop=\"name\" content=\"Centrum Kultury i Promocji w Kobylnicy\"><\/div><script type=\"application\/ld+json\">{\"@context\": \"http:\/\/schema.org\",\"@type\": \"Event\",\n\t\t\t\t\"@id\": \"event_1147_0\",\n\t\t\t\t\"eventAttendanceMode\":\"https:\/\/schema.org\/OfflineEventAttendanceMode\",\n\t\t\t\t\"eventStatus\":\"https:\/\/schema.org\/EventScheduled\",\n\t\t\t\t\"name\": \"Operetkowe Expressy\",\n\t\t\t\t\"url\": \"https:\/\/goslupski.pl\/kalendarz\/events\/operetkowe-expressy\/\",\n\t\t\t\t\"startDate\": \"2026-5-7T18:00+2:00\",\n\t\t\t\t\"endDate\": \"2026-5-8T18:00+2:00\",\n\t\t\t\t\"image\":\"https:\/\/goslupski.pl\/kalendarz\/wp-content\/uploads\/2026\/04\/679186974_1598088185160902_5283583998603073820_n-e1777023803702.jpg\", \n\t\t\t\t\"description\":\"<div class='xdj266r x14z9mp xat24cr x1lziwak x1vvkbs'>Wst\u0119p na wydarzenie jest bezp\u0142atny, ale konieczne jest wcze\u015bniejsze pobranie darmowych wej\u015bci\u00f3wek, kt\u00f3re dost\u0119pne s\u0105 w sekretariacie Centrum Kultury i Promocji w Kobylnicy.<\/div> <div class='x14z9mp xat24cr x1lziwak x1vvkbs xtlvy1s'>\u201eOperetkowe Expressy\u201d to cykl zr\u00f3\u017cnicowanych koncert\u00f3w, z kt\u00f3rych ka\u017cdy oferuje publiczno\u015bci unikalny, specjalnie dobrany program. To muzyczna podr\u00f3\u017c \u0142\u0105cz\u0105ca wiede\u0144sk\u0105 elegancj\u0119 walc\u00f3w z ognistym temperamentem w\u0119gierskich czardaszy oraz lirycznymi ariami klasycznego teatru muzycznego.<\/div> <div class='x14z9mp xat24cr x1lziwak x1vvkbs xtlvy1s'>Wydarzenia utrzymane s\u0105 w lekkiej i przyst\u0119pnej formule, p\u0142ynnie przeplataj\u0105c nastroje \u2013 od romantycznych, przez dramatyczne, a\u017c po humorystyczne. Wirtuozerskim wyst\u0119pom wokalnym i aktorskim solist\u00f3w towarzysz\u0105 wprowadzaj\u0105ce element ruchu miniatury taneczne. Ca\u0142o\u015b\u0107 dope\u0142nia wci\u0105gaj\u0105ca narracja prowadz\u0105cego, pe\u0142na anegdot o kompozytorach i epoce, dzi\u0119ki czemu nawet osoby bez wcze\u015bniejszego kontaktu z operetk\u0105 z \u0142atwo\u015bci\u0105 zanurz\u0105 si\u0119 w jej barwnym \u015bwiecie.<\/div> <div class='x14z9mp xat24cr x1lziwak x1vvkbs xtlvy1s'>Na scenie zobaczymy:<\/div> <div class='x14z9mp xat24cr x1lziwak x1vvkbs xtlvy1s'><span class='html-span xexx8yu xyri2b x18d9i69 x1c1uobl x1hl2dhg x16tdsg8 x1vvkbs x3nfvp2 x1j61x8r x1fcty0u xdj266r xat24cr xm2jcoa x1mpyi22 xxymvpz xlup9mm x1kky2od'><img class='xz74otr x15mokao x1ga7v0g x16uus16 xbiv7yw' src='https:\/\/static.xx.fbcdn.net\/images\/emoji.php\/v9\/t4c\/1\/16\/25aa.png' alt='\u25aa' width='16' height='16' \/><\/span> Liz\u0119 Weso\u0142owsk\u0105 \u2013 sopran<br class='html-br' \/><span class='html-span xexx8yu xyri2b x18d9i69 x1c1uobl x1hl2dhg x16tdsg8 x1vvkbs x3nfvp2 x1j61x8r x1fcty0u xdj266r xat24cr xm2jcoa x1mpyi22 xxymvpz xlup9mm x1kky2od'><img class='xz74otr x15mokao x1ga7v0g x16uus16 xbiv7yw' src='https:\/\/static.xx.fbcdn.net\/images\/emoji.php\/v9\/t4c\/1\/16\/25aa.png' alt='\u25aa' width='16' height='16' \/><\/span> Tomasza Maleszewskiego \u2013 tenor<br class='html-br' \/><span class='html-span xexx8yu xyri2b x18d9i69 x1c1uobl x1hl2dhg x16tdsg8 x1vvkbs x3nfvp2 x1j61x8r x1fcty0u xdj266r xat24cr xm2jcoa x1mpyi22 xxymvpz xlup9mm x1kky2od'><img class='xz74otr x15mokao x1ga7v0g x16uus16 xbiv7yw' src='https:\/\/static.xx.fbcdn.net\/images\/emoji.php\/v9\/t4c\/1\/16\/25aa.png' alt='\u25aa' width='16' height='16' \/><\/span> Damiana Domalewskiego \u2013 tenor<br class='html-br' \/><span class='html-span xexx8yu xyri2b x18d9i69 x1c1uobl x1hl2dhg x16tdsg8 x1vvkbs x3nfvp2 x1j61x8r x1fcty0u xdj266r xat24cr xm2jcoa x1mpyi22 xxymvpz xlup9mm x1kky2od'><img class='xz74otr x15mokao x1ga7v0g x16uus16 xbiv7yw' src='https:\/\/static.xx.fbcdn.net\/images\/emoji.php\/v9\/t4c\/1\/16\/25aa.png' alt='\u25aa' width='16' height='16' \/><\/span> Tancerzy Teatru Scena Kamienica<br class='html-br' \/><span class='html-span xexx8yu xyri2b x18d9i69 x1c1uobl x1hl2dhg x16tdsg8 x1vvkbs x3nfvp2 x1j61x8r x1fcty0u xdj266r xat24cr xm2jcoa x1mpyi22 xxymvpz xlup9mm x1kky2od'><img class='xz74otr x15mokao x1ga7v0g x16uus16 xbiv7yw' src='https:\/\/static.xx.fbcdn.net\/images\/emoji.php\/v9\/t4c\/1\/16\/25aa.png' alt='\u25aa' width='16' height='16' \/><\/span> Macieja Micha\u0142kowskiego \u2013 prowadzenie<\/div> <div class='x14z9mp xat24cr x1lziwak x1vvkbs xtlvy1s'>Stowarzyszenie Operetka Wroc\u0142awska<\/div> <div class='x14z9mp xat24cr x1lziwak x1vvkbs xtlvy1s'>Stowarzyszenie to unikalna w skali kraju organizacja pozarz\u0105dowa, realizuj\u0105ca rekordow\u0105 liczb\u0119 zada\u0144 publicznych promuj\u0105cych sztuk\u0119 operetkow\u0105. Jej flagowym projektem s\u0105 \u201eKoncerty na WYNOS!\u201d \u2013 wydarzenia prezentowane w nieoczywistych przestrzeniach (podw\u00f3rka, rynki, skwery). Od 2020 roku organizacja przygotowuje ponad 100 takich koncert\u00f3w w sezonie, docieraj\u0105c do kilkudziesi\u0119ciu tysi\u0119cy odbiorc\u00f3w, a tak\u017ce prowadzi w\u0142asne festiwale m.in. w Dar\u0142owie, O\u015bwi\u0119cimiu czy \u017bninie.<\/div> <div><\/div> <div>7 maja 2026 godz. 18.00\u00a0 w Centrum Kultury i Promocji w Kobylnicy<\/div> <div>8 maja 2026 godz. 18.00 w Centrum Edukacji i Kultury w Damnicy<\/div> <div><\/div> <div class='x14z9mp xat24cr x1lziwak x1vvkbs xtlvy1s'>Zadanie publiczne jest dofinansowane ze \u015brodk\u00f3w Powiatu S\u0142upskiego.<\/div> \",\"location\":[{\"@type\":\"Place\",\"name\":\"Centrum Kultury i Promocji w Kobylnicy\",\"address\":{\"@type\": \"PostalAddress\",\"streetAddress\":\"Wodna 20\/4, Kobylnica\"}}],\"organizer\":[{\"@type\":\"Organization\",\"name\":\"Centrum Kultury i Promocji w Kobylnicy\",\"url\":\"https:\/\/www.facebook.com\/Gminne-Centrum-Kultury-i-Promocji-w-Kobylnicy-441103052590881\"}]}<\/script><\/div><div class=\"evo_boxtop\" style=\"background-image: url(https:\/\/goslupski.pl\/kalendarz\/wp-content\/uploads\/2026\/04\/679186974_1598088185160902_5283583998603073820_n-e1777023803702.jpg); background-color:#b2afe9;height:200px;\"><\/div>\r\n\t\t\t\t<p class=\"desc_trig_outter\" style=\"\"><a data-gmap_status=\"null\" data-exlk=\"0\" style=\"background-color:#b2afe9;padding-top: 235px;\" id=\"evc_17781768001147\" href=\"#\" class=\"hasFtIMG desc_trig mul_val evcal_list_a\" data-ux_val=\"3\" data-ux_val_mob=\"-\"  ><span class='evoet_c1 evoet_cx '><span class='evoet_cy ev_ftImg evotrans imgFxdef' data-img='https:\/\/goslupski.pl\/kalendarz\/wp-content\/uploads\/2026\/04\/679186974_1598088185160902_5283583998603073820_n-e1777023803702.jpg' data-thumb='https:\/\/goslupski.pl\/kalendarz\/wp-content\/uploads\/2026\/04\/679186974_1598088185160902_5283583998603073820_n-e1777023803702-300x200.jpg' style='background-image:url(\"https:\/\/goslupski.pl\/kalendarz\/wp-content\/uploads\/2026\/04\/679186974_1598088185160902_5283583998603073820_n-e1777023803702-300x200.jpg\")' ><\/span><\/span><span class='evoet_c2 evoet_cx '><span class='evoet_dayblock evcal_cblock ' data-bgcolor='#b2afe9' data-smon='maj' data-syr='2026' data-bub=''><span class='evo_start  evofxdrc'><em class='date'>07<\/em><em class='month'>maj<\/em><em class='time'><i t=\"y\">(maj 7)<\/i>18:00<\/em><\/span><span class='evo_end  evofxdrc'><em class='date'>08<\/em><em class='time'><i t=\"y\">(maj 8)<\/i>18:00<\/em><\/span><\/span><\/span><span class='evoet_c3 evoet_cx evcal_desc hide_eventtopdata '><span class='evoet_title evcal_desc2 evcal_event_title ' itemprop='name'>Operetkowe Expressy<\/span><span class='event_location_attrs'  data-location_address=\"Wodna 20\/4, Kobylnica\" data-location_type=\"address\" data-location_name=\"Centrum Kultury i Promocji w Kobylnicy\" data-location_url=\"https:\/\/goslupski.pl\/kalendarz\/event-location\/centrum-kultury-i-promocji-w-kobylnicy\/\" data-location_status=\"true\" data-locid=\"133\"><\/span><span class='evoet_cy evoet_subtitle evo_below_title' ><span class='evcal_event_subtitle ' >Muzyczna podr\u00f3\u017c z Operetk\u0105 Wroc\u0142awsk\u0105<\/span><\/span><span class='evoet_cy evoet_time_expand level_3'><em class='evcal_time evo_tz_time'><i class='fa fa-clock-o'><\/i>18:00 - 18:00 <em class=\"evo_endday evomarl5\">(8)<\/em><span class='evo_tz marl5'>(GMT+00:00)<\/span><\/em> <\/span><span class='evoet_location level_3'><em class=\"evcal_location\"  data-add_str=\"Wodna 20\/4, Kobylnica\" data-n=\"\"><i class=\"fa fa-location-pin\"><\/i>Wodna 20\/4, Kobylnica<\/em><\/span><\/span><span class='evoet_data' data-d=\"{&quot;loc.n&quot;:&quot;Centrum Kultury i Promocji w Kobylnicy&quot;,&quot;orgs&quot;:{&quot;149&quot;:&quot;Centrum Kultury i Promocji w Kobylnicy&quot;},&quot;tags&quot;:[]}\" data-bgc=\"#b2afe9\" data-bggrad=\"\" ><\/span><\/a><\/p><div class='event_description evcal_eventcard ' style=\"display:none\"><div class='evocard_row'><div id='event_ftimage' class='evocard_box ftimage' data-c='' \n\t\t\t\t\tstyle=''><div class='evocard_main_image_hold' data-t='Loading Image..'><div class='evocard_main_image evo_img_triglb evocd_img_direct evobr15 evobgsc evobgpc evodfx evofx_jc_c evofx_ai_c evofz48 direct' style='height:400px; background-image:url();' data-f=\"https:\/\/goslupski.pl\/kalendarz\/wp-content\/uploads\/2026\/04\/679186974_1598088185160902_5283583998603073820_n-e1777023803702.jpg\" data-h=\"947\" data-w=\"1420\" data-ratio=\"0.6669014084507\" data-event_id=\"1147\" data-ri=\"0\"  data-t='Loading Image..'><span style='height:400px; background-image:url(https:\/\/goslupski.pl\/kalendarz\/wp-content\/uploads\/2026\/04\/679186974_1598088185160902_5283583998603073820_n-e1777023803702.jpg)'><\/span><\/div><\/div><\/div><\/div><!-- row close --><div class='evocard_row'><div id='event_eventdetails' class='evocard_box eventdetails' data-c='' \n\t\t\t\t\tstyle=''><div class=\"evo_metarow_details evorow evcal_evdata_row evcal_event_details\">\n    <div class=\"event_excerpt\" style=\"display:none\"><h3 class=\"padb5 evo_h3\">Szczeg\u00f3\u0142y<\/h3><p>Wst\u0119p na wydarzenie jest bezp\u0142atny, ale konieczne jest wcze\u015bniejsze pobranie darmowych wej\u015bci\u00f3wek, kt\u00f3re dost\u0119pne s\u0105 w sekretariacie Centrum Kultury i Promocji w Kobylnicy.<\/p><\/div><span class='evcal_evdata_icons'><i class='fa fa-align-justify'><\/i><\/span>    <div class=\"evcal_evdata_cell shorter_desc\">\n        <div class=\"eventon_full_description\">\n            <h3 class=\"padb5 evo_h3\"><span class='evcal_evdata_icons'><i class='fa fa-align-justify'><\/i><\/span>Szczeg\u00f3\u0142y<\/h3>\n            <div class=\"eventon_desc_in\" itemprop=\"description\">\n                <div class=\"xdj266r x14z9mp xat24cr x1lziwak x1vvkbs\">Wst\u0119p na wydarzenie jest bezp\u0142atny, ale konieczne jest wcze\u015bniejsze pobranie darmowych wej\u015bci\u00f3wek, kt\u00f3re dost\u0119pne s\u0105 w sekretariacie Centrum Kultury i Promocji w Kobylnicy.<\/div>\n<div class=\"x14z9mp xat24cr x1lziwak x1vvkbs xtlvy1s\">\u201eOperetkowe Expressy\u201d to cykl zr\u00f3\u017cnicowanych koncert\u00f3w, z kt\u00f3rych ka\u017cdy oferuje publiczno\u015bci unikalny, specjalnie dobrany program. To muzyczna podr\u00f3\u017c \u0142\u0105cz\u0105ca wiede\u0144sk\u0105 elegancj\u0119 walc\u00f3w z ognistym temperamentem w\u0119gierskich czardaszy oraz lirycznymi ariami klasycznego teatru muzycznego.<\/div>\n<div class=\"x14z9mp xat24cr x1lziwak x1vvkbs xtlvy1s\">Wydarzenia utrzymane s\u0105 w lekkiej i przyst\u0119pnej formule, p\u0142ynnie przeplataj\u0105c nastroje \u2013 od romantycznych, przez dramatyczne, a\u017c po humorystyczne. Wirtuozerskim wyst\u0119pom wokalnym i aktorskim solist\u00f3w towarzysz\u0105 wprowadzaj\u0105ce element ruchu miniatury taneczne. Ca\u0142o\u015b\u0107 dope\u0142nia wci\u0105gaj\u0105ca narracja prowadz\u0105cego, pe\u0142na anegdot o kompozytorach i epoce, dzi\u0119ki czemu nawet osoby bez wcze\u015bniejszego kontaktu z operetk\u0105 z \u0142atwo\u015bci\u0105 zanurz\u0105 si\u0119 w jej barwnym \u015bwiecie.<\/div>\n<div class=\"x14z9mp xat24cr x1lziwak x1vvkbs xtlvy1s\">Na scenie zobaczymy:<\/div>\n<div class=\"x14z9mp xat24cr x1lziwak x1vvkbs xtlvy1s\"><span class=\"html-span xexx8yu xyri2b x18d9i69 x1c1uobl x1hl2dhg x16tdsg8 x1vvkbs x3nfvp2 x1j61x8r x1fcty0u xdj266r xat24cr xm2jcoa x1mpyi22 xxymvpz xlup9mm x1kky2od\"><img decoding=\"async\" class=\"xz74otr x15mokao x1ga7v0g x16uus16 xbiv7yw\" src=\"https:\/\/static.xx.fbcdn.net\/images\/emoji.php\/v9\/t4c\/1\/16\/25aa.png\" alt=\"\u25aa\" width=\"16\" height=\"16\" \/><\/span> Liz\u0119 Weso\u0142owsk\u0105 \u2013 sopran<br class=\"html-br\" \/><span class=\"html-span xexx8yu xyri2b x18d9i69 x1c1uobl x1hl2dhg x16tdsg8 x1vvkbs x3nfvp2 x1j61x8r x1fcty0u xdj266r xat24cr xm2jcoa x1mpyi22 xxymvpz xlup9mm x1kky2od\"><img decoding=\"async\" class=\"xz74otr x15mokao x1ga7v0g x16uus16 xbiv7yw\" src=\"https:\/\/static.xx.fbcdn.net\/images\/emoji.php\/v9\/t4c\/1\/16\/25aa.png\" alt=\"\u25aa\" width=\"16\" height=\"16\" \/><\/span> Tomasza Maleszewskiego \u2013 tenor<br class=\"html-br\" \/><span class=\"html-span xexx8yu xyri2b x18d9i69 x1c1uobl x1hl2dhg x16tdsg8 x1vvkbs x3nfvp2 x1j61x8r x1fcty0u xdj266r xat24cr xm2jcoa x1mpyi22 xxymvpz xlup9mm x1kky2od\"><img decoding=\"async\" class=\"xz74otr x15mokao x1ga7v0g x16uus16 xbiv7yw\" src=\"https:\/\/static.xx.fbcdn.net\/images\/emoji.php\/v9\/t4c\/1\/16\/25aa.png\" alt=\"\u25aa\" width=\"16\" height=\"16\" \/><\/span> Damiana Domalewskiego \u2013 tenor<br class=\"html-br\" \/><span class=\"html-span xexx8yu xyri2b x18d9i69 x1c1uobl x1hl2dhg x16tdsg8 x1vvkbs x3nfvp2 x1j61x8r x1fcty0u xdj266r xat24cr xm2jcoa x1mpyi22 xxymvpz xlup9mm x1kky2od\"><img decoding=\"async\" class=\"xz74otr x15mokao x1ga7v0g x16uus16 xbiv7yw\" src=\"https:\/\/static.xx.fbcdn.net\/images\/emoji.php\/v9\/t4c\/1\/16\/25aa.png\" alt=\"\u25aa\" width=\"16\" height=\"16\" \/><\/span> Tancerzy Teatru Scena Kamienica<br class=\"html-br\" \/><span class=\"html-span xexx8yu xyri2b x18d9i69 x1c1uobl x1hl2dhg x16tdsg8 x1vvkbs x3nfvp2 x1j61x8r x1fcty0u xdj266r xat24cr xm2jcoa x1mpyi22 xxymvpz xlup9mm x1kky2od\"><img decoding=\"async\" class=\"xz74otr x15mokao x1ga7v0g x16uus16 xbiv7yw\" src=\"https:\/\/static.xx.fbcdn.net\/images\/emoji.php\/v9\/t4c\/1\/16\/25aa.png\" alt=\"\u25aa\" width=\"16\" height=\"16\" \/><\/span> Macieja Micha\u0142kowskiego \u2013 prowadzenie<\/div>\n<div class=\"x14z9mp xat24cr x1lziwak x1vvkbs xtlvy1s\">Stowarzyszenie Operetka Wroc\u0142awska<\/div>\n<div class=\"x14z9mp xat24cr x1lziwak x1vvkbs xtlvy1s\">Stowarzyszenie to unikalna w skali kraju organizacja pozarz\u0105dowa, realizuj\u0105ca rekordow\u0105 liczb\u0119 zada\u0144 publicznych promuj\u0105cych sztuk\u0119 operetkow\u0105. Jej flagowym projektem s\u0105 \u201eKoncerty na WYNOS!\u201d \u2013 wydarzenia prezentowane w nieoczywistych przestrzeniach (podw\u00f3rka, rynki, skwery). Od 2020 roku organizacja przygotowuje ponad 100 takich koncert\u00f3w w sezonie, docieraj\u0105c do kilkudziesi\u0119ciu tysi\u0119cy odbiorc\u00f3w, a tak\u017ce prowadzi w\u0142asne festiwale m.in. w Dar\u0142owie, O\u015bwi\u0119cimiu czy \u017bninie.<\/div>\n<div><\/div>\n<div>7 maja 2026 godz. 18.00\u00a0 w Centrum Kultury i Promocji w Kobylnicy<\/div>\n<div>8 maja 2026 godz. 18.00 w Centrum Edukacji i Kultury w Damnicy<\/div>\n<div><\/div>\n<div class=\"x14z9mp xat24cr x1lziwak x1vvkbs xtlvy1s\">Zadanie publiczne jest dofinansowane ze \u015brodk\u00f3w Powiatu S\u0142upskiego.<\/div>\n            <\/div>\n            <p class='eventon_shad_p' style='padding:5px 0 0; margin:0'><button class='evcal_btn evo_btn_secondary evobtn_details_show_more' content='less'><span class='ev_more_text' data-txt='Mniej'>Wi\u0119cej<\/span><span class='ev_more_arrow ard'><\/span><\/button><\/p><div class='clear'><\/div>        <\/div>\n    <\/div>\n<\/div><\/div><\/div><!-- row close --><div class='evocard_row bx2 bx'><div id='event_time' class='evocard_box time' data-c='' \n\t\t\t\t\tstyle=''><div class='evo_metarow_time evorow evcal_evdata_row evcal_evrow_sm '>\n\t\t<span class='evcal_evdata_icons'><i class='fa fa-clock'><\/i><\/span>\n\t\t<div class='evcal_evdata_cell'>\t\t\t\t\t\t\t\n\t\t\t<h3 class='evo_h3'><span class='evcal_evdata_icons'><i class='fa fa-clock'><\/i><\/span>Termin<\/h3><div><span class='evo_eventcard_time_t evogap5 evofxww'><span class=\"start\">7 maj 2026<\/span> <span class=\"stime\">18:00<\/span> - <span class='end'>8 maj 2026<\/span> <span class='etime'>18:00<\/span><\/span><span class='evo_tz marr5'>(GMT+00:00)<\/span><\/div>\n\t\t<\/div>\n\t<\/div><\/div><div id='event_location' class='evocard_box location' data-c='' \n\t\t\t\t\tstyle=''><div class='evcal_evdata_row evo_metarow_time_location evorow '>\n\t\t\n\t\t\t<span class='evcal_evdata_icons'><i class='fa fa-map-marker'><\/i><\/span>\n\t\t\t<div class='evcal_evdata_cell' data-loc_tax_id='133'><h3 class='evo_h3 evodfx'><span class='evcal_evdata_icons'><i class='fa fa-map-marker'><\/i><\/span>Lokalizacja<\/h3><p class='evo_location_name'>Centrum Kultury i Promocji w Kobylnicy<\/p><p class='evo_location_address evodfxi evogap10'>Wodna 20\/4, Kobylnica<\/p><div class='evopadt5'><p class='evo_location_contact'>59 842 90 61 <a href='mailto:centrum@kobylnica.pl'>centrum@kobylnica.pl<\/a><\/p><\/div><div class='padt10'><span class='evo_btn_arr evolb_trigger' data-lbvals=\"{&quot;lbdata&quot;:{&quot;class&quot;:&quot;evo_location_lb_133&quot;,&quot;additional_class&quot;:&quot;lb_max&quot;,&quot;title&quot;:&quot;Centrum Kultury i Promocji w Kobylnicy&quot;},&quot;adata&quot;:{&quot;a&quot;:&quot;eventon_get_tax_card_content&quot;,&quot;end&quot;:&quot;client&quot;,&quot;data&quot;:{&quot;lang&quot;:&quot;L1&quot;,&quot;term_id&quot;:133,&quot;tax&quot;:&quot;event_location&quot;,&quot;load_lbcontent&quot;:true}},&quot;uid&quot;:&quot;eventon_get_tax_card_content&quot;}\" >Other Events<i class='fa fa-chevron-right' aria-hidden='true'><\/i><\/span><\/div><\/div>\n\t\t\n\t<\/div><\/div><\/div><!-- row close --><div class='evocard_row'><div id='event_addtocal' class='evocard_box addtocal' data-c='' \n\t\t\t\t\tstyle=''><div class='evo_metarow_ICS evorow evcal_evdata_row'>\n\t\t\t<span class='evcal_evdata_icons'><i class='fa fa-calendar-o'><\/i><\/span>\n\t\t\t<div class='evcal_evdata_cell'>\n\t\t\t\t<p><a href='https:\/\/goslupski.pl\/kalendarz\/export-events\/1147_0\/?key=626d271d26' rel='nofollow' class='evo_ics_nCal' title='Dodaj do swojego kalendarza'>Kalendarz<\/a><a href='https:\/\/www.google.com\/calendar\/event?action=TEMPLATE&text=Operetkowe%20Expressy&dates=20260507T180000Z\/20260508T180000Z&ctz=UTC&details=Operetkowe%20Expressy&location=Centrum%20Kultury%20i%20Promocji%20w%20Kobylnicy%20Wodna%2020%2F4%2C%20Kobylnica' target='_blank' rel='nofollow' class='evo_ics_gCal' title='Dodaj do Google Calendar'>GoogleCal<\/a><\/p>\t\n\t\t\t<\/div>\n\t\t<\/div><\/div><\/div><!-- row close --><div class='evocard_row'><div id='event_organizer' class='evocard_box organizer' data-c='' \n\t\t\t\t\tstyle=''><div class='evo_metarow_organizer evorow evcal_evdata_row evcal_evrow_sm '>\n\t\t<span class='evcal_evdata_icons'><i class='fa fa-headphones'><\/i><\/span>\n\t\t<div class='evcal_evdata_cell'>\t\t\t\t\t\t\t\n\t\t\t<h3 class='evo_h3'>Organizator<\/h3><div class='evo_evdata_cell_content evodfx evofx_ww evofx_dr_r evogap15'><div class='evo_card_organizer evofx_1'><p class='evo_data_val evo_card_organizer_image'><img class='evolb_trigger evo_curp evo_transit_all evo_trans_sc1_03 evo_boxsh_1' data-lbvals=\"{&quot;lbc&quot;:&quot;evo_organizer_lb&quot;,&quot;lbac&quot;:&quot;lb_max&quot;,&quot;preload_temp_key&quot;:&quot;preload_taxlb&quot;,&quot;t&quot;:&quot;Centrum Kultury i Promocji w Kobylnicy&quot;,&quot;ajax&quot;:&quot;yes&quot;,&quot;ajax_type&quot;:&quot;endpoint&quot;,&quot;ajax_action&quot;:&quot;eventon_get_tax_card_content&quot;,&quot;end&quot;:&quot;client&quot;,&quot;d&quot;:{&quot;eventid&quot;:1147,&quot;ri&quot;:0,&quot;term_id&quot;:149,&quot;tax&quot;:&quot;event_organizer&quot;,&quot;load_lbcontent&quot;:true}}\"  src='https:\/\/goslupski.pl\/kalendarz\/wp-content\/uploads\/2025\/12\/305171469_591024609200603_1805622718795947879_n-300x300.png'\/><\/p><h4 class='evo_org_name evo_h4 marb5 evottui evocl1i evopadb10i'><span class='evo_card_organizer_name_t marb5'><a target=\"_blank\" href='https:\/\/www.facebook.com\/Gminne-Centrum-Kultury-i-Promocji-w-Kobylnicy-441103052590881' class='evocl1i'>Centrum Kultury i Promocji w Kobylnicy<\/a><\/span><\/h4><p class='evo_card_organizer_more evomart10i'><a class='evolb_trigger evo_btn_arr mart10' data-lbvals=\"{&quot;lbc&quot;:&quot;evo_organizer_lb&quot;,&quot;lbac&quot;:&quot;lb_max&quot;,&quot;preload_temp_key&quot;:&quot;preload_taxlb&quot;,&quot;t&quot;:&quot;Centrum Kultury i Promocji w Kobylnicy&quot;,&quot;ajax&quot;:&quot;yes&quot;,&quot;ajax_type&quot;:&quot;endpoint&quot;,&quot;ajax_action&quot;:&quot;eventon_get_tax_card_content&quot;,&quot;end&quot;:&quot;client&quot;,&quot;d&quot;:{&quot;eventid&quot;:1147,&quot;ri&quot;:0,&quot;term_id&quot;:149,&quot;tax&quot;:&quot;event_organizer&quot;,&quot;load_lbcontent&quot;:true}}\" >Learn More<i class='fa fa-chevron-right'><\/i><\/a><\/p><\/div><!-- evo_card_organizer--><\/div><\/div>\t<\/div><\/div><\/div><!-- row close --><div class='evocard_row'><div id='event_locImg' class='evocard_box locImg' data-c='' \n\t\t\t\t\tstyle=''><div class='evcal_evdata_row evo_metarow_locImg evorow evo_gal_box tvi' style='min-height:400px; padding:0'  id='913_locimg' >\n\t<div class='evo_gal_main_img evo_img_triglb evobgsc evobgpc' style='background-image:url(https:\/\/goslupski.pl\/kalendarz\/wp-content\/uploads\/2025\/12\/97391216_3289794484388376_3330568282724892672_n.jpg); height:100%; width:100%' data-f='https:\/\/goslupski.pl\/kalendarz\/wp-content\/uploads\/2025\/12\/97391216_3289794484388376_3330568282724892672_n.jpg' data-w='https:\/\/goslupski.pl\/kalendarz\/wp-content\/uploads\/2025\/12\/97391216_3289794484388376_3330568282724892672_n-150x150.jpg' data-h='913'>\n\t<div class='evo_locimg_over'>\n\t\t<div class='evo_locimg_over_in evopad20'><\/div>\n\t<\/div>\n\t<div class='evo_gal_bottom evo_locimg_bottom '>\n\t\t<div class='evo_gal_icons evo_locimg_left'><div class='evo_gal_icon evo_locimg_gal on evo_transit_all evo_trans_sc1_05' data-index='1' data-u='https:\/\/goslupski.pl\/kalendarz\/wp-content\/uploads\/2025\/12\/97391216_3289794484388376_3330568282724892672_n.jpg' data-w='https:\/\/goslupski.pl\/kalendarz\/wp-content\/uploads\/2025\/12\/97391216_3289794484388376_3330568282724892672_n-150x150.jpg' data-h='913'>\n\t\t\t\t<span class='locimg_1' style='background-image:url(https:\/\/goslupski.pl\/kalendarz\/wp-content\/uploads\/2025\/12\/97391216_3289794484388376_3330568282724892672_n-150x150.jpg)'><\/span>\n\t\t\t<\/div><\/div>\n\t\t<div class='evo_locimg_right'>\n\t\t\t<h3 class='evo_h3 evo_locimg_title'>Centrum Kultury i Promocji w Kobylnicy<\/h3>\n\t\t\t\n\t\t<\/div>\t\t\t\t\t\t\t\t\n\t<\/div>\n\t<\/div>\n\t<\/div><\/div><\/div><!-- row close --><div class='evocard_row'><div id='event_getdirection' class='evocard_box getdirection' data-c='' \n\t\t\t\t\tstyle=''><div class='evo_metarow_getDr evorow evcal_evdata_row evcal_evrow_sm getdirections'>\n\t\t<form action='https:\/\/maps.google.com\/maps' method='get' target='_blank'>\n\t\t\t<input type='hidden' name='daddr' value=\"Wodna 20\/4, Kobylnica\"\/> \n\t\t\t<div class='evo_get_direction_content evo_fx_dr_r evogap10'>\n\t\t\t\t<span class='evogetdir_header evodfx evofxdrr evofxaic evogap10'>\n\t\t\t\t\t<i class='mainicon fa fa-road evofz24i'><\/i> \n\t\t\t\t\t<h3 class='evo_h3 evopad0i' style='padding-bottom:5px;'>Get Directions<\/h3>\n\t\t\t\t<\/span>\n\t\t\t\t<span class='evogetdir_field evodfx evofx_1_1 evow100p'>\t\n\t\t\t\t\t<label for='69f54fce5e334' class='evo_aria_ready sr-only'>Address - Operetkowe Expressy []<\/label>\t\t\t\t\n\t\t\t\t\t<input id='69f54fce5e334' class='evo_aria_ready_match evoInput2 evobr10 evow100p evopad10 evoff_2 evofz14i evobrdB1 evoboxbb' type='text' name='saddr' placeholder='Podaj sw\u00f3j adres' value='' style='' aria-label='Address - Operetkowe Expressy []' \/>\n\t\t\t\t<\/span>\n\t\t\t\t<div class='evodfx evofxdrr evofxaic evogap10'>\n\t\t\t\t\t<i class='fa fa-location-dot'><\/i>\n\t\t\t\t\t<div class='evoposr evofx_1 evoh100p'><label for='69f54fce5e334' class='evo_aria_ready sr-only'>Destination Address - Operetkowe Expressy []<\/label>\t\t\n\t\t\t\t\t\t<input id='69f54fce5e334' class='evo_aria_ready_match evoInput2 evobr10 evow100p evopad5-10 evoff_2 evofz14i evobrdB1 evoop5 evoboxbb evoh100p' type='text' style='' readonly value='Wodna 20\/4, Kobylnica' aria-label='Destination Address - Operetkowe Expressy []'\/><button class='evo_copy_address evobuttonA evocurp evohoop7 evoposa evopad5' style='right: 3px; top: 4px; background-color: #fff;' data-txt='Wodna 20\/4, Kobylnica' data-t='Address copied to clipboard!'><i class='far fa-copy evofz16i' title='Copy Destination Address!'><\/i><\/button>\n\t\t\t\t\t<\/div>\n\t\t\t\t\t<button type='submit' class='evo_get_direction_button evcal_btn dfx evofxaic evocurp evohoop7' title='Kliknij' style='    padding: 10px 15px !important;'><i class='fa fa-chevron-right'><\/i> <\/button>\n\t\t\t\t<\/div>\n\t\t\t<\/div>\n\t\t<\/form>\n\t<\/div><\/div><\/div><!-- row close --><button class='evo_card_row_end evcal_close' title='Zamknij'><\/button><\/div><div class='clear end'><\/div><\/div><div id=\"event_1144_0\" class=\"eventon_list_event evo_eventtop scheduled  event clrW hasbgimg event_1144_0\" data-event_id=\"1144\" data-ri=\"0r\" data-time=\"1778261400-1778268600\" data-colr=\"#8f81eb\" itemscope itemtype='http:\/\/schema.org\/Event'><div class=\"evo_event_schema\" style=\"display:none\" ><a itemprop='url'  href='https:\/\/goslupski.pl\/kalendarz\/events\/otwieramy-sie-na-wirtualny-swiat\/'><\/a><meta itemprop='image' content=\"https:\/\/goslupski.pl\/kalendarz\/wp-content\/uploads\/2026\/04\/678202078_1458578729641830_4152779267014586863_n.jpg\" \/><meta itemprop='startDate' content=\"2026-5-8T17:30+2:00\" \/><meta itemprop='endDate' content=\"2026-5-8T19:30+2:00\" \/><meta itemprop='eventStatus' content=\"https:\/\/schema.org\/EventScheduled\" \/><meta itemprop='eventAttendanceMode'   itemscope itemtype=\"https:\/\/schema.org\/OfflineEventAttendanceMode\"\/><div style=\"display:none\" itemprop=\"location\" itemscope itemtype=\"http:\/\/schema.org\/Place\"><span itemprop=\"name\">L\u0105dowisku Kultury w Redzikowie<\/span><span itemprop=\"address\" itemscope itemtype=\"http:\/\/schema.org\/PostalAddress\"><item itemprop=\"streetAddress\">Redzikowo 20 A 76-200 Redzikowo<\/item><\/span><\/div><script type=\"application\/ld+json\">{\"@context\": \"http:\/\/schema.org\",\"@type\": \"Event\",\n\t\t\t\t\"@id\": \"event_1144_0\",\n\t\t\t\t\"eventAttendanceMode\":\"https:\/\/schema.org\/OfflineEventAttendanceMode\",\n\t\t\t\t\"eventStatus\":\"https:\/\/schema.org\/EventScheduled\",\n\t\t\t\t\"name\": \"Otwieramy si\u0119 na wirtualny \u015bwiat\",\n\t\t\t\t\"url\": \"https:\/\/goslupski.pl\/kalendarz\/events\/otwieramy-sie-na-wirtualny-swiat\/\",\n\t\t\t\t\"startDate\": \"2026-5-8T17:30+2:00\",\n\t\t\t\t\"endDate\": \"2026-5-8T19:30+2:00\",\n\t\t\t\t\"image\":\"https:\/\/goslupski.pl\/kalendarz\/wp-content\/uploads\/2026\/04\/678202078_1458578729641830_4152779267014586863_n.jpg\", \n\t\t\t\t\"description\":\"<div class='xdj266r x14z9mp xat24cr x1lziwak x1vvkbs x126k92a'> <div dir='auto'>\ud835\udde7\ud835\ude04\ud835\uddfc\ud835\uddf7\ud835\uddf2 \ud835\uddf1\ud835\ude07\ud835\uddf6\ud835\uddf2\ud835\uddf0\ud835\uddf8\ud835\uddfc \ud835\uddf6\ud835\uddfb\ud835\ude01\ud835\uddf2\ud835\uddff\ud835\uddf2\ud835\ude00\ud835\ude02\ud835\uddf7\ud835\uddf2 \ud835\ude00\ud835\uddf6\ud835\uddf2\u0328 \ud835\ude01\ud835\uddf2\ud835\uddf0\ud835\uddf5\ud835\uddfb\ud835\uddfc\ud835\uddf9\ud835\uddfc\ud835\uddf4\ud835\uddf6\ud835\uddee\u0328? \ud835\udde7\ud835\uddfc \ud835\uddf0\ud835\uddfc\ud835\ude00\u0301 \ud835\uddf1\ud835\uddf9\ud835\uddee \ud835\uddfb\ud835\uddf6\ud835\uddf2\ud835\uddf4\ud835\uddfc.<\/div> <\/div> <div class='x14z9mp xat24cr x1lziwak x1vvkbs xtlvy1s x126k92a'> <div dir='auto'>Zapraszamy na warsztaty \u201e\ud835\udde2\ud835\ude01\ud835\ude04\ud835\uddf6\ud835\uddf2\ud835\uddff\ud835\uddee\ud835\uddfa\ud835\ude06 \ud835\ude00\ud835\uddf6\ud835\uddf2\u0328 \ud835\uddfb\ud835\uddee \ud835\ude04\ud835\uddf6\ud835\uddff\ud835\ude01\ud835\ude02\ud835\uddee\ud835\uddf9\ud835\uddfb\ud835\ude06 \ud835\ude00\u0301\ud835\ude04\ud835\uddf6\ud835\uddee\ud835\ude01\u201d &#8211; spotkanie, kt\u00f3re pokazuje, \u017ce nowe technologie to nie tylko ekran, ale przede wszystkim \ud835\ude01\ud835\ude04\ud835\uddfc\ud835\uddff\ud835\ude07\ud835\uddf2\ud835\uddfb\ud835\uddf6\ud835\uddf2, \ud835\uddfa\ud835\ude06\ud835\ude00\u0301\ud835\uddf9\ud835\uddf2\ud835\uddfb\ud835\uddf6\ud835\uddf2 \ud835\uddf6 \ud835\uddfc\ud835\uddf1\ud835\uddf8\ud835\uddff\ud835\ude06\ud835\ude04\ud835\uddee\ud835\uddfb\ud835\uddf6\ud835\uddf2.<\/div> <\/div> <div class='x14z9mp xat24cr x1lziwak x1vvkbs xtlvy1s x126k92a'> <div dir='auto'>\ud835\udff4 \ud835\uddfa\ud835\uddee\ud835\uddf7\ud835\uddee \ud835\udfee\ud835\udfec\ud835\udfee\ud835\udff2 (\ud835\uddfd\ud835\uddf6\ud835\uddee\u0328\ud835\ude01\ud835\uddf2\ud835\uddf8)<\/div> <div dir='auto'>godz. 17:30-19:30<\/div> <div dir='auto'><span class='html-span xdj266r x14z9mp xat24cr x1lziwak xexx8yu xyri2b x18d9i69 x1c1uobl x1hl2dhg x16tdsg8 x1vvkbs'><a class='x1i10hfl xjbqb8w x1ejq31n x18oe1m7 x1sy0etr xstzfhl x972fbf x10w94by x1qhh985 x14e42zd x9f619 x1ypdohk xt0psk2 x3ct3a4 xdj266r x14z9mp xat24cr x1lziwak xexx8yu xyri2b x18d9i69 x1c1uobl x16tdsg8 x1hl2dhg xggy1nq x1a2a7pz xkrqix3 x1sur9pj x1fey0fg x1s688f' tabindex='0' role='link' href='https:\/\/www.facebook.com\/ladowiskokultury?__cft__[0]=AZY6KewRQXDFVfL17Uuktnor0IK1_Fx5ndlI5MmNAkQNRhPJLlrnFBAYP8eXvhkQhPMiErvTYxzyKF28PqAzX-chVKE0eAmxGNFFt1vDHaxbvFb5yivRiyzyld35XfZgOVmNfIaCASb6jxoofly7FstX&amp;__tn__=-]K-R'><span class='xt0psk2'><span class='xjp7ctv'>L\u0105dowisko Kultury<\/span><\/span><\/a><\/span><\/div> <\/div> <div class='x14z9mp xat24cr x1lziwak x1vvkbs xtlvy1s x126k92a'> <div dir='auto'>To propozycja dla dzieci i m\u0142odzie\u017cy w wieku \ud835\udff3-\ud835\udfed\ud835\udfee \ud835\uddf9\ud835\uddee\ud835\ude01, kt\u00f3rzy chc\u0105:<\/div> <div dir='auto'>pozna\u0107 \u015bwiat \ud835\uddff\ud835\uddfc\ud835\uddef\ud835\uddfc\ud835\ude01\ud835\ude06\ud835\uddf8\ud835\uddf6 \ud835\uddf6 \ud835\uddfd\ud835\uddff\ud835\uddfc\ud835\uddf4\ud835\uddff\ud835\uddee\ud835\uddfa\ud835\uddfc\ud835\ude04\ud835\uddee\ud835\uddfb\ud835\uddf6\ud835\uddee<\/div> <div dir='auto'>zobaczy\u0107, jak dzia\u0142a \ud835\uddf1\ud835\uddff\ud835\ude02\ud835\uddf8 \ud835\udfef\ud835\uddd7<\/div> <div dir='auto'>rozwija\u0107 logiczne my\u015blenie i kreatywno\u015b\u0107<\/div> <\/div> <div class='x14z9mp xat24cr x1lziwak x1vvkbs xtlvy1s x126k92a'> <div dir='auto'>Podczas warsztat\u00f3w m\u0142odzi uczestnicy b\u0119d\u0105 uczy\u0107 si\u0119 przez dzia\u0142anie &#8211; testowa\u0107, eksperymentowa\u0107 i odkrywa\u0107, jak technologia mo\u017ce sta\u0107 si\u0119 narz\u0119dziem do tworzenia, a nie tylko ogl\u0105dania.<\/div> <\/div> <div class='x14z9mp xat24cr x1lziwak x1vvkbs xtlvy1s x126k92a'> <div dir='auto'>\ud835\uddea\ud835\ude00\ud835\ude01\ud835\uddf2\u0328\ud835\uddfd \ud835\ude04\ud835\uddfc\ud835\uddf9\ud835\uddfb\ud835\ude06<\/div> <div dir='auto'>\ud835\udded\ud835\uddee\ud835\uddfd\ud835\uddf6\ud835\ude00\ud835\ude06: \ud835\udff1\ud835\udfed\ud835\udfed \ud835\udff0\ud835\udfee\ud835\udff4 \ud835\udff1\ud835\udfef\ud835\udff3<\/div> <div dir='auto'>\ud835\udddf\ud835\uddf6\ud835\uddf0\ud835\ude07\ud835\uddef\ud835\uddee \ud835\uddfa\ud835\uddf6\ud835\uddf2\ud835\uddf7\ud835\ude00\ud835\uddf0 \ud835\uddfc\ud835\uddf4\ud835\uddff\ud835\uddee\ud835\uddfb\ud835\uddf6\ud835\uddf0\ud835\ude07\ud835\uddfc\ud835\uddfb\ud835\uddee<\/div> <\/div> <div class='x14z9mp xat24cr x1lziwak x1vvkbs xtlvy1s x126k92a'> <div dir='auto'>Je\u015bli Twoje dziecko lubi nowe technologie &#8211; nie czekaj. Zapisz je ju\u017c dzi\u015b.<\/div> <\/div> \",\"location\":[{\"@type\":\"Place\",\"name\":\"L\u0105dowisku Kultury w Redzikowie\",\"address\":{\"@type\": \"PostalAddress\",\"streetAddress\":\"Redzikowo 20 A 76-200 Redzikowo\"}}]}<\/script><\/div><div class=\"evo_boxtop\" style=\"background-image: url(https:\/\/goslupski.pl\/kalendarz\/wp-content\/uploads\/2026\/04\/678202078_1458578729641830_4152779267014586863_n.jpg); background-color:#8f81eb;height:200px;\"><\/div>\r\n\t\t\t\t<p class=\"desc_trig_outter\" style=\"\"><a data-gmap_status=\"null\" data-exlk=\"0\" style=\"background-color:#8f81eb;padding-top: 235px;\" id=\"evc_17782614001144\" href=\"#\" class=\"hasFtIMG desc_trig sin_val evcal_list_a\" data-ux_val=\"3\" data-ux_val_mob=\"-\"  ><span class='evoet_c1 evoet_cx '><span class='evoet_cy ev_ftImg evotrans imgFxdef' data-img='https:\/\/goslupski.pl\/kalendarz\/wp-content\/uploads\/2026\/04\/678202078_1458578729641830_4152779267014586863_n.jpg' data-thumb='https:\/\/goslupski.pl\/kalendarz\/wp-content\/uploads\/2026\/04\/678202078_1458578729641830_4152779267014586863_n-300x300.jpg' style='background-image:url(\"https:\/\/goslupski.pl\/kalendarz\/wp-content\/uploads\/2026\/04\/678202078_1458578729641830_4152779267014586863_n-300x300.jpg\")' ><\/span><\/span><span class='evoet_c2 evoet_cx '><span class='evoet_dayblock evcal_cblock ' data-bgcolor='#8f81eb' data-smon='maj' data-syr='2026' data-bub=''><span class='evo_start  evofxdrc'><em class='date'>08<\/em><em class='month'>maj<\/em><em class='time'>17:30<\/em><\/span><span class='evo_end only_time evofxdrc'><em class='time'>19:30<\/em><\/span><\/span><\/span><span class='evoet_c3 evoet_cx evcal_desc hide_eventtopdata '><span class='evoet_title evcal_desc2 evcal_event_title ' itemprop='name'>Otwieramy si\u0119 na wirtualny \u015bwiat<\/span><span class='event_location_attrs'  data-location_address=\"Redzikowo 20 A 76-200 Redzikowo\" data-location_type=\"address\" data-location_name=\"L\u0105dowisku Kultury w Redzikowie\" data-location_url=\"https:\/\/goslupski.pl\/kalendarz\/event-location\/ladowisku-kultury-w-redzikowie\/\" data-location_status=\"true\" data-locid=\"58\"><\/span><span class='evoet_cy evoet_subtitle evo_below_title' ><span class='evcal_event_subtitle ' >XXIII Tydzie\u0144 Bibliotek w Gminie Redzikowo<\/span><\/span><span class='evoet_cy evoet_time_expand level_3'><em class='evcal_time evo_tz_time'><i class='fa fa-clock-o'><\/i>17:30 - 19:30<span class='evo_tz marl5'>(GMT+00:00)<\/span><\/em> <\/span><span class='evoet_location level_3'><em class=\"evcal_location\"  data-add_str=\"Redzikowo 20 A 76-200 Redzikowo\" data-n=\"\"><i class=\"fa fa-location-pin\"><\/i>Redzikowo 20 A 76-200 Redzikowo<\/em><\/span><\/span><span class='evoet_data' data-d=\"{&quot;loc.n&quot;:&quot;L\\u0105dowisku Kultury w Redzikowie&quot;,&quot;orgs&quot;:[],&quot;tags&quot;:[]}\" data-bgc=\"#8f81eb\" data-bggrad=\"\" ><\/span><\/a><\/p><div class='event_description evcal_eventcard ' style=\"display:none\"><div class='evocard_row'><div id='event_ftimage' class='evocard_box ftimage' data-c='' \n\t\t\t\t\tstyle=''><div class='evocard_main_image_hold' data-t='Loading Image..'><div class='evocard_main_image evo_img_triglb evocd_img_direct evobr15 evobgsc evobgpc evodfx evofx_jc_c evofx_ai_c evofz48 direct' style='height:400px; background-image:url();' data-f=\"https:\/\/goslupski.pl\/kalendarz\/wp-content\/uploads\/2026\/04\/678202078_1458578729641830_4152779267014586863_n.jpg\" data-h=\"2048\" data-w=\"2048\" data-ratio=\"1\" data-event_id=\"1144\" data-ri=\"0\"  data-t='Loading Image..'><span style='height:400px; background-image:url(https:\/\/goslupski.pl\/kalendarz\/wp-content\/uploads\/2026\/04\/678202078_1458578729641830_4152779267014586863_n.jpg)'><\/span><\/div><\/div><\/div><\/div><!-- row close --><div class='evocard_row'><div id='event_eventdetails' class='evocard_box eventdetails' data-c='' \n\t\t\t\t\tstyle=''><div class=\"evo_metarow_details evorow evcal_evdata_row evcal_event_details\">\n    <div class=\"event_excerpt\" style=\"display:none\"><h3 class=\"padb5 evo_h3\">Szczeg\u00f3\u0142y<\/h3><p>\ud835\udde7\ud835\ude04\ud835\uddfc\ud835\uddf7\ud835\uddf2 \ud835\uddf1\ud835\ude07\ud835\uddf6\ud835\uddf2\ud835\uddf0\ud835\uddf8\ud835\uddfc \ud835\uddf6\ud835\uddfb\ud835\ude01\ud835\uddf2\ud835\uddff\ud835\uddf2\ud835\ude00\ud835\ude02\ud835\uddf7\ud835\uddf2 \ud835\ude00\ud835\uddf6\ud835\uddf2\u0328 \ud835\ude01\ud835\uddf2\ud835\uddf0\ud835\uddf5\ud835\uddfb\ud835\uddfc\ud835\uddf9\ud835\uddfc\ud835\uddf4\ud835\uddf6\ud835\uddee\u0328? \ud835\udde7\ud835\uddfc \ud835\uddf0\ud835\uddfc\ud835\ude00\u0301 \ud835\uddf1\ud835\uddf9\ud835\uddee \ud835\uddfb\ud835\uddf6\ud835\uddf2\ud835\uddf4\ud835\uddfc.\n\n\nZapraszamy na warsztaty \u201e\ud835\udde2\ud835\ude01\ud835\ude04\ud835\uddf6\ud835\uddf2\ud835\uddff\ud835\uddee\ud835\uddfa\ud835\ude06 \ud835\ude00\ud835\uddf6\ud835\uddf2\u0328 \ud835\uddfb\ud835\uddee \ud835\ude04\ud835\uddf6\ud835\uddff\ud835\ude01\ud835\ude02\ud835\uddee\ud835\uddf9\ud835\uddfb\ud835\ude06 \ud835\ude00\u0301\ud835\ude04\ud835\uddf6\ud835\uddee\ud835\ude01\u201d<\/p><\/div><span class='evcal_evdata_icons'><i class='fa fa-align-justify'><\/i><\/span>    <div class=\"evcal_evdata_cell shorter_desc\">\n        <div class=\"eventon_full_description\">\n            <h3 class=\"padb5 evo_h3\"><span class='evcal_evdata_icons'><i class='fa fa-align-justify'><\/i><\/span>Szczeg\u00f3\u0142y<\/h3>\n            <div class=\"eventon_desc_in\" itemprop=\"description\">\n                <div class=\"xdj266r x14z9mp xat24cr x1lziwak x1vvkbs x126k92a\">\n<div dir=\"auto\">\ud835\udde7\ud835\ude04\ud835\uddfc\ud835\uddf7\ud835\uddf2 \ud835\uddf1\ud835\ude07\ud835\uddf6\ud835\uddf2\ud835\uddf0\ud835\uddf8\ud835\uddfc \ud835\uddf6\ud835\uddfb\ud835\ude01\ud835\uddf2\ud835\uddff\ud835\uddf2\ud835\ude00\ud835\ude02\ud835\uddf7\ud835\uddf2 \ud835\ude00\ud835\uddf6\ud835\uddf2\u0328 \ud835\ude01\ud835\uddf2\ud835\uddf0\ud835\uddf5\ud835\uddfb\ud835\uddfc\ud835\uddf9\ud835\uddfc\ud835\uddf4\ud835\uddf6\ud835\uddee\u0328? \ud835\udde7\ud835\uddfc \ud835\uddf0\ud835\uddfc\ud835\ude00\u0301 \ud835\uddf1\ud835\uddf9\ud835\uddee \ud835\uddfb\ud835\uddf6\ud835\uddf2\ud835\uddf4\ud835\uddfc.<\/div>\n<\/div>\n<div class=\"x14z9mp xat24cr x1lziwak x1vvkbs xtlvy1s x126k92a\">\n<div dir=\"auto\">Zapraszamy na warsztaty \u201e\ud835\udde2\ud835\ude01\ud835\ude04\ud835\uddf6\ud835\uddf2\ud835\uddff\ud835\uddee\ud835\uddfa\ud835\ude06 \ud835\ude00\ud835\uddf6\ud835\uddf2\u0328 \ud835\uddfb\ud835\uddee \ud835\ude04\ud835\uddf6\ud835\uddff\ud835\ude01\ud835\ude02\ud835\uddee\ud835\uddf9\ud835\uddfb\ud835\ude06 \ud835\ude00\u0301\ud835\ude04\ud835\uddf6\ud835\uddee\ud835\ude01\u201d &#8211; spotkanie, kt\u00f3re pokazuje, \u017ce nowe technologie to nie tylko ekran, ale przede wszystkim \ud835\ude01\ud835\ude04\ud835\uddfc\ud835\uddff\ud835\ude07\ud835\uddf2\ud835\uddfb\ud835\uddf6\ud835\uddf2, \ud835\uddfa\ud835\ude06\ud835\ude00\u0301\ud835\uddf9\ud835\uddf2\ud835\uddfb\ud835\uddf6\ud835\uddf2 \ud835\uddf6 \ud835\uddfc\ud835\uddf1\ud835\uddf8\ud835\uddff\ud835\ude06\ud835\ude04\ud835\uddee\ud835\uddfb\ud835\uddf6\ud835\uddf2.<\/div>\n<\/div>\n<div class=\"x14z9mp xat24cr x1lziwak x1vvkbs xtlvy1s x126k92a\">\n<div dir=\"auto\">\ud835\udff4 \ud835\uddfa\ud835\uddee\ud835\uddf7\ud835\uddee \ud835\udfee\ud835\udfec\ud835\udfee\ud835\udff2 (\ud835\uddfd\ud835\uddf6\ud835\uddee\u0328\ud835\ude01\ud835\uddf2\ud835\uddf8)<\/div>\n<div dir=\"auto\">godz. 17:30-19:30<\/div>\n<div dir=\"auto\"><span class=\"html-span xdj266r x14z9mp xat24cr x1lziwak xexx8yu xyri2b x18d9i69 x1c1uobl x1hl2dhg x16tdsg8 x1vvkbs\"><a class=\"x1i10hfl xjbqb8w x1ejq31n x18oe1m7 x1sy0etr xstzfhl x972fbf x10w94by x1qhh985 x14e42zd x9f619 x1ypdohk xt0psk2 x3ct3a4 xdj266r x14z9mp xat24cr x1lziwak xexx8yu xyri2b x18d9i69 x1c1uobl x16tdsg8 x1hl2dhg xggy1nq x1a2a7pz xkrqix3 x1sur9pj x1fey0fg x1s688f\" tabindex=\"0\" role=\"link\" href=\"https:\/\/www.facebook.com\/ladowiskokultury?__cft__[0]=AZY6KewRQXDFVfL17Uuktnor0IK1_Fx5ndlI5MmNAkQNRhPJLlrnFBAYP8eXvhkQhPMiErvTYxzyKF28PqAzX-chVKE0eAmxGNFFt1vDHaxbvFb5yivRiyzyld35XfZgOVmNfIaCASb6jxoofly7FstX&amp;__tn__=-]K-R\"><span class=\"xt0psk2\"><span class=\"xjp7ctv\">L\u0105dowisko Kultury<\/span><\/span><\/a><\/span><\/div>\n<\/div>\n<div class=\"x14z9mp xat24cr x1lziwak x1vvkbs xtlvy1s x126k92a\">\n<div dir=\"auto\">To propozycja dla dzieci i m\u0142odzie\u017cy w wieku \ud835\udff3-\ud835\udfed\ud835\udfee \ud835\uddf9\ud835\uddee\ud835\ude01, kt\u00f3rzy chc\u0105:<\/div>\n<div dir=\"auto\">pozna\u0107 \u015bwiat \ud835\uddff\ud835\uddfc\ud835\uddef\ud835\uddfc\ud835\ude01\ud835\ude06\ud835\uddf8\ud835\uddf6 \ud835\uddf6 \ud835\uddfd\ud835\uddff\ud835\uddfc\ud835\uddf4\ud835\uddff\ud835\uddee\ud835\uddfa\ud835\uddfc\ud835\ude04\ud835\uddee\ud835\uddfb\ud835\uddf6\ud835\uddee<\/div>\n<div dir=\"auto\">zobaczy\u0107, jak dzia\u0142a \ud835\uddf1\ud835\uddff\ud835\ude02\ud835\uddf8 \ud835\udfef\ud835\uddd7<\/div>\n<div dir=\"auto\">rozwija\u0107 logiczne my\u015blenie i kreatywno\u015b\u0107<\/div>\n<\/div>\n<div class=\"x14z9mp xat24cr x1lziwak x1vvkbs xtlvy1s x126k92a\">\n<div dir=\"auto\">Podczas warsztat\u00f3w m\u0142odzi uczestnicy b\u0119d\u0105 uczy\u0107 si\u0119 przez dzia\u0142anie &#8211; testowa\u0107, eksperymentowa\u0107 i odkrywa\u0107, jak technologia mo\u017ce sta\u0107 si\u0119 narz\u0119dziem do tworzenia, a nie tylko ogl\u0105dania.<\/div>\n<\/div>\n<div class=\"x14z9mp xat24cr x1lziwak x1vvkbs xtlvy1s x126k92a\">\n<div dir=\"auto\">\ud835\uddea\ud835\ude00\ud835\ude01\ud835\uddf2\u0328\ud835\uddfd \ud835\ude04\ud835\uddfc\ud835\uddf9\ud835\uddfb\ud835\ude06<\/div>\n<div dir=\"auto\">\ud835\udded\ud835\uddee\ud835\uddfd\ud835\uddf6\ud835\ude00\ud835\ude06: \ud835\udff1\ud835\udfed\ud835\udfed \ud835\udff0\ud835\udfee\ud835\udff4 \ud835\udff1\ud835\udfef\ud835\udff3<\/div>\n<div dir=\"auto\">\ud835\udddf\ud835\uddf6\ud835\uddf0\ud835\ude07\ud835\uddef\ud835\uddee \ud835\uddfa\ud835\uddf6\ud835\uddf2\ud835\uddf7\ud835\ude00\ud835\uddf0 \ud835\uddfc\ud835\uddf4\ud835\uddff\ud835\uddee\ud835\uddfb\ud835\uddf6\ud835\uddf0\ud835\ude07\ud835\uddfc\ud835\uddfb\ud835\uddee<\/div>\n<\/div>\n<div class=\"x14z9mp xat24cr x1lziwak x1vvkbs xtlvy1s x126k92a\">\n<div dir=\"auto\">Je\u015bli Twoje dziecko lubi nowe technologie &#8211; nie czekaj. Zapisz je ju\u017c dzi\u015b.<\/div>\n<\/div>\n            <\/div>\n            <p class='eventon_shad_p' style='padding:5px 0 0; margin:0'><button class='evcal_btn evo_btn_secondary evobtn_details_show_more' content='less'><span class='ev_more_text' data-txt='Mniej'>Wi\u0119cej<\/span><span class='ev_more_arrow ard'><\/span><\/button><\/p><div class='clear'><\/div>        <\/div>\n    <\/div>\n<\/div><\/div><\/div><!-- row close --><div class='evocard_row bx2 bx'><div id='event_time' class='evocard_box time' data-c='' \n\t\t\t\t\tstyle=''><div class='evo_metarow_time evorow evcal_evdata_row evcal_evrow_sm '>\n\t\t<span class='evcal_evdata_icons'><i class='fa fa-clock'><\/i><\/span>\n\t\t<div class='evcal_evdata_cell'>\t\t\t\t\t\t\t\n\t\t\t<h3 class='evo_h3'><span class='evcal_evdata_icons'><i class='fa fa-clock'><\/i><\/span>Termin<\/h3><div><span class='evo_eventcard_time_t evogap5 evofxww'><span class=\"start\">8 maj 2026<\/span> <span class=\"stime\">17:30<\/span> - <span class=\"etime\">19:30<\/span><\/span><span class='evo_tz marr5'>(GMT+00:00)<\/span><\/div>\n\t\t<\/div>\n\t<\/div><\/div><div id='event_location' class='evocard_box location' data-c='' \n\t\t\t\t\tstyle=''><div class='evcal_evdata_row evo_metarow_time_location evorow '>\n\t\t\n\t\t\t<span class='evcal_evdata_icons'><i class='fa fa-map-marker'><\/i><\/span>\n\t\t\t<div class='evcal_evdata_cell' data-loc_tax_id='58'><h3 class='evo_h3 evodfx'><span class='evcal_evdata_icons'><i class='fa fa-map-marker'><\/i><\/span>Lokalizacja<\/h3><p class='evo_location_name'>L\u0105dowisku Kultury w Redzikowie<\/p><p class='evo_location_address evodfxi evogap10'>Redzikowo 20 A 76-200 Redzikowo<\/p><div class='evopadt5'><p class='evo_location_contact'>511 428 537 <\/p><\/div><div class='padt10'><span class='evo_btn_arr evolb_trigger' data-lbvals=\"{&quot;lbdata&quot;:{&quot;class&quot;:&quot;evo_location_lb_58&quot;,&quot;additional_class&quot;:&quot;lb_max&quot;,&quot;title&quot;:&quot;L\\u0105dowisku Kultury w Redzikowie&quot;},&quot;adata&quot;:{&quot;a&quot;:&quot;eventon_get_tax_card_content&quot;,&quot;end&quot;:&quot;client&quot;,&quot;data&quot;:{&quot;lang&quot;:&quot;L1&quot;,&quot;term_id&quot;:58,&quot;tax&quot;:&quot;event_location&quot;,&quot;load_lbcontent&quot;:true}},&quot;uid&quot;:&quot;eventon_get_tax_card_content&quot;}\" >Other Events<i class='fa fa-chevron-right' aria-hidden='true'><\/i><\/span><\/div><\/div>\n\t\t\n\t<\/div><\/div><\/div><!-- row close --><div class='evocard_row'><div id='event_addtocal' class='evocard_box addtocal' data-c='' \n\t\t\t\t\tstyle=''><div class='evo_metarow_ICS evorow evcal_evdata_row'>\n\t\t\t<span class='evcal_evdata_icons'><i class='fa fa-calendar-o'><\/i><\/span>\n\t\t\t<div class='evcal_evdata_cell'>\n\t\t\t\t<p><a href='https:\/\/goslupski.pl\/kalendarz\/export-events\/1144_0\/?key=626d271d26' rel='nofollow' class='evo_ics_nCal' title='Dodaj do swojego kalendarza'>Kalendarz<\/a><a href='https:\/\/www.google.com\/calendar\/event?action=TEMPLATE&text=Otwieramy%20si%C4%99%20na%20wirtualny%20%C5%9Bwiat&dates=20260508T173000Z\/20260508T193000Z&ctz=UTC&details=Otwieramy%20si%C4%99%20na%20wirtualny%20%C5%9Bwiat&location=L%C4%85dowisku%20Kultury%20w%20Redzikowie%20Redzikowo%2020%20A%2076-200%20Redzikowo' target='_blank' rel='nofollow' class='evo_ics_gCal' title='Dodaj do Google Calendar'>GoogleCal<\/a><\/p>\t\n\t\t\t<\/div>\n\t\t<\/div><\/div><\/div><!-- row close --><div class='evocard_row'><div id='event_relatedEvents' class='evocard_box relatedEvents' data-c='' \n\t\t\t\t\tstyle=''><div class='evo_metarow_rel_events evorow evcal_evdata_row'>\n\t<span class='evcal_evdata_icons'><i class='fa fa-calendar-plus'><\/i><\/span>\n\t<div class='evcal_evdata_cell'>\n\t\t<h3 class='evo_h3'>Powi\u0105zane wydarzenia<\/h3>\n\t\t<div class='evcal_cell_rel_events'>\n\t\t<a class='hasimg evogap10 evopad10i' style='' href='https:\/\/goslupski.pl\/kalendarz\/events\/tydzien-bibliotek-w-gminie-redzikowo\/' >\n\t\t<span class='img evofx00a' style='background-image: url(https:\/\/goslupski.pl\/kalendarz\/wp-content\/uploads\/2026\/04\/674911608_1459243722908664_1185399421246332465_n.jpg)'><\/span>\t\t\t\t\t\t\t\t\t\t\t\t\n\t\t<span class=''>\n\t\t\t<h4 class='evo_h4'>Tydzie\u0144 Bibliotek w Gminie Redzikowo<\/h4>\n\t\t\t<em><i class='fa fa-clock-o'><\/i> 9 maj 2026 17:00<\/em>\n\t\t<\/span>\n\n\t\t<\/a>\t\t<\/div>\n\t<\/div>\n<\/div>\n<\/div><\/div><!-- row close --><div class='evocard_row'><div id='event_getdirection' class='evocard_box getdirection' data-c='' \n\t\t\t\t\tstyle=''><div class='evo_metarow_getDr evorow evcal_evdata_row evcal_evrow_sm getdirections'>\n\t\t<form action='https:\/\/maps.google.com\/maps' method='get' target='_blank'>\n\t\t\t<input type='hidden' name='daddr' value=\"Redzikowo 20 A 76-200 Redzikowo\"\/> \n\t\t\t<div class='evo_get_direction_content evo_fx_dr_r evogap10'>\n\t\t\t\t<span class='evogetdir_header evodfx evofxdrr evofxaic evogap10'>\n\t\t\t\t\t<i class='mainicon fa fa-road evofz24i'><\/i> \n\t\t\t\t\t<h3 class='evo_h3 evopad0i' style='padding-bottom:5px;'>Get Directions<\/h3>\n\t\t\t\t<\/span>\n\t\t\t\t<span class='evogetdir_field evodfx evofx_1_1 evow100p'>\t\n\t\t\t\t\t<label for='69f54fce5f1c1' class='evo_aria_ready sr-only'>Address - Otwieramy si\u0119 na wirtualny \u015bwiat []<\/label>\t\t\t\t\n\t\t\t\t\t<input id='69f54fce5f1c1' class='evo_aria_ready_match evoInput2 evobr10 evow100p evopad10 evoff_2 evofz14i evobrdB1 evoboxbb' type='text' name='saddr' placeholder='Podaj sw\u00f3j adres' value='' style='' aria-label='Address - Otwieramy si\u0119 na wirtualny \u015bwiat []' \/>\n\t\t\t\t<\/span>\n\t\t\t\t<div class='evodfx evofxdrr evofxaic evogap10'>\n\t\t\t\t\t<i class='fa fa-location-dot'><\/i>\n\t\t\t\t\t<div class='evoposr evofx_1 evoh100p'><label for='69f54fce5f1c1' class='evo_aria_ready sr-only'>Destination Address - Otwieramy si\u0119 na wirtualny \u015bwiat []<\/label>\t\t\n\t\t\t\t\t\t<input id='69f54fce5f1c1' class='evo_aria_ready_match evoInput2 evobr10 evow100p evopad5-10 evoff_2 evofz14i evobrdB1 evoop5 evoboxbb evoh100p' type='text' style='' readonly value='Redzikowo 20 A 76-200 Redzikowo' aria-label='Destination Address - Otwieramy si\u0119 na wirtualny \u015bwiat []'\/><button class='evo_copy_address evobuttonA evocurp evohoop7 evoposa evopad5' style='right: 3px; top: 4px; background-color: #fff;' data-txt='Redzikowo 20 A 76-200 Redzikowo' data-t='Address copied to clipboard!'><i class='far fa-copy evofz16i' title='Copy Destination Address!'><\/i><\/button>\n\t\t\t\t\t<\/div>\n\t\t\t\t\t<button type='submit' class='evo_get_direction_button evcal_btn dfx evofxaic evocurp evohoop7' title='Kliknij' style='    padding: 10px 15px !important;'><i class='fa fa-chevron-right'><\/i> <\/button>\n\t\t\t\t<\/div>\n\t\t\t<\/div>\n\t\t<\/form>\n\t<\/div><\/div><\/div><!-- row close --><button class='evo_card_row_end evcal_close' title='Zamknij'><\/button><\/div><div class='clear end'><\/div><\/div><div id=\"event_1141_0\" class=\"eventon_list_event evo_eventtop scheduled  event clrW no_et hasbgimg event_1141_0\" data-event_id=\"1141\" data-ri=\"0r\" data-time=\"1778346000-1778371140\" data-colr=\"#7c92f3\" itemscope itemtype='http:\/\/schema.org\/Event'><div class=\"evo_event_schema\" style=\"display:none\" ><a itemprop='url'  href='https:\/\/goslupski.pl\/kalendarz\/events\/tydzien-bibliotek-w-gminie-redzikowo\/'><\/a><meta itemprop='image' content=\"https:\/\/goslupski.pl\/kalendarz\/wp-content\/uploads\/2026\/04\/674911608_1459243722908664_1185399421246332465_n.jpg\" \/><meta itemprop='startDate' content=\"2026-5-9T17:00+2:00\" \/><meta itemprop='endDate' content=\"2026-5-9T23:59+2:00\" \/><meta itemprop='eventStatus' content=\"https:\/\/schema.org\/EventScheduled\" \/><meta itemprop='eventAttendanceMode'   itemscope itemtype=\"https:\/\/schema.org\/OfflineEventAttendanceMode\"\/><div style=\"display:none\" itemprop=\"location\" itemscope itemtype=\"http:\/\/schema.org\/Place\"><span itemprop=\"name\">L\u0105dowisku Kultury w Redzikowie<\/span><span itemprop=\"address\" itemscope itemtype=\"http:\/\/schema.org\/PostalAddress\"><item itemprop=\"streetAddress\">Redzikowo 20 A 76-200 Redzikowo<\/item><\/span><\/div><div itemprop=\"organizer\" itemscope=\"\" itemtype=\"http:\/\/schema.org\/Organization\"><meta itemprop=\"name\" content=\"Centrum Kultury i Biblioteka Publiczna gminy Redzikowo\">\n\t\t\t\t    \t<\/div><div itemprop=\"performer\" itemscope=\"\" itemtype=\"http:\/\/schema.org\/Person\"><meta itemprop=\"name\" content=\"Centrum Kultury i Biblioteka Publiczna gminy Redzikowo\"><\/div><script type=\"application\/ld+json\">{\"@context\": \"http:\/\/schema.org\",\"@type\": \"Event\",\n\t\t\t\t\"@id\": \"event_1141_0\",\n\t\t\t\t\"eventAttendanceMode\":\"https:\/\/schema.org\/OfflineEventAttendanceMode\",\n\t\t\t\t\"eventStatus\":\"https:\/\/schema.org\/EventScheduled\",\n\t\t\t\t\"name\": \"Wyk\u0142ad\/pokaz stroj\u00f3w z epoki\",\n\t\t\t\t\"url\": \"https:\/\/goslupski.pl\/kalendarz\/events\/tydzien-bibliotek-w-gminie-redzikowo\/\",\n\t\t\t\t\"startDate\": \"2026-5-9T17:00+2:00\",\n\t\t\t\t\"endDate\": \"2026-5-9T23:59+2:00\",\n\t\t\t\t\"image\":\"https:\/\/goslupski.pl\/kalendarz\/wp-content\/uploads\/2026\/04\/674911608_1459243722908664_1185399421246332465_n.jpg\", \n\t\t\t\t\"description\":\"<div class='xdj266r x14z9mp xat24cr x1lziwak x1vvkbs x126k92a'> <div dir='auto'>\ud835\udde7\ud835\ude06\ud835\uddf1\ud835\ude07\ud835\uddf6\ud835\uddf2\ud835\uddfb\u0301 \ud835\uddd5\ud835\uddf6\ud835\uddef\ud835\uddf9\ud835\uddf6\ud835\uddfc\ud835\ude01\ud835\uddf2\ud835\uddf8 \ud835\ude04 \ud835\uddda\ud835\uddfa\ud835\uddf6\ud835\uddfb\ud835\uddf6\ud835\uddf2 \ud835\udde5\ud835\uddf2\ud835\uddf1\ud835\ude07\ud835\uddf6\ud835\uddf8\ud835\uddfc\ud835\ude04\ud835\uddfc &#8211; \ud835\uddfc\ud835\uddf1\ud835\ude00\u0142\ud835\uddee\ud835\uddfb\ud835\uddf6\ud835\uddee\ud835\uddfa\ud835\ude06 \ud835\uddf8\ud835\uddfc\ud835\uddf9\ud835\uddf2\ud835\uddf7\ud835\uddfb\ud835\uddf2 \ud835\ude04\ud835\ude06\ud835\uddf1\ud835\uddee\ud835\uddff\ud835\ude07\ud835\uddf2\ud835\uddfb\ud835\uddf6\ud835\uddf2, kt\u00f3re dla Was przygotowali\u015bmy.<\/div> <\/div> <div class='x14z9mp xat24cr x1lziwak x1vvkbs xtlvy1s x126k92a'> <div dir='auto'><span class='html-span xexx8yu xyri2b x18d9i69 x1c1uobl x1hl2dhg x16tdsg8 x1vvkbs x3nfvp2 x1j61x8r x1fcty0u xdj266r xat24cr xm2jcoa x1mpyi22 xxymvpz xlup9mm x1kky2od'><img class='xz74otr x15mokao x1ga7v0g x16uus16 xbiv7yw' src='https:\/\/static.xx.fbcdn.net\/images\/emoji.php\/v9\/t8d\/1\/16\/1f449_1f3fc.png' alt='\ud83d\udc49\ud83c\udffc' width='16' height='16' \/><\/span>Tym razem co\u015b dla tych, kt\u00f3rzy lubi\u0105 histori\u0119\u2026 ale podan\u0105 inaczej ni\u017c w szkolnych podr\u0119cznikach.<\/div> <\/div> <div class='x14z9mp xat24cr x1lziwak x1vvkbs xtlvy1s x126k92a'> <div dir='auto'>\ud835\udff5 \ud835\uddfa\ud835\uddee\ud835\uddf7\ud835\uddee (\ud835\ude00\ud835\uddfc\ud835\uddef\ud835\uddfc\ud835\ude01\ud835\uddee), \ud835\uddf4\ud835\uddfc\ud835\uddf1\ud835\ude07. \ud835\udfed\ud835\udff3:\ud835\udfec\ud835\udfec<\/div> <div dir='auto'>L\u0105dowisko Kultury<\/div> <\/div> <div class='x14z9mp xat24cr x1lziwak x1vvkbs xtlvy1s x126k92a'> <div dir='auto'>Zapraszamy na wyj\u0105tkowe spotkanie:<\/div> <div dir='auto'>\ud835\uddda\ud835\uddee\ud835\uddf9\ud835\uddee \ud835\uddd6\ud835\ude07\ud835\ude06\ud835\ude01\ud835\uddf2\ud835\uddf9\ud835\uddfb\ud835\uddf6\ud835\uddf0\ud835\ude07\ud835\uddee &#8211; nagrodzimy Najlepszych Czytelnik\u00f3w 2025<\/div> <div dir='auto'>\ud835\uddea\ud835\ude06\ud835\uddf8\u0142\ud835\uddee\ud835\uddf1 \ud835\uddf1\ud835\uddff \ud835\uddd4\ud835\uddfb\ud835\uddf2\ud835\ude01\ud835\ude06 \ud835\uddd4\ud835\uddf9\ud835\uddf2\ud835\uddf8\ud835\ude00\ud835\uddee\ud835\uddfb\ud835\uddf1\ud835\uddff\ud835\ude06 \ud835\uddd7\ud835\ude02\ud835\uddf1\ud835\ude06<\/div> <div dir='auto'>\ud835\udde3\ud835\uddfc\ud835\uddf8\ud835\uddee\ud835\ude07 \ud835\ude00\ud835\ude01\ud835\uddff\ud835\uddfc\ud835\uddf7\ud835\uddfc\u0301\ud835\ude04 \ud835\ude07 \ud835\uddf2\ud835\uddfd\ud835\uddfc\ud835\uddf8\ud835\uddf6<\/div> <\/div> <div class='x14z9mp xat24cr x1lziwak x1vvkbs xtlvy1s x126k92a'> <div dir='auto'>To b\u0119dzie \ud835\uddfd\ud835\uddfc\ud835\uddf1\ud835\uddff\ud835\uddfc\u0301\ud835\ude07\u0307 \ud835\uddf1\ud835\uddfc \ud835\uddeb\ud835\udddc\ud835\uddeb \ud835\ude04\ud835\uddf6\ud835\uddf2\ud835\uddf8\ud835\ude02 &#8211; nie tylko na salony, ale te\u017c \u201eza kulisy\u201d \u017cycia w pa\u0142acach i dworach. Historie, ciekawostki i detale, kt\u00f3re naprawd\u0119 wci\u0105gaj\u0105.<\/div> <\/div> <div class='x14z9mp xat24cr x1lziwak x1vvkbs xtlvy1s x126k92a'> <div dir='auto'>\ud835\uddea\ud835\ude00\ud835\ude01\ud835\uddf2\u0328\ud835\uddfd \ud835\ude04\ud835\uddfc\ud835\uddf9\ud835\uddfb\ud835\ude06<\/div> <div dir='auto'><span class='html-span xexx8yu xyri2b x18d9i69 x1c1uobl x1hl2dhg x16tdsg8 x1vvkbs x3nfvp2 x1j61x8r x1fcty0u xdj266r xat24cr xm2jcoa x1mpyi22 xxymvpz xlup9mm x1kky2od'>O<\/span>\ud835\uddef\ud835\uddfc\ud835\ude04\ud835\uddf6\ud835\uddee\u0328\ud835\ude07\ud835\ude02\ud835\uddf7\ud835\uddee\u0328 \ud835\ude07\ud835\uddee\ud835\uddfd\ud835\uddf6\ud835\ude00\ud835\ude06: \ud835\udff1\ud835\udfed\ud835\udfed \ud835\udff0\ud835\udfee\ud835\udff4 \ud835\udff1\ud835\udfef\ud835\udff3<\/div> <\/div> <div class='x14z9mp xat24cr x1lziwak x1vvkbs xtlvy1s x126k92a'> <div dir='auto'>Je\u015bli lubicie takie klimaty &#8211; warto wpisa\u0107 t\u0119 dat\u0119 w kalendarz.<\/div> <\/div> \",\"location\":[{\"@type\":\"Place\",\"name\":\"L\u0105dowisku Kultury w Redzikowie\",\"address\":{\"@type\": \"PostalAddress\",\"streetAddress\":\"Redzikowo 20 A 76-200 Redzikowo\"}}],\"organizer\":[{\"@type\":\"Organization\",\"name\":\"Centrum Kultury i Biblioteka Publiczna gminy Redzikowo\"}]}<\/script><\/div><div class=\"evo_boxtop\" style=\"background-image: url(https:\/\/goslupski.pl\/kalendarz\/wp-content\/uploads\/2026\/04\/674911608_1459243722908664_1185399421246332465_n.jpg); background-color:#7c92f3;height:200px;\"><\/div>\r\n\t\t\t\t<p class=\"desc_trig_outter\" style=\"\"><a data-gmap_status=\"null\" data-exlk=\"0\" style=\"background-color:#7c92f3;padding-top: 235px;\" id=\"evc_17783460001141\" href=\"#\" class=\"hasFtIMG desc_trig sin_val evcal_list_a\" data-ux_val=\"3\" data-ux_val_mob=\"-\"  ><span class='evoet_c1 evoet_cx '><span class='evoet_cy ev_ftImg evotrans imgFxdef' data-img='https:\/\/goslupski.pl\/kalendarz\/wp-content\/uploads\/2026\/04\/674911608_1459243722908664_1185399421246332465_n.jpg' data-thumb='https:\/\/goslupski.pl\/kalendarz\/wp-content\/uploads\/2026\/04\/674911608_1459243722908664_1185399421246332465_n-240x300.jpg' style='background-image:url(\"https:\/\/goslupski.pl\/kalendarz\/wp-content\/uploads\/2026\/04\/674911608_1459243722908664_1185399421246332465_n-240x300.jpg\")' ><\/span><\/span><span class='evoet_c2 evoet_cx '><span class='evoet_dayblock evcal_cblock ' data-bgcolor='#7c92f3' data-smon='maj' data-syr='2026' data-bub=''><span class='evo_start  evofxdrc'><em class='date'>09<\/em><em class='month'>maj<\/em><em class='time'>17:00<\/em><\/span><\/span><\/span><span class='evoet_c3 evoet_cx evcal_desc hide_eventtopdata '><span class='evoet_title evcal_desc2 evcal_event_title ' itemprop='name'>Wyk\u0142ad\/pokaz stroj\u00f3w z epoki<\/span><span class='event_location_attrs'  data-location_address=\"Redzikowo 20 A 76-200 Redzikowo\" data-location_type=\"address\" data-location_name=\"L\u0105dowisku Kultury w Redzikowie\" data-location_url=\"https:\/\/goslupski.pl\/kalendarz\/event-location\/ladowisku-kultury-w-redzikowie\/\" data-location_status=\"true\" data-locid=\"58\"><\/span><span class='evoet_cy evoet_subtitle evo_below_title' ><span class='evcal_event_subtitle ' >XXIII Tydzie\u0144 Bibliotek w Gminie Redzikowo<\/span><\/span><span class='evoet_cy evoet_time_expand level_3'><em class='evcal_time evo_tz_time'><i class='fa fa-clock-o'><\/i>17:00<span class='evo_tz marl5'>(GMT+00:00)<\/span><\/em> <\/span><span class='evoet_location level_3'><em class=\"evcal_location\"  data-add_str=\"Redzikowo 20 A 76-200 Redzikowo\" data-n=\"\"><i class=\"fa fa-location-pin\"><\/i>Redzikowo 20 A 76-200 Redzikowo<\/em><\/span><\/span><span class='evoet_data' data-d=\"{&quot;loc.n&quot;:&quot;L\\u0105dowisku Kultury w Redzikowie&quot;,&quot;orgs&quot;:{&quot;129&quot;:&quot;Centrum Kultury i Biblioteka Publiczna gminy Redzikowo&quot;},&quot;tags&quot;:[]}\" data-bgc=\"#7c92f3\" data-bggrad=\"\" ><\/span><\/a><\/p><div class='event_description evcal_eventcard ' style=\"display:none\"><div class='evocard_row'><div id='event_ftimage' class='evocard_box ftimage' data-c='' \n\t\t\t\t\tstyle=''><div class='evocard_main_image_hold' data-t='Loading Image..'><div class='evocard_main_image evo_img_triglb evocd_img_direct evobr15 evobgsc evobgpc evodfx evofx_jc_c evofx_ai_c evofz48 direct' style='height:400px; background-image:url();' data-f=\"https:\/\/goslupski.pl\/kalendarz\/wp-content\/uploads\/2026\/04\/674911608_1459243722908664_1185399421246332465_n.jpg\" data-h=\"1350\" data-w=\"1080\" data-ratio=\"1.25\" data-event_id=\"1141\" data-ri=\"0\"  data-t='Loading Image..'><span style='height:400px; background-image:url(https:\/\/goslupski.pl\/kalendarz\/wp-content\/uploads\/2026\/04\/674911608_1459243722908664_1185399421246332465_n.jpg)'><\/span><\/div><\/div><\/div><\/div><!-- row close --><div class='evocard_row'><div id='event_eventdetails' class='evocard_box eventdetails' data-c='' \n\t\t\t\t\tstyle=''><div class=\"evo_metarow_details evorow evcal_evdata_row evcal_event_details\">\n    <div class=\"event_excerpt\" style=\"display:none\"><h3 class=\"padb5 evo_h3\">Szczeg\u00f3\u0142y<\/h3><p>\ud835\udde7\ud835\ude06\ud835\uddf1\ud835\ude07\ud835\uddf6\ud835\uddf2\ud835\uddfb\u0301 \ud835\uddd5\ud835\uddf6\ud835\uddef\ud835\uddf9\ud835\uddf6\ud835\uddfc\ud835\ude01\ud835\uddf2\ud835\uddf8 \ud835\ude04 \ud835\uddda\ud835\uddfa\ud835\uddf6\ud835\uddfb\ud835\uddf6\ud835\uddf2 \ud835\udde5\ud835\uddf2\ud835\uddf1\ud835\ude07\ud835\uddf6\ud835\uddf8\ud835\uddfc\ud835\ude04\ud835\uddfc &#8211; \ud835\uddfc\ud835\uddf1\ud835\ude00\u0142\ud835\uddee\ud835\uddfb\ud835\uddf6\ud835\uddee\ud835\uddfa\ud835\ude06 \ud835\uddf8\ud835\uddfc\ud835\uddf9\ud835\uddf2\ud835\uddf7\ud835\uddfb\ud835\uddf2 \ud835\ude04\ud835\ude06\ud835\uddf1\ud835\uddee\ud835\uddff\ud835\ude07\ud835\uddf2\ud835\uddfb\ud835\uddf6\ud835\uddf2, kt\u00f3re dla Was przygotowali\u015bmy.<\/p><\/div><span class='evcal_evdata_icons'><i class='fa fa-align-justify'><\/i><\/span>    <div class=\"evcal_evdata_cell shorter_desc\">\n        <div class=\"eventon_full_description\">\n            <h3 class=\"padb5 evo_h3\"><span class='evcal_evdata_icons'><i class='fa fa-align-justify'><\/i><\/span>Szczeg\u00f3\u0142y<\/h3>\n            <div class=\"eventon_desc_in\" itemprop=\"description\">\n                <div class=\"xdj266r x14z9mp xat24cr x1lziwak x1vvkbs x126k92a\">\n<div dir=\"auto\">\ud835\udde7\ud835\ude06\ud835\uddf1\ud835\ude07\ud835\uddf6\ud835\uddf2\ud835\uddfb\u0301 \ud835\uddd5\ud835\uddf6\ud835\uddef\ud835\uddf9\ud835\uddf6\ud835\uddfc\ud835\ude01\ud835\uddf2\ud835\uddf8 \ud835\ude04 \ud835\uddda\ud835\uddfa\ud835\uddf6\ud835\uddfb\ud835\uddf6\ud835\uddf2 \ud835\udde5\ud835\uddf2\ud835\uddf1\ud835\ude07\ud835\uddf6\ud835\uddf8\ud835\uddfc\ud835\ude04\ud835\uddfc &#8211; \ud835\uddfc\ud835\uddf1\ud835\ude00\u0142\ud835\uddee\ud835\uddfb\ud835\uddf6\ud835\uddee\ud835\uddfa\ud835\ude06 \ud835\uddf8\ud835\uddfc\ud835\uddf9\ud835\uddf2\ud835\uddf7\ud835\uddfb\ud835\uddf2 \ud835\ude04\ud835\ude06\ud835\uddf1\ud835\uddee\ud835\uddff\ud835\ude07\ud835\uddf2\ud835\uddfb\ud835\uddf6\ud835\uddf2, kt\u00f3re dla Was przygotowali\u015bmy.<\/div>\n<\/div>\n<div class=\"x14z9mp xat24cr x1lziwak x1vvkbs xtlvy1s x126k92a\">\n<div dir=\"auto\"><span class=\"html-span xexx8yu xyri2b x18d9i69 x1c1uobl x1hl2dhg x16tdsg8 x1vvkbs x3nfvp2 x1j61x8r x1fcty0u xdj266r xat24cr xm2jcoa x1mpyi22 xxymvpz xlup9mm x1kky2od\"><img decoding=\"async\" class=\"xz74otr x15mokao x1ga7v0g x16uus16 xbiv7yw\" src=\"https:\/\/static.xx.fbcdn.net\/images\/emoji.php\/v9\/t8d\/1\/16\/1f449_1f3fc.png\" alt=\"\ud83d\udc49\ud83c\udffc\" width=\"16\" height=\"16\" \/><\/span>Tym razem co\u015b dla tych, kt\u00f3rzy lubi\u0105 histori\u0119\u2026 ale podan\u0105 inaczej ni\u017c w szkolnych podr\u0119cznikach.<\/div>\n<\/div>\n<div class=\"x14z9mp xat24cr x1lziwak x1vvkbs xtlvy1s x126k92a\">\n<div dir=\"auto\">\ud835\udff5 \ud835\uddfa\ud835\uddee\ud835\uddf7\ud835\uddee (\ud835\ude00\ud835\uddfc\ud835\uddef\ud835\uddfc\ud835\ude01\ud835\uddee), \ud835\uddf4\ud835\uddfc\ud835\uddf1\ud835\ude07. \ud835\udfed\ud835\udff3:\ud835\udfec\ud835\udfec<\/div>\n<div dir=\"auto\">L\u0105dowisko Kultury<\/div>\n<\/div>\n<div class=\"x14z9mp xat24cr x1lziwak x1vvkbs xtlvy1s x126k92a\">\n<div dir=\"auto\">Zapraszamy na wyj\u0105tkowe spotkanie:<\/div>\n<div dir=\"auto\">\ud835\uddda\ud835\uddee\ud835\uddf9\ud835\uddee \ud835\uddd6\ud835\ude07\ud835\ude06\ud835\ude01\ud835\uddf2\ud835\uddf9\ud835\uddfb\ud835\uddf6\ud835\uddf0\ud835\ude07\ud835\uddee &#8211; nagrodzimy Najlepszych Czytelnik\u00f3w 2025<\/div>\n<div dir=\"auto\">\ud835\uddea\ud835\ude06\ud835\uddf8\u0142\ud835\uddee\ud835\uddf1 \ud835\uddf1\ud835\uddff \ud835\uddd4\ud835\uddfb\ud835\uddf2\ud835\ude01\ud835\ude06 \ud835\uddd4\ud835\uddf9\ud835\uddf2\ud835\uddf8\ud835\ude00\ud835\uddee\ud835\uddfb\ud835\uddf1\ud835\uddff\ud835\ude06 \ud835\uddd7\ud835\ude02\ud835\uddf1\ud835\ude06<\/div>\n<div dir=\"auto\">\ud835\udde3\ud835\uddfc\ud835\uddf8\ud835\uddee\ud835\ude07 \ud835\ude00\ud835\ude01\ud835\uddff\ud835\uddfc\ud835\uddf7\ud835\uddfc\u0301\ud835\ude04 \ud835\ude07 \ud835\uddf2\ud835\uddfd\ud835\uddfc\ud835\uddf8\ud835\uddf6<\/div>\n<\/div>\n<div class=\"x14z9mp xat24cr x1lziwak x1vvkbs xtlvy1s x126k92a\">\n<div dir=\"auto\">To b\u0119dzie \ud835\uddfd\ud835\uddfc\ud835\uddf1\ud835\uddff\ud835\uddfc\u0301\ud835\ude07\u0307 \ud835\uddf1\ud835\uddfc \ud835\uddeb\ud835\udddc\ud835\uddeb \ud835\ude04\ud835\uddf6\ud835\uddf2\ud835\uddf8\ud835\ude02 &#8211; nie tylko na salony, ale te\u017c \u201eza kulisy\u201d \u017cycia w pa\u0142acach i dworach. Historie, ciekawostki i detale, kt\u00f3re naprawd\u0119 wci\u0105gaj\u0105.<\/div>\n<\/div>\n<div class=\"x14z9mp xat24cr x1lziwak x1vvkbs xtlvy1s x126k92a\">\n<div dir=\"auto\">\ud835\uddea\ud835\ude00\ud835\ude01\ud835\uddf2\u0328\ud835\uddfd \ud835\ude04\ud835\uddfc\ud835\uddf9\ud835\uddfb\ud835\ude06<\/div>\n<div dir=\"auto\"><span class=\"html-span xexx8yu xyri2b x18d9i69 x1c1uobl x1hl2dhg x16tdsg8 x1vvkbs x3nfvp2 x1j61x8r x1fcty0u xdj266r xat24cr xm2jcoa x1mpyi22 xxymvpz xlup9mm x1kky2od\">O<\/span>\ud835\uddef\ud835\uddfc\ud835\ude04\ud835\uddf6\ud835\uddee\u0328\ud835\ude07\ud835\ude02\ud835\uddf7\ud835\uddee\u0328 \ud835\ude07\ud835\uddee\ud835\uddfd\ud835\uddf6\ud835\ude00\ud835\ude06: \ud835\udff1\ud835\udfed\ud835\udfed \ud835\udff0\ud835\udfee\ud835\udff4 \ud835\udff1\ud835\udfef\ud835\udff3<\/div>\n<\/div>\n<div class=\"x14z9mp xat24cr x1lziwak x1vvkbs xtlvy1s x126k92a\">\n<div dir=\"auto\">Je\u015bli lubicie takie klimaty &#8211; warto wpisa\u0107 t\u0119 dat\u0119 w kalendarz.<\/div>\n<\/div>\n            <\/div>\n            <p class='eventon_shad_p' style='padding:5px 0 0; margin:0'><button class='evcal_btn evo_btn_secondary evobtn_details_show_more' content='less'><span class='ev_more_text' data-txt='Mniej'>Wi\u0119cej<\/span><span class='ev_more_arrow ard'><\/span><\/button><\/p><div class='clear'><\/div>        <\/div>\n    <\/div>\n<\/div><\/div><\/div><!-- row close --><div class='evocard_row bx2 bx'><div id='event_time' class='evocard_box time' data-c='' \n\t\t\t\t\tstyle=''><div class='evo_metarow_time evorow evcal_evdata_row evcal_evrow_sm '>\n\t\t<span class='evcal_evdata_icons'><i class='fa fa-clock'><\/i><\/span>\n\t\t<div class='evcal_evdata_cell'>\t\t\t\t\t\t\t\n\t\t\t<h3 class='evo_h3'><span class='evcal_evdata_icons'><i class='fa fa-clock'><\/i><\/span>Termin<\/h3><div><span class='evo_eventcard_time_t evogap5 evofxww'><span class=\"start\">9 maj 2026<\/span> <span class=\"stime\">17:00<\/span><\/span><span class='evo_tz marr5'>(GMT+00:00)<\/span><\/div>\n\t\t<\/div>\n\t<\/div><\/div><div id='event_location' class='evocard_box location' data-c='' \n\t\t\t\t\tstyle=''><div class='evcal_evdata_row evo_metarow_time_location evorow '>\n\t\t\n\t\t\t<span class='evcal_evdata_icons'><i class='fa fa-map-marker'><\/i><\/span>\n\t\t\t<div class='evcal_evdata_cell' data-loc_tax_id='58'><h3 class='evo_h3 evodfx'><span class='evcal_evdata_icons'><i class='fa fa-map-marker'><\/i><\/span>Lokalizacja<\/h3><p class='evo_location_name'>L\u0105dowisku Kultury w Redzikowie<\/p><p class='evo_location_address evodfxi evogap10'>Redzikowo 20 A 76-200 Redzikowo<\/p><div class='evopadt5'><p class='evo_location_contact'>511 428 537 <\/p><\/div><div class='padt10'><span class='evo_btn_arr evolb_trigger' data-lbvals=\"{&quot;lbdata&quot;:{&quot;class&quot;:&quot;evo_location_lb_58&quot;,&quot;additional_class&quot;:&quot;lb_max&quot;,&quot;title&quot;:&quot;L\\u0105dowisku Kultury w Redzikowie&quot;},&quot;adata&quot;:{&quot;a&quot;:&quot;eventon_get_tax_card_content&quot;,&quot;end&quot;:&quot;client&quot;,&quot;data&quot;:{&quot;lang&quot;:&quot;L1&quot;,&quot;term_id&quot;:58,&quot;tax&quot;:&quot;event_location&quot;,&quot;load_lbcontent&quot;:true}},&quot;uid&quot;:&quot;eventon_get_tax_card_content&quot;}\" >Other Events<i class='fa fa-chevron-right' aria-hidden='true'><\/i><\/span><\/div><\/div>\n\t\t\n\t<\/div><\/div><\/div><!-- row close --><div class='evocard_row'><div id='event_addtocal' class='evocard_box addtocal' data-c='' \n\t\t\t\t\tstyle=''><div class='evo_metarow_ICS evorow evcal_evdata_row'>\n\t\t\t<span class='evcal_evdata_icons'><i class='fa fa-calendar-o'><\/i><\/span>\n\t\t\t<div class='evcal_evdata_cell'>\n\t\t\t\t<p><a href='https:\/\/goslupski.pl\/kalendarz\/export-events\/1141_0\/?key=626d271d26' rel='nofollow' class='evo_ics_nCal' title='Dodaj do swojego kalendarza'>Kalendarz<\/a><a href='https:\/\/www.google.com\/calendar\/event?action=TEMPLATE&text=Wyk%C5%82ad%2Fpokaz%20stroj%C3%B3w%20z%20epoki&dates=20260509T170000Z\/20260509T235900Z&ctz=UTC&details=Wyk%C5%82ad%2Fpokaz%20stroj%C3%B3w%20z%20epoki&location=L%C4%85dowisku%20Kultury%20w%20Redzikowie%20Redzikowo%2020%20A%2076-200%20Redzikowo' target='_blank' rel='nofollow' class='evo_ics_gCal' title='Dodaj do Google Calendar'>GoogleCal<\/a><\/p>\t\n\t\t\t<\/div>\n\t\t<\/div><\/div><\/div><!-- row close --><div class='evocard_row'><div id='event_organizer' class='evocard_box organizer' data-c='' \n\t\t\t\t\tstyle=''><div class='evo_metarow_organizer evorow evcal_evdata_row evcal_evrow_sm '>\n\t\t<span class='evcal_evdata_icons'><i class='fa fa-headphones'><\/i><\/span>\n\t\t<div class='evcal_evdata_cell'>\t\t\t\t\t\t\t\n\t\t\t<h3 class='evo_h3'>Organizator<\/h3><div class='evo_evdata_cell_content evodfx evofx_ww evofx_dr_r evogap15'><div class='evo_card_organizer evofx_1'><p class='evo_data_val evo_card_organizer_image'><img class='evolb_trigger evo_curp evo_transit_all evo_trans_sc1_03 evo_boxsh_1' data-lbvals=\"{&quot;lbc&quot;:&quot;evo_organizer_lb&quot;,&quot;lbac&quot;:&quot;lb_max&quot;,&quot;preload_temp_key&quot;:&quot;preload_taxlb&quot;,&quot;t&quot;:&quot;Centrum Kultury i Biblioteka Publiczna gminy Redzikowo&quot;,&quot;ajax&quot;:&quot;yes&quot;,&quot;ajax_type&quot;:&quot;endpoint&quot;,&quot;ajax_action&quot;:&quot;eventon_get_tax_card_content&quot;,&quot;end&quot;:&quot;client&quot;,&quot;d&quot;:{&quot;eventid&quot;:1141,&quot;ri&quot;:0,&quot;term_id&quot;:129,&quot;tax&quot;:&quot;event_organizer&quot;,&quot;load_lbcontent&quot;:true}}\"  src='https:\/\/goslupski.pl\/kalendarz\/wp-content\/uploads\/2025\/12\/415751642_781231347376575_3743567514242525945_n-300x300.jpg'\/><\/p><h4 class='evo_org_name evo_h4 marb5 evottui evocl1i evopadb10i'><span class='evo_card_organizer_name_t marb5'><a  href='https:\/\/goslupski.pl\/kalendarz\/event-organizer\/centrum-kultury-i-biblioteka-publiczna-gminy-redzikowo\/' class='evocl1i'>Centrum Kultury i Biblioteka Publiczna gminy Redzikowo<\/a><\/span><\/h4><p class='evo_card_organizer_more evomart10i'><a class='evolb_trigger evo_btn_arr mart10' data-lbvals=\"{&quot;lbc&quot;:&quot;evo_organizer_lb&quot;,&quot;lbac&quot;:&quot;lb_max&quot;,&quot;preload_temp_key&quot;:&quot;preload_taxlb&quot;,&quot;t&quot;:&quot;Centrum Kultury i Biblioteka Publiczna gminy Redzikowo&quot;,&quot;ajax&quot;:&quot;yes&quot;,&quot;ajax_type&quot;:&quot;endpoint&quot;,&quot;ajax_action&quot;:&quot;eventon_get_tax_card_content&quot;,&quot;end&quot;:&quot;client&quot;,&quot;d&quot;:{&quot;eventid&quot;:1141,&quot;ri&quot;:0,&quot;term_id&quot;:129,&quot;tax&quot;:&quot;event_organizer&quot;,&quot;load_lbcontent&quot;:true}}\" >Learn More<i class='fa fa-chevron-right'><\/i><\/a><\/p><\/div><!-- evo_card_organizer--><\/div><\/div>\t<\/div><\/div><\/div><!-- row close --><div class='evocard_row'><div id='event_getdirection' class='evocard_box getdirection' data-c='' \n\t\t\t\t\tstyle=''><div class='evo_metarow_getDr evorow evcal_evdata_row evcal_evrow_sm getdirections'>\n\t\t<form action='https:\/\/maps.google.com\/maps' method='get' target='_blank'>\n\t\t\t<input type='hidden' name='daddr' value=\"Redzikowo 20 A 76-200 Redzikowo\"\/> \n\t\t\t<div class='evo_get_direction_content evo_fx_dr_r evogap10'>\n\t\t\t\t<span class='evogetdir_header evodfx evofxdrr evofxaic evogap10'>\n\t\t\t\t\t<i class='mainicon fa fa-road evofz24i'><\/i> \n\t\t\t\t\t<h3 class='evo_h3 evopad0i' style='padding-bottom:5px;'>Get Directions<\/h3>\n\t\t\t\t<\/span>\n\t\t\t\t<span class='evogetdir_field evodfx evofx_1_1 evow100p'>\t\n\t\t\t\t\t<label for='69f54fce5ff0d' class='evo_aria_ready sr-only'>Address - Wyk\u0142ad\/pokaz stroj\u00f3w z epoki []<\/label>\t\t\t\t\n\t\t\t\t\t<input id='69f54fce5ff0d' class='evo_aria_ready_match evoInput2 evobr10 evow100p evopad10 evoff_2 evofz14i evobrdB1 evoboxbb' type='text' name='saddr' placeholder='Podaj sw\u00f3j adres' value='' style='' aria-label='Address - Wyk\u0142ad\/pokaz stroj\u00f3w z epoki []' \/>\n\t\t\t\t<\/span>\n\t\t\t\t<div class='evodfx evofxdrr evofxaic evogap10'>\n\t\t\t\t\t<i class='fa fa-location-dot'><\/i>\n\t\t\t\t\t<div class='evoposr evofx_1 evoh100p'><label for='69f54fce5ff0d' class='evo_aria_ready sr-only'>Destination Address - Wyk\u0142ad\/pokaz stroj\u00f3w z epoki []<\/label>\t\t\n\t\t\t\t\t\t<input id='69f54fce5ff0d' class='evo_aria_ready_match evoInput2 evobr10 evow100p evopad5-10 evoff_2 evofz14i evobrdB1 evoop5 evoboxbb evoh100p' type='text' style='' readonly value='Redzikowo 20 A 76-200 Redzikowo' aria-label='Destination Address - Wyk\u0142ad\/pokaz stroj\u00f3w z epoki []'\/><button class='evo_copy_address evobuttonA evocurp evohoop7 evoposa evopad5' style='right: 3px; top: 4px; background-color: #fff;' data-txt='Redzikowo 20 A 76-200 Redzikowo' data-t='Address copied to clipboard!'><i class='far fa-copy evofz16i' title='Copy Destination Address!'><\/i><\/button>\n\t\t\t\t\t<\/div>\n\t\t\t\t\t<button type='submit' class='evo_get_direction_button evcal_btn dfx evofxaic evocurp evohoop7' title='Kliknij' style='    padding: 10px 15px !important;'><i class='fa fa-chevron-right'><\/i> <\/button>\n\t\t\t\t<\/div>\n\t\t\t<\/div>\n\t\t<\/form>\n\t<\/div><\/div><\/div><!-- row close --><button class='evo_card_row_end evcal_close' title='Zamknij'><\/button><\/div><div class='clear end'><\/div><\/div><\/div><\/div><\/div><div class=\"evosl_footer_outter\"><div class=\"evosl_footer\"><\/div><\/div>\t\t \t<div id='evcal_footer' class='evo_bottom' style='display:none'>\r\n\t\t \t\t<div class='evo_cal_data' data-sc=\"{&quot;accord&quot;:&quot;no&quot;,&quot;bottom_nav&quot;:&quot;no&quot;,&quot;cal_id&quot;:&quot;&quot;,&quot;cal_init_nonajax&quot;:&quot;no&quot;,&quot;calendar_type&quot;:&quot;default&quot;,&quot;control_style&quot;:&quot;lr&quot;,&quot;el_type&quot;:&quot;ue&quot;,&quot;ep_fields&quot;:&quot;&quot;,&quot;etc_override&quot;:&quot;yes&quot;,&quot;evc_open&quot;:&quot;no&quot;,&quot;event_count&quot;:&quot;5&quot;,&quot;event_location&quot;:&quot;all&quot;,&quot;event_order&quot;:&quot;ASC&quot;,&quot;event_organizer&quot;:&quot;all&quot;,&quot;event_parts&quot;:&quot;no&quot;,&quot;event_past_future&quot;:&quot;all&quot;,&quot;event_status&quot;:&quot;all&quot;,&quot;event_tag&quot;:&quot;all&quot;,&quot;event_type&quot;:&quot;all&quot;,&quot;event_type_2&quot;:&quot;all&quot;,&quot;event_virtual&quot;:&quot;all&quot;,&quot;eventtop_date_style&quot;:&quot;0&quot;,&quot;eventtop_style&quot;:&quot;2&quot;,&quot;exp_jumper&quot;:&quot;no&quot;,&quot;exp_so&quot;:&quot;no&quot;,&quot;filter_relationship&quot;:&quot;AND&quot;,&quot;filter_show_set_only&quot;:&quot;no&quot;,&quot;filter_style&quot;:&quot;default&quot;,&quot;filter_type&quot;:&quot;default&quot;,&quot;filters&quot;:&quot;yes&quot;,&quot;fixed_month&quot;:&quot;&quot;,&quot;fixed_year&quot;:&quot;&quot;,&quot;focus_end_date_range&quot;:&quot;1780311599&quot;,&quot;focus_start_date_range&quot;:&quot;1777684430&quot;,&quot;ft_event_priority&quot;:&quot;yes&quot;,&quot;hide_arrows&quot;:&quot;no&quot;,&quot;hide_cancels&quot;:&quot;no&quot;,&quot;hide_empty_months&quot;:&quot;no&quot;,&quot;hide_end_time&quot;:&quot;no&quot;,&quot;hide_et_dn&quot;:&quot;no&quot;,&quot;hide_et_extra&quot;:&quot;no&quot;,&quot;hide_et_tags&quot;:&quot;no&quot;,&quot;hide_et_tl&quot;:&quot;no&quot;,&quot;hide_ft&quot;:&quot;no&quot;,&quot;hide_ft_img&quot;:&quot;no&quot;,&quot;hide_month_headers&quot;:&quot;no&quot;,&quot;hide_mult_occur&quot;:&quot;no&quot;,&quot;hide_past&quot;:&quot;no&quot;,&quot;hide_past_by&quot;:&quot;ee&quot;,&quot;hide_so&quot;:&quot;no&quot;,&quot;ics&quot;:&quot;no&quot;,&quot;jumper&quot;:&quot;no&quot;,&quot;jumper_count&quot;:&quot;5&quot;,&quot;jumper_offset&quot;:&quot;0&quot;,&quot;lang&quot;:&quot;L1&quot;,&quot;layout_changer&quot;:&quot;no&quot;,&quot;livenow_bar&quot;:&quot;yes&quot;,&quot;mapformat&quot;:&quot;roadmap&quot;,&quot;mapiconurl&quot;:&quot;&quot;,&quot;maps_load&quot;:&quot;yes&quot;,&quot;mapscroll&quot;:&quot;true&quot;,&quot;mapzoom&quot;:&quot;18&quot;,&quot;members_only&quot;:&quot;no&quot;,&quot;ml_priority&quot;:&quot;no&quot;,&quot;ml_toend&quot;:&quot;no&quot;,&quot;month_incre&quot;:&quot;0&quot;,&quot;number_of_months&quot;:&quot;1&quot;,&quot;only_ft&quot;:&quot;no&quot;,&quot;pec&quot;:&quot;&quot;,&quot;s&quot;:&quot;&quot;,&quot;search&quot;:&quot;&quot;,&quot;search_all&quot;:&quot;no&quot;,&quot;sep_month&quot;:&quot;no&quot;,&quot;show_et_ft_img&quot;:&quot;yes&quot;,&quot;show_limit&quot;:&quot;no&quot;,&quot;show_limit_ajax&quot;:&quot;no&quot;,&quot;show_limit_paged&quot;:&quot;1&quot;,&quot;show_limit_redir&quot;:&quot;&quot;,&quot;show_repeats&quot;:&quot;no&quot;,&quot;show_search&quot;:&quot;no&quot;,&quot;show_upcoming&quot;:&quot;0&quot;,&quot;show_year&quot;:&quot;no&quot;,&quot;slide_auto&quot;:&quot;yes&quot;,&quot;slide_hide_control&quot;:&quot;no&quot;,&quot;slide_nav_dots&quot;:&quot;yes&quot;,&quot;slide_pause_hover&quot;:&quot;yes&quot;,&quot;slide_style&quot;:&quot;imgleft&quot;,&quot;slider_pause&quot;:&quot;6500&quot;,&quot;slider_speed&quot;:&quot;3900&quot;,&quot;slider_type&quot;:&quot;def&quot;,&quot;slides_visible&quot;:&quot;1&quot;,&quot;social_share&quot;:&quot;no&quot;,&quot;sort_by&quot;:&quot;sort_date&quot;,&quot;tile_bg&quot;:&quot;1&quot;,&quot;tile_bg_size&quot;:&quot;full&quot;,&quot;tile_count&quot;:&quot;2&quot;,&quot;tile_height&quot;:&quot;0&quot;,&quot;tile_style&quot;:&quot;1&quot;,&quot;tiles&quot;:&quot;yes&quot;,&quot;ux_val&quot;:&quot;3&quot;,&quot;view_switcher&quot;:&quot;no&quot;,&quot;wpml_l1&quot;:&quot;&quot;,&quot;wpml_l2&quot;:&quot;&quot;,&quot;wpml_l3&quot;:&quot;&quot;,&quot;x_ids&quot;:&quot;&quot;,&quot;yl_priority&quot;:&quot;no&quot;,&quot;yl_toend&quot;:&quot;no&quot;,&quot;fixed_date&quot;:&quot;&quot;,&quot;fixed_day&quot;:&quot;1&quot;,&quot;_cver&quot;:&quot;5.0.6&quot;}\" data-filter_data=\"\" data-nav_data=\"{&quot;month_title&quot;:&quot;&lt;p id=&#039;evcal_cur&#039; class=&#039;evo_month_title padr10&#039;&gt; , &lt;\\\/p&gt;&quot;,&quot;arrows&quot;:&quot;&lt;p class=&#039;evo_arrows&#039;&gt;\\r\\n\\t\\t\\t\\t\\t&lt;button id=&#039;evcal_prev&#039; class=&#039;evcal_arrows evcal_btn_prev evodfx evofx_jc_c evofx_ai_c&#039; aria-label=&#039;Previous Month&#039;&gt;&lt;i class=&#039;fa fa-chevron-left&#039; aria-hidden=&#039;true&#039;&gt;&lt;\\\/i&gt;&lt;\\\/button&gt;\\r\\n\\t\\t\\t\\t\\t&lt;button id=&#039;evcal_next&#039; class=&#039;evcal_arrows evo_arrow_next evcal_btn_next evodfx evofx_jc_c evofx_ai_c&#039; aria-label=&#039;Next Month&#039;&gt;&lt;i class=&#039;fa fa-chevron-right&#039; aria-hidden=&#039;true&#039;&gt;&lt;\\\/i&gt;&lt;\\\/button&gt;\\r\\n\\t\\t\\t\\t\\t&lt;\\\/p&gt;&quot;}\" data-od=\"{&quot;lang_no_events&quot;:&quot;No Events&quot;,&quot;cal_tz_offset&quot;:-660,&quot;cal_tz&quot;:&quot;Pacific\\\/Midway&quot;}\" ><\/div>\r\n\t\t \t\t<div class='evo_cal_events' data-events=\"\"><\/div>\r\n\t\t \t<\/div>\r\n\t\t\t<\/div>\n\n\n\n<\/div><\/div><\/div><\/div><div class=\"fusion-fullwidth fullwidth-box fusion-builder-row-2 fusion-flex-container mobile nonhundred-percent-fullwidth non-hundred-percent-height-scrolling fusion-no-medium-visibility fusion-no-large-visibility\" style=\"--awb-border-radius-top-left:0px;--awb-border-radius-top-right:0px;--awb-border-radius-bottom-right:0px;--awb-border-radius-bottom-left:0px;--awb-padding-right:13%;--awb-padding-left:11%;--awb-flex-wrap:wrap;\" ><div class=\"fusion-builder-row fusion-row fusion-flex-align-items-center fusion-flex-justify-content-space-evenly fusion-flex-content-wrap\" style=\"max-width:1248px;margin-left: calc(-4% \/ 2 );margin-right: calc(-4% \/ 2 );\"><div class=\"fusion-layout-column fusion_builder_column fusion-builder-column-1 fusion_builder_column_1_1 1_1 fusion-flex-column\" style=\"--awb-bg-size:cover;--awb-width-large:100%;--awb-margin-top-large:0px;--awb-spacing-right-large:1.92%;--awb-margin-bottom-large:0px;--awb-spacing-left-large:1.92%;--awb-width-medium:100%;--awb-spacing-right-medium:1.92%;--awb-spacing-left-medium:1.92%;--awb-width-small:100%;--awb-spacing-right-small:1.92%;--awb-spacing-left-small:1.92%;\"><div class=\"fusion-column-wrapper fusion-flex-justify-content-flex-start fusion-content-layout-column\"><div id=\"evcal_calendar_885\" class=\"ajde_evcal_calendar evoslider evosliderbox defSlider cs_lr ss_imgleft etttc_custom color sltac\"><div class=\"evo_slider_outter\" >\r\n\t\t\t\t\t<div class=\"evo_slider_slide_out\"><div class='evo_loading_bar_holder h100 evofx_ai_c swipe' style=''><div class='evo_loading_bar wid_100% hi_50px' style='width:100%; height:50px; '><\/div><div class='evo_loading_bar wid_100% hi_50px' style='width:100%; height:50px; '><\/div><div class='evo_loading_bar wid_100% hi_50px' style='width:100%; height:50px; '><\/div><div class='evo_loading_bar wid_100% hi_50px' style='width:100%; height:50px; '><\/div><div class='evo_loading_bar wid_50% hi_50px' style='width:50%; height:50px; '><\/div><\/div><div class=\"eventon_events_list\" style=\"display:none\"><div id=\"event_1071_0\" class=\"eventon_list_event evo_eventtop scheduled  event clrW hasbgimg event_1071_0\" data-event_id=\"1071\" data-ri=\"0r\" data-time=\"1773421200-1792886400\" data-colr=\"#4bb5d8\" itemscope itemtype='http:\/\/schema.org\/Event'><div class=\"evo_event_schema\" style=\"display:none\" ><a itemprop='url'  href='https:\/\/goslupski.pl\/kalendarz\/events\/male-przedmioty-wielkie-historie-dziecinstwo-w-prl\/'><\/a><meta itemprop='image' content=\"https:\/\/goslupski.pl\/kalendarz\/wp-content\/uploads\/2026\/03\/plakat-zabawki-prl-s.jpg\" \/><meta itemprop='startDate' content=\"2026-3-13T17:00+2:00\" \/><meta itemprop='endDate' content=\"2026-10-25T00:00+2:00\" \/><meta itemprop='eventStatus' content=\"https:\/\/schema.org\/EventScheduled\" \/><meta itemprop='eventAttendanceMode'   itemscope itemtype=\"https:\/\/schema.org\/OfflineEventAttendanceMode\"\/><div style=\"display:none\" itemprop=\"location\" itemscope itemtype=\"http:\/\/schema.org\/Place\"><span itemprop=\"name\">Bia\u0142y Spichlerz<\/span><span itemprop=\"address\" itemscope itemtype=\"http:\/\/schema.org\/PostalAddress\"><item itemprop=\"streetAddress\">Szarych Szereg\u00f3w 12<\/item><\/span><\/div><div itemprop=\"organizer\" itemscope=\"\" itemtype=\"http:\/\/schema.org\/Organization\"><meta itemprop=\"name\" content=\"Muzeum Pomorza \u015arodkowego w S\u0142upsku\">\n\t\t\t\t    \t<meta itemprop=\"url\" content=\"www.muzeum.slupsk.pl\"><\/div><div itemprop=\"performer\" itemscope=\"\" itemtype=\"http:\/\/schema.org\/Person\"><meta itemprop=\"name\" content=\"Muzeum Pomorza \u015arodkowego w S\u0142upsku\"><\/div><script type=\"application\/ld+json\">{\"@context\": \"http:\/\/schema.org\",\"@type\": \"Event\",\n\t\t\t\t\"@id\": \"event_1071_0\",\n\t\t\t\t\"eventAttendanceMode\":\"https:\/\/schema.org\/OfflineEventAttendanceMode\",\n\t\t\t\t\"eventStatus\":\"https:\/\/schema.org\/EventScheduled\",\n\t\t\t\t\"name\": \"Ma\u0142e przedmioty, wielkie historie. Dzieci\u0144stwo w PRL\",\n\t\t\t\t\"url\": \"https:\/\/goslupski.pl\/kalendarz\/events\/male-przedmioty-wielkie-historie-dziecinstwo-w-prl\/\",\n\t\t\t\t\"startDate\": \"2026-3-13T17:00+2:00\",\n\t\t\t\t\"endDate\": \"2026-10-25T00:00+2:00\",\n\t\t\t\t\"image\":\"https:\/\/goslupski.pl\/kalendarz\/wp-content\/uploads\/2026\/03\/plakat-zabawki-prl-s.jpg\", \n\t\t\t\t\"description\":\"<p style='text-align: center;'>Muzeum Pomorza \u015arodkowego w S\u0142upsku<br \/> zaprasza na otwarcie nowej wystawy czasowej<\/p> <p style='text-align: center;'> <p style='text-align: center;'><strong>Ma\u0142e przedmioty, wielkie historie. Dzieci\u0144stwo w PRL<\/strong><\/p> <p>&nbsp;<\/p> <p style='text-align: left;'>13 marca 2026 (pi\u0105tek)<\/p> <p style='text-align: left;'>godz. 17:00<\/p> <p style='text-align: left;'>Bia\u0142y Spichlerz<\/p> <p style='text-align: left;'>sala im. Barbary Zieli\u0144skiej<\/p> <p>Szarych Szereg\u00f3w 12<\/p> <p>w S\u0142upsku<\/p> <p>Czy zabawka mo\u017ce opowiedzie\u0107 histori\u0119 dzieci\u0144stwa? Czy szkolny fartuszek, pi\u00f3rnik lub gra planszowa mog\u0105 przywo\u0142a\u0107 wspomnienia sprzed kilkudziesi\u0119ciu lat? Na te pytania odpowiada wystawa \u201eMa\u0142e przedmioty, wielkie historie. Dzieci\u0144stwo w PRL\u201d, kt\u00f3r\u0105 b\u0119dzie mo\u017cna ogl\u0105da\u0107 w sali wernisa\u017cowej Bia\u0142ego Spichlerza.<\/p> <p>Ekspozycja przenosi zwiedzaj\u0105cych w \u015bwiat dzieci\u0144stwa w Polsce drugiej po\u0142owy XX wieku. Poprzez zabawki, przybory szkolne i codzienne przedmioty najm\u0142odszych opowiada o realiach dorastania w czasach PRL \u2013 o marzeniach, obowi\u0105zkach szkolnych, zabawie i dzieci\u0119cej wyobra\u017ani.<\/p> <p>Na wystawie zaprezentowanych zostanie oko\u0142o 300 eksponat\u00f3w pochodz\u0105cych \u00a0z r\u00f3\u017cnych dekad PRL. Przedmioty te pokazuj\u0105 \u015bwiat dzieci\u0144stwa kszta\u0142towany przez ograniczon\u0105 dost\u0119pno\u015b\u0107 towar\u00f3w, prostot\u0119 form i ogromn\u0105 rol\u0119 kreatywno\u015bci w codziennej zabawie.<\/p> <p>Wa\u017cnym elementem ekspozycji s\u0105 fotografie dzieci z zabawkami, kt\u00f3re towarzysz\u0105 prezentowanym obiektom. Zdj\u0119cia te nadaj\u0105 wystawie osobisty i sentymentalny charakter, przywo\u0142uj\u0105c wspomnienia znane wielu odwiedzaj\u0105cym z w\u0142asnego dzieci\u0144stwa.<\/p> <p>Wi\u0119kszo\u015b\u0107 prezentowanych obiekt\u00f3w pochodzi ze zbior\u00f3w Muzeum Zabawek i Zabawy w Kielcach \u2013 jednego z najwa\u017cniejszych w Polsce o\u015brodk\u00f3w dokumentuj\u0105cych histori\u0119 zabawy i dzieci\u0144stwa.<\/p> <p>Wystawa zosta\u0142a zaprojektowana jako przestrze\u0144 wspomnie\u0144 i mi\u0119dzypokoleniowego spotkania. Starsi odwiedzaj\u0105cy odnajd\u0105 w niej fragmenty w\u0142asnego dzieci\u0144stwa, natomiast m\u0142odsze pokolenie b\u0119dzie mia\u0142o okazj\u0119 zobaczy\u0107, jak wygl\u0105da\u0142 \u015bwiat codzienny ich rodzic\u00f3w<br \/> i dziadk\u00f3w.<\/p> <p>Ekspozycja uzupe\u0142niona zostanie o program edukacyjny skierowany do rodzin, dzieci i m\u0142odzie\u017cy, obejmuj\u0105cy warsztaty, zaj\u0119cia muzealne oraz wydarzenia towarzysz\u0105ce.<\/p> <p>\u201eMa\u0142e przedmioty, wielkie historie\u201d to opowie\u015b\u0107 o tym, \u017ce nawet najmniejsze przedmioty mog\u0105 kry\u0107 w sobie wielkie emocje i wspomnienia.<\/p> <p>Wystawa b\u0119dzie czynna do 25 pa\u017adziernika 2026 r.<\/p> <p>Serdecznie zapraszamy!<\/p> <p><img class='aligncenter size-medium wp-image-1072' src='https:\/\/goslupski.pl\/kalendarz\/wp-content\/uploads\/2026\/03\/plakat-zabawki-prl-s-300x212.jpg' alt='' width='300' height='212' \/><\/p> \",\"location\":[{\"@type\":\"Place\",\"name\":\"Bia\u0142y Spichlerz\",\"address\":{\"@type\": \"PostalAddress\",\"streetAddress\":\"Szarych Szereg\u00f3w 12\"}}],\"organizer\":[{\"@type\":\"Organization\",\"name\":\"Muzeum Pomorza \u015arodkowego w S\u0142upsku\",\"url\":\"www.muzeum.slupsk.pl\"}]}<\/script><\/div><div class=\"evo_boxtop\" style=\"background-image: url(https:\/\/goslupski.pl\/kalendarz\/wp-content\/uploads\/2026\/03\/plakat-zabawki-prl-s.jpg); background-color:#4bb5d8;height:200px;\"><\/div>\r\n\t\t\t\t<p class=\"desc_trig_outter\" style=\"\"><a data-gmap_status=\"null\" data-exlk=\"0\" style=\"background-color:#4bb5d8;padding-top: 235px;\" id=\"evc_17734212001071\" href=\"#\" class=\"hasFtIMG desc_trig mul_val evcal_list_a\" data-ux_val=\"3\" data-ux_val_mob=\"-\"  ><span class='evoet_c1 evoet_cx '><span class='evoet_cy ev_ftImg evotrans imgFxdef' data-img='https:\/\/goslupski.pl\/kalendarz\/wp-content\/uploads\/2026\/03\/plakat-zabawki-prl-s.jpg' data-thumb='https:\/\/goslupski.pl\/kalendarz\/wp-content\/uploads\/2026\/03\/plakat-zabawki-prl-s-300x212.jpg' style='background-image:url(\"https:\/\/goslupski.pl\/kalendarz\/wp-content\/uploads\/2026\/03\/plakat-zabawki-prl-s-300x212.jpg\")' ><\/span><\/span><span class='evoet_c2 evoet_cx '><span class='evoet_dayblock evcal_cblock ' data-bgcolor='#4bb5d8' data-smon='marzec' data-syr='2026' data-bub=''><span class='evo_start  evofxdrc'><em class='date'>13<\/em><em class='month'>mar<\/em><em class='time'><i t=\"y\">(mar 13)<\/i>17:00<\/em><\/span><span class='evo_end  evofxdrc'><em class='date'>25<\/em><em class='month'>pa\u017a<\/em><em class='time'><i t=\"y\">(pa\u017a 25)<\/i>00:00<\/em><\/span><\/span><\/span><span class='evoet_c3 evoet_cx evcal_desc hide_eventtopdata '><span class='evoet_title evcal_desc2 evcal_event_title ' itemprop='name'>Ma\u0142e przedmioty, wielkie historie. Dzieci\u0144stwo w PRL<\/span><span class='event_location_attrs'  data-location_address=\"Szarych Szereg\u00f3w 12\" data-location_type=\"address\" data-location_name=\"Bia\u0142y Spichlerz\" data-location_url=\"https:\/\/goslupski.pl\/kalendarz\/event-location\/bialy-spichlerz\/\" data-location_status=\"true\" data-locid=\"159\"><\/span><span class='evoet_cy evoet_time_expand level_3'><em class='evcal_time evo_tz_time'><i class='fa fa-clock-o'><\/i>(marzec 13) 17:00 - (pa\u017adziernik 25) 00:00<span class='evo_tz marl5'>(GMT+00:00)<\/span><\/em> <\/span><span class='evoet_location level_3'><em class=\"evcal_location\"  data-add_str=\"Szarych Szereg\u00f3w 12\" data-n=\"\"><i class=\"fa fa-location-pin\"><\/i>Szarych Szereg\u00f3w 12<\/em><\/span><\/span><span class='evoet_data' data-d=\"{&quot;loc.n&quot;:&quot;Bia\\u0142y Spichlerz&quot;,&quot;orgs&quot;:{&quot;100&quot;:&quot;Muzeum Pomorza \\u015arodkowego w S\\u0142upsku&quot;},&quot;tags&quot;:[]}\" data-bgc=\"#4bb5d8\" data-bggrad=\"\" ><\/span><\/a><\/p><div class='event_description evcal_eventcard ' style=\"display:none\"><div class='evocard_row'><div id='event_ftimage' class='evocard_box ftimage' data-c='' \n\t\t\t\t\tstyle=''><div class='evocard_main_image_hold' data-t='Loading Image..'><div class='evocard_main_image evo_img_triglb evocd_img_direct evobr15 evobgsc evobgpc evodfx evofx_jc_c evofx_ai_c evofz48 direct' style='height:400px; background-image:url();' data-f=\"https:\/\/goslupski.pl\/kalendarz\/wp-content\/uploads\/2026\/03\/plakat-zabawki-prl-s.jpg\" data-h=\"1671\" data-w=\"2362\" data-ratio=\"0.70745131244708\" data-event_id=\"1071\" data-ri=\"0\"  data-t='Loading Image..'><span style='height:400px; background-image:url(https:\/\/goslupski.pl\/kalendarz\/wp-content\/uploads\/2026\/03\/plakat-zabawki-prl-s.jpg)'><\/span><\/div><\/div><\/div><\/div><!-- row close --><div class='evocard_row'><div id='event_eventdetails' class='evocard_box eventdetails' data-c='' \n\t\t\t\t\tstyle=''><div class=\"evo_metarow_details evorow evcal_evdata_row evcal_event_details\">\n    <div class=\"event_excerpt\" style=\"display:none\"><h3 class=\"padb5 evo_h3\">Szczeg\u00f3\u0142y<\/h3><p>Muzeum Pomorza \u015arodkowego w S\u0142upsku\nzaprasza na otwarcie nowej wystawy czasowej\n\nMa\u0142e przedmioty, wielkie historie. Dzieci\u0144stwo w PRL\n&nbsp;\n13 marca 2026 (pi\u0105tek)\ngodz.<\/p><\/div><span class='evcal_evdata_icons'><i class='fa fa-align-justify'><\/i><\/span>    <div class=\"evcal_evdata_cell shorter_desc\">\n        <div class=\"eventon_full_description\">\n            <h3 class=\"padb5 evo_h3\"><span class='evcal_evdata_icons'><i class='fa fa-align-justify'><\/i><\/span>Szczeg\u00f3\u0142y<\/h3>\n            <div class=\"eventon_desc_in\" itemprop=\"description\">\n                <p style=\"text-align: center;\">Muzeum Pomorza \u015arodkowego w S\u0142upsku<br \/>\nzaprasza na otwarcie nowej wystawy czasowej<\/p>\n<p style=\"text-align: center;\">\n<p style=\"text-align: center;\"><strong>Ma\u0142e przedmioty, wielkie historie. Dzieci\u0144stwo w PRL<\/strong><\/p>\n<p>&nbsp;<\/p>\n<p style=\"text-align: left;\">13 marca 2026 (pi\u0105tek)<\/p>\n<p style=\"text-align: left;\">godz. 17:00<\/p>\n<p style=\"text-align: left;\">Bia\u0142y Spichlerz<\/p>\n<p style=\"text-align: left;\">sala im. Barbary Zieli\u0144skiej<\/p>\n<p>Szarych Szereg\u00f3w 12<\/p>\n<p>w S\u0142upsku<\/p>\n<p>Czy zabawka mo\u017ce opowiedzie\u0107 histori\u0119 dzieci\u0144stwa? Czy szkolny fartuszek, pi\u00f3rnik lub gra planszowa mog\u0105 przywo\u0142a\u0107 wspomnienia sprzed kilkudziesi\u0119ciu lat? Na te pytania odpowiada wystawa \u201eMa\u0142e przedmioty, wielkie historie. Dzieci\u0144stwo w PRL\u201d, kt\u00f3r\u0105 b\u0119dzie mo\u017cna ogl\u0105da\u0107 w sali wernisa\u017cowej Bia\u0142ego Spichlerza.<\/p>\n<p>Ekspozycja przenosi zwiedzaj\u0105cych w \u015bwiat dzieci\u0144stwa w Polsce drugiej po\u0142owy XX wieku. Poprzez zabawki, przybory szkolne i codzienne przedmioty najm\u0142odszych opowiada o realiach dorastania w czasach PRL \u2013 o marzeniach, obowi\u0105zkach szkolnych, zabawie i dzieci\u0119cej wyobra\u017ani.<\/p>\n<p>Na wystawie zaprezentowanych zostanie oko\u0142o 300 eksponat\u00f3w pochodz\u0105cych \u00a0z r\u00f3\u017cnych dekad PRL. Przedmioty te pokazuj\u0105 \u015bwiat dzieci\u0144stwa kszta\u0142towany przez ograniczon\u0105 dost\u0119pno\u015b\u0107 towar\u00f3w, prostot\u0119 form i ogromn\u0105 rol\u0119 kreatywno\u015bci w codziennej zabawie.<\/p>\n<p>Wa\u017cnym elementem ekspozycji s\u0105 fotografie dzieci z zabawkami, kt\u00f3re towarzysz\u0105 prezentowanym obiektom. Zdj\u0119cia te nadaj\u0105 wystawie osobisty i sentymentalny charakter, przywo\u0142uj\u0105c wspomnienia znane wielu odwiedzaj\u0105cym z w\u0142asnego dzieci\u0144stwa.<\/p>\n<p>Wi\u0119kszo\u015b\u0107 prezentowanych obiekt\u00f3w pochodzi ze zbior\u00f3w Muzeum Zabawek i Zabawy w Kielcach \u2013 jednego z najwa\u017cniejszych w Polsce o\u015brodk\u00f3w dokumentuj\u0105cych histori\u0119 zabawy i dzieci\u0144stwa.<\/p>\n<p>Wystawa zosta\u0142a zaprojektowana jako przestrze\u0144 wspomnie\u0144 i mi\u0119dzypokoleniowego spotkania. Starsi odwiedzaj\u0105cy odnajd\u0105 w niej fragmenty w\u0142asnego dzieci\u0144stwa, natomiast m\u0142odsze pokolenie b\u0119dzie mia\u0142o okazj\u0119 zobaczy\u0107, jak wygl\u0105da\u0142 \u015bwiat codzienny ich rodzic\u00f3w<br \/>\ni dziadk\u00f3w.<\/p>\n<p>Ekspozycja uzupe\u0142niona zostanie o program edukacyjny skierowany do rodzin, dzieci i m\u0142odzie\u017cy, obejmuj\u0105cy warsztaty, zaj\u0119cia muzealne oraz wydarzenia towarzysz\u0105ce.<\/p>\n<p>\u201eMa\u0142e przedmioty, wielkie historie\u201d to opowie\u015b\u0107 o tym, \u017ce nawet najmniejsze przedmioty mog\u0105 kry\u0107 w sobie wielkie emocje i wspomnienia.<\/p>\n<p>Wystawa b\u0119dzie czynna do 25 pa\u017adziernika 2026 r.<\/p>\n<p>Serdecznie zapraszamy!<\/p>\n<p><img decoding=\"async\" class=\"aligncenter size-medium wp-image-1072\" src=\"https:\/\/goslupski.pl\/kalendarz\/wp-content\/uploads\/2026\/03\/plakat-zabawki-prl-s-300x212.jpg\" alt=\"\" width=\"300\" height=\"212\" srcset=\"https:\/\/goslupski.pl\/kalendarz\/wp-content\/uploads\/2026\/03\/plakat-zabawki-prl-s-200x141.jpg 200w, https:\/\/goslupski.pl\/kalendarz\/wp-content\/uploads\/2026\/03\/plakat-zabawki-prl-s-300x212.jpg 300w, https:\/\/goslupski.pl\/kalendarz\/wp-content\/uploads\/2026\/03\/plakat-zabawki-prl-s-400x283.jpg 400w, https:\/\/goslupski.pl\/kalendarz\/wp-content\/uploads\/2026\/03\/plakat-zabawki-prl-s-600x424.jpg 600w, https:\/\/goslupski.pl\/kalendarz\/wp-content\/uploads\/2026\/03\/plakat-zabawki-prl-s-768x543.jpg 768w, https:\/\/goslupski.pl\/kalendarz\/wp-content\/uploads\/2026\/03\/plakat-zabawki-prl-s-800x566.jpg 800w, https:\/\/goslupski.pl\/kalendarz\/wp-content\/uploads\/2026\/03\/plakat-zabawki-prl-s-1024x724.jpg 1024w, https:\/\/goslupski.pl\/kalendarz\/wp-content\/uploads\/2026\/03\/plakat-zabawki-prl-s-1200x849.jpg 1200w, https:\/\/goslupski.pl\/kalendarz\/wp-content\/uploads\/2026\/03\/plakat-zabawki-prl-s-1536x1087.jpg 1536w\" sizes=\"(max-width: 300px) 100vw, 300px\" \/><\/p>\n            <\/div>\n            <p class='eventon_shad_p' style='padding:5px 0 0; margin:0'><button class='evcal_btn evo_btn_secondary evobtn_details_show_more' content='less'><span class='ev_more_text' data-txt='Mniej'>Wi\u0119cej<\/span><span class='ev_more_arrow ard'><\/span><\/button><\/p><div class='clear'><\/div>        <\/div>\n    <\/div>\n<\/div><\/div><\/div><!-- row close --><div class='evocard_row bx2 bx'><div id='event_time' class='evocard_box time' data-c='' \n\t\t\t\t\tstyle=''><div class='evo_metarow_time evorow evcal_evdata_row evcal_evrow_sm '>\n\t\t<span class='evcal_evdata_icons'><i class='fa fa-clock'><\/i><\/span>\n\t\t<div class='evcal_evdata_cell'>\t\t\t\t\t\t\t\n\t\t\t<h3 class='evo_h3'><span class='evcal_evdata_icons'><i class='fa fa-clock'><\/i><\/span>Termin<\/h3><div><span class='evo_eventcard_time_t evogap5 evofxww'><span class='start'>13 marzec 2026<\/span> <span class='stime'>17:00<\/span> - <span class='end'>25 pa\u017adziernik 2026<\/span> <span class='etime'>00:00<\/span><\/span><span class='evo_tz marr5'>(GMT+00:00)<\/span><\/div>\n\t\t<\/div>\n\t<\/div><\/div><div id='event_location' class='evocard_box location' data-c='' \n\t\t\t\t\tstyle=''><div class='evcal_evdata_row evo_metarow_time_location evorow '>\n\t\t\n\t\t\t<span class='evcal_evdata_icons'><i class='fa fa-map-marker'><\/i><\/span>\n\t\t\t<div class='evcal_evdata_cell' data-loc_tax_id='159'><h3 class='evo_h3 evodfx'><span class='evcal_evdata_icons'><i class='fa fa-map-marker'><\/i><\/span>Lokalizacja<\/h3><p class='evo_location_name'>Bia\u0142y Spichlerz<\/p><p class='evo_location_address evodfxi evogap10'>Szarych Szereg\u00f3w 12<\/p><div class='padt10'><span class='evo_btn_arr evolb_trigger' data-lbvals=\"{&quot;lbdata&quot;:{&quot;class&quot;:&quot;evo_location_lb_159&quot;,&quot;additional_class&quot;:&quot;lb_max&quot;,&quot;title&quot;:&quot;Bia\\u0142y Spichlerz&quot;},&quot;adata&quot;:{&quot;a&quot;:&quot;eventon_get_tax_card_content&quot;,&quot;end&quot;:&quot;client&quot;,&quot;data&quot;:{&quot;lang&quot;:&quot;L1&quot;,&quot;term_id&quot;:159,&quot;tax&quot;:&quot;event_location&quot;,&quot;load_lbcontent&quot;:true}},&quot;uid&quot;:&quot;eventon_get_tax_card_content&quot;}\" >Other Events<i class='fa fa-chevron-right' aria-hidden='true'><\/i><\/span><\/div><\/div>\n\t\t\n\t<\/div><\/div><\/div><!-- row close --><div class='evocard_row'><div id='event_addtocal' class='evocard_box addtocal' data-c='' \n\t\t\t\t\tstyle=''><div class='evo_metarow_ICS evorow evcal_evdata_row'>\n\t\t\t<span class='evcal_evdata_icons'><i class='fa fa-calendar-o'><\/i><\/span>\n\t\t\t<div class='evcal_evdata_cell'>\n\t\t\t\t<p><a href='https:\/\/goslupski.pl\/kalendarz\/export-events\/1071_0\/?key=626d271d26' rel='nofollow' class='evo_ics_nCal' title='Dodaj do swojego kalendarza'>Kalendarz<\/a><a href='https:\/\/www.google.com\/calendar\/event?action=TEMPLATE&text=Ma%C5%82e%20przedmioty%2C%20wielkie%20historie.%20Dzieci%C5%84stwo%20w%20PRL&dates=20260313T170000Z\/20261025T000000Z&ctz=UTC&details=Ma%C5%82e%20przedmioty%2C%20wielkie%20historie.%20Dzieci%C5%84stwo%20w%20PRL&location=Bia%C5%82y%20Spichlerz%20Szarych%20Szereg%C3%B3w%2012' target='_blank' rel='nofollow' class='evo_ics_gCal' title='Dodaj do Google Calendar'>GoogleCal<\/a><\/p>\t\n\t\t\t<\/div>\n\t\t<\/div><\/div><\/div><!-- row close --><div class='evocard_row'><div id='event_organizer' class='evocard_box organizer' data-c='' \n\t\t\t\t\tstyle=''><div class='evo_metarow_organizer evorow evcal_evdata_row evcal_evrow_sm '>\n\t\t<span class='evcal_evdata_icons'><i class='fa fa-headphones'><\/i><\/span>\n\t\t<div class='evcal_evdata_cell'>\t\t\t\t\t\t\t\n\t\t\t<h3 class='evo_h3'>Organizator<\/h3><div class='evo_evdata_cell_content evodfx evofx_ww evofx_dr_r evogap15'><div class='evo_card_organizer evofx_1'><h4 class='evo_org_name evo_h4 marb5 evottui evocl1i evopadb10i'><span class='evo_card_organizer_name_t marb5'><a target=\"_blank\" href='https:\/\/www.muzeum.slupsk.pl' class='evocl1i'>Muzeum Pomorza \u015arodkowego w S\u0142upsku<\/a><\/span><\/h4><div class='evo_org_details'>Muzeum Pomorza \u015arodkowego w S\u0142upsku mie\u015bci si\u0119 w kompleksie budynk\u00f3w znajduj\u0105cych si\u0119 w centrum miasta. Zajmuje malowniczo po\u0142o\u017cone obiekty na obu brzegach S\u0142upi....<button class='evo_organizer_more_trig evonobtn2 evobutton evoff_2 evobgclg30 evoHbgclg50 evoop7 evohoop10 evotrans evobr5 evomarl5 evofz12' style='    padding: 2px 5px;font-size: 11px;'>Read More.<\/button><\/div><div class='evo_org_details_full evodni'>Muzeum Pomorza \u015arodkowego w S\u0142upsku mie\u015bci si\u0119 w kompleksie budynk\u00f3w znajduj\u0105cych si\u0119 w centrum miasta. Zajmuje malowniczo po\u0142o\u017cone obiekty na obu brzegach S\u0142upi.<\/div><p class='evo_card_organizer_more evomart10i'><a class='evolb_trigger evo_btn_arr mart10' data-lbvals=\"{&quot;lbc&quot;:&quot;evo_organizer_lb&quot;,&quot;lbac&quot;:&quot;lb_max&quot;,&quot;preload_temp_key&quot;:&quot;preload_taxlb&quot;,&quot;t&quot;:&quot;Muzeum Pomorza \\u015arodkowego w S\\u0142upsku&quot;,&quot;ajax&quot;:&quot;yes&quot;,&quot;ajax_type&quot;:&quot;endpoint&quot;,&quot;ajax_action&quot;:&quot;eventon_get_tax_card_content&quot;,&quot;end&quot;:&quot;client&quot;,&quot;d&quot;:{&quot;eventid&quot;:1071,&quot;ri&quot;:0,&quot;term_id&quot;:100,&quot;tax&quot;:&quot;event_organizer&quot;,&quot;load_lbcontent&quot;:true}}\" >Learn More<i class='fa fa-chevron-right'><\/i><\/a><\/p><\/div><!-- evo_card_organizer--><\/div><\/div>\t<\/div><\/div><\/div><!-- row close --><div class='evocard_row'><div id='event_locImg' class='evocard_box locImg' data-c='' \n\t\t\t\t\tstyle=''><div class='evcal_evdata_row evo_metarow_locImg evorow evo_gal_box tvi' style='min-height:400px; padding:0'  id='965_locimg' >\n\t<div class='evo_gal_main_img evo_img_triglb evobgsc evobgpc' style='background-image:url(https:\/\/goslupski.pl\/kalendarz\/wp-content\/uploads\/2026\/01\/bialy_spichlerz.jpg); height:100%; width:100%' data-f='https:\/\/goslupski.pl\/kalendarz\/wp-content\/uploads\/2026\/01\/bialy_spichlerz.jpg' data-w='https:\/\/goslupski.pl\/kalendarz\/wp-content\/uploads\/2026\/01\/bialy_spichlerz-150x150.jpg' data-h='965'>\n\t<div class='evo_locimg_over'>\n\t\t<div class='evo_locimg_over_in evopad20'><\/div>\n\t<\/div>\n\t<div class='evo_gal_bottom evo_locimg_bottom '>\n\t\t<div class='evo_gal_icons evo_locimg_left'><div class='evo_gal_icon evo_locimg_gal on evo_transit_all evo_trans_sc1_05' data-index='1' data-u='https:\/\/goslupski.pl\/kalendarz\/wp-content\/uploads\/2026\/01\/bialy_spichlerz.jpg' data-w='https:\/\/goslupski.pl\/kalendarz\/wp-content\/uploads\/2026\/01\/bialy_spichlerz-150x150.jpg' data-h='965'>\n\t\t\t\t<span class='locimg_1' style='background-image:url(https:\/\/goslupski.pl\/kalendarz\/wp-content\/uploads\/2026\/01\/bialy_spichlerz-150x150.jpg)'><\/span>\n\t\t\t<\/div><\/div>\n\t\t<div class='evo_locimg_right'>\n\t\t\t<h3 class='evo_h3 evo_locimg_title'>Bia\u0142y Spichlerz<\/h3>\n\t\t\t\n\t\t<\/div>\t\t\t\t\t\t\t\t\n\t<\/div>\n\t<\/div>\n\t<\/div><\/div><\/div><!-- row close --><div class='evocard_row'><div id='event_getdirection' class='evocard_box getdirection' data-c='' \n\t\t\t\t\tstyle=''><div class='evo_metarow_getDr evorow evcal_evdata_row evcal_evrow_sm getdirections'>\n\t\t<form action='https:\/\/maps.google.com\/maps' method='get' target='_blank'>\n\t\t\t<input type='hidden' name='daddr' value=\"Szarych Szereg\u00f3w 12\"\/> \n\t\t\t<div class='evo_get_direction_content evo_fx_dr_r evogap10'>\n\t\t\t\t<span class='evogetdir_header evodfx evofxdrr evofxaic evogap10'>\n\t\t\t\t\t<i class='mainicon fa fa-road evofz24i'><\/i> \n\t\t\t\t\t<h3 class='evo_h3 evopad0i' style='padding-bottom:5px;'>Get Directions<\/h3>\n\t\t\t\t<\/span>\n\t\t\t\t<span class='evogetdir_field evodfx evofx_1_1 evow100p'>\t\n\t\t\t\t\t<label for='69f54fce65546' class='evo_aria_ready sr-only'>Address - Ma\u0142e przedmioty, wielkie historie. Dzieci\u0144stwo w PRL []<\/label>\t\t\t\t\n\t\t\t\t\t<input id='69f54fce65546' class='evo_aria_ready_match evoInput2 evobr10 evow100p evopad10 evoff_2 evofz14i evobrdB1 evoboxbb' type='text' name='saddr' placeholder='Podaj sw\u00f3j adres' value='' style='' aria-label='Address - Ma\u0142e przedmioty, wielkie historie. Dzieci\u0144stwo w PRL []' \/>\n\t\t\t\t<\/span>\n\t\t\t\t<div class='evodfx evofxdrr evofxaic evogap10'>\n\t\t\t\t\t<i class='fa fa-location-dot'><\/i>\n\t\t\t\t\t<div class='evoposr evofx_1 evoh100p'><label for='69f54fce65546' class='evo_aria_ready sr-only'>Destination Address - Ma\u0142e przedmioty, wielkie historie. Dzieci\u0144stwo w PRL []<\/label>\t\t\n\t\t\t\t\t\t<input id='69f54fce65546' class='evo_aria_ready_match evoInput2 evobr10 evow100p evopad5-10 evoff_2 evofz14i evobrdB1 evoop5 evoboxbb evoh100p' type='text' style='' readonly value='Szarych Szereg\u00f3w 12' aria-label='Destination Address - Ma\u0142e przedmioty, wielkie historie. Dzieci\u0144stwo w PRL []'\/><button class='evo_copy_address evobuttonA evocurp evohoop7 evoposa evopad5' style='right: 3px; top: 4px; background-color: #fff;' data-txt='Szarych Szereg\u00f3w 12' data-t='Address copied to clipboard!'><i class='far fa-copy evofz16i' title='Copy Destination Address!'><\/i><\/button>\n\t\t\t\t\t<\/div>\n\t\t\t\t\t<button type='submit' class='evo_get_direction_button evcal_btn dfx evofxaic evocurp evohoop7' title='Kliknij' style='    padding: 10px 15px !important;'><i class='fa fa-chevron-right'><\/i> <\/button>\n\t\t\t\t<\/div>\n\t\t\t<\/div>\n\t\t<\/form>\n\t<\/div><\/div><\/div><!-- row close --><button class='evo_card_row_end evcal_close' title='Zamknij'><\/button><\/div><div class='clear end'><\/div><\/div><div id=\"event_1090_0\" class=\"eventon_list_event evo_eventtop scheduled  event clrW hasbgimg event_1090_0\" data-event_id=\"1090\" data-ri=\"0r\" data-time=\"1774447200-1779638400\" data-colr=\"#4bb5d8\" itemscope itemtype='http:\/\/schema.org\/Event'><div class=\"evo_event_schema\" style=\"display:none\" ><a itemprop='url'  href='https:\/\/goslupski.pl\/kalendarz\/events\/slupskie-szkoly-podstawowe-w-czasach-prl\/'><\/a><meta itemprop='image' content=\"https:\/\/goslupski.pl\/kalendarz\/wp-content\/uploads\/2026\/03\/656961742_122158508732806372_3204570240111335032_n.jpg\" \/><meta itemprop='startDate' content=\"2026-3-25T14:00+2:00\" \/><meta itemprop='endDate' content=\"2026-5-24T16:00+2:00\" \/><meta itemprop='eventStatus' content=\"https:\/\/schema.org\/EventScheduled\" \/><meta itemprop='eventAttendanceMode'   itemscope itemtype=\"https:\/\/schema.org\/OfflineEventAttendanceMode\"\/><div style=\"display:none\" itemprop=\"location\" itemscope itemtype=\"http:\/\/schema.org\/Place\"><span itemprop=\"name\">Kasztel S\u0142upski<\/span><span itemprop=\"address\" itemscope itemtype=\"http:\/\/schema.org\/PostalAddress\"><item itemprop=\"streetAddress\">Francesco Nullo 3\/4<\/item><\/span><\/div><div itemprop=\"organizer\" itemscope=\"\" itemtype=\"http:\/\/schema.org\/Organization\"><meta itemprop=\"name\" content=\"Kasztel S\u0142upski\">\n\t\t\t\t    \t<\/div><div itemprop=\"performer\" itemscope=\"\" itemtype=\"http:\/\/schema.org\/Person\"><meta itemprop=\"name\" content=\"Kasztel S\u0142upski\"><\/div><script type=\"application\/ld+json\">{\"@context\": \"http:\/\/schema.org\",\"@type\": \"Event\",\n\t\t\t\t\"@id\": \"event_1090_0\",\n\t\t\t\t\"eventAttendanceMode\":\"https:\/\/schema.org\/OfflineEventAttendanceMode\",\n\t\t\t\t\"eventStatus\":\"https:\/\/schema.org\/EventScheduled\",\n\t\t\t\t\"name\": \"S\u0142upskie szko\u0142y podstawowe w czasach PRL\",\n\t\t\t\t\"url\": \"https:\/\/goslupski.pl\/kalendarz\/events\/slupskie-szkoly-podstawowe-w-czasach-prl\/\",\n\t\t\t\t\"startDate\": \"2026-3-25T14:00+2:00\",\n\t\t\t\t\"endDate\": \"2026-5-24T16:00+2:00\",\n\t\t\t\t\"image\":\"https:\/\/goslupski.pl\/kalendarz\/wp-content\/uploads\/2026\/03\/656961742_122158508732806372_3204570240111335032_n.jpg\", \n\t\t\t\t\"description\":\"<div class='xdj266r x14z9mp xat24cr x1lziwak x1vvkbs'>&#8222;S\u0142upskie szko\u0142y podstawowe w czasach PRL&#8221;, wystawa czasowa po\u015bwi\u0119cona s\u0142upskim szko\u0142om podstawowym, kt\u00f3re w trudach powstawa\u0142y od 1945 r.<br class='html-br' \/>Na wystawie b\u0119dzie mo\u017cna zobaczy\u0107 pami\u0105tki dotycz\u0105ce szk\u00f3\u0142 pa\u0144stwowych, kt\u00f3re dzia\u0142a\u0142y w tym okresie &#8211; ponad 20 szk\u00f3\u0142. Na wystawie zostanie przedstawiona historia szkolnictwa w S\u0142upsku, historia szk\u00f3\u0142 i wiele ciekawostek.<br class='html-br' \/>Wystawa organizowana jest g\u0142\u00f3wnie dla uczni\u00f3w szk\u00f3\u0142 podstawowych i w terminie przedwakacyjnym, aby klasy mog\u0142y skorzysta\u0107 ze zwiedzania z oprowadzaniem.<\/div> <div class='x14z9mp xat24cr x1lziwak x1vvkbs xtlvy1s'>Wystawa powsta\u0142a dzi\u0119ki pomocy Jaros\u0142awa Zwierza i Zbigniewa \u0141askiego.<br class='html-br' \/>Wystawa czynna od 25 marca do 24 maja 2026 r.<br class='html-br' \/>Wtorek-pi\u0105tek &#8211; 14-18;<br class='html-br' \/>Sobota-niedziela &#8211; 12-16.<br class='html-br' \/>Wst\u0119p wolny<\/div> \",\"location\":[{\"@type\":\"Place\",\"name\":\"Kasztel S\u0142upski\",\"address\":{\"@type\": \"PostalAddress\",\"streetAddress\":\"Francesco Nullo 3\/4\"}}],\"organizer\":[{\"@type\":\"Organization\",\"name\":\"Kasztel S\u0142upski\"}]}<\/script><\/div><div class=\"evo_boxtop\" style=\"background-image: url(https:\/\/goslupski.pl\/kalendarz\/wp-content\/uploads\/2026\/03\/656961742_122158508732806372_3204570240111335032_n.jpg); background-color:#4bb5d8;height:200px;\"><\/div>\r\n\t\t\t\t<p class=\"desc_trig_outter\" style=\"\"><a data-gmap_status=\"null\" data-exlk=\"0\" style=\"background-color:#4bb5d8;padding-top: 235px;\" id=\"evc_17744472001090\" href=\"#\" class=\"hasFtIMG desc_trig mul_val evcal_list_a\" data-ux_val=\"3\" data-ux_val_mob=\"-\"  ><span class='evoet_c1 evoet_cx '><span class='evoet_cy ev_ftImg evotrans imgFxdef' data-img='https:\/\/goslupski.pl\/kalendarz\/wp-content\/uploads\/2026\/03\/656961742_122158508732806372_3204570240111335032_n.jpg' data-thumb='https:\/\/goslupski.pl\/kalendarz\/wp-content\/uploads\/2026\/03\/656961742_122158508732806372_3204570240111335032_n-212x300.jpg' style='background-image:url(\"https:\/\/goslupski.pl\/kalendarz\/wp-content\/uploads\/2026\/03\/656961742_122158508732806372_3204570240111335032_n-212x300.jpg\")' ><\/span><\/span><span class='evoet_c2 evoet_cx '><span class='evoet_dayblock evcal_cblock ' data-bgcolor='#4bb5d8' data-smon='marzec' data-syr='2026' data-bub=''><span class='evo_start  evofxdrc'><em class='date'>25<\/em><em class='month'>mar<\/em><em class='time'><i t=\"y\">(mar 25)<\/i>14:00<\/em><\/span><span class='evo_end  evofxdrc'><em class='date'>24<\/em><em class='month'>maj<\/em><em class='time'><i t=\"y\">(maj 24)<\/i>16:00<\/em><\/span><\/span><\/span><span class='evoet_c3 evoet_cx evcal_desc hide_eventtopdata '><span class='evoet_title evcal_desc2 evcal_event_title ' itemprop='name'>S\u0142upskie szko\u0142y podstawowe w czasach PRL<\/span><span class='event_location_attrs'  data-location_address=\"Francesco Nullo 3\/4\" data-location_type=\"address\" data-location_name=\"Kasztel S\u0142upski\" data-location_url=\"https:\/\/goslupski.pl\/kalendarz\/event-location\/kasztel-slupski\/\" data-location_status=\"true\" data-locid=\"170\"><\/span><span class='evoet_cy evoet_time_expand level_3'><em class='evcal_time evo_tz_time'><i class='fa fa-clock-o'><\/i>(marzec 25) 14:00 - (maj 24) 16:00<span class='evo_tz marl5'>(GMT+00:00)<\/span><\/em> <\/span><span class='evoet_location level_3'><em class=\"evcal_location\"  data-add_str=\"Francesco Nullo 3\/4\" data-n=\"\"><i class=\"fa fa-location-pin\"><\/i>Francesco Nullo 3\/4<\/em><\/span><\/span><span class='evoet_data' data-d=\"{&quot;loc.n&quot;:&quot;Kasztel S\\u0142upski&quot;,&quot;orgs&quot;:{&quot;171&quot;:&quot;Kasztel S\\u0142upski&quot;},&quot;tags&quot;:[]}\" data-bgc=\"#4bb5d8\" data-bggrad=\"\" ><\/span><\/a><\/p><div class='event_description evcal_eventcard ' style=\"display:none\"><div class='evocard_row'><div id='event_ftimage' class='evocard_box ftimage' data-c='' \n\t\t\t\t\tstyle=''><div class='evocard_main_image_hold' data-t='Loading Image..'><div class='evocard_main_image evo_img_triglb evocd_img_direct evobr15 evobgsc evobgpc evodfx evofx_jc_c evofx_ai_c evofz48 direct' style='height:400px; background-image:url();' data-f=\"https:\/\/goslupski.pl\/kalendarz\/wp-content\/uploads\/2026\/03\/656961742_122158508732806372_3204570240111335032_n.jpg\" data-h=\"2048\" data-w=\"1448\" data-ratio=\"1.414364640884\" data-event_id=\"1090\" data-ri=\"0\"  data-t='Loading Image..'><span style='height:400px; background-image:url(https:\/\/goslupski.pl\/kalendarz\/wp-content\/uploads\/2026\/03\/656961742_122158508732806372_3204570240111335032_n.jpg)'><\/span><\/div><\/div><\/div><\/div><!-- row close --><div class='evocard_row'><div id='event_eventdetails' class='evocard_box eventdetails' data-c='' \n\t\t\t\t\tstyle=''><div class=\"evo_metarow_details evorow evcal_evdata_row evcal_event_details\">\n    <div class=\"event_excerpt\" style=\"display:none\"><h3 class=\"padb5 evo_h3\">Szczeg\u00f3\u0142y<\/h3><p>&#8222;S\u0142upskie szko\u0142y podstawowe w czasach PRL&#8221;, wystawa czasowa po\u015bwi\u0119cona s\u0142upskim szko\u0142om podstawowym, kt\u00f3re w trudach powstawa\u0142y od 1945 r.Na wystawie b\u0119dzie mo\u017cna zobaczy\u0107<\/p><\/div><span class='evcal_evdata_icons'><i class='fa fa-align-justify'><\/i><\/span>    <div class=\"evcal_evdata_cell shorter_desc\">\n        <div class=\"eventon_full_description\">\n            <h3 class=\"padb5 evo_h3\"><span class='evcal_evdata_icons'><i class='fa fa-align-justify'><\/i><\/span>Szczeg\u00f3\u0142y<\/h3>\n            <div class=\"eventon_desc_in\" itemprop=\"description\">\n                <div class=\"xdj266r x14z9mp xat24cr x1lziwak x1vvkbs\">&#8222;S\u0142upskie szko\u0142y podstawowe w czasach PRL&#8221;, wystawa czasowa po\u015bwi\u0119cona s\u0142upskim szko\u0142om podstawowym, kt\u00f3re w trudach powstawa\u0142y od 1945 r.<br class=\"html-br\" \/>Na wystawie b\u0119dzie mo\u017cna zobaczy\u0107 pami\u0105tki dotycz\u0105ce szk\u00f3\u0142 pa\u0144stwowych, kt\u00f3re dzia\u0142a\u0142y w tym okresie &#8211; ponad 20 szk\u00f3\u0142. Na wystawie zostanie przedstawiona historia szkolnictwa w S\u0142upsku, historia szk\u00f3\u0142 i wiele ciekawostek.<br class=\"html-br\" \/>Wystawa organizowana jest g\u0142\u00f3wnie dla uczni\u00f3w szk\u00f3\u0142 podstawowych i w terminie przedwakacyjnym, aby klasy mog\u0142y skorzysta\u0107 ze zwiedzania z oprowadzaniem.<\/div>\n<div class=\"x14z9mp xat24cr x1lziwak x1vvkbs xtlvy1s\">Wystawa powsta\u0142a dzi\u0119ki pomocy Jaros\u0142awa Zwierza i Zbigniewa \u0141askiego.<br class=\"html-br\" \/>Wystawa czynna od 25 marca do 24 maja 2026 r.<br class=\"html-br\" \/>Wtorek-pi\u0105tek &#8211; 14-18;<br class=\"html-br\" \/>Sobota-niedziela &#8211; 12-16.<br class=\"html-br\" \/>Wst\u0119p wolny<\/div>\n            <\/div>\n            <p class='eventon_shad_p' style='padding:5px 0 0; margin:0'><button class='evcal_btn evo_btn_secondary evobtn_details_show_more' content='less'><span class='ev_more_text' data-txt='Mniej'>Wi\u0119cej<\/span><span class='ev_more_arrow ard'><\/span><\/button><\/p><div class='clear'><\/div>        <\/div>\n    <\/div>\n<\/div><\/div><\/div><!-- row close --><div class='evocard_row bx2 bx'><div id='event_time' class='evocard_box time' data-c='' \n\t\t\t\t\tstyle=''><div class='evo_metarow_time evorow evcal_evdata_row evcal_evrow_sm '>\n\t\t<span class='evcal_evdata_icons'><i class='fa fa-clock'><\/i><\/span>\n\t\t<div class='evcal_evdata_cell'>\t\t\t\t\t\t\t\n\t\t\t<h3 class='evo_h3'><span class='evcal_evdata_icons'><i class='fa fa-clock'><\/i><\/span>Termin<\/h3><div><span class='evo_eventcard_time_t evogap5 evofxww'><span class='start'>25 marzec 2026<\/span> <span class='stime'>14:00<\/span> - <span class='end'>24 maj 2026<\/span> <span class='etime'>16:00<\/span><\/span><span class='evo_tz marr5'>(GMT+00:00)<\/span><\/div>\n\t\t<\/div>\n\t<\/div><\/div><div id='event_location' class='evocard_box location' data-c='' \n\t\t\t\t\tstyle=''><div class='evcal_evdata_row evo_metarow_time_location evorow '>\n\t\t\n\t\t\t<span class='evcal_evdata_icons'><i class='fa fa-map-marker'><\/i><\/span>\n\t\t\t<div class='evcal_evdata_cell' data-loc_tax_id='170'><h3 class='evo_h3 evodfx'><span class='evcal_evdata_icons'><i class='fa fa-map-marker'><\/i><\/span>Lokalizacja<\/h3><p class='evo_location_name'>Kasztel S\u0142upski<\/p><p class='evo_location_address evodfxi evogap10'>Francesco Nullo 3\/4<\/p><div class='evopadt5'><p class='evo_location_contact'>606 171 163 <\/p><\/div><div class='padt10'><span class='evo_btn_arr evolb_trigger' data-lbvals=\"{&quot;lbdata&quot;:{&quot;class&quot;:&quot;evo_location_lb_170&quot;,&quot;additional_class&quot;:&quot;lb_max&quot;,&quot;title&quot;:&quot;Kasztel S\\u0142upski&quot;},&quot;adata&quot;:{&quot;a&quot;:&quot;eventon_get_tax_card_content&quot;,&quot;end&quot;:&quot;client&quot;,&quot;data&quot;:{&quot;lang&quot;:&quot;L1&quot;,&quot;term_id&quot;:170,&quot;tax&quot;:&quot;event_location&quot;,&quot;load_lbcontent&quot;:true}},&quot;uid&quot;:&quot;eventon_get_tax_card_content&quot;}\" >Other Events<i class='fa fa-chevron-right' aria-hidden='true'><\/i><\/span><\/div><\/div>\n\t\t\n\t<\/div><\/div><\/div><!-- row close --><div class='evocard_row'><div id='event_addtocal' class='evocard_box addtocal' data-c='' \n\t\t\t\t\tstyle=''><div class='evo_metarow_ICS evorow evcal_evdata_row'>\n\t\t\t<span class='evcal_evdata_icons'><i class='fa fa-calendar-o'><\/i><\/span>\n\t\t\t<div class='evcal_evdata_cell'>\n\t\t\t\t<p><a href='https:\/\/goslupski.pl\/kalendarz\/export-events\/1090_0\/?key=626d271d26' rel='nofollow' class='evo_ics_nCal' title='Dodaj do swojego kalendarza'>Kalendarz<\/a><a href='https:\/\/www.google.com\/calendar\/event?action=TEMPLATE&text=S%C5%82upskie%20szko%C5%82y%20podstawowe%20w%20czasach%20PRL&dates=20260325T140000Z\/20260524T160000Z&ctz=UTC&details=S%C5%82upskie%20szko%C5%82y%20podstawowe%20w%20czasach%20PRL&location=Kasztel%20S%C5%82upski%20Francesco%20Nullo%203%2F4' target='_blank' rel='nofollow' class='evo_ics_gCal' title='Dodaj do Google Calendar'>GoogleCal<\/a><\/p>\t\n\t\t\t<\/div>\n\t\t<\/div><\/div><\/div><!-- row close --><div class='evocard_row'><div id='event_organizer' class='evocard_box organizer' data-c='' \n\t\t\t\t\tstyle=''><div class='evo_metarow_organizer evorow evcal_evdata_row evcal_evrow_sm '>\n\t\t<span class='evcal_evdata_icons'><i class='fa fa-headphones'><\/i><\/span>\n\t\t<div class='evcal_evdata_cell'>\t\t\t\t\t\t\t\n\t\t\t<h3 class='evo_h3'>Organizator<\/h3><div class='evo_evdata_cell_content evodfx evofx_ww evofx_dr_r evogap15'><div class='evo_card_organizer evofx_1'><p class='evo_data_val evo_card_organizer_image'><img class='evolb_trigger evo_curp evo_transit_all evo_trans_sc1_03 evo_boxsh_1' data-lbvals=\"{&quot;lbc&quot;:&quot;evo_organizer_lb&quot;,&quot;lbac&quot;:&quot;lb_max&quot;,&quot;preload_temp_key&quot;:&quot;preload_taxlb&quot;,&quot;t&quot;:&quot;Kasztel S\\u0142upski&quot;,&quot;ajax&quot;:&quot;yes&quot;,&quot;ajax_type&quot;:&quot;endpoint&quot;,&quot;ajax_action&quot;:&quot;eventon_get_tax_card_content&quot;,&quot;end&quot;:&quot;client&quot;,&quot;d&quot;:{&quot;eventid&quot;:1090,&quot;ri&quot;:0,&quot;term_id&quot;:171,&quot;tax&quot;:&quot;event_organizer&quot;,&quot;load_lbcontent&quot;:true}}\"  src='https:\/\/goslupski.pl\/kalendarz\/wp-content\/uploads\/2026\/01\/480795248_8750222128414854_8712920775322106835_n-300x300.jpg'\/><\/p><h4 class='evo_org_name evo_h4 marb5 evottui evocl1i evopadb10i'><span class='evo_card_organizer_name_t marb5'><a  href='https:\/\/goslupski.pl\/kalendarz\/event-organizer\/kasztel-slupski\/' class='evocl1i'>Kasztel S\u0142upski<\/a><\/span><\/h4><div class='evo_org_details'>S\u0142upska Sala Historyczna i Warsztaty Zawod\u00f3w Gin\u0105cych \"S\u0142upski Kasztel Pokole\u0144\" to kompleks budowli w centrum historycznego S\u0142upska, kt\u00f3ry sk\u0142ada si\u0119 z budynku przymurnego, zrekonstruowanego muru miejskiego...<button class='evo_organizer_more_trig evonobtn2 evobutton evoff_2 evobgclg30 evoHbgclg50 evoop7 evohoop10 evotrans evobr5 evomarl5 evofz12' style='    padding: 2px 5px;font-size: 11px;'>Read More.<\/button><\/div><div class='evo_org_details_full evodni'>S\u0142upska Sala Historyczna i Warsztaty Zawod\u00f3w Gin\u0105cych\r\n\"S\u0142upski Kasztel Pokole\u0144\" to kompleks budowli w centrum historycznego S\u0142upska, kt\u00f3ry sk\u0142ada si\u0119 z budynku przymurnego, zrekonstruowanego muru miejskiego wraz z gankiem oraz okaza\u0142ej baszty obronnej.<\/div><p class='evo_card_organizer_more evomart10i'><a class='evolb_trigger evo_btn_arr mart10' data-lbvals=\"{&quot;lbc&quot;:&quot;evo_organizer_lb&quot;,&quot;lbac&quot;:&quot;lb_max&quot;,&quot;preload_temp_key&quot;:&quot;preload_taxlb&quot;,&quot;t&quot;:&quot;Kasztel S\\u0142upski&quot;,&quot;ajax&quot;:&quot;yes&quot;,&quot;ajax_type&quot;:&quot;endpoint&quot;,&quot;ajax_action&quot;:&quot;eventon_get_tax_card_content&quot;,&quot;end&quot;:&quot;client&quot;,&quot;d&quot;:{&quot;eventid&quot;:1090,&quot;ri&quot;:0,&quot;term_id&quot;:171,&quot;tax&quot;:&quot;event_organizer&quot;,&quot;load_lbcontent&quot;:true}}\" >Learn More<i class='fa fa-chevron-right'><\/i><\/a><\/p><\/div><!-- evo_card_organizer--><\/div><\/div>\t<\/div><\/div><\/div><!-- row close --><div class='evocard_row'><div id='event_locImg' class='evocard_box locImg' data-c='' \n\t\t\t\t\tstyle=''><div class='evcal_evdata_row evo_metarow_locImg evorow evo_gal_box tvi' style='min-height:400px; padding:0'  id='994_locimg' >\n\t<div class='evo_gal_main_img evo_img_triglb evobgsc evobgpc' style='background-image:url(https:\/\/goslupski.pl\/kalendarz\/wp-content\/uploads\/2026\/01\/509349727_9436548466448880_8571536489428527948_n.jpg); height:100%; width:100%' data-f='https:\/\/goslupski.pl\/kalendarz\/wp-content\/uploads\/2026\/01\/509349727_9436548466448880_8571536489428527948_n.jpg' data-w='https:\/\/goslupski.pl\/kalendarz\/wp-content\/uploads\/2026\/01\/509349727_9436548466448880_8571536489428527948_n-150x150.jpg' data-h='994'>\n\t<div class='evo_locimg_over'>\n\t\t<div class='evo_locimg_over_in evopad20'><\/div>\n\t<\/div>\n\t<div class='evo_gal_bottom evo_locimg_bottom '>\n\t\t<div class='evo_gal_icons evo_locimg_left'><div class='evo_gal_icon evo_locimg_gal on evo_transit_all evo_trans_sc1_05' data-index='1' data-u='https:\/\/goslupski.pl\/kalendarz\/wp-content\/uploads\/2026\/01\/509349727_9436548466448880_8571536489428527948_n.jpg' data-w='https:\/\/goslupski.pl\/kalendarz\/wp-content\/uploads\/2026\/01\/509349727_9436548466448880_8571536489428527948_n-150x150.jpg' data-h='994'>\n\t\t\t\t<span class='locimg_1' style='background-image:url(https:\/\/goslupski.pl\/kalendarz\/wp-content\/uploads\/2026\/01\/509349727_9436548466448880_8571536489428527948_n-150x150.jpg)'><\/span>\n\t\t\t<\/div><\/div>\n\t\t<div class='evo_locimg_right'>\n\t\t\t<h3 class='evo_h3 evo_locimg_title'>Kasztel S\u0142upski<\/h3>\n\t\t\t\n\t\t<\/div>\t\t\t\t\t\t\t\t\n\t<\/div>\n\t<\/div>\n\t<\/div><\/div><\/div><!-- row close --><div class='evocard_row'><div id='event_getdirection' class='evocard_box getdirection' data-c='' \n\t\t\t\t\tstyle=''><div class='evo_metarow_getDr evorow evcal_evdata_row evcal_evrow_sm getdirections'>\n\t\t<form action='https:\/\/maps.google.com\/maps' method='get' target='_blank'>\n\t\t\t<input type='hidden' name='daddr' value=\"Francesco Nullo 3\/4\"\/> \n\t\t\t<div class='evo_get_direction_content evo_fx_dr_r evogap10'>\n\t\t\t\t<span class='evogetdir_header evodfx evofxdrr evofxaic evogap10'>\n\t\t\t\t\t<i class='mainicon fa fa-road evofz24i'><\/i> \n\t\t\t\t\t<h3 class='evo_h3 evopad0i' style='padding-bottom:5px;'>Get Directions<\/h3>\n\t\t\t\t<\/span>\n\t\t\t\t<span class='evogetdir_field evodfx evofx_1_1 evow100p'>\t\n\t\t\t\t\t<label for='69f54fce65f72' class='evo_aria_ready sr-only'>Address - S\u0142upskie szko\u0142y podstawowe w czasach PRL []<\/label>\t\t\t\t\n\t\t\t\t\t<input id='69f54fce65f72' class='evo_aria_ready_match evoInput2 evobr10 evow100p evopad10 evoff_2 evofz14i evobrdB1 evoboxbb' type='text' name='saddr' placeholder='Podaj sw\u00f3j adres' value='' style='' aria-label='Address - S\u0142upskie szko\u0142y podstawowe w czasach PRL []' \/>\n\t\t\t\t<\/span>\n\t\t\t\t<div class='evodfx evofxdrr evofxaic evogap10'>\n\t\t\t\t\t<i class='fa fa-location-dot'><\/i>\n\t\t\t\t\t<div class='evoposr evofx_1 evoh100p'><label for='69f54fce65f72' class='evo_aria_ready sr-only'>Destination Address - S\u0142upskie szko\u0142y podstawowe w czasach PRL []<\/label>\t\t\n\t\t\t\t\t\t<input id='69f54fce65f72' class='evo_aria_ready_match evoInput2 evobr10 evow100p evopad5-10 evoff_2 evofz14i evobrdB1 evoop5 evoboxbb evoh100p' type='text' style='' readonly value='Francesco Nullo 3\/4' aria-label='Destination Address - S\u0142upskie szko\u0142y podstawowe w czasach PRL []'\/><button class='evo_copy_address evobuttonA evocurp evohoop7 evoposa evopad5' style='right: 3px; top: 4px; background-color: #fff;' data-txt='Francesco Nullo 3\/4' data-t='Address copied to clipboard!'><i class='far fa-copy evofz16i' title='Copy Destination Address!'><\/i><\/button>\n\t\t\t\t\t<\/div>\n\t\t\t\t\t<button type='submit' class='evo_get_direction_button evcal_btn dfx evofxaic evocurp evohoop7' title='Kliknij' style='    padding: 10px 15px !important;'><i class='fa fa-chevron-right'><\/i> <\/button>\n\t\t\t\t<\/div>\n\t\t\t<\/div>\n\t\t<\/form>\n\t<\/div><\/div><\/div><!-- row close --><button class='evo_card_row_end evcal_close' title='Zamknij'><\/button><\/div><div class='clear end'><\/div><\/div><div id=\"event_1147_0\" class=\"eventon_list_event evo_eventtop scheduled  event clrW hasbgimg event_1147_0\" data-event_id=\"1147\" data-ri=\"0r\" data-time=\"1778176800-1778263200\" data-colr=\"#b2afe9\" itemscope itemtype='http:\/\/schema.org\/Event'><div class=\"evo_event_schema\" style=\"display:none\" ><a itemprop='url'  href='https:\/\/goslupski.pl\/kalendarz\/events\/operetkowe-expressy\/'><\/a><meta itemprop='image' content=\"https:\/\/goslupski.pl\/kalendarz\/wp-content\/uploads\/2026\/04\/679186974_1598088185160902_5283583998603073820_n-e1777023803702.jpg\" \/><meta itemprop='startDate' content=\"2026-5-7T18:00+2:00\" \/><meta itemprop='endDate' content=\"2026-5-8T18:00+2:00\" \/><meta itemprop='eventStatus' content=\"https:\/\/schema.org\/EventScheduled\" \/><meta itemprop='eventAttendanceMode'   itemscope itemtype=\"https:\/\/schema.org\/OfflineEventAttendanceMode\"\/><div style=\"display:none\" itemprop=\"location\" itemscope itemtype=\"http:\/\/schema.org\/Place\"><span itemprop=\"name\">Centrum Kultury i Promocji w Kobylnicy<\/span><span itemprop=\"address\" itemscope itemtype=\"http:\/\/schema.org\/PostalAddress\"><item itemprop=\"streetAddress\">Wodna 20\/4, Kobylnica<\/item><\/span><\/div><div itemprop=\"organizer\" itemscope=\"\" itemtype=\"http:\/\/schema.org\/Organization\"><meta itemprop=\"name\" content=\"Centrum Kultury i Promocji w Kobylnicy\">\n\t\t\t\t    \t<meta itemprop=\"url\" content=\"https:\/\/www.facebook.com\/Gminne-Centrum-Kultury-i-Promocji-w-Kobylnicy-441103052590881\"><\/div><div itemprop=\"performer\" itemscope=\"\" itemtype=\"http:\/\/schema.org\/Person\"><meta itemprop=\"name\" content=\"Centrum Kultury i Promocji w Kobylnicy\"><\/div><script type=\"application\/ld+json\">{\"@context\": \"http:\/\/schema.org\",\"@type\": \"Event\",\n\t\t\t\t\"@id\": \"event_1147_0\",\n\t\t\t\t\"eventAttendanceMode\":\"https:\/\/schema.org\/OfflineEventAttendanceMode\",\n\t\t\t\t\"eventStatus\":\"https:\/\/schema.org\/EventScheduled\",\n\t\t\t\t\"name\": \"Operetkowe Expressy\",\n\t\t\t\t\"url\": \"https:\/\/goslupski.pl\/kalendarz\/events\/operetkowe-expressy\/\",\n\t\t\t\t\"startDate\": \"2026-5-7T18:00+2:00\",\n\t\t\t\t\"endDate\": \"2026-5-8T18:00+2:00\",\n\t\t\t\t\"image\":\"https:\/\/goslupski.pl\/kalendarz\/wp-content\/uploads\/2026\/04\/679186974_1598088185160902_5283583998603073820_n-e1777023803702.jpg\", \n\t\t\t\t\"description\":\"<div class='xdj266r x14z9mp xat24cr x1lziwak x1vvkbs'>Wst\u0119p na wydarzenie jest bezp\u0142atny, ale konieczne jest wcze\u015bniejsze pobranie darmowych wej\u015bci\u00f3wek, kt\u00f3re dost\u0119pne s\u0105 w sekretariacie Centrum Kultury i Promocji w Kobylnicy.<\/div> <div class='x14z9mp xat24cr x1lziwak x1vvkbs xtlvy1s'>\u201eOperetkowe Expressy\u201d to cykl zr\u00f3\u017cnicowanych koncert\u00f3w, z kt\u00f3rych ka\u017cdy oferuje publiczno\u015bci unikalny, specjalnie dobrany program. To muzyczna podr\u00f3\u017c \u0142\u0105cz\u0105ca wiede\u0144sk\u0105 elegancj\u0119 walc\u00f3w z ognistym temperamentem w\u0119gierskich czardaszy oraz lirycznymi ariami klasycznego teatru muzycznego.<\/div> <div class='x14z9mp xat24cr x1lziwak x1vvkbs xtlvy1s'>Wydarzenia utrzymane s\u0105 w lekkiej i przyst\u0119pnej formule, p\u0142ynnie przeplataj\u0105c nastroje \u2013 od romantycznych, przez dramatyczne, a\u017c po humorystyczne. Wirtuozerskim wyst\u0119pom wokalnym i aktorskim solist\u00f3w towarzysz\u0105 wprowadzaj\u0105ce element ruchu miniatury taneczne. Ca\u0142o\u015b\u0107 dope\u0142nia wci\u0105gaj\u0105ca narracja prowadz\u0105cego, pe\u0142na anegdot o kompozytorach i epoce, dzi\u0119ki czemu nawet osoby bez wcze\u015bniejszego kontaktu z operetk\u0105 z \u0142atwo\u015bci\u0105 zanurz\u0105 si\u0119 w jej barwnym \u015bwiecie.<\/div> <div class='x14z9mp xat24cr x1lziwak x1vvkbs xtlvy1s'>Na scenie zobaczymy:<\/div> <div class='x14z9mp xat24cr x1lziwak x1vvkbs xtlvy1s'><span class='html-span xexx8yu xyri2b x18d9i69 x1c1uobl x1hl2dhg x16tdsg8 x1vvkbs x3nfvp2 x1j61x8r x1fcty0u xdj266r xat24cr xm2jcoa x1mpyi22 xxymvpz xlup9mm x1kky2od'><img class='xz74otr x15mokao x1ga7v0g x16uus16 xbiv7yw' src='https:\/\/static.xx.fbcdn.net\/images\/emoji.php\/v9\/t4c\/1\/16\/25aa.png' alt='\u25aa' width='16' height='16' \/><\/span> Liz\u0119 Weso\u0142owsk\u0105 \u2013 sopran<br class='html-br' \/><span class='html-span xexx8yu xyri2b x18d9i69 x1c1uobl x1hl2dhg x16tdsg8 x1vvkbs x3nfvp2 x1j61x8r x1fcty0u xdj266r xat24cr xm2jcoa x1mpyi22 xxymvpz xlup9mm x1kky2od'><img class='xz74otr x15mokao x1ga7v0g x16uus16 xbiv7yw' src='https:\/\/static.xx.fbcdn.net\/images\/emoji.php\/v9\/t4c\/1\/16\/25aa.png' alt='\u25aa' width='16' height='16' \/><\/span> Tomasza Maleszewskiego \u2013 tenor<br class='html-br' \/><span class='html-span xexx8yu xyri2b x18d9i69 x1c1uobl x1hl2dhg x16tdsg8 x1vvkbs x3nfvp2 x1j61x8r x1fcty0u xdj266r xat24cr xm2jcoa x1mpyi22 xxymvpz xlup9mm x1kky2od'><img class='xz74otr x15mokao x1ga7v0g x16uus16 xbiv7yw' src='https:\/\/static.xx.fbcdn.net\/images\/emoji.php\/v9\/t4c\/1\/16\/25aa.png' alt='\u25aa' width='16' height='16' \/><\/span> Damiana Domalewskiego \u2013 tenor<br class='html-br' \/><span class='html-span xexx8yu xyri2b x18d9i69 x1c1uobl x1hl2dhg x16tdsg8 x1vvkbs x3nfvp2 x1j61x8r x1fcty0u xdj266r xat24cr xm2jcoa x1mpyi22 xxymvpz xlup9mm x1kky2od'><img class='xz74otr x15mokao x1ga7v0g x16uus16 xbiv7yw' src='https:\/\/static.xx.fbcdn.net\/images\/emoji.php\/v9\/t4c\/1\/16\/25aa.png' alt='\u25aa' width='16' height='16' \/><\/span> Tancerzy Teatru Scena Kamienica<br class='html-br' \/><span class='html-span xexx8yu xyri2b x18d9i69 x1c1uobl x1hl2dhg x16tdsg8 x1vvkbs x3nfvp2 x1j61x8r x1fcty0u xdj266r xat24cr xm2jcoa x1mpyi22 xxymvpz xlup9mm x1kky2od'><img class='xz74otr x15mokao x1ga7v0g x16uus16 xbiv7yw' src='https:\/\/static.xx.fbcdn.net\/images\/emoji.php\/v9\/t4c\/1\/16\/25aa.png' alt='\u25aa' width='16' height='16' \/><\/span> Macieja Micha\u0142kowskiego \u2013 prowadzenie<\/div> <div class='x14z9mp xat24cr x1lziwak x1vvkbs xtlvy1s'>Stowarzyszenie Operetka Wroc\u0142awska<\/div> <div class='x14z9mp xat24cr x1lziwak x1vvkbs xtlvy1s'>Stowarzyszenie to unikalna w skali kraju organizacja pozarz\u0105dowa, realizuj\u0105ca rekordow\u0105 liczb\u0119 zada\u0144 publicznych promuj\u0105cych sztuk\u0119 operetkow\u0105. Jej flagowym projektem s\u0105 \u201eKoncerty na WYNOS!\u201d \u2013 wydarzenia prezentowane w nieoczywistych przestrzeniach (podw\u00f3rka, rynki, skwery). Od 2020 roku organizacja przygotowuje ponad 100 takich koncert\u00f3w w sezonie, docieraj\u0105c do kilkudziesi\u0119ciu tysi\u0119cy odbiorc\u00f3w, a tak\u017ce prowadzi w\u0142asne festiwale m.in. w Dar\u0142owie, O\u015bwi\u0119cimiu czy \u017bninie.<\/div> <div><\/div> <div>7 maja 2026 godz. 18.00\u00a0 w Centrum Kultury i Promocji w Kobylnicy<\/div> <div>8 maja 2026 godz. 18.00 w Centrum Edukacji i Kultury w Damnicy<\/div> <div><\/div> <div class='x14z9mp xat24cr x1lziwak x1vvkbs xtlvy1s'>Zadanie publiczne jest dofinansowane ze \u015brodk\u00f3w Powiatu S\u0142upskiego.<\/div> \",\"location\":[{\"@type\":\"Place\",\"name\":\"Centrum Kultury i Promocji w Kobylnicy\",\"address\":{\"@type\": \"PostalAddress\",\"streetAddress\":\"Wodna 20\/4, Kobylnica\"}}],\"organizer\":[{\"@type\":\"Organization\",\"name\":\"Centrum Kultury i Promocji w Kobylnicy\",\"url\":\"https:\/\/www.facebook.com\/Gminne-Centrum-Kultury-i-Promocji-w-Kobylnicy-441103052590881\"}]}<\/script><\/div><div class=\"evo_boxtop\" style=\"background-image: url(https:\/\/goslupski.pl\/kalendarz\/wp-content\/uploads\/2026\/04\/679186974_1598088185160902_5283583998603073820_n-e1777023803702.jpg); background-color:#b2afe9;height:200px;\"><\/div>\r\n\t\t\t\t<p class=\"desc_trig_outter\" style=\"\"><a data-gmap_status=\"null\" data-exlk=\"0\" style=\"background-color:#b2afe9;padding-top: 235px;\" id=\"evc_17781768001147\" href=\"#\" class=\"hasFtIMG desc_trig mul_val evcal_list_a\" data-ux_val=\"3\" data-ux_val_mob=\"-\"  ><span class='evoet_c1 evoet_cx '><span class='evoet_cy ev_ftImg evotrans imgFxdef' data-img='https:\/\/goslupski.pl\/kalendarz\/wp-content\/uploads\/2026\/04\/679186974_1598088185160902_5283583998603073820_n-e1777023803702.jpg' data-thumb='https:\/\/goslupski.pl\/kalendarz\/wp-content\/uploads\/2026\/04\/679186974_1598088185160902_5283583998603073820_n-e1777023803702-300x200.jpg' style='background-image:url(\"https:\/\/goslupski.pl\/kalendarz\/wp-content\/uploads\/2026\/04\/679186974_1598088185160902_5283583998603073820_n-e1777023803702-300x200.jpg\")' ><\/span><\/span><span class='evoet_c2 evoet_cx '><span class='evoet_dayblock evcal_cblock ' data-bgcolor='#b2afe9' data-smon='maj' data-syr='2026' data-bub=''><span class='evo_start  evofxdrc'><em class='date'>07<\/em><em class='month'>maj<\/em><em class='time'><i t=\"y\">(maj 7)<\/i>18:00<\/em><\/span><span class='evo_end  evofxdrc'><em class='date'>08<\/em><em class='time'><i t=\"y\">(maj 8)<\/i>18:00<\/em><\/span><\/span><\/span><span class='evoet_c3 evoet_cx evcal_desc hide_eventtopdata '><span class='evoet_title evcal_desc2 evcal_event_title ' itemprop='name'>Operetkowe Expressy<\/span><span class='event_location_attrs'  data-location_address=\"Wodna 20\/4, Kobylnica\" data-location_type=\"address\" data-location_name=\"Centrum Kultury i Promocji w Kobylnicy\" data-location_url=\"https:\/\/goslupski.pl\/kalendarz\/event-location\/centrum-kultury-i-promocji-w-kobylnicy\/\" data-location_status=\"true\" data-locid=\"133\"><\/span><span class='evoet_cy evoet_subtitle evo_below_title' ><span class='evcal_event_subtitle ' >Muzyczna podr\u00f3\u017c z Operetk\u0105 Wroc\u0142awsk\u0105<\/span><\/span><span class='evoet_cy evoet_time_expand level_3'><em class='evcal_time evo_tz_time'><i class='fa fa-clock-o'><\/i>18:00 - 18:00 <em class=\"evo_endday evomarl5\">(8)<\/em><span class='evo_tz marl5'>(GMT+00:00)<\/span><\/em> <\/span><span class='evoet_location level_3'><em class=\"evcal_location\"  data-add_str=\"Wodna 20\/4, Kobylnica\" data-n=\"\"><i class=\"fa fa-location-pin\"><\/i>Wodna 20\/4, Kobylnica<\/em><\/span><\/span><span class='evoet_data' data-d=\"{&quot;loc.n&quot;:&quot;Centrum Kultury i Promocji w Kobylnicy&quot;,&quot;orgs&quot;:{&quot;149&quot;:&quot;Centrum Kultury i Promocji w Kobylnicy&quot;},&quot;tags&quot;:[]}\" data-bgc=\"#b2afe9\" data-bggrad=\"\" ><\/span><\/a><\/p><div class='event_description evcal_eventcard ' style=\"display:none\"><div class='evocard_row'><div id='event_ftimage' class='evocard_box ftimage' data-c='' \n\t\t\t\t\tstyle=''><div class='evocard_main_image_hold' data-t='Loading Image..'><div class='evocard_main_image evo_img_triglb evocd_img_direct evobr15 evobgsc evobgpc evodfx evofx_jc_c evofx_ai_c evofz48 direct' style='height:400px; background-image:url();' data-f=\"https:\/\/goslupski.pl\/kalendarz\/wp-content\/uploads\/2026\/04\/679186974_1598088185160902_5283583998603073820_n-e1777023803702.jpg\" data-h=\"947\" data-w=\"1420\" data-ratio=\"0.6669014084507\" data-event_id=\"1147\" data-ri=\"0\"  data-t='Loading Image..'><span style='height:400px; background-image:url(https:\/\/goslupski.pl\/kalendarz\/wp-content\/uploads\/2026\/04\/679186974_1598088185160902_5283583998603073820_n-e1777023803702.jpg)'><\/span><\/div><\/div><\/div><\/div><!-- row close --><div class='evocard_row'><div id='event_eventdetails' class='evocard_box eventdetails' data-c='' \n\t\t\t\t\tstyle=''><div class=\"evo_metarow_details evorow evcal_evdata_row evcal_event_details\">\n    <div class=\"event_excerpt\" style=\"display:none\"><h3 class=\"padb5 evo_h3\">Szczeg\u00f3\u0142y<\/h3><p>Wst\u0119p na wydarzenie jest bezp\u0142atny, ale konieczne jest wcze\u015bniejsze pobranie darmowych wej\u015bci\u00f3wek, kt\u00f3re dost\u0119pne s\u0105 w sekretariacie Centrum Kultury i Promocji w Kobylnicy.<\/p><\/div><span class='evcal_evdata_icons'><i class='fa fa-align-justify'><\/i><\/span>    <div class=\"evcal_evdata_cell shorter_desc\">\n        <div class=\"eventon_full_description\">\n            <h3 class=\"padb5 evo_h3\"><span class='evcal_evdata_icons'><i class='fa fa-align-justify'><\/i><\/span>Szczeg\u00f3\u0142y<\/h3>\n            <div class=\"eventon_desc_in\" itemprop=\"description\">\n                <div class=\"xdj266r x14z9mp xat24cr x1lziwak x1vvkbs\">Wst\u0119p na wydarzenie jest bezp\u0142atny, ale konieczne jest wcze\u015bniejsze pobranie darmowych wej\u015bci\u00f3wek, kt\u00f3re dost\u0119pne s\u0105 w sekretariacie Centrum Kultury i Promocji w Kobylnicy.<\/div>\n<div class=\"x14z9mp xat24cr x1lziwak x1vvkbs xtlvy1s\">\u201eOperetkowe Expressy\u201d to cykl zr\u00f3\u017cnicowanych koncert\u00f3w, z kt\u00f3rych ka\u017cdy oferuje publiczno\u015bci unikalny, specjalnie dobrany program. To muzyczna podr\u00f3\u017c \u0142\u0105cz\u0105ca wiede\u0144sk\u0105 elegancj\u0119 walc\u00f3w z ognistym temperamentem w\u0119gierskich czardaszy oraz lirycznymi ariami klasycznego teatru muzycznego.<\/div>\n<div class=\"x14z9mp xat24cr x1lziwak x1vvkbs xtlvy1s\">Wydarzenia utrzymane s\u0105 w lekkiej i przyst\u0119pnej formule, p\u0142ynnie przeplataj\u0105c nastroje \u2013 od romantycznych, przez dramatyczne, a\u017c po humorystyczne. Wirtuozerskim wyst\u0119pom wokalnym i aktorskim solist\u00f3w towarzysz\u0105 wprowadzaj\u0105ce element ruchu miniatury taneczne. Ca\u0142o\u015b\u0107 dope\u0142nia wci\u0105gaj\u0105ca narracja prowadz\u0105cego, pe\u0142na anegdot o kompozytorach i epoce, dzi\u0119ki czemu nawet osoby bez wcze\u015bniejszego kontaktu z operetk\u0105 z \u0142atwo\u015bci\u0105 zanurz\u0105 si\u0119 w jej barwnym \u015bwiecie.<\/div>\n<div class=\"x14z9mp xat24cr x1lziwak x1vvkbs xtlvy1s\">Na scenie zobaczymy:<\/div>\n<div class=\"x14z9mp xat24cr x1lziwak x1vvkbs xtlvy1s\"><span class=\"html-span xexx8yu xyri2b x18d9i69 x1c1uobl x1hl2dhg x16tdsg8 x1vvkbs x3nfvp2 x1j61x8r x1fcty0u xdj266r xat24cr xm2jcoa x1mpyi22 xxymvpz xlup9mm x1kky2od\"><img decoding=\"async\" class=\"xz74otr x15mokao x1ga7v0g x16uus16 xbiv7yw\" src=\"https:\/\/static.xx.fbcdn.net\/images\/emoji.php\/v9\/t4c\/1\/16\/25aa.png\" alt=\"\u25aa\" width=\"16\" height=\"16\" \/><\/span> Liz\u0119 Weso\u0142owsk\u0105 \u2013 sopran<br class=\"html-br\" \/><span class=\"html-span xexx8yu xyri2b x18d9i69 x1c1uobl x1hl2dhg x16tdsg8 x1vvkbs x3nfvp2 x1j61x8r x1fcty0u xdj266r xat24cr xm2jcoa x1mpyi22 xxymvpz xlup9mm x1kky2od\"><img decoding=\"async\" class=\"xz74otr x15mokao x1ga7v0g x16uus16 xbiv7yw\" src=\"https:\/\/static.xx.fbcdn.net\/images\/emoji.php\/v9\/t4c\/1\/16\/25aa.png\" alt=\"\u25aa\" width=\"16\" height=\"16\" \/><\/span> Tomasza Maleszewskiego \u2013 tenor<br class=\"html-br\" \/><span class=\"html-span xexx8yu xyri2b x18d9i69 x1c1uobl x1hl2dhg x16tdsg8 x1vvkbs x3nfvp2 x1j61x8r x1fcty0u xdj266r xat24cr xm2jcoa x1mpyi22 xxymvpz xlup9mm x1kky2od\"><img decoding=\"async\" class=\"xz74otr x15mokao x1ga7v0g x16uus16 xbiv7yw\" src=\"https:\/\/static.xx.fbcdn.net\/images\/emoji.php\/v9\/t4c\/1\/16\/25aa.png\" alt=\"\u25aa\" width=\"16\" height=\"16\" \/><\/span> Damiana Domalewskiego \u2013 tenor<br class=\"html-br\" \/><span class=\"html-span xexx8yu xyri2b x18d9i69 x1c1uobl x1hl2dhg x16tdsg8 x1vvkbs x3nfvp2 x1j61x8r x1fcty0u xdj266r xat24cr xm2jcoa x1mpyi22 xxymvpz xlup9mm x1kky2od\"><img decoding=\"async\" class=\"xz74otr x15mokao x1ga7v0g x16uus16 xbiv7yw\" src=\"https:\/\/static.xx.fbcdn.net\/images\/emoji.php\/v9\/t4c\/1\/16\/25aa.png\" alt=\"\u25aa\" width=\"16\" height=\"16\" \/><\/span> Tancerzy Teatru Scena Kamienica<br class=\"html-br\" \/><span class=\"html-span xexx8yu xyri2b x18d9i69 x1c1uobl x1hl2dhg x16tdsg8 x1vvkbs x3nfvp2 x1j61x8r x1fcty0u xdj266r xat24cr xm2jcoa x1mpyi22 xxymvpz xlup9mm x1kky2od\"><img decoding=\"async\" class=\"xz74otr x15mokao x1ga7v0g x16uus16 xbiv7yw\" src=\"https:\/\/static.xx.fbcdn.net\/images\/emoji.php\/v9\/t4c\/1\/16\/25aa.png\" alt=\"\u25aa\" width=\"16\" height=\"16\" \/><\/span> Macieja Micha\u0142kowskiego \u2013 prowadzenie<\/div>\n<div class=\"x14z9mp xat24cr x1lziwak x1vvkbs xtlvy1s\">Stowarzyszenie Operetka Wroc\u0142awska<\/div>\n<div class=\"x14z9mp xat24cr x1lziwak x1vvkbs xtlvy1s\">Stowarzyszenie to unikalna w skali kraju organizacja pozarz\u0105dowa, realizuj\u0105ca rekordow\u0105 liczb\u0119 zada\u0144 publicznych promuj\u0105cych sztuk\u0119 operetkow\u0105. Jej flagowym projektem s\u0105 \u201eKoncerty na WYNOS!\u201d \u2013 wydarzenia prezentowane w nieoczywistych przestrzeniach (podw\u00f3rka, rynki, skwery). Od 2020 roku organizacja przygotowuje ponad 100 takich koncert\u00f3w w sezonie, docieraj\u0105c do kilkudziesi\u0119ciu tysi\u0119cy odbiorc\u00f3w, a tak\u017ce prowadzi w\u0142asne festiwale m.in. w Dar\u0142owie, O\u015bwi\u0119cimiu czy \u017bninie.<\/div>\n<div><\/div>\n<div>7 maja 2026 godz. 18.00\u00a0 w Centrum Kultury i Promocji w Kobylnicy<\/div>\n<div>8 maja 2026 godz. 18.00 w Centrum Edukacji i Kultury w Damnicy<\/div>\n<div><\/div>\n<div class=\"x14z9mp xat24cr x1lziwak x1vvkbs xtlvy1s\">Zadanie publiczne jest dofinansowane ze \u015brodk\u00f3w Powiatu S\u0142upskiego.<\/div>\n            <\/div>\n            <p class='eventon_shad_p' style='padding:5px 0 0; margin:0'><button class='evcal_btn evo_btn_secondary evobtn_details_show_more' content='less'><span class='ev_more_text' data-txt='Mniej'>Wi\u0119cej<\/span><span class='ev_more_arrow ard'><\/span><\/button><\/p><div class='clear'><\/div>        <\/div>\n    <\/div>\n<\/div><\/div><\/div><!-- row close --><div class='evocard_row bx2 bx'><div id='event_time' class='evocard_box time' data-c='' \n\t\t\t\t\tstyle=''><div class='evo_metarow_time evorow evcal_evdata_row evcal_evrow_sm '>\n\t\t<span class='evcal_evdata_icons'><i class='fa fa-clock'><\/i><\/span>\n\t\t<div class='evcal_evdata_cell'>\t\t\t\t\t\t\t\n\t\t\t<h3 class='evo_h3'><span class='evcal_evdata_icons'><i class='fa fa-clock'><\/i><\/span>Termin<\/h3><div><span class='evo_eventcard_time_t evogap5 evofxww'><span class=\"start\">7 maj 2026<\/span> <span class=\"stime\">18:00<\/span> - <span class='end'>8 maj 2026<\/span> <span class='etime'>18:00<\/span><\/span><span class='evo_tz marr5'>(GMT+00:00)<\/span><\/div>\n\t\t<\/div>\n\t<\/div><\/div><div id='event_location' class='evocard_box location' data-c='' \n\t\t\t\t\tstyle=''><div class='evcal_evdata_row evo_metarow_time_location evorow '>\n\t\t\n\t\t\t<span class='evcal_evdata_icons'><i class='fa fa-map-marker'><\/i><\/span>\n\t\t\t<div class='evcal_evdata_cell' data-loc_tax_id='133'><h3 class='evo_h3 evodfx'><span class='evcal_evdata_icons'><i class='fa fa-map-marker'><\/i><\/span>Lokalizacja<\/h3><p class='evo_location_name'>Centrum Kultury i Promocji w Kobylnicy<\/p><p class='evo_location_address evodfxi evogap10'>Wodna 20\/4, Kobylnica<\/p><div class='evopadt5'><p class='evo_location_contact'>59 842 90 61 <a href='mailto:centrum@kobylnica.pl'>centrum@kobylnica.pl<\/a><\/p><\/div><div class='padt10'><span class='evo_btn_arr evolb_trigger' data-lbvals=\"{&quot;lbdata&quot;:{&quot;class&quot;:&quot;evo_location_lb_133&quot;,&quot;additional_class&quot;:&quot;lb_max&quot;,&quot;title&quot;:&quot;Centrum Kultury i Promocji w Kobylnicy&quot;},&quot;adata&quot;:{&quot;a&quot;:&quot;eventon_get_tax_card_content&quot;,&quot;end&quot;:&quot;client&quot;,&quot;data&quot;:{&quot;lang&quot;:&quot;L1&quot;,&quot;term_id&quot;:133,&quot;tax&quot;:&quot;event_location&quot;,&quot;load_lbcontent&quot;:true}},&quot;uid&quot;:&quot;eventon_get_tax_card_content&quot;}\" >Other Events<i class='fa fa-chevron-right' aria-hidden='true'><\/i><\/span><\/div><\/div>\n\t\t\n\t<\/div><\/div><\/div><!-- row close --><div class='evocard_row'><div id='event_addtocal' class='evocard_box addtocal' data-c='' \n\t\t\t\t\tstyle=''><div class='evo_metarow_ICS evorow evcal_evdata_row'>\n\t\t\t<span class='evcal_evdata_icons'><i class='fa fa-calendar-o'><\/i><\/span>\n\t\t\t<div class='evcal_evdata_cell'>\n\t\t\t\t<p><a href='https:\/\/goslupski.pl\/kalendarz\/export-events\/1147_0\/?key=626d271d26' rel='nofollow' class='evo_ics_nCal' title='Dodaj do swojego kalendarza'>Kalendarz<\/a><a href='https:\/\/www.google.com\/calendar\/event?action=TEMPLATE&text=Operetkowe%20Expressy&dates=20260507T180000Z\/20260508T180000Z&ctz=UTC&details=Operetkowe%20Expressy&location=Centrum%20Kultury%20i%20Promocji%20w%20Kobylnicy%20Wodna%2020%2F4%2C%20Kobylnica' target='_blank' rel='nofollow' class='evo_ics_gCal' title='Dodaj do Google Calendar'>GoogleCal<\/a><\/p>\t\n\t\t\t<\/div>\n\t\t<\/div><\/div><\/div><!-- row close --><div class='evocard_row'><div id='event_organizer' class='evocard_box organizer' data-c='' \n\t\t\t\t\tstyle=''><div class='evo_metarow_organizer evorow evcal_evdata_row evcal_evrow_sm '>\n\t\t<span class='evcal_evdata_icons'><i class='fa fa-headphones'><\/i><\/span>\n\t\t<div class='evcal_evdata_cell'>\t\t\t\t\t\t\t\n\t\t\t<h3 class='evo_h3'>Organizator<\/h3><div class='evo_evdata_cell_content evodfx evofx_ww evofx_dr_r evogap15'><div class='evo_card_organizer evofx_1'><p class='evo_data_val evo_card_organizer_image'><img class='evolb_trigger evo_curp evo_transit_all evo_trans_sc1_03 evo_boxsh_1' data-lbvals=\"{&quot;lbc&quot;:&quot;evo_organizer_lb&quot;,&quot;lbac&quot;:&quot;lb_max&quot;,&quot;preload_temp_key&quot;:&quot;preload_taxlb&quot;,&quot;t&quot;:&quot;Centrum Kultury i Promocji w Kobylnicy&quot;,&quot;ajax&quot;:&quot;yes&quot;,&quot;ajax_type&quot;:&quot;endpoint&quot;,&quot;ajax_action&quot;:&quot;eventon_get_tax_card_content&quot;,&quot;end&quot;:&quot;client&quot;,&quot;d&quot;:{&quot;eventid&quot;:1147,&quot;ri&quot;:0,&quot;term_id&quot;:149,&quot;tax&quot;:&quot;event_organizer&quot;,&quot;load_lbcontent&quot;:true}}\"  src='https:\/\/goslupski.pl\/kalendarz\/wp-content\/uploads\/2025\/12\/305171469_591024609200603_1805622718795947879_n-300x300.png'\/><\/p><h4 class='evo_org_name evo_h4 marb5 evottui evocl1i evopadb10i'><span class='evo_card_organizer_name_t marb5'><a target=\"_blank\" href='https:\/\/www.facebook.com\/Gminne-Centrum-Kultury-i-Promocji-w-Kobylnicy-441103052590881' class='evocl1i'>Centrum Kultury i Promocji w Kobylnicy<\/a><\/span><\/h4><p class='evo_card_organizer_more evomart10i'><a class='evolb_trigger evo_btn_arr mart10' data-lbvals=\"{&quot;lbc&quot;:&quot;evo_organizer_lb&quot;,&quot;lbac&quot;:&quot;lb_max&quot;,&quot;preload_temp_key&quot;:&quot;preload_taxlb&quot;,&quot;t&quot;:&quot;Centrum Kultury i Promocji w Kobylnicy&quot;,&quot;ajax&quot;:&quot;yes&quot;,&quot;ajax_type&quot;:&quot;endpoint&quot;,&quot;ajax_action&quot;:&quot;eventon_get_tax_card_content&quot;,&quot;end&quot;:&quot;client&quot;,&quot;d&quot;:{&quot;eventid&quot;:1147,&quot;ri&quot;:0,&quot;term_id&quot;:149,&quot;tax&quot;:&quot;event_organizer&quot;,&quot;load_lbcontent&quot;:true}}\" >Learn More<i class='fa fa-chevron-right'><\/i><\/a><\/p><\/div><!-- evo_card_organizer--><\/div><\/div>\t<\/div><\/div><\/div><!-- row close --><div class='evocard_row'><div id='event_locImg' class='evocard_box locImg' data-c='' \n\t\t\t\t\tstyle=''><div class='evcal_evdata_row evo_metarow_locImg evorow evo_gal_box tvi' style='min-height:400px; padding:0'  id='913_locimg' >\n\t<div class='evo_gal_main_img evo_img_triglb evobgsc evobgpc' style='background-image:url(https:\/\/goslupski.pl\/kalendarz\/wp-content\/uploads\/2025\/12\/97391216_3289794484388376_3330568282724892672_n.jpg); height:100%; width:100%' data-f='https:\/\/goslupski.pl\/kalendarz\/wp-content\/uploads\/2025\/12\/97391216_3289794484388376_3330568282724892672_n.jpg' data-w='https:\/\/goslupski.pl\/kalendarz\/wp-content\/uploads\/2025\/12\/97391216_3289794484388376_3330568282724892672_n-150x150.jpg' data-h='913'>\n\t<div class='evo_locimg_over'>\n\t\t<div class='evo_locimg_over_in evopad20'><\/div>\n\t<\/div>\n\t<div class='evo_gal_bottom evo_locimg_bottom '>\n\t\t<div class='evo_gal_icons evo_locimg_left'><div class='evo_gal_icon evo_locimg_gal on evo_transit_all evo_trans_sc1_05' data-index='1' data-u='https:\/\/goslupski.pl\/kalendarz\/wp-content\/uploads\/2025\/12\/97391216_3289794484388376_3330568282724892672_n.jpg' data-w='https:\/\/goslupski.pl\/kalendarz\/wp-content\/uploads\/2025\/12\/97391216_3289794484388376_3330568282724892672_n-150x150.jpg' data-h='913'>\n\t\t\t\t<span class='locimg_1' style='background-image:url(https:\/\/goslupski.pl\/kalendarz\/wp-content\/uploads\/2025\/12\/97391216_3289794484388376_3330568282724892672_n-150x150.jpg)'><\/span>\n\t\t\t<\/div><\/div>\n\t\t<div class='evo_locimg_right'>\n\t\t\t<h3 class='evo_h3 evo_locimg_title'>Centrum Kultury i Promocji w Kobylnicy<\/h3>\n\t\t\t\n\t\t<\/div>\t\t\t\t\t\t\t\t\n\t<\/div>\n\t<\/div>\n\t<\/div><\/div><\/div><!-- row close --><div class='evocard_row'><div id='event_getdirection' class='evocard_box getdirection' data-c='' \n\t\t\t\t\tstyle=''><div class='evo_metarow_getDr evorow evcal_evdata_row evcal_evrow_sm getdirections'>\n\t\t<form action='https:\/\/maps.google.com\/maps' method='get' target='_blank'>\n\t\t\t<input type='hidden' name='daddr' value=\"Wodna 20\/4, Kobylnica\"\/> \n\t\t\t<div class='evo_get_direction_content evo_fx_dr_r evogap10'>\n\t\t\t\t<span class='evogetdir_header evodfx evofxdrr evofxaic evogap10'>\n\t\t\t\t\t<i class='mainicon fa fa-road evofz24i'><\/i> \n\t\t\t\t\t<h3 class='evo_h3 evopad0i' style='padding-bottom:5px;'>Get Directions<\/h3>\n\t\t\t\t<\/span>\n\t\t\t\t<span class='evogetdir_field evodfx evofx_1_1 evow100p'>\t\n\t\t\t\t\t<label for='69f54fce66b17' class='evo_aria_ready sr-only'>Address - Operetkowe Expressy []<\/label>\t\t\t\t\n\t\t\t\t\t<input id='69f54fce66b17' class='evo_aria_ready_match evoInput2 evobr10 evow100p evopad10 evoff_2 evofz14i evobrdB1 evoboxbb' type='text' name='saddr' placeholder='Podaj sw\u00f3j adres' value='' style='' aria-label='Address - Operetkowe Expressy []' \/>\n\t\t\t\t<\/span>\n\t\t\t\t<div class='evodfx evofxdrr evofxaic evogap10'>\n\t\t\t\t\t<i class='fa fa-location-dot'><\/i>\n\t\t\t\t\t<div class='evoposr evofx_1 evoh100p'><label for='69f54fce66b17' class='evo_aria_ready sr-only'>Destination Address - Operetkowe Expressy []<\/label>\t\t\n\t\t\t\t\t\t<input id='69f54fce66b17' class='evo_aria_ready_match evoInput2 evobr10 evow100p evopad5-10 evoff_2 evofz14i evobrdB1 evoop5 evoboxbb evoh100p' type='text' style='' readonly value='Wodna 20\/4, Kobylnica' aria-label='Destination Address - Operetkowe Expressy []'\/><button class='evo_copy_address evobuttonA evocurp evohoop7 evoposa evopad5' style='right: 3px; top: 4px; background-color: #fff;' data-txt='Wodna 20\/4, Kobylnica' data-t='Address copied to clipboard!'><i class='far fa-copy evofz16i' title='Copy Destination Address!'><\/i><\/button>\n\t\t\t\t\t<\/div>\n\t\t\t\t\t<button type='submit' class='evo_get_direction_button evcal_btn dfx evofxaic evocurp evohoop7' title='Kliknij' style='    padding: 10px 15px !important;'><i class='fa fa-chevron-right'><\/i> <\/button>\n\t\t\t\t<\/div>\n\t\t\t<\/div>\n\t\t<\/form>\n\t<\/div><\/div><\/div><!-- row close --><button class='evo_card_row_end evcal_close' title='Zamknij'><\/button><\/div><div class='clear end'><\/div><\/div><div id=\"event_1144_0\" class=\"eventon_list_event evo_eventtop scheduled  event clrW hasbgimg event_1144_0\" data-event_id=\"1144\" data-ri=\"0r\" data-time=\"1778261400-1778268600\" data-colr=\"#8f81eb\" itemscope itemtype='http:\/\/schema.org\/Event'><div class=\"evo_event_schema\" style=\"display:none\" ><a itemprop='url'  href='https:\/\/goslupski.pl\/kalendarz\/events\/otwieramy-sie-na-wirtualny-swiat\/'><\/a><meta itemprop='image' content=\"https:\/\/goslupski.pl\/kalendarz\/wp-content\/uploads\/2026\/04\/678202078_1458578729641830_4152779267014586863_n.jpg\" \/><meta itemprop='startDate' content=\"2026-5-8T17:30+2:00\" \/><meta itemprop='endDate' content=\"2026-5-8T19:30+2:00\" \/><meta itemprop='eventStatus' content=\"https:\/\/schema.org\/EventScheduled\" \/><meta itemprop='eventAttendanceMode'   itemscope itemtype=\"https:\/\/schema.org\/OfflineEventAttendanceMode\"\/><div style=\"display:none\" itemprop=\"location\" itemscope itemtype=\"http:\/\/schema.org\/Place\"><span itemprop=\"name\">L\u0105dowisku Kultury w Redzikowie<\/span><span itemprop=\"address\" itemscope itemtype=\"http:\/\/schema.org\/PostalAddress\"><item itemprop=\"streetAddress\">Redzikowo 20 A 76-200 Redzikowo<\/item><\/span><\/div><script type=\"application\/ld+json\">{\"@context\": \"http:\/\/schema.org\",\"@type\": \"Event\",\n\t\t\t\t\"@id\": \"event_1144_0\",\n\t\t\t\t\"eventAttendanceMode\":\"https:\/\/schema.org\/OfflineEventAttendanceMode\",\n\t\t\t\t\"eventStatus\":\"https:\/\/schema.org\/EventScheduled\",\n\t\t\t\t\"name\": \"Otwieramy si\u0119 na wirtualny \u015bwiat\",\n\t\t\t\t\"url\": \"https:\/\/goslupski.pl\/kalendarz\/events\/otwieramy-sie-na-wirtualny-swiat\/\",\n\t\t\t\t\"startDate\": \"2026-5-8T17:30+2:00\",\n\t\t\t\t\"endDate\": \"2026-5-8T19:30+2:00\",\n\t\t\t\t\"image\":\"https:\/\/goslupski.pl\/kalendarz\/wp-content\/uploads\/2026\/04\/678202078_1458578729641830_4152779267014586863_n.jpg\", \n\t\t\t\t\"description\":\"<div class='xdj266r x14z9mp xat24cr x1lziwak x1vvkbs x126k92a'> <div dir='auto'>\ud835\udde7\ud835\ude04\ud835\uddfc\ud835\uddf7\ud835\uddf2 \ud835\uddf1\ud835\ude07\ud835\uddf6\ud835\uddf2\ud835\uddf0\ud835\uddf8\ud835\uddfc \ud835\uddf6\ud835\uddfb\ud835\ude01\ud835\uddf2\ud835\uddff\ud835\uddf2\ud835\ude00\ud835\ude02\ud835\uddf7\ud835\uddf2 \ud835\ude00\ud835\uddf6\ud835\uddf2\u0328 \ud835\ude01\ud835\uddf2\ud835\uddf0\ud835\uddf5\ud835\uddfb\ud835\uddfc\ud835\uddf9\ud835\uddfc\ud835\uddf4\ud835\uddf6\ud835\uddee\u0328? \ud835\udde7\ud835\uddfc \ud835\uddf0\ud835\uddfc\ud835\ude00\u0301 \ud835\uddf1\ud835\uddf9\ud835\uddee \ud835\uddfb\ud835\uddf6\ud835\uddf2\ud835\uddf4\ud835\uddfc.<\/div> <\/div> <div class='x14z9mp xat24cr x1lziwak x1vvkbs xtlvy1s x126k92a'> <div dir='auto'>Zapraszamy na warsztaty \u201e\ud835\udde2\ud835\ude01\ud835\ude04\ud835\uddf6\ud835\uddf2\ud835\uddff\ud835\uddee\ud835\uddfa\ud835\ude06 \ud835\ude00\ud835\uddf6\ud835\uddf2\u0328 \ud835\uddfb\ud835\uddee \ud835\ude04\ud835\uddf6\ud835\uddff\ud835\ude01\ud835\ude02\ud835\uddee\ud835\uddf9\ud835\uddfb\ud835\ude06 \ud835\ude00\u0301\ud835\ude04\ud835\uddf6\ud835\uddee\ud835\ude01\u201d &#8211; spotkanie, kt\u00f3re pokazuje, \u017ce nowe technologie to nie tylko ekran, ale przede wszystkim \ud835\ude01\ud835\ude04\ud835\uddfc\ud835\uddff\ud835\ude07\ud835\uddf2\ud835\uddfb\ud835\uddf6\ud835\uddf2, \ud835\uddfa\ud835\ude06\ud835\ude00\u0301\ud835\uddf9\ud835\uddf2\ud835\uddfb\ud835\uddf6\ud835\uddf2 \ud835\uddf6 \ud835\uddfc\ud835\uddf1\ud835\uddf8\ud835\uddff\ud835\ude06\ud835\ude04\ud835\uddee\ud835\uddfb\ud835\uddf6\ud835\uddf2.<\/div> <\/div> <div class='x14z9mp xat24cr x1lziwak x1vvkbs xtlvy1s x126k92a'> <div dir='auto'>\ud835\udff4 \ud835\uddfa\ud835\uddee\ud835\uddf7\ud835\uddee \ud835\udfee\ud835\udfec\ud835\udfee\ud835\udff2 (\ud835\uddfd\ud835\uddf6\ud835\uddee\u0328\ud835\ude01\ud835\uddf2\ud835\uddf8)<\/div> <div dir='auto'>godz. 17:30-19:30<\/div> <div dir='auto'><span class='html-span xdj266r x14z9mp xat24cr x1lziwak xexx8yu xyri2b x18d9i69 x1c1uobl x1hl2dhg x16tdsg8 x1vvkbs'><a class='x1i10hfl xjbqb8w x1ejq31n x18oe1m7 x1sy0etr xstzfhl x972fbf x10w94by x1qhh985 x14e42zd x9f619 x1ypdohk xt0psk2 x3ct3a4 xdj266r x14z9mp xat24cr x1lziwak xexx8yu xyri2b x18d9i69 x1c1uobl x16tdsg8 x1hl2dhg xggy1nq x1a2a7pz xkrqix3 x1sur9pj x1fey0fg x1s688f' tabindex='0' role='link' href='https:\/\/www.facebook.com\/ladowiskokultury?__cft__[0]=AZY6KewRQXDFVfL17Uuktnor0IK1_Fx5ndlI5MmNAkQNRhPJLlrnFBAYP8eXvhkQhPMiErvTYxzyKF28PqAzX-chVKE0eAmxGNFFt1vDHaxbvFb5yivRiyzyld35XfZgOVmNfIaCASb6jxoofly7FstX&amp;__tn__=-]K-R'><span class='xt0psk2'><span class='xjp7ctv'>L\u0105dowisko Kultury<\/span><\/span><\/a><\/span><\/div> <\/div> <div class='x14z9mp xat24cr x1lziwak x1vvkbs xtlvy1s x126k92a'> <div dir='auto'>To propozycja dla dzieci i m\u0142odzie\u017cy w wieku \ud835\udff3-\ud835\udfed\ud835\udfee \ud835\uddf9\ud835\uddee\ud835\ude01, kt\u00f3rzy chc\u0105:<\/div> <div dir='auto'>pozna\u0107 \u015bwiat \ud835\uddff\ud835\uddfc\ud835\uddef\ud835\uddfc\ud835\ude01\ud835\ude06\ud835\uddf8\ud835\uddf6 \ud835\uddf6 \ud835\uddfd\ud835\uddff\ud835\uddfc\ud835\uddf4\ud835\uddff\ud835\uddee\ud835\uddfa\ud835\uddfc\ud835\ude04\ud835\uddee\ud835\uddfb\ud835\uddf6\ud835\uddee<\/div> <div dir='auto'>zobaczy\u0107, jak dzia\u0142a \ud835\uddf1\ud835\uddff\ud835\ude02\ud835\uddf8 \ud835\udfef\ud835\uddd7<\/div> <div dir='auto'>rozwija\u0107 logiczne my\u015blenie i kreatywno\u015b\u0107<\/div> <\/div> <div class='x14z9mp xat24cr x1lziwak x1vvkbs xtlvy1s x126k92a'> <div dir='auto'>Podczas warsztat\u00f3w m\u0142odzi uczestnicy b\u0119d\u0105 uczy\u0107 si\u0119 przez dzia\u0142anie &#8211; testowa\u0107, eksperymentowa\u0107 i odkrywa\u0107, jak technologia mo\u017ce sta\u0107 si\u0119 narz\u0119dziem do tworzenia, a nie tylko ogl\u0105dania.<\/div> <\/div> <div class='x14z9mp xat24cr x1lziwak x1vvkbs xtlvy1s x126k92a'> <div dir='auto'>\ud835\uddea\ud835\ude00\ud835\ude01\ud835\uddf2\u0328\ud835\uddfd \ud835\ude04\ud835\uddfc\ud835\uddf9\ud835\uddfb\ud835\ude06<\/div> <div dir='auto'>\ud835\udded\ud835\uddee\ud835\uddfd\ud835\uddf6\ud835\ude00\ud835\ude06: \ud835\udff1\ud835\udfed\ud835\udfed \ud835\udff0\ud835\udfee\ud835\udff4 \ud835\udff1\ud835\udfef\ud835\udff3<\/div> <div dir='auto'>\ud835\udddf\ud835\uddf6\ud835\uddf0\ud835\ude07\ud835\uddef\ud835\uddee \ud835\uddfa\ud835\uddf6\ud835\uddf2\ud835\uddf7\ud835\ude00\ud835\uddf0 \ud835\uddfc\ud835\uddf4\ud835\uddff\ud835\uddee\ud835\uddfb\ud835\uddf6\ud835\uddf0\ud835\ude07\ud835\uddfc\ud835\uddfb\ud835\uddee<\/div> <\/div> <div class='x14z9mp xat24cr x1lziwak x1vvkbs xtlvy1s x126k92a'> <div dir='auto'>Je\u015bli Twoje dziecko lubi nowe technologie &#8211; nie czekaj. Zapisz je ju\u017c dzi\u015b.<\/div> <\/div> \",\"location\":[{\"@type\":\"Place\",\"name\":\"L\u0105dowisku Kultury w Redzikowie\",\"address\":{\"@type\": \"PostalAddress\",\"streetAddress\":\"Redzikowo 20 A 76-200 Redzikowo\"}}]}<\/script><\/div><div class=\"evo_boxtop\" style=\"background-image: url(https:\/\/goslupski.pl\/kalendarz\/wp-content\/uploads\/2026\/04\/678202078_1458578729641830_4152779267014586863_n.jpg); background-color:#8f81eb;height:200px;\"><\/div>\r\n\t\t\t\t<p class=\"desc_trig_outter\" style=\"\"><a data-gmap_status=\"null\" data-exlk=\"0\" style=\"background-color:#8f81eb;padding-top: 235px;\" id=\"evc_17782614001144\" href=\"#\" class=\"hasFtIMG desc_trig sin_val evcal_list_a\" data-ux_val=\"3\" data-ux_val_mob=\"-\"  ><span class='evoet_c1 evoet_cx '><span class='evoet_cy ev_ftImg evotrans imgFxdef' data-img='https:\/\/goslupski.pl\/kalendarz\/wp-content\/uploads\/2026\/04\/678202078_1458578729641830_4152779267014586863_n.jpg' data-thumb='https:\/\/goslupski.pl\/kalendarz\/wp-content\/uploads\/2026\/04\/678202078_1458578729641830_4152779267014586863_n-300x300.jpg' style='background-image:url(\"https:\/\/goslupski.pl\/kalendarz\/wp-content\/uploads\/2026\/04\/678202078_1458578729641830_4152779267014586863_n-300x300.jpg\")' ><\/span><\/span><span class='evoet_c2 evoet_cx '><span class='evoet_dayblock evcal_cblock ' data-bgcolor='#8f81eb' data-smon='maj' data-syr='2026' data-bub=''><span class='evo_start  evofxdrc'><em class='date'>08<\/em><em class='month'>maj<\/em><em class='time'>17:30<\/em><\/span><span class='evo_end only_time evofxdrc'><em class='time'>19:30<\/em><\/span><\/span><\/span><span class='evoet_c3 evoet_cx evcal_desc hide_eventtopdata '><span class='evoet_title evcal_desc2 evcal_event_title ' itemprop='name'>Otwieramy si\u0119 na wirtualny \u015bwiat<\/span><span class='event_location_attrs'  data-location_address=\"Redzikowo 20 A 76-200 Redzikowo\" data-location_type=\"address\" data-location_name=\"L\u0105dowisku Kultury w Redzikowie\" data-location_url=\"https:\/\/goslupski.pl\/kalendarz\/event-location\/ladowisku-kultury-w-redzikowie\/\" data-location_status=\"true\" data-locid=\"58\"><\/span><span class='evoet_cy evoet_subtitle evo_below_title' ><span class='evcal_event_subtitle ' >XXIII Tydzie\u0144 Bibliotek w Gminie Redzikowo<\/span><\/span><span class='evoet_cy evoet_time_expand level_3'><em class='evcal_time evo_tz_time'><i class='fa fa-clock-o'><\/i>17:30 - 19:30<span class='evo_tz marl5'>(GMT+00:00)<\/span><\/em> <\/span><span class='evoet_location level_3'><em class=\"evcal_location\"  data-add_str=\"Redzikowo 20 A 76-200 Redzikowo\" data-n=\"\"><i class=\"fa fa-location-pin\"><\/i>Redzikowo 20 A 76-200 Redzikowo<\/em><\/span><\/span><span class='evoet_data' data-d=\"{&quot;loc.n&quot;:&quot;L\\u0105dowisku Kultury w Redzikowie&quot;,&quot;orgs&quot;:[],&quot;tags&quot;:[]}\" data-bgc=\"#8f81eb\" data-bggrad=\"\" ><\/span><\/a><\/p><div class='event_description evcal_eventcard ' style=\"display:none\"><div class='evocard_row'><div id='event_ftimage' class='evocard_box ftimage' data-c='' \n\t\t\t\t\tstyle=''><div class='evocard_main_image_hold' data-t='Loading Image..'><div class='evocard_main_image evo_img_triglb evocd_img_direct evobr15 evobgsc evobgpc evodfx evofx_jc_c evofx_ai_c evofz48 direct' style='height:400px; background-image:url();' data-f=\"https:\/\/goslupski.pl\/kalendarz\/wp-content\/uploads\/2026\/04\/678202078_1458578729641830_4152779267014586863_n.jpg\" data-h=\"2048\" data-w=\"2048\" data-ratio=\"1\" data-event_id=\"1144\" data-ri=\"0\"  data-t='Loading Image..'><span style='height:400px; background-image:url(https:\/\/goslupski.pl\/kalendarz\/wp-content\/uploads\/2026\/04\/678202078_1458578729641830_4152779267014586863_n.jpg)'><\/span><\/div><\/div><\/div><\/div><!-- row close --><div class='evocard_row'><div id='event_eventdetails' class='evocard_box eventdetails' data-c='' \n\t\t\t\t\tstyle=''><div class=\"evo_metarow_details evorow evcal_evdata_row evcal_event_details\">\n    <div class=\"event_excerpt\" style=\"display:none\"><h3 class=\"padb5 evo_h3\">Szczeg\u00f3\u0142y<\/h3><p>\ud835\udde7\ud835\ude04\ud835\uddfc\ud835\uddf7\ud835\uddf2 \ud835\uddf1\ud835\ude07\ud835\uddf6\ud835\uddf2\ud835\uddf0\ud835\uddf8\ud835\uddfc \ud835\uddf6\ud835\uddfb\ud835\ude01\ud835\uddf2\ud835\uddff\ud835\uddf2\ud835\ude00\ud835\ude02\ud835\uddf7\ud835\uddf2 \ud835\ude00\ud835\uddf6\ud835\uddf2\u0328 \ud835\ude01\ud835\uddf2\ud835\uddf0\ud835\uddf5\ud835\uddfb\ud835\uddfc\ud835\uddf9\ud835\uddfc\ud835\uddf4\ud835\uddf6\ud835\uddee\u0328? \ud835\udde7\ud835\uddfc \ud835\uddf0\ud835\uddfc\ud835\ude00\u0301 \ud835\uddf1\ud835\uddf9\ud835\uddee \ud835\uddfb\ud835\uddf6\ud835\uddf2\ud835\uddf4\ud835\uddfc.\n\n\nZapraszamy na warsztaty \u201e\ud835\udde2\ud835\ude01\ud835\ude04\ud835\uddf6\ud835\uddf2\ud835\uddff\ud835\uddee\ud835\uddfa\ud835\ude06 \ud835\ude00\ud835\uddf6\ud835\uddf2\u0328 \ud835\uddfb\ud835\uddee \ud835\ude04\ud835\uddf6\ud835\uddff\ud835\ude01\ud835\ude02\ud835\uddee\ud835\uddf9\ud835\uddfb\ud835\ude06 \ud835\ude00\u0301\ud835\ude04\ud835\uddf6\ud835\uddee\ud835\ude01\u201d<\/p><\/div><span class='evcal_evdata_icons'><i class='fa fa-align-justify'><\/i><\/span>    <div class=\"evcal_evdata_cell shorter_desc\">\n        <div class=\"eventon_full_description\">\n            <h3 class=\"padb5 evo_h3\"><span class='evcal_evdata_icons'><i class='fa fa-align-justify'><\/i><\/span>Szczeg\u00f3\u0142y<\/h3>\n            <div class=\"eventon_desc_in\" itemprop=\"description\">\n                <div class=\"xdj266r x14z9mp xat24cr x1lziwak x1vvkbs x126k92a\">\n<div dir=\"auto\">\ud835\udde7\ud835\ude04\ud835\uddfc\ud835\uddf7\ud835\uddf2 \ud835\uddf1\ud835\ude07\ud835\uddf6\ud835\uddf2\ud835\uddf0\ud835\uddf8\ud835\uddfc \ud835\uddf6\ud835\uddfb\ud835\ude01\ud835\uddf2\ud835\uddff\ud835\uddf2\ud835\ude00\ud835\ude02\ud835\uddf7\ud835\uddf2 \ud835\ude00\ud835\uddf6\ud835\uddf2\u0328 \ud835\ude01\ud835\uddf2\ud835\uddf0\ud835\uddf5\ud835\uddfb\ud835\uddfc\ud835\uddf9\ud835\uddfc\ud835\uddf4\ud835\uddf6\ud835\uddee\u0328? \ud835\udde7\ud835\uddfc \ud835\uddf0\ud835\uddfc\ud835\ude00\u0301 \ud835\uddf1\ud835\uddf9\ud835\uddee \ud835\uddfb\ud835\uddf6\ud835\uddf2\ud835\uddf4\ud835\uddfc.<\/div>\n<\/div>\n<div class=\"x14z9mp xat24cr x1lziwak x1vvkbs xtlvy1s x126k92a\">\n<div dir=\"auto\">Zapraszamy na warsztaty \u201e\ud835\udde2\ud835\ude01\ud835\ude04\ud835\uddf6\ud835\uddf2\ud835\uddff\ud835\uddee\ud835\uddfa\ud835\ude06 \ud835\ude00\ud835\uddf6\ud835\uddf2\u0328 \ud835\uddfb\ud835\uddee \ud835\ude04\ud835\uddf6\ud835\uddff\ud835\ude01\ud835\ude02\ud835\uddee\ud835\uddf9\ud835\uddfb\ud835\ude06 \ud835\ude00\u0301\ud835\ude04\ud835\uddf6\ud835\uddee\ud835\ude01\u201d &#8211; spotkanie, kt\u00f3re pokazuje, \u017ce nowe technologie to nie tylko ekran, ale przede wszystkim \ud835\ude01\ud835\ude04\ud835\uddfc\ud835\uddff\ud835\ude07\ud835\uddf2\ud835\uddfb\ud835\uddf6\ud835\uddf2, \ud835\uddfa\ud835\ude06\ud835\ude00\u0301\ud835\uddf9\ud835\uddf2\ud835\uddfb\ud835\uddf6\ud835\uddf2 \ud835\uddf6 \ud835\uddfc\ud835\uddf1\ud835\uddf8\ud835\uddff\ud835\ude06\ud835\ude04\ud835\uddee\ud835\uddfb\ud835\uddf6\ud835\uddf2.<\/div>\n<\/div>\n<div class=\"x14z9mp xat24cr x1lziwak x1vvkbs xtlvy1s x126k92a\">\n<div dir=\"auto\">\ud835\udff4 \ud835\uddfa\ud835\uddee\ud835\uddf7\ud835\uddee \ud835\udfee\ud835\udfec\ud835\udfee\ud835\udff2 (\ud835\uddfd\ud835\uddf6\ud835\uddee\u0328\ud835\ude01\ud835\uddf2\ud835\uddf8)<\/div>\n<div dir=\"auto\">godz. 17:30-19:30<\/div>\n<div dir=\"auto\"><span class=\"html-span xdj266r x14z9mp xat24cr x1lziwak xexx8yu xyri2b x18d9i69 x1c1uobl x1hl2dhg x16tdsg8 x1vvkbs\"><a class=\"x1i10hfl xjbqb8w x1ejq31n x18oe1m7 x1sy0etr xstzfhl x972fbf x10w94by x1qhh985 x14e42zd x9f619 x1ypdohk xt0psk2 x3ct3a4 xdj266r x14z9mp xat24cr x1lziwak xexx8yu xyri2b x18d9i69 x1c1uobl x16tdsg8 x1hl2dhg xggy1nq x1a2a7pz xkrqix3 x1sur9pj x1fey0fg x1s688f\" tabindex=\"0\" role=\"link\" href=\"https:\/\/www.facebook.com\/ladowiskokultury?__cft__[0]=AZY6KewRQXDFVfL17Uuktnor0IK1_Fx5ndlI5MmNAkQNRhPJLlrnFBAYP8eXvhkQhPMiErvTYxzyKF28PqAzX-chVKE0eAmxGNFFt1vDHaxbvFb5yivRiyzyld35XfZgOVmNfIaCASb6jxoofly7FstX&amp;__tn__=-]K-R\"><span class=\"xt0psk2\"><span class=\"xjp7ctv\">L\u0105dowisko Kultury<\/span><\/span><\/a><\/span><\/div>\n<\/div>\n<div class=\"x14z9mp xat24cr x1lziwak x1vvkbs xtlvy1s x126k92a\">\n<div dir=\"auto\">To propozycja dla dzieci i m\u0142odzie\u017cy w wieku \ud835\udff3-\ud835\udfed\ud835\udfee \ud835\uddf9\ud835\uddee\ud835\ude01, kt\u00f3rzy chc\u0105:<\/div>\n<div dir=\"auto\">pozna\u0107 \u015bwiat \ud835\uddff\ud835\uddfc\ud835\uddef\ud835\uddfc\ud835\ude01\ud835\ude06\ud835\uddf8\ud835\uddf6 \ud835\uddf6 \ud835\uddfd\ud835\uddff\ud835\uddfc\ud835\uddf4\ud835\uddff\ud835\uddee\ud835\uddfa\ud835\uddfc\ud835\ude04\ud835\uddee\ud835\uddfb\ud835\uddf6\ud835\uddee<\/div>\n<div dir=\"auto\">zobaczy\u0107, jak dzia\u0142a \ud835\uddf1\ud835\uddff\ud835\ude02\ud835\uddf8 \ud835\udfef\ud835\uddd7<\/div>\n<div dir=\"auto\">rozwija\u0107 logiczne my\u015blenie i kreatywno\u015b\u0107<\/div>\n<\/div>\n<div class=\"x14z9mp xat24cr x1lziwak x1vvkbs xtlvy1s x126k92a\">\n<div dir=\"auto\">Podczas warsztat\u00f3w m\u0142odzi uczestnicy b\u0119d\u0105 uczy\u0107 si\u0119 przez dzia\u0142anie &#8211; testowa\u0107, eksperymentowa\u0107 i odkrywa\u0107, jak technologia mo\u017ce sta\u0107 si\u0119 narz\u0119dziem do tworzenia, a nie tylko ogl\u0105dania.<\/div>\n<\/div>\n<div class=\"x14z9mp xat24cr x1lziwak x1vvkbs xtlvy1s x126k92a\">\n<div dir=\"auto\">\ud835\uddea\ud835\ude00\ud835\ude01\ud835\uddf2\u0328\ud835\uddfd \ud835\ude04\ud835\uddfc\ud835\uddf9\ud835\uddfb\ud835\ude06<\/div>\n<div dir=\"auto\">\ud835\udded\ud835\uddee\ud835\uddfd\ud835\uddf6\ud835\ude00\ud835\ude06: \ud835\udff1\ud835\udfed\ud835\udfed \ud835\udff0\ud835\udfee\ud835\udff4 \ud835\udff1\ud835\udfef\ud835\udff3<\/div>\n<div dir=\"auto\">\ud835\udddf\ud835\uddf6\ud835\uddf0\ud835\ude07\ud835\uddef\ud835\uddee \ud835\uddfa\ud835\uddf6\ud835\uddf2\ud835\uddf7\ud835\ude00\ud835\uddf0 \ud835\uddfc\ud835\uddf4\ud835\uddff\ud835\uddee\ud835\uddfb\ud835\uddf6\ud835\uddf0\ud835\ude07\ud835\uddfc\ud835\uddfb\ud835\uddee<\/div>\n<\/div>\n<div class=\"x14z9mp xat24cr x1lziwak x1vvkbs xtlvy1s x126k92a\">\n<div dir=\"auto\">Je\u015bli Twoje dziecko lubi nowe technologie &#8211; nie czekaj. Zapisz je ju\u017c dzi\u015b.<\/div>\n<\/div>\n            <\/div>\n            <p class='eventon_shad_p' style='padding:5px 0 0; margin:0'><button class='evcal_btn evo_btn_secondary evobtn_details_show_more' content='less'><span class='ev_more_text' data-txt='Mniej'>Wi\u0119cej<\/span><span class='ev_more_arrow ard'><\/span><\/button><\/p><div class='clear'><\/div>        <\/div>\n    <\/div>\n<\/div><\/div><\/div><!-- row close --><div class='evocard_row bx2 bx'><div id='event_time' class='evocard_box time' data-c='' \n\t\t\t\t\tstyle=''><div class='evo_metarow_time evorow evcal_evdata_row evcal_evrow_sm '>\n\t\t<span class='evcal_evdata_icons'><i class='fa fa-clock'><\/i><\/span>\n\t\t<div class='evcal_evdata_cell'>\t\t\t\t\t\t\t\n\t\t\t<h3 class='evo_h3'><span class='evcal_evdata_icons'><i class='fa fa-clock'><\/i><\/span>Termin<\/h3><div><span class='evo_eventcard_time_t evogap5 evofxww'><span class=\"start\">8 maj 2026<\/span> <span class=\"stime\">17:30<\/span> - <span class=\"etime\">19:30<\/span><\/span><span class='evo_tz marr5'>(GMT+00:00)<\/span><\/div>\n\t\t<\/div>\n\t<\/div><\/div><div id='event_location' class='evocard_box location' data-c='' \n\t\t\t\t\tstyle=''><div class='evcal_evdata_row evo_metarow_time_location evorow '>\n\t\t\n\t\t\t<span class='evcal_evdata_icons'><i class='fa fa-map-marker'><\/i><\/span>\n\t\t\t<div class='evcal_evdata_cell' data-loc_tax_id='58'><h3 class='evo_h3 evodfx'><span class='evcal_evdata_icons'><i class='fa fa-map-marker'><\/i><\/span>Lokalizacja<\/h3><p class='evo_location_name'>L\u0105dowisku Kultury w Redzikowie<\/p><p class='evo_location_address evodfxi evogap10'>Redzikowo 20 A 76-200 Redzikowo<\/p><div class='evopadt5'><p class='evo_location_contact'>511 428 537 <\/p><\/div><div class='padt10'><span class='evo_btn_arr evolb_trigger' data-lbvals=\"{&quot;lbdata&quot;:{&quot;class&quot;:&quot;evo_location_lb_58&quot;,&quot;additional_class&quot;:&quot;lb_max&quot;,&quot;title&quot;:&quot;L\\u0105dowisku Kultury w Redzikowie&quot;},&quot;adata&quot;:{&quot;a&quot;:&quot;eventon_get_tax_card_content&quot;,&quot;end&quot;:&quot;client&quot;,&quot;data&quot;:{&quot;lang&quot;:&quot;L1&quot;,&quot;term_id&quot;:58,&quot;tax&quot;:&quot;event_location&quot;,&quot;load_lbcontent&quot;:true}},&quot;uid&quot;:&quot;eventon_get_tax_card_content&quot;}\" >Other Events<i class='fa fa-chevron-right' aria-hidden='true'><\/i><\/span><\/div><\/div>\n\t\t\n\t<\/div><\/div><\/div><!-- row close --><div class='evocard_row'><div id='event_addtocal' class='evocard_box addtocal' data-c='' \n\t\t\t\t\tstyle=''><div class='evo_metarow_ICS evorow evcal_evdata_row'>\n\t\t\t<span class='evcal_evdata_icons'><i class='fa fa-calendar-o'><\/i><\/span>\n\t\t\t<div class='evcal_evdata_cell'>\n\t\t\t\t<p><a href='https:\/\/goslupski.pl\/kalendarz\/export-events\/1144_0\/?key=626d271d26' rel='nofollow' class='evo_ics_nCal' title='Dodaj do swojego kalendarza'>Kalendarz<\/a><a href='https:\/\/www.google.com\/calendar\/event?action=TEMPLATE&text=Otwieramy%20si%C4%99%20na%20wirtualny%20%C5%9Bwiat&dates=20260508T173000Z\/20260508T193000Z&ctz=UTC&details=Otwieramy%20si%C4%99%20na%20wirtualny%20%C5%9Bwiat&location=L%C4%85dowisku%20Kultury%20w%20Redzikowie%20Redzikowo%2020%20A%2076-200%20Redzikowo' target='_blank' rel='nofollow' class='evo_ics_gCal' title='Dodaj do Google Calendar'>GoogleCal<\/a><\/p>\t\n\t\t\t<\/div>\n\t\t<\/div><\/div><\/div><!-- row close --><div class='evocard_row'><div id='event_relatedEvents' class='evocard_box relatedEvents' data-c='' \n\t\t\t\t\tstyle=''><div class='evo_metarow_rel_events evorow evcal_evdata_row'>\n\t<span class='evcal_evdata_icons'><i class='fa fa-calendar-plus'><\/i><\/span>\n\t<div class='evcal_evdata_cell'>\n\t\t<h3 class='evo_h3'>Powi\u0105zane wydarzenia<\/h3>\n\t\t<div class='evcal_cell_rel_events'>\n\t\t<a class='hasimg evogap10 evopad10i' style='' href='https:\/\/goslupski.pl\/kalendarz\/events\/tydzien-bibliotek-w-gminie-redzikowo\/' >\n\t\t<span class='img evofx00a' style='background-image: url(https:\/\/goslupski.pl\/kalendarz\/wp-content\/uploads\/2026\/04\/674911608_1459243722908664_1185399421246332465_n.jpg)'><\/span>\t\t\t\t\t\t\t\t\t\t\t\t\n\t\t<span class=''>\n\t\t\t<h4 class='evo_h4'>Tydzie\u0144 Bibliotek w Gminie Redzikowo<\/h4>\n\t\t\t<em><i class='fa fa-clock-o'><\/i> 9 maj 2026 17:00<\/em>\n\t\t<\/span>\n\n\t\t<\/a>\t\t<\/div>\n\t<\/div>\n<\/div>\n<\/div><\/div><!-- row close --><div class='evocard_row'><div id='event_getdirection' class='evocard_box getdirection' data-c='' \n\t\t\t\t\tstyle=''><div class='evo_metarow_getDr evorow evcal_evdata_row evcal_evrow_sm getdirections'>\n\t\t<form action='https:\/\/maps.google.com\/maps' method='get' target='_blank'>\n\t\t\t<input type='hidden' name='daddr' value=\"Redzikowo 20 A 76-200 Redzikowo\"\/> \n\t\t\t<div class='evo_get_direction_content evo_fx_dr_r evogap10'>\n\t\t\t\t<span class='evogetdir_header evodfx evofxdrr evofxaic evogap10'>\n\t\t\t\t\t<i class='mainicon fa fa-road evofz24i'><\/i> \n\t\t\t\t\t<h3 class='evo_h3 evopad0i' style='padding-bottom:5px;'>Get Directions<\/h3>\n\t\t\t\t<\/span>\n\t\t\t\t<span class='evogetdir_field evodfx evofx_1_1 evow100p'>\t\n\t\t\t\t\t<label for='69f54fce676eb' class='evo_aria_ready sr-only'>Address - Otwieramy si\u0119 na wirtualny \u015bwiat []<\/label>\t\t\t\t\n\t\t\t\t\t<input id='69f54fce676eb' class='evo_aria_ready_match evoInput2 evobr10 evow100p evopad10 evoff_2 evofz14i evobrdB1 evoboxbb' type='text' name='saddr' placeholder='Podaj sw\u00f3j adres' value='' style='' aria-label='Address - Otwieramy si\u0119 na wirtualny \u015bwiat []' \/>\n\t\t\t\t<\/span>\n\t\t\t\t<div class='evodfx evofxdrr evofxaic evogap10'>\n\t\t\t\t\t<i class='fa fa-location-dot'><\/i>\n\t\t\t\t\t<div class='evoposr evofx_1 evoh100p'><label for='69f54fce676eb' class='evo_aria_ready sr-only'>Destination Address - Otwieramy si\u0119 na wirtualny \u015bwiat []<\/label>\t\t\n\t\t\t\t\t\t<input id='69f54fce676eb' class='evo_aria_ready_match evoInput2 evobr10 evow100p evopad5-10 evoff_2 evofz14i evobrdB1 evoop5 evoboxbb evoh100p' type='text' style='' readonly value='Redzikowo 20 A 76-200 Redzikowo' aria-label='Destination Address - Otwieramy si\u0119 na wirtualny \u015bwiat []'\/><button class='evo_copy_address evobuttonA evocurp evohoop7 evoposa evopad5' style='right: 3px; top: 4px; background-color: #fff;' data-txt='Redzikowo 20 A 76-200 Redzikowo' data-t='Address copied to clipboard!'><i class='far fa-copy evofz16i' title='Copy Destination Address!'><\/i><\/button>\n\t\t\t\t\t<\/div>\n\t\t\t\t\t<button type='submit' class='evo_get_direction_button evcal_btn dfx evofxaic evocurp evohoop7' title='Kliknij' style='    padding: 10px 15px !important;'><i class='fa fa-chevron-right'><\/i> <\/button>\n\t\t\t\t<\/div>\n\t\t\t<\/div>\n\t\t<\/form>\n\t<\/div><\/div><\/div><!-- row close --><button class='evo_card_row_end evcal_close' title='Zamknij'><\/button><\/div><div class='clear end'><\/div><\/div><div id=\"event_1141_0\" class=\"eventon_list_event evo_eventtop scheduled  event clrW no_et hasbgimg event_1141_0\" data-event_id=\"1141\" data-ri=\"0r\" data-time=\"1778346000-1778371140\" data-colr=\"#7c92f3\" itemscope itemtype='http:\/\/schema.org\/Event'><div class=\"evo_event_schema\" style=\"display:none\" ><a itemprop='url'  href='https:\/\/goslupski.pl\/kalendarz\/events\/tydzien-bibliotek-w-gminie-redzikowo\/'><\/a><meta itemprop='image' content=\"https:\/\/goslupski.pl\/kalendarz\/wp-content\/uploads\/2026\/04\/674911608_1459243722908664_1185399421246332465_n.jpg\" \/><meta itemprop='startDate' content=\"2026-5-9T17:00+2:00\" \/><meta itemprop='endDate' content=\"2026-5-9T23:59+2:00\" \/><meta itemprop='eventStatus' content=\"https:\/\/schema.org\/EventScheduled\" \/><meta itemprop='eventAttendanceMode'   itemscope itemtype=\"https:\/\/schema.org\/OfflineEventAttendanceMode\"\/><div style=\"display:none\" itemprop=\"location\" itemscope itemtype=\"http:\/\/schema.org\/Place\"><span itemprop=\"name\">L\u0105dowisku Kultury w Redzikowie<\/span><span itemprop=\"address\" itemscope itemtype=\"http:\/\/schema.org\/PostalAddress\"><item itemprop=\"streetAddress\">Redzikowo 20 A 76-200 Redzikowo<\/item><\/span><\/div><div itemprop=\"organizer\" itemscope=\"\" itemtype=\"http:\/\/schema.org\/Organization\"><meta itemprop=\"name\" content=\"Centrum Kultury i Biblioteka Publiczna gminy Redzikowo\">\n\t\t\t\t    \t<\/div><div itemprop=\"performer\" itemscope=\"\" itemtype=\"http:\/\/schema.org\/Person\"><meta itemprop=\"name\" content=\"Centrum Kultury i Biblioteka Publiczna gminy Redzikowo\"><\/div><script type=\"application\/ld+json\">{\"@context\": \"http:\/\/schema.org\",\"@type\": \"Event\",\n\t\t\t\t\"@id\": \"event_1141_0\",\n\t\t\t\t\"eventAttendanceMode\":\"https:\/\/schema.org\/OfflineEventAttendanceMode\",\n\t\t\t\t\"eventStatus\":\"https:\/\/schema.org\/EventScheduled\",\n\t\t\t\t\"name\": \"Wyk\u0142ad\/pokaz stroj\u00f3w z epoki\",\n\t\t\t\t\"url\": \"https:\/\/goslupski.pl\/kalendarz\/events\/tydzien-bibliotek-w-gminie-redzikowo\/\",\n\t\t\t\t\"startDate\": \"2026-5-9T17:00+2:00\",\n\t\t\t\t\"endDate\": \"2026-5-9T23:59+2:00\",\n\t\t\t\t\"image\":\"https:\/\/goslupski.pl\/kalendarz\/wp-content\/uploads\/2026\/04\/674911608_1459243722908664_1185399421246332465_n.jpg\", \n\t\t\t\t\"description\":\"<div class='xdj266r x14z9mp xat24cr x1lziwak x1vvkbs x126k92a'> <div dir='auto'>\ud835\udde7\ud835\ude06\ud835\uddf1\ud835\ude07\ud835\uddf6\ud835\uddf2\ud835\uddfb\u0301 \ud835\uddd5\ud835\uddf6\ud835\uddef\ud835\uddf9\ud835\uddf6\ud835\uddfc\ud835\ude01\ud835\uddf2\ud835\uddf8 \ud835\ude04 \ud835\uddda\ud835\uddfa\ud835\uddf6\ud835\uddfb\ud835\uddf6\ud835\uddf2 \ud835\udde5\ud835\uddf2\ud835\uddf1\ud835\ude07\ud835\uddf6\ud835\uddf8\ud835\uddfc\ud835\ude04\ud835\uddfc &#8211; \ud835\uddfc\ud835\uddf1\ud835\ude00\u0142\ud835\uddee\ud835\uddfb\ud835\uddf6\ud835\uddee\ud835\uddfa\ud835\ude06 \ud835\uddf8\ud835\uddfc\ud835\uddf9\ud835\uddf2\ud835\uddf7\ud835\uddfb\ud835\uddf2 \ud835\ude04\ud835\ude06\ud835\uddf1\ud835\uddee\ud835\uddff\ud835\ude07\ud835\uddf2\ud835\uddfb\ud835\uddf6\ud835\uddf2, kt\u00f3re dla Was przygotowali\u015bmy.<\/div> <\/div> <div class='x14z9mp xat24cr x1lziwak x1vvkbs xtlvy1s x126k92a'> <div dir='auto'><span class='html-span xexx8yu xyri2b x18d9i69 x1c1uobl x1hl2dhg x16tdsg8 x1vvkbs x3nfvp2 x1j61x8r x1fcty0u xdj266r xat24cr xm2jcoa x1mpyi22 xxymvpz xlup9mm x1kky2od'><img class='xz74otr x15mokao x1ga7v0g x16uus16 xbiv7yw' src='https:\/\/static.xx.fbcdn.net\/images\/emoji.php\/v9\/t8d\/1\/16\/1f449_1f3fc.png' alt='\ud83d\udc49\ud83c\udffc' width='16' height='16' \/><\/span>Tym razem co\u015b dla tych, kt\u00f3rzy lubi\u0105 histori\u0119\u2026 ale podan\u0105 inaczej ni\u017c w szkolnych podr\u0119cznikach.<\/div> <\/div> <div class='x14z9mp xat24cr x1lziwak x1vvkbs xtlvy1s x126k92a'> <div dir='auto'>\ud835\udff5 \ud835\uddfa\ud835\uddee\ud835\uddf7\ud835\uddee (\ud835\ude00\ud835\uddfc\ud835\uddef\ud835\uddfc\ud835\ude01\ud835\uddee), \ud835\uddf4\ud835\uddfc\ud835\uddf1\ud835\ude07. \ud835\udfed\ud835\udff3:\ud835\udfec\ud835\udfec<\/div> <div dir='auto'>L\u0105dowisko Kultury<\/div> <\/div> <div class='x14z9mp xat24cr x1lziwak x1vvkbs xtlvy1s x126k92a'> <div dir='auto'>Zapraszamy na wyj\u0105tkowe spotkanie:<\/div> <div dir='auto'>\ud835\uddda\ud835\uddee\ud835\uddf9\ud835\uddee \ud835\uddd6\ud835\ude07\ud835\ude06\ud835\ude01\ud835\uddf2\ud835\uddf9\ud835\uddfb\ud835\uddf6\ud835\uddf0\ud835\ude07\ud835\uddee &#8211; nagrodzimy Najlepszych Czytelnik\u00f3w 2025<\/div> <div dir='auto'>\ud835\uddea\ud835\ude06\ud835\uddf8\u0142\ud835\uddee\ud835\uddf1 \ud835\uddf1\ud835\uddff \ud835\uddd4\ud835\uddfb\ud835\uddf2\ud835\ude01\ud835\ude06 \ud835\uddd4\ud835\uddf9\ud835\uddf2\ud835\uddf8\ud835\ude00\ud835\uddee\ud835\uddfb\ud835\uddf1\ud835\uddff\ud835\ude06 \ud835\uddd7\ud835\ude02\ud835\uddf1\ud835\ude06<\/div> <div dir='auto'>\ud835\udde3\ud835\uddfc\ud835\uddf8\ud835\uddee\ud835\ude07 \ud835\ude00\ud835\ude01\ud835\uddff\ud835\uddfc\ud835\uddf7\ud835\uddfc\u0301\ud835\ude04 \ud835\ude07 \ud835\uddf2\ud835\uddfd\ud835\uddfc\ud835\uddf8\ud835\uddf6<\/div> <\/div> <div class='x14z9mp xat24cr x1lziwak x1vvkbs xtlvy1s x126k92a'> <div dir='auto'>To b\u0119dzie \ud835\uddfd\ud835\uddfc\ud835\uddf1\ud835\uddff\ud835\uddfc\u0301\ud835\ude07\u0307 \ud835\uddf1\ud835\uddfc \ud835\uddeb\ud835\udddc\ud835\uddeb \ud835\ude04\ud835\uddf6\ud835\uddf2\ud835\uddf8\ud835\ude02 &#8211; nie tylko na salony, ale te\u017c \u201eza kulisy\u201d \u017cycia w pa\u0142acach i dworach. Historie, ciekawostki i detale, kt\u00f3re naprawd\u0119 wci\u0105gaj\u0105.<\/div> <\/div> <div class='x14z9mp xat24cr x1lziwak x1vvkbs xtlvy1s x126k92a'> <div dir='auto'>\ud835\uddea\ud835\ude00\ud835\ude01\ud835\uddf2\u0328\ud835\uddfd \ud835\ude04\ud835\uddfc\ud835\uddf9\ud835\uddfb\ud835\ude06<\/div> <div dir='auto'><span class='html-span xexx8yu xyri2b x18d9i69 x1c1uobl x1hl2dhg x16tdsg8 x1vvkbs x3nfvp2 x1j61x8r x1fcty0u xdj266r xat24cr xm2jcoa x1mpyi22 xxymvpz xlup9mm x1kky2od'>O<\/span>\ud835\uddef\ud835\uddfc\ud835\ude04\ud835\uddf6\ud835\uddee\u0328\ud835\ude07\ud835\ude02\ud835\uddf7\ud835\uddee\u0328 \ud835\ude07\ud835\uddee\ud835\uddfd\ud835\uddf6\ud835\ude00\ud835\ude06: \ud835\udff1\ud835\udfed\ud835\udfed \ud835\udff0\ud835\udfee\ud835\udff4 \ud835\udff1\ud835\udfef\ud835\udff3<\/div> <\/div> <div class='x14z9mp xat24cr x1lziwak x1vvkbs xtlvy1s x126k92a'> <div dir='auto'>Je\u015bli lubicie takie klimaty &#8211; warto wpisa\u0107 t\u0119 dat\u0119 w kalendarz.<\/div> <\/div> \",\"location\":[{\"@type\":\"Place\",\"name\":\"L\u0105dowisku Kultury w Redzikowie\",\"address\":{\"@type\": \"PostalAddress\",\"streetAddress\":\"Redzikowo 20 A 76-200 Redzikowo\"}}],\"organizer\":[{\"@type\":\"Organization\",\"name\":\"Centrum Kultury i Biblioteka Publiczna gminy Redzikowo\"}]}<\/script><\/div><div class=\"evo_boxtop\" style=\"background-image: url(https:\/\/goslupski.pl\/kalendarz\/wp-content\/uploads\/2026\/04\/674911608_1459243722908664_1185399421246332465_n.jpg); background-color:#7c92f3;height:200px;\"><\/div>\r\n\t\t\t\t<p class=\"desc_trig_outter\" style=\"\"><a data-gmap_status=\"null\" data-exlk=\"0\" style=\"background-color:#7c92f3;padding-top: 235px;\" id=\"evc_17783460001141\" href=\"#\" class=\"hasFtIMG desc_trig sin_val evcal_list_a\" data-ux_val=\"3\" data-ux_val_mob=\"-\"  ><span class='evoet_c1 evoet_cx '><span class='evoet_cy ev_ftImg evotrans imgFxdef' data-img='https:\/\/goslupski.pl\/kalendarz\/wp-content\/uploads\/2026\/04\/674911608_1459243722908664_1185399421246332465_n.jpg' data-thumb='https:\/\/goslupski.pl\/kalendarz\/wp-content\/uploads\/2026\/04\/674911608_1459243722908664_1185399421246332465_n-240x300.jpg' style='background-image:url(\"https:\/\/goslupski.pl\/kalendarz\/wp-content\/uploads\/2026\/04\/674911608_1459243722908664_1185399421246332465_n-240x300.jpg\")' ><\/span><\/span><span class='evoet_c2 evoet_cx '><span class='evoet_dayblock evcal_cblock ' data-bgcolor='#7c92f3' data-smon='maj' data-syr='2026' data-bub=''><span class='evo_start  evofxdrc'><em class='date'>09<\/em><em class='month'>maj<\/em><em class='time'>17:00<\/em><\/span><\/span><\/span><span class='evoet_c3 evoet_cx evcal_desc hide_eventtopdata '><span class='evoet_title evcal_desc2 evcal_event_title ' itemprop='name'>Wyk\u0142ad\/pokaz stroj\u00f3w z epoki<\/span><span class='event_location_attrs'  data-location_address=\"Redzikowo 20 A 76-200 Redzikowo\" data-location_type=\"address\" data-location_name=\"L\u0105dowisku Kultury w Redzikowie\" data-location_url=\"https:\/\/goslupski.pl\/kalendarz\/event-location\/ladowisku-kultury-w-redzikowie\/\" data-location_status=\"true\" data-locid=\"58\"><\/span><span class='evoet_cy evoet_subtitle evo_below_title' ><span class='evcal_event_subtitle ' >XXIII Tydzie\u0144 Bibliotek w Gminie Redzikowo<\/span><\/span><span class='evoet_cy evoet_time_expand level_3'><em class='evcal_time evo_tz_time'><i class='fa fa-clock-o'><\/i>17:00<span class='evo_tz marl5'>(GMT+00:00)<\/span><\/em> <\/span><span class='evoet_location level_3'><em class=\"evcal_location\"  data-add_str=\"Redzikowo 20 A 76-200 Redzikowo\" data-n=\"\"><i class=\"fa fa-location-pin\"><\/i>Redzikowo 20 A 76-200 Redzikowo<\/em><\/span><\/span><span class='evoet_data' data-d=\"{&quot;loc.n&quot;:&quot;L\\u0105dowisku Kultury w Redzikowie&quot;,&quot;orgs&quot;:{&quot;129&quot;:&quot;Centrum Kultury i Biblioteka Publiczna gminy Redzikowo&quot;},&quot;tags&quot;:[]}\" data-bgc=\"#7c92f3\" data-bggrad=\"\" ><\/span><\/a><\/p><div class='event_description evcal_eventcard ' style=\"display:none\"><div class='evocard_row'><div id='event_ftimage' class='evocard_box ftimage' data-c='' \n\t\t\t\t\tstyle=''><div class='evocard_main_image_hold' data-t='Loading Image..'><div class='evocard_main_image evo_img_triglb evocd_img_direct evobr15 evobgsc evobgpc evodfx evofx_jc_c evofx_ai_c evofz48 direct' style='height:400px; background-image:url();' data-f=\"https:\/\/goslupski.pl\/kalendarz\/wp-content\/uploads\/2026\/04\/674911608_1459243722908664_1185399421246332465_n.jpg\" data-h=\"1350\" data-w=\"1080\" data-ratio=\"1.25\" data-event_id=\"1141\" data-ri=\"0\"  data-t='Loading Image..'><span style='height:400px; background-image:url(https:\/\/goslupski.pl\/kalendarz\/wp-content\/uploads\/2026\/04\/674911608_1459243722908664_1185399421246332465_n.jpg)'><\/span><\/div><\/div><\/div><\/div><!-- row close --><div class='evocard_row'><div id='event_eventdetails' class='evocard_box eventdetails' data-c='' \n\t\t\t\t\tstyle=''><div class=\"evo_metarow_details evorow evcal_evdata_row evcal_event_details\">\n    <div class=\"event_excerpt\" style=\"display:none\"><h3 class=\"padb5 evo_h3\">Szczeg\u00f3\u0142y<\/h3><p>\ud835\udde7\ud835\ude06\ud835\uddf1\ud835\ude07\ud835\uddf6\ud835\uddf2\ud835\uddfb\u0301 \ud835\uddd5\ud835\uddf6\ud835\uddef\ud835\uddf9\ud835\uddf6\ud835\uddfc\ud835\ude01\ud835\uddf2\ud835\uddf8 \ud835\ude04 \ud835\uddda\ud835\uddfa\ud835\uddf6\ud835\uddfb\ud835\uddf6\ud835\uddf2 \ud835\udde5\ud835\uddf2\ud835\uddf1\ud835\ude07\ud835\uddf6\ud835\uddf8\ud835\uddfc\ud835\ude04\ud835\uddfc &#8211; \ud835\uddfc\ud835\uddf1\ud835\ude00\u0142\ud835\uddee\ud835\uddfb\ud835\uddf6\ud835\uddee\ud835\uddfa\ud835\ude06 \ud835\uddf8\ud835\uddfc\ud835\uddf9\ud835\uddf2\ud835\uddf7\ud835\uddfb\ud835\uddf2 \ud835\ude04\ud835\ude06\ud835\uddf1\ud835\uddee\ud835\uddff\ud835\ude07\ud835\uddf2\ud835\uddfb\ud835\uddf6\ud835\uddf2, kt\u00f3re dla Was przygotowali\u015bmy.<\/p><\/div><span class='evcal_evdata_icons'><i class='fa fa-align-justify'><\/i><\/span>    <div class=\"evcal_evdata_cell shorter_desc\">\n        <div class=\"eventon_full_description\">\n            <h3 class=\"padb5 evo_h3\"><span class='evcal_evdata_icons'><i class='fa fa-align-justify'><\/i><\/span>Szczeg\u00f3\u0142y<\/h3>\n            <div class=\"eventon_desc_in\" itemprop=\"description\">\n                <div class=\"xdj266r x14z9mp xat24cr x1lziwak x1vvkbs x126k92a\">\n<div dir=\"auto\">\ud835\udde7\ud835\ude06\ud835\uddf1\ud835\ude07\ud835\uddf6\ud835\uddf2\ud835\uddfb\u0301 \ud835\uddd5\ud835\uddf6\ud835\uddef\ud835\uddf9\ud835\uddf6\ud835\uddfc\ud835\ude01\ud835\uddf2\ud835\uddf8 \ud835\ude04 \ud835\uddda\ud835\uddfa\ud835\uddf6\ud835\uddfb\ud835\uddf6\ud835\uddf2 \ud835\udde5\ud835\uddf2\ud835\uddf1\ud835\ude07\ud835\uddf6\ud835\uddf8\ud835\uddfc\ud835\ude04\ud835\uddfc &#8211; \ud835\uddfc\ud835\uddf1\ud835\ude00\u0142\ud835\uddee\ud835\uddfb\ud835\uddf6\ud835\uddee\ud835\uddfa\ud835\ude06 \ud835\uddf8\ud835\uddfc\ud835\uddf9\ud835\uddf2\ud835\uddf7\ud835\uddfb\ud835\uddf2 \ud835\ude04\ud835\ude06\ud835\uddf1\ud835\uddee\ud835\uddff\ud835\ude07\ud835\uddf2\ud835\uddfb\ud835\uddf6\ud835\uddf2, kt\u00f3re dla Was przygotowali\u015bmy.<\/div>\n<\/div>\n<div class=\"x14z9mp xat24cr x1lziwak x1vvkbs xtlvy1s x126k92a\">\n<div dir=\"auto\"><span class=\"html-span xexx8yu xyri2b x18d9i69 x1c1uobl x1hl2dhg x16tdsg8 x1vvkbs x3nfvp2 x1j61x8r x1fcty0u xdj266r xat24cr xm2jcoa x1mpyi22 xxymvpz xlup9mm x1kky2od\"><img decoding=\"async\" class=\"xz74otr x15mokao x1ga7v0g x16uus16 xbiv7yw\" src=\"https:\/\/static.xx.fbcdn.net\/images\/emoji.php\/v9\/t8d\/1\/16\/1f449_1f3fc.png\" alt=\"\ud83d\udc49\ud83c\udffc\" width=\"16\" height=\"16\" \/><\/span>Tym razem co\u015b dla tych, kt\u00f3rzy lubi\u0105 histori\u0119\u2026 ale podan\u0105 inaczej ni\u017c w szkolnych podr\u0119cznikach.<\/div>\n<\/div>\n<div class=\"x14z9mp xat24cr x1lziwak x1vvkbs xtlvy1s x126k92a\">\n<div dir=\"auto\">\ud835\udff5 \ud835\uddfa\ud835\uddee\ud835\uddf7\ud835\uddee (\ud835\ude00\ud835\uddfc\ud835\uddef\ud835\uddfc\ud835\ude01\ud835\uddee), \ud835\uddf4\ud835\uddfc\ud835\uddf1\ud835\ude07. \ud835\udfed\ud835\udff3:\ud835\udfec\ud835\udfec<\/div>\n<div dir=\"auto\">L\u0105dowisko Kultury<\/div>\n<\/div>\n<div class=\"x14z9mp xat24cr x1lziwak x1vvkbs xtlvy1s x126k92a\">\n<div dir=\"auto\">Zapraszamy na wyj\u0105tkowe spotkanie:<\/div>\n<div dir=\"auto\">\ud835\uddda\ud835\uddee\ud835\uddf9\ud835\uddee \ud835\uddd6\ud835\ude07\ud835\ude06\ud835\ude01\ud835\uddf2\ud835\uddf9\ud835\uddfb\ud835\uddf6\ud835\uddf0\ud835\ude07\ud835\uddee &#8211; nagrodzimy Najlepszych Czytelnik\u00f3w 2025<\/div>\n<div dir=\"auto\">\ud835\uddea\ud835\ude06\ud835\uddf8\u0142\ud835\uddee\ud835\uddf1 \ud835\uddf1\ud835\uddff \ud835\uddd4\ud835\uddfb\ud835\uddf2\ud835\ude01\ud835\ude06 \ud835\uddd4\ud835\uddf9\ud835\uddf2\ud835\uddf8\ud835\ude00\ud835\uddee\ud835\uddfb\ud835\uddf1\ud835\uddff\ud835\ude06 \ud835\uddd7\ud835\ude02\ud835\uddf1\ud835\ude06<\/div>\n<div dir=\"auto\">\ud835\udde3\ud835\uddfc\ud835\uddf8\ud835\uddee\ud835\ude07 \ud835\ude00\ud835\ude01\ud835\uddff\ud835\uddfc\ud835\uddf7\ud835\uddfc\u0301\ud835\ude04 \ud835\ude07 \ud835\uddf2\ud835\uddfd\ud835\uddfc\ud835\uddf8\ud835\uddf6<\/div>\n<\/div>\n<div class=\"x14z9mp xat24cr x1lziwak x1vvkbs xtlvy1s x126k92a\">\n<div dir=\"auto\">To b\u0119dzie \ud835\uddfd\ud835\uddfc\ud835\uddf1\ud835\uddff\ud835\uddfc\u0301\ud835\ude07\u0307 \ud835\uddf1\ud835\uddfc \ud835\uddeb\ud835\udddc\ud835\uddeb \ud835\ude04\ud835\uddf6\ud835\uddf2\ud835\uddf8\ud835\ude02 &#8211; nie tylko na salony, ale te\u017c \u201eza kulisy\u201d \u017cycia w pa\u0142acach i dworach. Historie, ciekawostki i detale, kt\u00f3re naprawd\u0119 wci\u0105gaj\u0105.<\/div>\n<\/div>\n<div class=\"x14z9mp xat24cr x1lziwak x1vvkbs xtlvy1s x126k92a\">\n<div dir=\"auto\">\ud835\uddea\ud835\ude00\ud835\ude01\ud835\uddf2\u0328\ud835\uddfd \ud835\ude04\ud835\uddfc\ud835\uddf9\ud835\uddfb\ud835\ude06<\/div>\n<div dir=\"auto\"><span class=\"html-span xexx8yu xyri2b x18d9i69 x1c1uobl x1hl2dhg x16tdsg8 x1vvkbs x3nfvp2 x1j61x8r x1fcty0u xdj266r xat24cr xm2jcoa x1mpyi22 xxymvpz xlup9mm x1kky2od\">O<\/span>\ud835\uddef\ud835\uddfc\ud835\ude04\ud835\uddf6\ud835\uddee\u0328\ud835\ude07\ud835\ude02\ud835\uddf7\ud835\uddee\u0328 \ud835\ude07\ud835\uddee\ud835\uddfd\ud835\uddf6\ud835\ude00\ud835\ude06: \ud835\udff1\ud835\udfed\ud835\udfed \ud835\udff0\ud835\udfee\ud835\udff4 \ud835\udff1\ud835\udfef\ud835\udff3<\/div>\n<\/div>\n<div class=\"x14z9mp xat24cr x1lziwak x1vvkbs xtlvy1s x126k92a\">\n<div dir=\"auto\">Je\u015bli lubicie takie klimaty &#8211; warto wpisa\u0107 t\u0119 dat\u0119 w kalendarz.<\/div>\n<\/div>\n            <\/div>\n            <p class='eventon_shad_p' style='padding:5px 0 0; margin:0'><button class='evcal_btn evo_btn_secondary evobtn_details_show_more' content='less'><span class='ev_more_text' data-txt='Mniej'>Wi\u0119cej<\/span><span class='ev_more_arrow ard'><\/span><\/button><\/p><div class='clear'><\/div>        <\/div>\n    <\/div>\n<\/div><\/div><\/div><!-- row close --><div class='evocard_row bx2 bx'><div id='event_time' class='evocard_box time' data-c='' \n\t\t\t\t\tstyle=''><div class='evo_metarow_time evorow evcal_evdata_row evcal_evrow_sm '>\n\t\t<span class='evcal_evdata_icons'><i class='fa fa-clock'><\/i><\/span>\n\t\t<div class='evcal_evdata_cell'>\t\t\t\t\t\t\t\n\t\t\t<h3 class='evo_h3'><span class='evcal_evdata_icons'><i class='fa fa-clock'><\/i><\/span>Termin<\/h3><div><span class='evo_eventcard_time_t evogap5 evofxww'><span class=\"start\">9 maj 2026<\/span> <span class=\"stime\">17:00<\/span><\/span><span class='evo_tz marr5'>(GMT+00:00)<\/span><\/div>\n\t\t<\/div>\n\t<\/div><\/div><div id='event_location' class='evocard_box location' data-c='' \n\t\t\t\t\tstyle=''><div class='evcal_evdata_row evo_metarow_time_location evorow '>\n\t\t\n\t\t\t<span class='evcal_evdata_icons'><i class='fa fa-map-marker'><\/i><\/span>\n\t\t\t<div class='evcal_evdata_cell' data-loc_tax_id='58'><h3 class='evo_h3 evodfx'><span class='evcal_evdata_icons'><i class='fa fa-map-marker'><\/i><\/span>Lokalizacja<\/h3><p class='evo_location_name'>L\u0105dowisku Kultury w Redzikowie<\/p><p class='evo_location_address evodfxi evogap10'>Redzikowo 20 A 76-200 Redzikowo<\/p><div class='evopadt5'><p class='evo_location_contact'>511 428 537 <\/p><\/div><div class='padt10'><span class='evo_btn_arr evolb_trigger' data-lbvals=\"{&quot;lbdata&quot;:{&quot;class&quot;:&quot;evo_location_lb_58&quot;,&quot;additional_class&quot;:&quot;lb_max&quot;,&quot;title&quot;:&quot;L\\u0105dowisku Kultury w Redzikowie&quot;},&quot;adata&quot;:{&quot;a&quot;:&quot;eventon_get_tax_card_content&quot;,&quot;end&quot;:&quot;client&quot;,&quot;data&quot;:{&quot;lang&quot;:&quot;L1&quot;,&quot;term_id&quot;:58,&quot;tax&quot;:&quot;event_location&quot;,&quot;load_lbcontent&quot;:true}},&quot;uid&quot;:&quot;eventon_get_tax_card_content&quot;}\" >Other Events<i class='fa fa-chevron-right' aria-hidden='true'><\/i><\/span><\/div><\/div>\n\t\t\n\t<\/div><\/div><\/div><!-- row close --><div class='evocard_row'><div id='event_addtocal' class='evocard_box addtocal' data-c='' \n\t\t\t\t\tstyle=''><div class='evo_metarow_ICS evorow evcal_evdata_row'>\n\t\t\t<span class='evcal_evdata_icons'><i class='fa fa-calendar-o'><\/i><\/span>\n\t\t\t<div class='evcal_evdata_cell'>\n\t\t\t\t<p><a href='https:\/\/goslupski.pl\/kalendarz\/export-events\/1141_0\/?key=626d271d26' rel='nofollow' class='evo_ics_nCal' title='Dodaj do swojego kalendarza'>Kalendarz<\/a><a href='https:\/\/www.google.com\/calendar\/event?action=TEMPLATE&text=Wyk%C5%82ad%2Fpokaz%20stroj%C3%B3w%20z%20epoki&dates=20260509T170000Z\/20260509T235900Z&ctz=UTC&details=Wyk%C5%82ad%2Fpokaz%20stroj%C3%B3w%20z%20epoki&location=L%C4%85dowisku%20Kultury%20w%20Redzikowie%20Redzikowo%2020%20A%2076-200%20Redzikowo' target='_blank' rel='nofollow' class='evo_ics_gCal' title='Dodaj do Google Calendar'>GoogleCal<\/a><\/p>\t\n\t\t\t<\/div>\n\t\t<\/div><\/div><\/div><!-- row close --><div class='evocard_row'><div id='event_organizer' class='evocard_box organizer' data-c='' \n\t\t\t\t\tstyle=''><div class='evo_metarow_organizer evorow evcal_evdata_row evcal_evrow_sm '>\n\t\t<span class='evcal_evdata_icons'><i class='fa fa-headphones'><\/i><\/span>\n\t\t<div class='evcal_evdata_cell'>\t\t\t\t\t\t\t\n\t\t\t<h3 class='evo_h3'>Organizator<\/h3><div class='evo_evdata_cell_content evodfx evofx_ww evofx_dr_r evogap15'><div class='evo_card_organizer evofx_1'><p class='evo_data_val evo_card_organizer_image'><img class='evolb_trigger evo_curp evo_transit_all evo_trans_sc1_03 evo_boxsh_1' data-lbvals=\"{&quot;lbc&quot;:&quot;evo_organizer_lb&quot;,&quot;lbac&quot;:&quot;lb_max&quot;,&quot;preload_temp_key&quot;:&quot;preload_taxlb&quot;,&quot;t&quot;:&quot;Centrum Kultury i Biblioteka Publiczna gminy Redzikowo&quot;,&quot;ajax&quot;:&quot;yes&quot;,&quot;ajax_type&quot;:&quot;endpoint&quot;,&quot;ajax_action&quot;:&quot;eventon_get_tax_card_content&quot;,&quot;end&quot;:&quot;client&quot;,&quot;d&quot;:{&quot;eventid&quot;:1141,&quot;ri&quot;:0,&quot;term_id&quot;:129,&quot;tax&quot;:&quot;event_organizer&quot;,&quot;load_lbcontent&quot;:true}}\"  src='https:\/\/goslupski.pl\/kalendarz\/wp-content\/uploads\/2025\/12\/415751642_781231347376575_3743567514242525945_n-300x300.jpg'\/><\/p><h4 class='evo_org_name evo_h4 marb5 evottui evocl1i evopadb10i'><span class='evo_card_organizer_name_t marb5'><a  href='https:\/\/goslupski.pl\/kalendarz\/event-organizer\/centrum-kultury-i-biblioteka-publiczna-gminy-redzikowo\/' class='evocl1i'>Centrum Kultury i Biblioteka Publiczna gminy Redzikowo<\/a><\/span><\/h4><p class='evo_card_organizer_more evomart10i'><a class='evolb_trigger evo_btn_arr mart10' data-lbvals=\"{&quot;lbc&quot;:&quot;evo_organizer_lb&quot;,&quot;lbac&quot;:&quot;lb_max&quot;,&quot;preload_temp_key&quot;:&quot;preload_taxlb&quot;,&quot;t&quot;:&quot;Centrum Kultury i Biblioteka Publiczna gminy Redzikowo&quot;,&quot;ajax&quot;:&quot;yes&quot;,&quot;ajax_type&quot;:&quot;endpoint&quot;,&quot;ajax_action&quot;:&quot;eventon_get_tax_card_content&quot;,&quot;end&quot;:&quot;client&quot;,&quot;d&quot;:{&quot;eventid&quot;:1141,&quot;ri&quot;:0,&quot;term_id&quot;:129,&quot;tax&quot;:&quot;event_organizer&quot;,&quot;load_lbcontent&quot;:true}}\" >Learn More<i class='fa fa-chevron-right'><\/i><\/a><\/p><\/div><!-- evo_card_organizer--><\/div><\/div>\t<\/div><\/div><\/div><!-- row close --><div class='evocard_row'><div id='event_getdirection' class='evocard_box getdirection' data-c='' \n\t\t\t\t\tstyle=''><div class='evo_metarow_getDr evorow evcal_evdata_row evcal_evrow_sm getdirections'>\n\t\t<form action='https:\/\/maps.google.com\/maps' method='get' target='_blank'>\n\t\t\t<input type='hidden' name='daddr' value=\"Redzikowo 20 A 76-200 Redzikowo\"\/> \n\t\t\t<div class='evo_get_direction_content evo_fx_dr_r evogap10'>\n\t\t\t\t<span class='evogetdir_header evodfx evofxdrr evofxaic evogap10'>\n\t\t\t\t\t<i class='mainicon fa fa-road evofz24i'><\/i> \n\t\t\t\t\t<h3 class='evo_h3 evopad0i' style='padding-bottom:5px;'>Get Directions<\/h3>\n\t\t\t\t<\/span>\n\t\t\t\t<span class='evogetdir_field evodfx evofx_1_1 evow100p'>\t\n\t\t\t\t\t<label for='69f54fce682ac' class='evo_aria_ready sr-only'>Address - Wyk\u0142ad\/pokaz stroj\u00f3w z epoki []<\/label>\t\t\t\t\n\t\t\t\t\t<input id='69f54fce682ac' class='evo_aria_ready_match evoInput2 evobr10 evow100p evopad10 evoff_2 evofz14i evobrdB1 evoboxbb' type='text' name='saddr' placeholder='Podaj sw\u00f3j adres' value='' style='' aria-label='Address - Wyk\u0142ad\/pokaz stroj\u00f3w z epoki []' \/>\n\t\t\t\t<\/span>\n\t\t\t\t<div class='evodfx evofxdrr evofxaic evogap10'>\n\t\t\t\t\t<i class='fa fa-location-dot'><\/i>\n\t\t\t\t\t<div class='evoposr evofx_1 evoh100p'><label for='69f54fce682ac' class='evo_aria_ready sr-only'>Destination Address - Wyk\u0142ad\/pokaz stroj\u00f3w z epoki []<\/label>\t\t\n\t\t\t\t\t\t<input id='69f54fce682ac' class='evo_aria_ready_match evoInput2 evobr10 evow100p evopad5-10 evoff_2 evofz14i evobrdB1 evoop5 evoboxbb evoh100p' type='text' style='' readonly value='Redzikowo 20 A 76-200 Redzikowo' aria-label='Destination Address - Wyk\u0142ad\/pokaz stroj\u00f3w z epoki []'\/><button class='evo_copy_address evobuttonA evocurp evohoop7 evoposa evopad5' style='right: 3px; top: 4px; background-color: #fff;' data-txt='Redzikowo 20 A 76-200 Redzikowo' data-t='Address copied to clipboard!'><i class='far fa-copy evofz16i' title='Copy Destination Address!'><\/i><\/button>\n\t\t\t\t\t<\/div>\n\t\t\t\t\t<button type='submit' class='evo_get_direction_button evcal_btn dfx evofxaic evocurp evohoop7' title='Kliknij' style='    padding: 10px 15px !important;'><i class='fa fa-chevron-right'><\/i> <\/button>\n\t\t\t\t<\/div>\n\t\t\t<\/div>\n\t\t<\/form>\n\t<\/div><\/div><\/div><!-- row close --><button class='evo_card_row_end evcal_close' title='Zamknij'><\/button><\/div><div class='clear end'><\/div><\/div><\/div><\/div><\/div><div class=\"evosl_footer_outter\"><div class=\"evosl_footer\"><\/div><\/div>\t\t \t<div id='evcal_footer' class='evo_bottom' style='display:none'>\r\n\t\t \t\t<div class='evo_cal_data' data-sc=\"{&quot;accord&quot;:&quot;no&quot;,&quot;bottom_nav&quot;:&quot;no&quot;,&quot;cal_id&quot;:&quot;&quot;,&quot;cal_init_nonajax&quot;:&quot;no&quot;,&quot;calendar_type&quot;:&quot;default&quot;,&quot;control_style&quot;:&quot;lr&quot;,&quot;el_type&quot;:&quot;ue&quot;,&quot;ep_fields&quot;:&quot;&quot;,&quot;etc_override&quot;:&quot;yes&quot;,&quot;evc_open&quot;:&quot;no&quot;,&quot;event_count&quot;:&quot;5&quot;,&quot;event_location&quot;:&quot;all&quot;,&quot;event_order&quot;:&quot;ASC&quot;,&quot;event_organizer&quot;:&quot;all&quot;,&quot;event_parts&quot;:&quot;no&quot;,&quot;event_past_future&quot;:&quot;all&quot;,&quot;event_status&quot;:&quot;all&quot;,&quot;event_tag&quot;:&quot;all&quot;,&quot;event_type&quot;:&quot;all&quot;,&quot;event_type_2&quot;:&quot;all&quot;,&quot;event_virtual&quot;:&quot;all&quot;,&quot;eventtop_date_style&quot;:&quot;0&quot;,&quot;eventtop_style&quot;:&quot;2&quot;,&quot;exp_jumper&quot;:&quot;no&quot;,&quot;exp_so&quot;:&quot;no&quot;,&quot;filter_relationship&quot;:&quot;AND&quot;,&quot;filter_show_set_only&quot;:&quot;no&quot;,&quot;filter_style&quot;:&quot;default&quot;,&quot;filter_type&quot;:&quot;default&quot;,&quot;filters&quot;:&quot;yes&quot;,&quot;fixed_month&quot;:&quot;&quot;,&quot;fixed_year&quot;:&quot;&quot;,&quot;focus_end_date_range&quot;:&quot;1780311599&quot;,&quot;focus_start_date_range&quot;:&quot;1777684430&quot;,&quot;ft_event_priority&quot;:&quot;yes&quot;,&quot;hide_arrows&quot;:&quot;no&quot;,&quot;hide_cancels&quot;:&quot;no&quot;,&quot;hide_empty_months&quot;:&quot;no&quot;,&quot;hide_end_time&quot;:&quot;no&quot;,&quot;hide_et_dn&quot;:&quot;no&quot;,&quot;hide_et_extra&quot;:&quot;no&quot;,&quot;hide_et_tags&quot;:&quot;no&quot;,&quot;hide_et_tl&quot;:&quot;no&quot;,&quot;hide_ft&quot;:&quot;no&quot;,&quot;hide_ft_img&quot;:&quot;no&quot;,&quot;hide_month_headers&quot;:&quot;no&quot;,&quot;hide_mult_occur&quot;:&quot;no&quot;,&quot;hide_past&quot;:&quot;no&quot;,&quot;hide_past_by&quot;:&quot;ee&quot;,&quot;hide_so&quot;:&quot;no&quot;,&quot;ics&quot;:&quot;no&quot;,&quot;jumper&quot;:&quot;no&quot;,&quot;jumper_count&quot;:&quot;5&quot;,&quot;jumper_offset&quot;:&quot;0&quot;,&quot;lang&quot;:&quot;L1&quot;,&quot;layout_changer&quot;:&quot;no&quot;,&quot;livenow_bar&quot;:&quot;yes&quot;,&quot;mapformat&quot;:&quot;roadmap&quot;,&quot;mapiconurl&quot;:&quot;&quot;,&quot;maps_load&quot;:&quot;yes&quot;,&quot;mapscroll&quot;:&quot;true&quot;,&quot;mapzoom&quot;:&quot;18&quot;,&quot;members_only&quot;:&quot;no&quot;,&quot;ml_priority&quot;:&quot;no&quot;,&quot;ml_toend&quot;:&quot;no&quot;,&quot;month_incre&quot;:&quot;0&quot;,&quot;number_of_months&quot;:&quot;1&quot;,&quot;only_ft&quot;:&quot;no&quot;,&quot;pec&quot;:&quot;&quot;,&quot;s&quot;:&quot;&quot;,&quot;search&quot;:&quot;&quot;,&quot;search_all&quot;:&quot;no&quot;,&quot;sep_month&quot;:&quot;no&quot;,&quot;show_et_ft_img&quot;:&quot;yes&quot;,&quot;show_limit&quot;:&quot;no&quot;,&quot;show_limit_ajax&quot;:&quot;no&quot;,&quot;show_limit_paged&quot;:&quot;1&quot;,&quot;show_limit_redir&quot;:&quot;&quot;,&quot;show_repeats&quot;:&quot;no&quot;,&quot;show_search&quot;:&quot;no&quot;,&quot;show_upcoming&quot;:&quot;0&quot;,&quot;show_year&quot;:&quot;no&quot;,&quot;slide_auto&quot;:&quot;yes&quot;,&quot;slide_hide_control&quot;:&quot;no&quot;,&quot;slide_nav_dots&quot;:&quot;yes&quot;,&quot;slide_pause_hover&quot;:&quot;no&quot;,&quot;slide_style&quot;:&quot;imgleft&quot;,&quot;slider_pause&quot;:&quot;2000&quot;,&quot;slider_speed&quot;:&quot;1000&quot;,&quot;slider_type&quot;:&quot;def&quot;,&quot;slides_visible&quot;:&quot;1&quot;,&quot;social_share&quot;:&quot;no&quot;,&quot;sort_by&quot;:&quot;sort_date&quot;,&quot;tile_bg&quot;:&quot;1&quot;,&quot;tile_bg_size&quot;:&quot;full&quot;,&quot;tile_count&quot;:&quot;2&quot;,&quot;tile_height&quot;:&quot;0&quot;,&quot;tile_style&quot;:&quot;1&quot;,&quot;tiles&quot;:&quot;yes&quot;,&quot;ux_val&quot;:&quot;3&quot;,&quot;view_switcher&quot;:&quot;no&quot;,&quot;wpml_l1&quot;:&quot;&quot;,&quot;wpml_l2&quot;:&quot;&quot;,&quot;wpml_l3&quot;:&quot;&quot;,&quot;x_ids&quot;:&quot;&quot;,&quot;yl_priority&quot;:&quot;no&quot;,&quot;yl_toend&quot;:&quot;no&quot;,&quot;fixed_date&quot;:&quot;&quot;,&quot;fixed_day&quot;:&quot;1&quot;,&quot;_cver&quot;:&quot;5.0.6&quot;}\" data-filter_data=\"\" data-nav_data=\"{&quot;month_title&quot;:&quot;&lt;p id=&#039;evcal_cur&#039; class=&#039;evo_month_title padr10&#039;&gt; , &lt;\\\/p&gt;&quot;,&quot;arrows&quot;:&quot;&lt;p class=&#039;evo_arrows&#039;&gt;\\r\\n\\t\\t\\t\\t\\t&lt;button id=&#039;evcal_prev&#039; class=&#039;evcal_arrows evcal_btn_prev evodfx evofx_jc_c evofx_ai_c&#039; aria-label=&#039;Previous Month&#039;&gt;&lt;i class=&#039;fa fa-chevron-left&#039; aria-hidden=&#039;true&#039;&gt;&lt;\\\/i&gt;&lt;\\\/button&gt;\\r\\n\\t\\t\\t\\t\\t&lt;button id=&#039;evcal_next&#039; class=&#039;evcal_arrows evo_arrow_next evcal_btn_next evodfx evofx_jc_c evofx_ai_c&#039; aria-label=&#039;Next Month&#039;&gt;&lt;i class=&#039;fa fa-chevron-right&#039; aria-hidden=&#039;true&#039;&gt;&lt;\\\/i&gt;&lt;\\\/button&gt;\\r\\n\\t\\t\\t\\t\\t&lt;\\\/p&gt;&quot;}\" data-od=\"{&quot;lang_no_events&quot;:&quot;No Events&quot;,&quot;cal_tz_offset&quot;:-660,&quot;cal_tz&quot;:&quot;Pacific\\\/Midway&quot;}\" ><\/div>\r\n\t\t \t\t<div class='evo_cal_events' data-events=\"\"><\/div>\r\n\t\t \t<\/div>\r\n\t\t\t<\/div>\n\n\n<\/div><\/div><\/div><\/div><div class=\"fusion-fullwidth fullwidth-box fusion-builder-row-3 fusion-flex-container nonhundred-percent-fullwidth non-hundred-percent-height-scrolling\" style=\"--awb-border-radius-top-left:0px;--awb-border-radius-top-right:0px;--awb-border-radius-bottom-right:0px;--awb-border-radius-bottom-left:0px;--awb-flex-wrap:wrap;\" ><div class=\"fusion-builder-row fusion-row fusion-flex-align-items-flex-start fusion-flex-content-wrap\" style=\"max-width:1248px;margin-left: calc(-4% \/ 2 );margin-right: calc(-4% \/ 2 );\"><div class=\"fusion-layout-column fusion_builder_column fusion-builder-column-2 fusion_builder_column_1_2 1_2 fusion-flex-column\" style=\"--awb-padding-right:20px;--awb-bg-size:cover;--awb-width-large:50%;--awb-margin-top-large:0px;--awb-spacing-right-large:1.92%;--awb-margin-bottom-large:20px;--awb-spacing-left-large:3.84%;--awb-width-medium:50%;--awb-order-medium:0;--awb-spacing-right-medium:1.92%;--awb-spacing-left-medium:3.84%;--awb-width-small:100%;--awb-order-small:0;--awb-spacing-right-small:1.92%;--awb-spacing-left-small:1.92%;\"><div class=\"fusion-column-wrapper fusion-column-has-shadow fusion-flex-justify-content-flex-start fusion-content-layout-column\"><div class=\"fusion-builder-row fusion-builder-row-inner fusion-row fusion-flex-align-items-flex-start fusion-flex-content-wrap\" style=\"width:104% !important;max-width:104% !important;margin-left: calc(-4% \/ 2 );margin-right: calc(-4% \/ 2 );\"><div class=\"fusion-layout-column fusion_builder_column_inner fusion-builder-nested-column-0 fusion_builder_column_inner_1_1 1_1 fusion-flex-column\" style=\"--awb-padding-top:15px;--awb-padding-bottom:15px;--awb-bg-color:#003f7a;--awb-bg-color-hover:#003f7a;--awb-bg-size:cover;--awb-width-large:100%;--awb-margin-top-large:0px;--awb-spacing-right-large:1.92%;--awb-margin-bottom-large:20px;--awb-spacing-left-large:1.92%;--awb-width-medium:100%;--awb-order-medium:0;--awb-spacing-right-medium:1.92%;--awb-spacing-left-medium:1.92%;--awb-width-small:100%;--awb-order-small:0;--awb-spacing-right-small:1.92%;--awb-spacing-left-small:1.92%;\"><div class=\"fusion-column-wrapper fusion-column-has-shadow fusion-flex-justify-content-flex-start fusion-content-layout-column\"><div class=\"fusion-title title fusion-title-1 fusion-sep-none fusion-title-center fusion-title-text fusion-title-size-two\" style=\"--awb-text-color:#ffffff;--awb-font-size:28px;\"><h2 class=\"fusion-title-heading title-heading-center\" style=\"margin:0;font-size:1em;\">W tym tygodniu<\/h2><\/div><\/div><\/div><\/div><div class=\"fusion-separator fusion-full-width-sep\" style=\"align-self: center;margin-left: auto;margin-right: auto;margin-top:40px;width:100%;\"><\/div><!-- EventON Calendar --><div id='evcal_calendar_449' class='ajde_evcal_calendar sev cev color esty_2 etttc_custom evoWV ajax_loading_cal' data-cal=''><div id='evcal_head' class='calendar_header ' ><div class='evo_cal_above evodfx evofx_dr_r marb5 evofx_ww'><button class='cal_head_btn evo-search' aria-label='Search'><\/button><button class='cal_head_btn evo-filter-btn' aria-label='Filter'><em><\/em><\/button><button class='cal_head_btn evo-gototoday-btn' style='' data-mo='4' data-yr='2026' data-dy='' aria-label='Go to today'>Obecny miesi\u0105c<\/button><\/div><div class='evo_cal_above_content'><\/div><div class='evo_header_title '><\/div><div class='evo_cal_header_end_content'>\t\t\t\t\t\r\n\t\t\t\t<div class='evo_search_bar evo_hidden'>\r\n\t\t\t\t\t<div class='evo_search_bar_in' >\r\n\t\t\t\t\t\t<label for='saddr-input' class='sr-only'>wyszukaj<\/label>\t\t\r\n\t\t\t\t\t\t<input id='evo_search_bar_in_449' class='evo_search_bar_in_field' type=\"text\" placeholder='wyszukaj' data-role=\"none\"\/>\r\n\t\t\t\t\t\t<a class=\"evosr_search_clear_btn\"><i class=\"fa fa-close\"><\/i><\/a>\r\n\t\t\t\t\t\t<a class=\"evosr_search_btn\"><i class=\"fa fa-search\"><\/i><\/a>\r\n\t\t\t\t\t<\/div>\r\n\t\t\t\t<\/div>\r\n\r\n\t\t\t<\/div><\/div><div class='evo_filter_bar evo_main_filter_bar eventon_sorting_section '><div class='evo_filter_container evodfx evo_fx_ai_c'><div class='evo_filter_container_in'><div class='eventon_filter_line' ><div class='evo_loading_bar_holder h100 loading_filters swipe' style='min-height:30px;'><div class='nesthold r g10'><div class='evo_loading_bar wid_100% hi_30px' style='width:100%; height:30px; margin-bottom:1px;'><\/div><div class='evo_loading_bar wid_100% hi_30px' style='width:100%; height:30px; margin-bottom:1px;'><\/div><div class='evo_loading_bar wid_100% hi_30px' style='width:100%; height:30px; margin-bottom:1px;'><\/div><div class='evo_loading_bar wid_100% hi_30px' style='width:100%; height:30px; margin-bottom:1px;'><\/div><div class='evo_loading_bar wid_100% hi_30px' style='width:100%; height:30px; margin-bottom:1px;'><\/div><\/div><\/div><\/div><\/div><div class='evo_filter_nav evo_filter_l'><i class='fa fa-chevron-left'><\/i><\/div><div class='evo_filter_nav evo_filter_r'><i class='fa fa-chevron-right'><\/i><\/div><\/div><div class='evo_filter_aply_btns'><\/div><div class='evo_filter_menu'><\/div><\/div>\t\t\t<div class='evo_ajax_load_events evowv_pre_loader'>\r\n\t\t\t\t<span class='d'><\/span>\r\n\t\t\t\t<span class='w'><\/span>\r\n\t\t\t<\/div>\r\n\t\t\t<div id='eventon_loadbar_section'><div id='eventon_loadbar'><\/div><\/div><!-- Events List --><div class='evo_events_list_box'><div id='evcal_list' class='eventon_events_list '><div class='evo_loading_bar_holder h100 loading_e swipe' style=''><div class='nest nest1 e'><div class='nesthold r g10'><div class='nest nest2 e1'><div class='evo_loading_bar wid_100px hi_95px' style='width:100px; height:95px; '><\/div><\/div><div class='nest nest2 e2'><div class='evo_loading_bar wid_50% hi_55px' style='width:50%; height:55px; '><\/div><div class='evo_loading_bar wid_90% hi_30px' style='width:90%; height:30px; '><\/div><\/div><\/div><\/div><div class='nest nest1 e'><div class='nesthold r g10'><div class='nest nest2 e1'><div class='evo_loading_bar wid_100px hi_95px' style='width:100px; height:95px; '><\/div><\/div><div class='nest nest2 e2'><div class='evo_loading_bar wid_50% hi_55px' style='width:50%; height:55px; '><\/div><div class='evo_loading_bar wid_90% hi_30px' style='width:90%; height:30px; '><\/div><\/div><\/div><\/div><div class='nest nest1 e'><div class='nesthold r g10'><div class='nest nest2 e1'><div class='evo_loading_bar wid_100px hi_95px' style='width:100px; height:95px; '><\/div><\/div><div class='nest nest2 e2'><div class='evo_loading_bar wid_50% hi_55px' style='width:50%; height:55px; '><\/div><div class='evo_loading_bar wid_90% hi_30px' style='width:90%; height:30px; '><\/div><\/div><\/div><\/div><\/div>\t\t\t<\/div>\r\n\t\t\t<\/div><!-- evo_events_list_box -->\t\r\n\t\t\t<div class='clear'><\/div>\r\n\t\t\t\t\t \t<div id='evcal_footer' class='evo_bottom' style='display:none'>\r\n\t\t \t\t<div class='evo_cal_data' data-sc=\"{&quot;_in_ws&quot;:&quot;1777248000&quot;,&quot;accord&quot;:&quot;no&quot;,&quot;always_first_week&quot;:&quot;no&quot;,&quot;bottom_nav&quot;:&quot;no&quot;,&quot;cal_id&quot;:&quot;&quot;,&quot;cal_init_nonajax&quot;:&quot;no&quot;,&quot;calendar_type&quot;:&quot;weekly&quot;,&quot;control_style&quot;:&quot;def&quot;,&quot;disable_week_switch&quot;:&quot;no&quot;,&quot;el_type&quot;:&quot;ue&quot;,&quot;ep_fields&quot;:&quot;&quot;,&quot;etc_override&quot;:&quot;yes&quot;,&quot;evc_open&quot;:&quot;no&quot;,&quot;event_count&quot;:&quot;8&quot;,&quot;event_location&quot;:&quot;all&quot;,&quot;event_order&quot;:&quot;ASC&quot;,&quot;event_organizer&quot;:&quot;all&quot;,&quot;event_parts&quot;:&quot;no&quot;,&quot;event_past_future&quot;:&quot;all&quot;,&quot;event_status&quot;:&quot;all&quot;,&quot;event_tag&quot;:&quot;all&quot;,&quot;event_type&quot;:&quot;all&quot;,&quot;event_type_2&quot;:&quot;all&quot;,&quot;event_virtual&quot;:&quot;all&quot;,&quot;eventtop_date_style&quot;:0,&quot;eventtop_style&quot;:&quot;2&quot;,&quot;exp_jumper&quot;:&quot;yes&quot;,&quot;exp_so&quot;:&quot;no&quot;,&quot;filter_relationship&quot;:&quot;AND&quot;,&quot;filter_show_set_only&quot;:&quot;no&quot;,&quot;filter_style&quot;:&quot;default&quot;,&quot;filter_type&quot;:&quot;default&quot;,&quot;filters&quot;:&quot;yes&quot;,&quot;fixed_month&quot;:&quot;4&quot;,&quot;fixed_week&quot;:1,&quot;fixed_year&quot;:&quot;2026&quot;,&quot;focus_end_date_range&quot;:&quot;1777852799&quot;,&quot;focus_start_date_range&quot;:&quot;1777248000&quot;,&quot;ft_event_priority&quot;:&quot;no&quot;,&quot;hide_arrows&quot;:&quot;no&quot;,&quot;hide_cancels&quot;:&quot;no&quot;,&quot;hide_empty_months&quot;:&quot;no&quot;,&quot;hide_end_time&quot;:&quot;no&quot;,&quot;hide_et_dn&quot;:&quot;no&quot;,&quot;hide_et_extra&quot;:&quot;no&quot;,&quot;hide_et_tags&quot;:&quot;no&quot;,&quot;hide_et_tl&quot;:&quot;no&quot;,&quot;hide_events_onload&quot;:&quot;no&quot;,&quot;hide_ft&quot;:&quot;no&quot;,&quot;hide_ft_img&quot;:&quot;no&quot;,&quot;hide_month_headers&quot;:&quot;no&quot;,&quot;hide_mult_occur&quot;:&quot;no&quot;,&quot;hide_past&quot;:&quot;no&quot;,&quot;hide_past_by&quot;:&quot;ee&quot;,&quot;hide_so&quot;:&quot;no&quot;,&quot;ics&quot;:&quot;no&quot;,&quot;jumper&quot;:&quot;yes&quot;,&quot;jumper_count&quot;:5,&quot;jumper_offset&quot;:&quot;0&quot;,&quot;lang&quot;:&quot;L1&quot;,&quot;layout_changer&quot;:&quot;no&quot;,&quot;livenow_bar&quot;:&quot;yes&quot;,&quot;mapformat&quot;:&quot;roadmap&quot;,&quot;mapiconurl&quot;:&quot;&quot;,&quot;maps_load&quot;:&quot;yes&quot;,&quot;mapscroll&quot;:&quot;true&quot;,&quot;mapzoom&quot;:&quot;18&quot;,&quot;members_only&quot;:&quot;no&quot;,&quot;ml_priority&quot;:&quot;no&quot;,&quot;ml_toend&quot;:&quot;no&quot;,&quot;month_incre&quot;:0,&quot;number_of_months&quot;:&quot;1&quot;,&quot;only_ft&quot;:&quot;no&quot;,&quot;pec&quot;:&quot;&quot;,&quot;s&quot;:&quot;&quot;,&quot;search&quot;:&quot;&quot;,&quot;search_all&quot;:&quot;no&quot;,&quot;sep_month&quot;:&quot;no&quot;,&quot;show_et_ft_img&quot;:&quot;yes&quot;,&quot;show_limit&quot;:&quot;yes&quot;,&quot;show_limit_ajax&quot;:&quot;yes&quot;,&quot;show_limit_paged&quot;:1,&quot;show_limit_redir&quot;:&quot;&quot;,&quot;show_repeats&quot;:&quot;no&quot;,&quot;show_search&quot;:&quot;no&quot;,&quot;show_upcoming&quot;:0,&quot;show_year&quot;:&quot;no&quot;,&quot;slide_auto&quot;:&quot;no&quot;,&quot;slide_hide_control&quot;:&quot;no&quot;,&quot;slide_nav_dots&quot;:&quot;no&quot;,&quot;slide_pause_hover&quot;:&quot;no&quot;,&quot;slide_style&quot;:&quot;def&quot;,&quot;slider_pause&quot;:&quot;2000&quot;,&quot;slider_speed&quot;:&quot;400&quot;,&quot;slider_type&quot;:&quot;def&quot;,&quot;slides_visible&quot;:1,&quot;social_share&quot;:&quot;no&quot;,&quot;sort_by&quot;:&quot;sort_date&quot;,&quot;table_style&quot;:0,&quot;tile_bg&quot;:0,&quot;tile_bg_size&quot;:&quot;full&quot;,&quot;tile_count&quot;:2,&quot;tile_height&quot;:0,&quot;tile_style&quot;:0,&quot;tiles&quot;:&quot;no&quot;,&quot;ux_val&quot;:&quot;0&quot;,&quot;view_switcher&quot;:&quot;no&quot;,&quot;week_incre&quot;:0,&quot;week_style&quot;:0,&quot;wpml_l1&quot;:&quot;&quot;,&quot;wpml_l2&quot;:&quot;&quot;,&quot;wpml_l3&quot;:&quot;&quot;,&quot;x_ids&quot;:&quot;&quot;,&quot;yl_priority&quot;:&quot;no&quot;,&quot;yl_toend&quot;:&quot;no&quot;,&quot;fixed_day&quot;:&quot;1&quot;,&quot;_cver&quot;:&quot;5.0.6&quot;}\" data-filter_data=\"{&quot;event_type&quot;:{&quot;__name&quot;:&quot;Kategoria&quot;,&quot;__tax&quot;:&quot;event_type&quot;,&quot;__filter_type&quot;:&quot;tax&quot;,&quot;__def_val&quot;:[&quot;all&quot;],&quot;__invals&quot;:[&quot;all&quot;],&quot;__notvals&quot;:[],&quot;__list&quot;:{&quot;all&quot;:[&quot;all&quot;,&quot;Wszystkie&quot;],&quot;dla-dzieci&quot;:[11,&quot;Dla dzieci&quot;,false,&quot;y&quot;,&quot;8f81eb&quot;],&quot;kulturalne&quot;:[7,&quot;Kulturalne&quot;,false,&quot;y&quot;,&quot;7c92f3&quot;],&quot;muzyczne&quot;:[8,&quot;Muzyczne&quot;,false,&quot;y&quot;,&quot;b2afe9&quot;],&quot;plenerowe&quot;:[10,&quot;Plenerowe&quot;,false,&quot;y&quot;,&quot;b4c0f8&quot;],&quot;sportowe&quot;:[9,&quot;Sportowe&quot;,false,&quot;y&quot;,&quot;bddafa&quot;],&quot;targi-i-konferencje&quot;:[13,&quot;Targi i konferencje&quot;,false,&quot;y&quot;,&quot;8ecbf6&quot;],&quot;wernisaz&quot;:[107,&quot;Wernisa\\u017c&quot;,false,&quot;y&quot;,&quot;&quot;],&quot;wosp-2023&quot;:[76,&quot;WO\\u015aP 2023&quot;,false,&quot;y&quot;,&quot;&quot;],&quot;wosp-2026&quot;:[158,&quot;WO\\u015aP 2026&quot;,false,&quot;y&quot;,&quot;&quot;],&quot;wydarzenia-online&quot;:[12,&quot;Wydarzenia online&quot;,false,&quot;y&quot;,&quot;ac8df6&quot;]},&quot;nterms&quot;:[&quot;all&quot;],&quot;tterms&quot;:[&quot;all&quot;],&quot;terms&quot;:[&quot;all&quot;]},&quot;event_location&quot;:{&quot;__name&quot;:&quot;Lokalizacja&quot;,&quot;__tax&quot;:&quot;event_location&quot;,&quot;__filter_type&quot;:&quot;tax&quot;,&quot;__def_val&quot;:[&quot;all&quot;],&quot;__invals&quot;:[&quot;all&quot;],&quot;__notvals&quot;:[],&quot;__list&quot;:{&quot;all&quot;:[&quot;all&quot;,&quot;Wszystkie&quot;],&quot;kruszyna-40&quot;:[53,&quot;\\u00a0Kruszyna 40&quot;,false,&quot;y&quot;,&quot;&quot;],&quot;aula-uniwersytetu-pomorskiego&quot;:[98,&quot;Aula Uniwersytetu Pomorskiego&quot;,false,&quot;y&quot;,&quot;&quot;],&quot;baltycka-galeria-sztuki-wspolczesnej-podgrodzie&quot;:[154,&quot;Ba\\u0142tycka Galeria Sztuki Wsp\\u00f3\\u0142czesnej \\\/ Podgrodzie&quot;,false,&quot;y&quot;,&quot;&quot;],&quot;baltycka-galeria-sztuki-wspolczesnej-ustka&quot;:[157,&quot;Ba\\u0142tycka Galeria Sztuki Wsp\\u00f3\\u0142czesnej\\\/Ustka&quot;,false,&quot;y&quot;,&quot;&quot;],&quot;bazarek-natury-w-kepie-slupskiej&quot;:[90,&quot;Bazarek Natury w Kepie S\\u0142upskiej&quot;,false,&quot;y&quot;,&quot;&quot;],&quot;bialy-spichlerz&quot;:[159,&quot;Bia\\u0142y Spichlerz&quot;,false,&quot;y&quot;,&quot;&quot;],&quot;biblioteka-publiczna-miasta-i-gminy-kepice&quot;:[61,&quot;Biblioteka Publiczna Miasta i Gminy K\\u0119pice&quot;,false,&quot;y&quot;,&quot;&quot;],&quot;biblioteka-publiczna-w-duninowie&quot;:[181,&quot;Biblioteka Publiczna w Duninowie&quot;,false,&quot;y&quot;,&quot;&quot;],&quot;bunkry-bluechera-w-ustce&quot;:[32,&quot;Bunkry Bluechera w Ustce&quot;,false,&quot;y&quot;,&quot;&quot;],&quot;centrum-edukacji-i-kultury-w-damnicy&quot;:[166,&quot;Centrum Edukacji i Kultury w Damnicy&quot;,false,&quot;y&quot;,&quot;&quot;],&quot;centrum-kultury-i-promocji-w-kobylnicy&quot;:[133,&quot;Centrum Kultury i Promocji w Kobylnicy&quot;,false,&quot;y&quot;,&quot;&quot;],&quot;centrum-kultury-powiatu-slupskiego-w-damnicy&quot;:[25,&quot;Centrum Kultury Powiatu S\\u0142upskiego w Damnicy&quot;,false,&quot;y&quot;,&quot;&quot;],&quot;czerwony-spichlerz&quot;:[174,&quot;Czerwony Spichlerz&quot;,false,&quot;y&quot;,&quot;&quot;],&quot;debnica-kaszubska&quot;:[80,&quot;D\\u0119bnica Kaszubska&quot;,false,&quot;y&quot;,&quot;&quot;],&quot;debnica-kaszusbka&quot;:[78,&quot;D\\u0119bnica Kaszusbka&quot;,false,&quot;y&quot;,&quot;&quot;],&quot;dolina-charlotty&quot;:[5,&quot;Dolina Charlotty&quot;,false,&quot;y&quot;,&quot;&quot;],&quot;dom-kultury-w-ustce&quot;:[118,&quot;Dom Kultury w Ustce&quot;,false,&quot;y&quot;,&quot;&quot;],&quot;galeria-ot-rondo-im-jadwigi-girsa-zimy&quot;:[173,&quot;Galeria OT Rondo im. Jadwigi Girsa-Zimy&quot;,false,&quot;y&quot;,&quot;&quot;],&quot;gmina-kepice&quot;:[139,&quot;Gmina K\\u0119pice&quot;,false,&quot;y&quot;,&quot;&quot;],&quot;gminne-centrum-kultury-i-promocji-w-kobylnicy&quot;:[20,&quot;Gminne Centrum Kultury i Promocji w Kobylnicy&quot;,false,&quot;y&quot;,&quot;&quot;],&quot;gminny-osrodek-kultury&quot;:[147,&quot;Gminny O\\u015brodek Kultury&quot;,false,&quot;y&quot;,&quot;&quot;],&quot;gminny-osrodek-kultury-w-glowczycach&quot;:[135,&quot;Gminny O\\u015brodek Kultury w G\\u0142\\u00f3wczycach&quot;,false,&quot;y&quot;,&quot;&quot;],&quot;gminny-osrodek-kultury-w-kobylnicy&quot;:[148,&quot;Gminny O\\u015brodek Kultury w Kobylnicy&quot;,false,&quot;y&quot;,&quot;&quot;],&quot;gminny-osrodek-kultury-w-potegowie&quot;:[81,&quot;Gminny O\\u015brodek Kultury w Pot\\u0119gowie&quot;,false,&quot;y&quot;,&quot;&quot;],&quot;gminny-osrodek-kultury-w-smoldzinie&quot;:[112,&quot;Gminny O\\u015brodek Kultury w Smo\\u0142dzinie&quot;,false,&quot;y&quot;,&quot;&quot;],&quot;gok-w-debnicy-kaszubskiej&quot;:[138,&quot;GOK w D\\u0119bnicy Kaszubskiej&quot;,false,&quot;y&quot;,&quot;&quot;],&quot;hala-gryfia&quot;:[92,&quot;Hala Gryfia&quot;,false,&quot;y&quot;,&quot;&quot;],&quot;hala-sportowa-w-glowczycach&quot;:[151,&quot;Hala sportowa w G\\u0142owczycach&quot;,false,&quot;y&quot;,&quot;&quot;],&quot;hala-widowiskowa-centrum-edukacji-i-kultury-w-damnicy&quot;:[83,&quot;Hala Widowiskowa Centrum Edukacji i Kultury w Damnicy&quot;,false,&quot;y&quot;,&quot;&quot;],&quot;hala-widowiskowa-w-kobylnicy&quot;:[77,&quot;Hala widowiskowa w Kobylnicy&quot;,false,&quot;y&quot;,&quot;&quot;],&quot;hala-widowiskowo-sportowa-w-jezierzycach&quot;:[16,&quot;Hala widowiskowo-sportowa w Jezierzycach&quot;,false,&quot;y&quot;,&quot;&quot;],&quot;karzniczka&quot;:[56,&quot;Karzniczka&quot;,false,&quot;y&quot;,&quot;&quot;],&quot;kasztel-slupski&quot;:[170,&quot;Kasztel S\\u0142upski&quot;,false,&quot;y&quot;,&quot;&quot;],&quot;kepice&quot;:[43,&quot;K\\u0119pice&quot;,false,&quot;y&quot;,&quot;&quot;],&quot;kluki&quot;:[36,&quot;Kluki&quot;,false,&quot;y&quot;,&quot;&quot;],&quot;kosciele-pw-najswietszej-matki-bozej-czestochowskiej-w-duninowie&quot;:[40,&quot;Ko\\u015bciele pw. Naj\\u015bwi\\u0119tszej Matki Bo\\u017cej Cz\\u0119stochowskiej w Duninowie&quot;,false,&quot;y&quot;,&quot;&quot;],&quot;kosciol-najswietszego-zbawiciela-w-ustce&quot;:[108,&quot;Ko\\u015bci\\u00f3\\u0142 Naj\\u015bwietszego Zbawiciela w Ustce&quot;,false,&quot;y&quot;,&quot;&quot;],&quot;kosciol-parafialny-w-glowczycach&quot;:[114,&quot;Ko\\u015bci\\u00f3\\u0142 Parafialny w G\\u0142\\u00f3wczycach&quot;,false,&quot;y&quot;,&quot;&quot;],&quot;kosciol-przemienienia-panskiego-we-wrzesciu&quot;:[67,&quot;Ko\\u015bci\\u00f3\\u0142 Przemienienia Pa\\u0144skiego we Wrze\\u015bciu&quot;,false,&quot;y&quot;,&quot;&quot;],&quot;kosciol-pw-niepokalanego-poczecia-nmp-w-bruskowie-wielkim&quot;:[68,&quot;Ko\\u015bci\\u00f3\\u0142 pw. NIepokalanego Pocz\\u0119cia NMP w Bruskowie WIelkim&quot;,false,&quot;y&quot;,&quot;&quot;],&quot;kosciol-pw-sw-antoniego-padewskiego-w-jezierzycach&quot;:[96,&quot;Ko\\u015bci\\u00f3\\u0142 pw. \\u015bw. Antoniego Padewskiego w Jezierzycach&quot;,false,&quot;y&quot;,&quot;&quot;],&quot;kosciol_w_siemianicach&quot;:[23,&quot;Ko\\u015bci\\u00f3\\u0142 pw. \\u015bw. J\\u00f3zefa Rzemie\\u015blnika w Siemianicach&quot;,false,&quot;y&quot;,&quot;&quot;],&quot;kosciol_we_wlynkowku&quot;:[21,&quot;Ko\\u015bci\\u00f3\\u0142 pw. \\u015bw. Wojciecha Biskupa i M\\u0119czennika we W\\u0142ynk\\u00f3wku&quot;,false,&quot;y&quot;,&quot;&quot;],&quot;kosciol-pw-urszuli-ledochowskiej-w-wieszynie&quot;:[70,&quot;Ko\\u015bci\\u00f3\\u0142 pw. Urszuli Led\\u00f3chowskiej w Wieszynie&quot;,false,&quot;y&quot;,&quot;&quot;],&quot;kosciol-pw-wniebowziecia-nmp-w-swolowie&quot;:[66,&quot;Ko\\u015bci\\u00f3\\u0142 pw. Wniebowzi\\u0119cia NMP w Swo\\u0142owie&quot;,false,&quot;y&quot;,&quot;&quot;],&quot;kosciol-pw-nmp-w-swolowie&quot;:[65,&quot;Ko\\u015bci\\u00f3\\u0142 pw.NMP w Swo\\u0142owie&quot;,false,&quot;y&quot;,&quot;&quot;],&quot;kosciol_w_bierkowie&quot;:[22,&quot;Ko\\u015bci\\u00f3\\u0142 w Bierkowie&quot;,false,&quot;y&quot;,&quot;&quot;],&quot;kosciol-w-duninowie&quot;:[39,&quot;Ko\\u015bci\\u00f3\\u0142 w Duninowie&quot;,false,&quot;y&quot;,&quot;&quot;],&quot;krepa-slupska&quot;:[71,&quot;Kr\\u0119pa S\\u0142upska&quot;,false,&quot;y&quot;,&quot;&quot;],&quot;kwakowo-gmina-kobylnica&quot;:[38,&quot;Kwakowo \\\/ gmina Kobylnica&quot;,false,&quot;y&quot;,&quot;&quot;],&quot;ladowisku-kultury-w-redzikowie&quot;:[58,&quot;L\\u0105dowisku Kultury w Redzikowie&quot;,false,&quot;y&quot;,&quot;&quot;],&quot;latarnia-morska-czolpino&quot;:[150,&quot;Latarnia Morska Czo\\u0142pino&quot;,false,&quot;y&quot;,&quot;&quot;],&quot;lokalne-centrum-kultury-w-bobrownikach&quot;:[167,&quot;Lokalne Centrum Kultury w Bobrownikach&quot;,false,&quot;y&quot;,&quot;&quot;],&quot;lubun-przystan-kajakowa&quot;:[183,&quot;Lubu\\u0144 (przysta\\u0144 kajakowa)&quot;,false,&quot;y&quot;,&quot;&quot;],&quot;marynarki-polskiej-14&quot;:[146,&quot;Marynarki Polskiej 14&quot;,false,&quot;y&quot;,&quot;&quot;],&quot;muzeum-kultury-ludowej-pomorza-w-swolowie&quot;:[64,&quot;Muzeum Kultury Ludowej Pomorza w Swo\\u0142owie&quot;,false,&quot;y&quot;,&quot;&quot;],&quot;muzeum-w-czolpinie&quot;:[48,&quot;Muzeum w Czo\\u0142pinie&quot;,false,&quot;y&quot;,&quot;&quot;],&quot;muzeum-w-rabce&quot;:[117,&quot;Muzeum w R\\u0105bce&quot;,false,&quot;y&quot;,&quot;&quot;],&quot;muzeum-w-rowach&quot;:[116,&quot;Muzeum w Rowach&quot;,false,&quot;y&quot;,&quot;&quot;],&quot;muzeum-wsi-slowinskiej-w-klukach&quot;:[89,&quot;Muzeum Wsi S\\u0142owi\\u0144skiej w Klukach&quot;,false,&quot;y&quot;,&quot;&quot;],&quot;na-terenie-muzeum-kultury-ludowej-pomorza-zagroda-nr-15&quot;:[140,&quot;Na terenie Muzeum Kultury Ludowej Pomorza (Zagroda nr 15)&quot;,false,&quot;y&quot;,&quot;&quot;],&quot;na-terenie-zagrody-albrechta-muzeum-w-swolowie&quot;:[54,&quot;na terenie Zagrody Albrechta Muzeum w Swo\\u0142owie&quot;,false,&quot;y&quot;,&quot;&quot;],&quot;osrodek-sobotka-nad-jeziorem-obleskim&quot;:[50,&quot;O\\u015brodek Sob\\u00f3tka nad Jeziorem Ob\\u0142\\u0119skim&quot;,false,&quot;y&quot;,&quot;&quot;],&quot;osrodka-sportu-i-rozwoju-w-ustce&quot;:[94,&quot;O\\u015brodka Sportu i Rozwoju w Ustce&quot;,false,&quot;y&quot;,&quot;&quot;],&quot;palac-w-damnicy&quot;:[109,&quot;Pa\\u0142ac w Damnicy&quot;,false,&quot;y&quot;,&quot;&quot;],&quot;park-kultury-w-rowach&quot;:[34,&quot;Park Kultury w Rowach&quot;,false,&quot;y&quot;,&quot;&quot;],&quot;park-pod-brzozami&quot;:[145,&quot;Park pod Brzozami&quot;,false,&quot;y&quot;,&quot;&quot;],&quot;parku-kultury-i-wypoczynku-w-rowach&quot;:[45,&quot;Parku Kultury i Wypoczynku w Rowach&quot;,false,&quot;y&quot;,&quot;&quot;],&quot;plac-dabrowskiego-ustka&quot;:[6,&quot;Plac D\\u0105browskiego w Ustce&quot;,false,&quot;y&quot;,&quot;&quot;],&quot;plac-wolnosci-w-kepicach&quot;:[132,&quot;Plac Wolno\\u015bci w K\\u0119picach&quot;,false,&quot;y&quot;,&quot;&quot;],&quot;plaza-w-ustce&quot;:[130,&quot;Pla\\u017ca w Ustce&quot;,false,&quot;y&quot;,&quot;&quot;],&quot;plaza-wschodnia-w-ustce&quot;:[29,&quot;Pla\\u017ca Wschodnia w Ustce&quot;,false,&quot;y&quot;,&quot;&quot;],&quot;polska-filharmonia-sinfonia-baltica-im-wojciecha-kilara&quot;:[72,&quot;Polska Filharmonia Sinfonia Baltica im. Wojciecha Kilara&quot;,false,&quot;y&quot;,&quot;&quot;],&quot;ratusz-miejski&quot;:[122,&quot;Ratusz Miejski&quot;,false,&quot;y&quot;,&quot;&quot;],&quot;ratusz-miejski-w-slupsku&quot;:[126,&quot;Ratusz Miejski w S\\u0142upsku&quot;,false,&quot;y&quot;,&quot;&quot;],&quot;restauracja-anna-de-croy&quot;:[179,&quot;Restauracja Anna de Croy&quot;,false,&quot;y&quot;,&quot;&quot;],&quot;sala_gimnastyczna_w_konczewie&quot;:[24,&quot;Sala gimnastyczna w Ko\\u0144czewie&quot;,false,&quot;y&quot;,&quot;&quot;],&quot;sala-sportowa-sp-zaleskie&quot;:[169,&quot;Sala sportowa SP Zaleskie&quot;,false,&quot;y&quot;,&quot;&quot;],&quot;sala-teatralna-gminnego-centrum-kultury-i-promocji-w-kobylnicy&quot;:[27,&quot;Sala Teatralna Gminnego Centrum Kultury i Promocji w Kobylnicy&quot;,false,&quot;y&quot;,&quot;&quot;],&quot;sala-widowiskowa-biblioteki-w-kepicach&quot;:[97,&quot;Sala widowiskowa Biblioteki w K\\u0119picach&quot;,false,&quot;y&quot;,&quot;&quot;],&quot;siemianice-ul-zytnia-boisko-sportowe-klubu-sportowego-szansa-siemianice&quot;:[141,&quot;Siemianice, ul \\u017bytnia - Boisko Sportowe Klubu Sportowego SZANSA Siemianice&quot;,false,&quot;y&quot;,&quot;&quot;],&quot;slupsk-hala-gryfia&quot;:[85,&quot;S\\u0142upsk Hala Gryfia&quot;,false,&quot;y&quot;,&quot;&quot;],&quot;slupskie-bulwary&quot;:[75,&quot;S\\u0142upskie Bulwary&quot;,false,&quot;y&quot;,&quot;&quot;],&quot;smoldzinski-las-45&quot;:[101,&quot;Smo\\u0142dzi\\u0144ski Las 45&quot;,false,&quot;y&quot;,&quot;&quot;],&quot;sp-2-w-ustce&quot;:[105,&quot;SP 2 w Ustce&quot;,false,&quot;y&quot;,&quot;&quot;],&quot;stadion-kobylnica&quot;:[177,&quot;Stadion Kobylnica&quot;,false,&quot;y&quot;,&quot;&quot;],&quot;stadion-sportowy-w-jezierzycach&quot;:[52,&quot;Stadion sportowy w Jezierzycach&quot;,false,&quot;y&quot;,&quot;&quot;],&quot;starostwo-powiatowe-w-slupsku&quot;:[18,&quot;Starostwo Powiatowe w S\\u0142upsku&quot;,false,&quot;y&quot;,&quot;&quot;],&quot;stary-rynek&quot;:[155,&quot;Stary Rynek&quot;,false,&quot;y&quot;,&quot;&quot;],&quot;strefa-360-park-wodny-redzikowo&quot;:[184,&quot;Strefa 360 Park Wodny Redzikowo&quot;,false,&quot;y&quot;,&quot;&quot;],&quot;swietlica-w-zaleskich&quot;:[136,&quot;\\u015awietlica w Zaleskich&quot;,false,&quot;y&quot;,&quot;&quot;],&quot;swietlica-wiejska-w-gardnie-wielkiej&quot;:[137,&quot;\\u015awietlica wiejska w Gardnie Wielkiej&quot;,false,&quot;y&quot;,&quot;&quot;],&quot;swolowo-5&quot;:[103,&quot;Swo\\u0142owo 5&quot;,false,&quot;y&quot;,&quot;&quot;],&quot;swolowo-8&quot;:[41,&quot;Swo\\u0142owo 8&quot;,false,&quot;y&quot;,&quot;&quot;],&quot;swolowo-zagroda-nr-15&quot;:[180,&quot;Swo\\u0142owo zagroda nr 15&quot;,false,&quot;y&quot;,&quot;&quot;],&quot;szkola-podstawowa-w-barcinie&quot;:[161,&quot;Szko\\u0142a Podstawowa w Barcinie&quot;,false,&quot;y&quot;,&quot;&quot;],&quot;szkola-podstawowa-w-kobylnicy&quot;:[62,&quot;Szko\\u0142a Podstawowa w Kobylnicy&quot;,false,&quot;y&quot;,&quot;&quot;],&quot;szkola-podstawowa-w-korzybiu&quot;:[164,&quot;Szko\\u0142a Podstawowa w Korzybiu&quot;,false,&quot;y&quot;,&quot;&quot;],&quot;szkola-podstawowa-w-zaleskich&quot;:[160,&quot;Szko\\u0142a Podstawowa w Zaleskich&quot;,false,&quot;y&quot;,&quot;&quot;],&quot;teren-parku-trzy-fale-w-slupsku&quot;:[182,&quot;Teren Parku Trzy Fale w S\\u0142upsku&quot;,false,&quot;y&quot;,&quot;&quot;],&quot;trakt-solidarnosci-ustka&quot;:[46,&quot;Trakt Solidarno\\u015bci Ustka&quot;,false,&quot;y&quot;,&quot;&quot;],&quot;uniwersytet-pomorski-w-slupsku&quot;:[152,&quot;Uniwersytet Pomorski w S\\u0142upsku&quot;,false,&quot;y&quot;,&quot;&quot;],&quot;ustka&quot;:[30,&quot;Ustka&quot;,false,&quot;y&quot;,&quot;&quot;],&quot;ustka-promenada-nadmorska&quot;:[31,&quot;Ustka \\\/ Promenada Nadmorska&quot;,false,&quot;y&quot;,&quot;&quot;],&quot;zagroda-inicjatyw-twoczych-w-swolowie&quot;:[91,&quot;Zagroda Inicjatyw Tw\\u00f3czych w Swo\\u0142owie&quot;,false,&quot;y&quot;,&quot;&quot;],&quot;zamek-ksiazat-pomorskich&quot;:[120,&quot;Zamek Ksi\\u0105\\u017c\\u0105t Pomorskich&quot;,false,&quot;y&quot;,&quot;&quot;],&quot;zamek-ksiazat-pomorskich-w-slupsku&quot;:[121,&quot;Zamek Ksi\\u0105\\u017c\\u0105t Pomorskich w S\\u0142upsku&quot;,false,&quot;y&quot;,&quot;&quot;],&quot;zespol-szkolno-przedszkolny-im-czeslawa-milosza-w-siemianicach&quot;:[28,&quot;Zesp\\u00f3\\u0142 Szkolno - Przedszkolny im. Czes\\u0142awa Mi\\u0142osza w Siemianicach&quot;,false,&quot;y&quot;,&quot;&quot;]},&quot;nterms&quot;:[&quot;all&quot;],&quot;tterms&quot;:[&quot;all&quot;],&quot;terms&quot;:[&quot;all&quot;]},&quot;event_organizer&quot;:{&quot;__name&quot;:&quot;Organizator&quot;,&quot;__tax&quot;:&quot;event_organizer&quot;,&quot;__filter_type&quot;:&quot;tax&quot;,&quot;__def_val&quot;:[&quot;all&quot;],&quot;__invals&quot;:[&quot;all&quot;],&quot;__notvals&quot;:[],&quot;__list&quot;:{&quot;all&quot;:[&quot;all&quot;,&quot;Wszystkie&quot;],&quot;kepicki-osrodek-sportu-i-rekreacji&quot;:[51,&quot;\\u00a0K\\u0119picki O\\u015brodek Sportu i Rekreacji&quot;,false,&quot;y&quot;,&quot;&quot;],&quot;aktywna-kobylnica&quot;:[178,&quot;Aktywna Kobylnica&quot;,false,&quot;y&quot;,&quot;&quot;],&quot;baltycka-galeria-sztuki-wspolczesnej&quot;:[26,&quot;Ba\\u0142tycka Galeria Sztuki Wsp\\u00f3\\u0142czesnej&quot;,false,&quot;y&quot;,&quot;&quot;],&quot;bazarek-natury&quot;:[59,&quot;Bazarek natury&quot;,false,&quot;y&quot;,&quot;&quot;],&quot;biblioteka-publiczna-miasta-i-gminy-kepice&quot;:[44,&quot;Biblioteka Publiczna Miasta i Gminy K\\u0119pice&quot;,false,&quot;y&quot;,&quot;&quot;],&quot;biblioteka-publiczna-w-kobylnicy&quot;:[156,&quot;Biblioteka Publiczna w Kobylnicy&quot;,false,&quot;y&quot;,&quot;&quot;],&quot;bunkry-bluchera&quot;:[33,&quot;Bunkry Bl\\u00fcchera&quot;,false,&quot;y&quot;,&quot;&quot;],&quot;centrum-edukacji-i-kultury-w-damnicy&quot;:[84,&quot;Centrum Edukacji i Kultury w Damnicy&quot;,false,&quot;y&quot;,&quot;&quot;],&quot;centrum-informacji-turystycznej-w-slupsku&quot;:[128,&quot;Centrum Informacji Turystycznej w S\\u0142upsku&quot;,false,&quot;y&quot;,&quot;&quot;],&quot;centrum-kultury-gminy-ustka&quot;:[35,&quot;Centrum Kultury Gminy Ustka&quot;,false,&quot;y&quot;,&quot;&quot;],&quot;centrum-kultury-i-biblioteka-publiczna-gminy-redzikowo&quot;:[129,&quot;Centrum Kultury i Biblioteka Publiczna gminy Redzikowo&quot;,false,&quot;y&quot;,&quot;&quot;],&quot;centrum-kultury-i-biblioteka-publiczna-gminy-slupsk&quot;:[15,&quot;Centrum Kultury i Biblioteka Publiczna Gminy S\\u0142upsk&quot;,false,&quot;y&quot;,&quot;&quot;],&quot;centrum-kultury-i-promocji-w-kobylnicy&quot;:[149,&quot;Centrum Kultury i Promocji w Kobylnicy&quot;,false,&quot;y&quot;,&quot;&quot;],&quot;centrum-kultury-powiatu-slupskiego&quot;:[17,&quot;Centrum Kultury Powiatu S\\u0142upskiego&quot;,false,&quot;y&quot;,&quot;&quot;],&quot;centrum-uslug-spolecznych-gminy-redzikowo&quot;:[144,&quot;Centrum Us\\u0142ug Spo\\u0142ecznych Gminy Redzikowo&quot;,false,&quot;y&quot;,&quot;&quot;],&quot;dolina-charlotty&quot;:[131,&quot;Dolina Charlotty&quot;,false,&quot;y&quot;,&quot;&quot;],&quot;dom-kultury-w-ustce&quot;:[119,&quot;Dom Kultury w Ustce&quot;,false,&quot;y&quot;,&quot;&quot;],&quot;dps-machowinko-stowarzyszenie-na-rzecz-osob-niepelnosprawnych-przyjaciel&quot;:[55,&quot;DPS Machowinko \\\/ Stowarzyszenie na rzecz os\\u00f3b niepe\\u0142nosprawnych &amp;quot;Przyjaciel&amp;quot;&quot;,false,&quot;y&quot;,&quot;&quot;],&quot;formoza-challenge&quot;:[111,&quot;Formoza Challenge&quot;,false,&quot;y&quot;,&quot;&quot;],&quot;fundacja-partnerstwo-dorzecze-slupi&quot;:[127,&quot;Fundacja. Partnerstwo Dorzecze S\\u0142upi&quot;,false,&quot;y&quot;,&quot;&quot;],&quot;gmina-kobylnica&quot;:[63,&quot;Gmina Kobylnica&quot;,false,&quot;y&quot;,&quot;&quot;],&quot;gmina-redzikowo&quot;:[142,&quot;Gmina Redzikowo&quot;,false,&quot;y&quot;,&quot;&quot;],&quot;gminnego-centrum-kultury-i-promocji-w-kobylnicy&quot;:[19,&quot;Gminne Centrum Kultury i Promocji w Kobylnicy&quot;,false,&quot;y&quot;,&quot;&quot;],&quot;gminny-osrodek-kultury-w-debnicy-kaszubskiej&quot;:[79,&quot;Gminny O\\u015brodek Kultury w D\\u0119bnicy Kaszubskiej&quot;,false,&quot;y&quot;,&quot;&quot;],&quot;gminny-osrodek-kultury-w-glowczycach&quot;:[115,&quot;Gminny O\\u015brodek Kultury w G\\u0142\\u00f3wczycach&quot;,false,&quot;y&quot;,&quot;&quot;],&quot;gminny-osrodek-kultury-w-potegowie&quot;:[82,&quot;Gminny O\\u015brodek Kultury w Pot\\u0119gowie&quot;,false,&quot;y&quot;,&quot;&quot;],&quot;gminny-osrodek-kultury-w-smoldzinie&quot;:[113,&quot;Gminny O\\u015brodek Kultury w Smo\\u0142dzinie&quot;,false,&quot;y&quot;,&quot;&quot;],&quot;kasztel-slupski&quot;:[171,&quot;Kasztel S\\u0142upski&quot;,false,&quot;y&quot;,&quot;&quot;],&quot;kepicki-osrodek-sportu-i-rekreacji-kosir&quot;:[60,&quot;K\\u0119picki O\\u015brodek Sportu i Rekreacji KOSiR&quot;,false,&quot;y&quot;,&quot;&quot;],&quot;klub-sportowy-szansa-siemianice&quot;:[143,&quot;Klub Sportowy Szansa Siemianice&quot;,false,&quot;y&quot;,&quot;&quot;],&quot;kolo-gospodyn-wiejskich-barcinianki&quot;:[162,&quot;Ko\\u0142o Gospody\\u0144 Wiejskich &amp;quot;Barcinianki&amp;quot;&quot;,false,&quot;y&quot;,&quot;&quot;],&quot;kosciol-pw-urszuli-ledochowskiej-w-wieszynie&quot;:[69,&quot;Ko\\u015bci\\u00f3\\u0142 pw. Urszuli Led\\u00f3chowskiej w Wieszynie&quot;,false,&quot;y&quot;,&quot;&quot;],&quot;liceum-sztuk-plastycznych-im-st-i-witkiewicza-w-slupsku&quot;:[172,&quot;Liceum Sztuk Plastycznych im. St. I. Witkiewicza w S\\u0142upsku&quot;,false,&quot;y&quot;,&quot;&quot;],&quot;lokalne-centrum-kultury-w-bobrownikach&quot;:[168,&quot;Lokalne Centrum Kultury w Bobrownikach&quot;,false,&quot;y&quot;,&quot;&quot;],&quot;miasto-slupsk&quot;:[125,&quot;Miasto S\\u0142upsk&quot;,false,&quot;y&quot;,&quot;&quot;],&quot;miasto-slupsku&quot;:[124,&quot;Miasto S\\u0142upsku&quot;,false,&quot;y&quot;,&quot;&quot;],&quot;muzeum-kultury-ludowej-pomorza-w-swolowie&quot;:[42,&quot;Muzeum Kultury Ludowej Pomorza w Swo\\u0142owie&quot;,false,&quot;y&quot;,&quot;&quot;],&quot;muzeum-pomorza-srodkowego-w-slupsku&quot;:[100,&quot;Muzeum Pomorza \\u015arodkowego w S\\u0142upsku&quot;,false,&quot;y&quot;,&quot;&quot;],&quot;muzeum-wsi-slowinskiej-w-klukach&quot;:[37,&quot;Muzeum Wsi S\\u0142owi\\u0144skiej w Klukach&quot;,false,&quot;y&quot;,&quot;&quot;],&quot;organizator-stowarzyszenie-milosnikow-historii-i-wojskowosci-grzmot-w-slupsku&quot;:[106,&quot;Organizator: Stowarzyszenie Mi\\u0142o\\u015bnik\\u00f3w Historii i Wojskowo\\u015bci Grzmot w S\\u0142upsku&quot;,false,&quot;y&quot;,&quot;&quot;],&quot;osir-ustka&quot;:[47,&quot;OSiR Ustka&quot;,false,&quot;y&quot;,&quot;&quot;],&quot;osrodek-sportu-i-rozwoju-sp-z-o-o&quot;:[95,&quot;O\\u015brodek Sportu i Rozwoju Sp. Z O.O.&quot;,false,&quot;y&quot;,&quot;&quot;],&quot;paktan-klub-tanca-sportowego-zieciak-adam&quot;:[93,&quot;PAKTAN Klub Ta\\u0144ca Sportowego. Zi\\u0119ciak Adam&quot;,false,&quot;y&quot;,&quot;&quot;],&quot;polska-filharmonia-sinfonia-baltica-im-wojciecha-kilara&quot;:[73,&quot;Polska Filharmonia Sinfonia Baltica im. Wojciecha Kilara&quot;,false,&quot;y&quot;,&quot;&quot;],&quot;pomorski-osrodek-doradztwa-rolniczego-w-lubaniu&quot;:[134,&quot;Pomorski O\\u015brodek Doradztwa Rolniczego w Lubaniu&quot;,false,&quot;y&quot;,&quot;&quot;],&quot;pomorski-osrodek-doskonalenia-nauczycieli-w-slupsku&quot;:[99,&quot;Pomorski O\\u015brodek Doskonalenia Nauczycieli w S\\u0142upsku&quot;,false,&quot;y&quot;,&quot;&quot;],&quot;ratusz-miejski-w-slupsku&quot;:[123,&quot;Ratusz Miejski w S\\u0142upsku&quot;,false,&quot;y&quot;,&quot;&quot;],&quot;slowinski-park-narodowy&quot;:[49,&quot;S\\u0142owi\\u0144ski Park Narodowy&quot;,false,&quot;y&quot;,&quot;&quot;],&quot;slupska-akademia-szachowa&quot;:[88,&quot;S\\u0142upska Akademia Szachowa&quot;,false,&quot;y&quot;,&quot;&quot;],&quot;slupski-osrodek-kultury&quot;:[86,&quot;S\\u0142upski O\\u015brodek Kultury&quot;,false,&quot;y&quot;,&quot;&quot;],&quot;slupski-osrodek-sportu-i-rekreacji&quot;:[74,&quot;S\\u0142upski O\\u015brodek Sportu i Rekreacji&quot;,false,&quot;y&quot;,&quot;&quot;],&quot;starostwo-powiatowe-w-slupsku&quot;:[3,&quot;Starostwo Powiatowe w S\\u0142upsku&quot;,false,&quot;y&quot;,&quot;&quot;],&quot;stowarzyszenie-artfriends&quot;:[102,&quot;Stowarzyszenie ArtFriends&quot;,false,&quot;y&quot;,&quot;&quot;],&quot;stowarzyszenie-im-krzysztofa-komedy&quot;:[57,&quot;Stowarzyszenie im. Krzysztofa Komedy&quot;,false,&quot;y&quot;,&quot;&quot;],&quot;szkola-podstawowa-w-barcinie&quot;:[163,&quot;Szko\\u0142a Podstawowa w Barcinie&quot;,false,&quot;y&quot;,&quot;&quot;],&quot;szkola-podstawowa-w-korzybiu&quot;:[165,&quot;Szko\\u0142a Podstawowa w Korzybiu&quot;,false,&quot;y&quot;,&quot;&quot;],&quot;szkola-podstawowa-w-kwakowie&quot;:[87,&quot;Szko\\u0142a Podstawowa w Kwakowie&quot;,false,&quot;y&quot;,&quot;&quot;],&quot;uniwersytet-pomorski-w-slupsku&quot;:[153,&quot;Uniwersytet Pomorski w S\\u0142upsku&quot;,false,&quot;y&quot;,&quot;&quot;],&quot;urzad-miasta-ustka&quot;:[4,&quot;Urz\\u0105d Miasta Ustka&quot;,false,&quot;y&quot;,&quot;&quot;],&quot;ustka-na-fali&quot;:[110,&quot;Ustka na fali&quot;,false,&quot;y&quot;,&quot;&quot;],&quot;zagroda-inicjatyw-tworczych&quot;:[104,&quot;Zagroda Inicjatyw Tw\\u00f3rczych&quot;,false,&quot;y&quot;,&quot;&quot;]},&quot;nterms&quot;:[&quot;all&quot;],&quot;tterms&quot;:[&quot;all&quot;],&quot;terms&quot;:[&quot;all&quot;]}}\" data-nav_data=\"{&quot;month_title&quot;:&quot;&lt;p id=&#039;evcal_cur&#039; class=&#039;evo_month_title padr10&#039;&gt; kwiecie\\u0144, 2026&lt;\\\/p&gt;&quot;,&quot;arrows&quot;:&quot;&lt;p class=&#039;evo_arrows&#039;&gt;\\r\\n\\t\\t\\t\\t\\t&lt;button id=&#039;evcal_prev&#039; class=&#039;evcal_arrows evcal_btn_prev evodfx evofx_jc_c evofx_ai_c&#039; aria-label=&#039;Previous Month&#039;&gt;&lt;i class=&#039;fa fa-chevron-left&#039; aria-hidden=&#039;true&#039;&gt;&lt;\\\/i&gt;&lt;\\\/button&gt;\\r\\n\\t\\t\\t\\t\\t&lt;button id=&#039;evcal_next&#039; class=&#039;evcal_arrows evo_arrow_next evcal_btn_next evodfx evofx_jc_c evofx_ai_c&#039; aria-label=&#039;Next Month&#039;&gt;&lt;i class=&#039;fa fa-chevron-right&#039; aria-hidden=&#039;true&#039;&gt;&lt;\\\/i&gt;&lt;\\\/button&gt;\\r\\n\\t\\t\\t\\t\\t&lt;\\\/p&gt;&quot;}\" data-od=\"{&quot;lang_no_events&quot;:&quot;No Events&quot;,&quot;cal_tz_offset&quot;:-660,&quot;cal_tz&quot;:&quot;Pacific\\\/Midway&quot;}\" ><\/div>\r\n\t\t \t\t<div class='evo_cal_events' data-events=\"\"><\/div>\r\n\t\t \t<\/div>\r\n\t\t\t\t\r\n\t\t\t\r\n\t\t\t\t\t\t<\/div><!-- EventON End -->\r\n\t\t\t\n\n<\/div><\/div><div class=\"fusion-layout-column fusion_builder_column fusion-builder-column-3 fusion_builder_column_1_2 1_2 fusion-flex-column\" style=\"--awb-padding-left:20px;--awb-bg-size:cover;--awb-width-large:50%;--awb-margin-top-large:0px;--awb-spacing-right-large:3.84%;--awb-margin-bottom-large:20px;--awb-spacing-left-large:1.92%;--awb-width-medium:50%;--awb-order-medium:0;--awb-spacing-right-medium:3.84%;--awb-spacing-left-medium:1.92%;--awb-width-small:100%;--awb-order-small:0;--awb-spacing-right-small:1.92%;--awb-spacing-left-small:1.92%;\"><div class=\"fusion-column-wrapper fusion-column-has-shadow fusion-flex-justify-content-flex-start fusion-content-layout-column\"><div class=\"fusion-builder-row fusion-builder-row-inner fusion-row fusion-flex-align-items-flex-start fusion-flex-content-wrap\" style=\"width:104% !important;max-width:104% !important;margin-left: calc(-4% \/ 2 );margin-right: calc(-4% \/ 2 );\"><div class=\"fusion-layout-column fusion_builder_column_inner fusion-builder-nested-column-1 fusion_builder_column_inner_1_1 1_1 fusion-flex-column\" style=\"--awb-padding-top:15px;--awb-padding-bottom:15px;--awb-bg-color:#003f7a;--awb-bg-color-hover:#003f7a;--awb-bg-size:cover;--awb-width-large:100%;--awb-margin-top-large:0px;--awb-spacing-right-large:1.92%;--awb-margin-bottom-large:20px;--awb-spacing-left-large:1.92%;--awb-width-medium:100%;--awb-order-medium:0;--awb-spacing-right-medium:1.92%;--awb-spacing-left-medium:1.92%;--awb-width-small:100%;--awb-order-small:0;--awb-spacing-right-small:1.92%;--awb-spacing-left-small:1.92%;\"><div class=\"fusion-column-wrapper fusion-column-has-shadow fusion-flex-justify-content-flex-start fusion-content-layout-column\"><div class=\"fusion-title title fusion-title-2 fusion-sep-none fusion-title-center fusion-title-text fusion-title-size-two\" style=\"--awb-text-color:#ffffff;--awb-font-size:28px;\"><h2 class=\"fusion-title-heading title-heading-center\" style=\"margin:0;font-size:1em;\">W tym miesi\u0105cu<\/h2><\/div><\/div><\/div><\/div><div class=\"fusion-separator fusion-full-width-sep\" style=\"align-self: center;margin-left: auto;margin-right: auto;margin-top:40px;width:100%;\"><\/div><!-- EventON Calendar --><div id='evcal_calendar_507' class='ajde_evcal_calendar sev cev color esty_2 etttc_custom ajax_loading_cal' data-cal=''><div id='evcal_head' class='calendar_header ' ><div class='evo_cal_above evodfx evofx_dr_r marb5 evofx_ww'><button class='cal_head_btn evo-search' aria-label='Search'><\/button><button class='cal_head_btn evo-filter-btn vis' aria-label='Filter'><em><\/em><\/button><button class='cal_head_btn evo-jumper-btn' aria-label='Jump Months'>Lista miesi\u0119cy<\/button><button class='cal_head_btn evo-gototoday-btn' style='' data-mo='5' data-yr='2026' data-dy='' aria-label='Go to today'>Obecny miesi\u0105c<\/button><\/div><div class='evo_cal_above_content'><div class='evo_j_container' style='display:none'>\r\n\t\t\t\t\t\t<div class='evo_j_months evo_j_dates' data-val='m'>\r\n\t\t\t\t\t\t\t<div class='legend evo_jumper_months'><a data-val='1'  title='stycze\u0144' >stycze\u0144<\/a><a data-val='2'  title='luty' >luty<\/a><a data-val='3'  title='marzec' >marzec<\/a><a data-val='4'  title='kwiecie\u0144' >kwiecie\u0144<\/a><a data-val='5' class=\"current set\" title='maj' >maj<\/a><a data-val='6'  title='czerwiec' >czerwiec<\/a><a data-val='7'  title='lipiec' >lipiec<\/a><a data-val='8'  title='sierpie\u0144' >sierpie\u0144<\/a><a data-val='9'  title='wrzesie\u0144' >wrzesie\u0144<\/a><a data-val='10'  title='pa\u017adziernik' >pa\u017adziernik<\/a><a data-val='11'  title='listopad' >listopad<\/a><a data-val='12'  title='grudzie\u0144' >grudzie\u0144<\/a><\/div><div class='clear'><\/div><\/div>\r\n\t\t\t\t\t\t\r\n\t\t\t\t\t\t<div class='evo_j_years evo_j_dates' data-val='y'>\r\n\t\t\t\t\t\t\t<p class='legend'><a data-val=\"2024\">2024<\/a><a data-val=\"2025\">2025<\/a><a class='current set' data-val=\"2026\">2026<\/a><a data-val=\"2027\">2027<\/a><a data-val=\"2028\">2028<\/a><\/p><div class='clear'><\/div>\r\n\t\t\t\t\t\t<\/div>\r\n\t\t\t\t\t<\/div><\/div><div class='evo_header_title '><div class='evo_header_mo evodfx evofx_ai_c'><div class='evo_loading_bar_holder h100 noMinH swipe' style=''><div class='evo_loading_bar wid_80% hi_40px' style='width:80%; height:40px; '><\/div><\/div><\/div><\/div><div class='evo_cal_header_end_content'>\t\t\t\t\t\r\n\t\t\t\t<div class='evo_search_bar evo_hidden'>\r\n\t\t\t\t\t<div class='evo_search_bar_in' >\r\n\t\t\t\t\t\t<label for='saddr-input' class='sr-only'>wyszukaj<\/label>\t\t\r\n\t\t\t\t\t\t<input id='evo_search_bar_in_507' class='evo_search_bar_in_field' type=\"text\" placeholder='wyszukaj' data-role=\"none\"\/>\r\n\t\t\t\t\t\t<a class=\"evosr_search_clear_btn\"><i class=\"fa fa-close\"><\/i><\/a>\r\n\t\t\t\t\t\t<a class=\"evosr_search_btn\"><i class=\"fa fa-search\"><\/i><\/a>\r\n\t\t\t\t\t<\/div>\r\n\t\t\t\t<\/div>\r\n\r\n\t\t\t<\/div><\/div><div class='evo_filter_bar evo_main_filter_bar eventon_sorting_section vis'><div class='evo_filter_container evodfx evo_fx_ai_c'><div class='evo_filter_container_in'><div class='eventon_filter_line' ><div class='evo_loading_bar_holder h100 loading_filters swipe' style='min-height:30px;'><div class='nesthold r g10'><div class='evo_loading_bar wid_100% hi_30px' style='width:100%; height:30px; margin-bottom:1px;'><\/div><div class='evo_loading_bar wid_100% hi_30px' style='width:100%; height:30px; margin-bottom:1px;'><\/div><div class='evo_loading_bar wid_100% hi_30px' style='width:100%; height:30px; margin-bottom:1px;'><\/div><div class='evo_loading_bar wid_100% hi_30px' style='width:100%; height:30px; margin-bottom:1px;'><\/div><div class='evo_loading_bar wid_100% hi_30px' style='width:100%; height:30px; margin-bottom:1px;'><\/div><\/div><\/div><\/div><\/div><div class='evo_filter_nav evo_filter_l'><i class='fa fa-chevron-left'><\/i><\/div><div class='evo_filter_nav evo_filter_r'><i class='fa fa-chevron-right'><\/i><\/div><\/div><div class='evo_filter_aply_btns'><\/div><div class='evo_filter_menu'><\/div><\/div><div id='eventon_loadbar_section'><div id='eventon_loadbar'><\/div><\/div><!-- Events List --><div class='evo_events_list_box'><div id='evcal_list' class='eventon_events_list '><div class='evo_loading_bar_holder h100 loading_e swipe' style=''><div class='nest nest1 e'><div class='nesthold r g10'><div class='nest nest2 e1'><div class='evo_loading_bar wid_100px hi_95px' style='width:100px; height:95px; '><\/div><\/div><div class='nest nest2 e2'><div class='evo_loading_bar wid_50% hi_55px' style='width:50%; height:55px; '><\/div><div class='evo_loading_bar wid_90% hi_30px' style='width:90%; height:30px; '><\/div><\/div><\/div><\/div><div class='nest nest1 e'><div class='nesthold r g10'><div class='nest nest2 e1'><div class='evo_loading_bar wid_100px hi_95px' style='width:100px; height:95px; '><\/div><\/div><div class='nest nest2 e2'><div class='evo_loading_bar wid_50% hi_55px' style='width:50%; height:55px; '><\/div><div class='evo_loading_bar wid_90% hi_30px' style='width:90%; height:30px; '><\/div><\/div><\/div><\/div><div class='nest nest1 e'><div class='nesthold r g10'><div class='nest nest2 e1'><div class='evo_loading_bar wid_100px hi_95px' style='width:100px; height:95px; '><\/div><\/div><div class='nest nest2 e2'><div class='evo_loading_bar wid_50% hi_55px' style='width:50%; height:55px; '><\/div><div class='evo_loading_bar wid_90% hi_30px' style='width:90%; height:30px; '><\/div><\/div><\/div><\/div><\/div>\t\t\t<\/div>\r\n\t\t\t<\/div><!-- evo_events_list_box -->\t\r\n\t\t\t<div class='clear'><\/div>\r\n\t\t\t\t\t \t<div id='evcal_footer' class='evo_bottom' style='display:none'>\r\n\t\t \t\t<div class='evo_cal_data' data-sc=\"{&quot;accord&quot;:&quot;no&quot;,&quot;bottom_nav&quot;:&quot;no&quot;,&quot;cal_id&quot;:&quot;&quot;,&quot;cal_init_nonajax&quot;:&quot;no&quot;,&quot;calendar_type&quot;:&quot;default&quot;,&quot;control_style&quot;:&quot;def&quot;,&quot;el_type&quot;:&quot;ue&quot;,&quot;ep_fields&quot;:&quot;&quot;,&quot;etc_override&quot;:&quot;yes&quot;,&quot;evc_open&quot;:&quot;no&quot;,&quot;event_count&quot;:&quot;4&quot;,&quot;event_location&quot;:&quot;all&quot;,&quot;event_order&quot;:&quot;ASC&quot;,&quot;event_organizer&quot;:&quot;all&quot;,&quot;event_parts&quot;:&quot;no&quot;,&quot;event_past_future&quot;:&quot;all&quot;,&quot;event_status&quot;:&quot;all&quot;,&quot;event_tag&quot;:&quot;all&quot;,&quot;event_type&quot;:&quot;all&quot;,&quot;event_type_2&quot;:&quot;all&quot;,&quot;event_virtual&quot;:&quot;all&quot;,&quot;eventtop_date_style&quot;:0,&quot;eventtop_style&quot;:&quot;2&quot;,&quot;exp_jumper&quot;:&quot;no&quot;,&quot;exp_so&quot;:&quot;yes&quot;,&quot;filter_relationship&quot;:&quot;AND&quot;,&quot;filter_show_set_only&quot;:&quot;no&quot;,&quot;filter_style&quot;:&quot;default&quot;,&quot;filter_type&quot;:&quot;default&quot;,&quot;filters&quot;:&quot;yes&quot;,&quot;fixed_month&quot;:&quot;5&quot;,&quot;fixed_year&quot;:&quot;2026&quot;,&quot;focus_end_date_range&quot;:&quot;1780311599&quot;,&quot;focus_start_date_range&quot;:&quot;1777633200&quot;,&quot;ft_event_priority&quot;:&quot;no&quot;,&quot;hide_arrows&quot;:&quot;no&quot;,&quot;hide_cancels&quot;:&quot;no&quot;,&quot;hide_empty_months&quot;:&quot;no&quot;,&quot;hide_end_time&quot;:&quot;no&quot;,&quot;hide_et_dn&quot;:&quot;no&quot;,&quot;hide_et_extra&quot;:&quot;no&quot;,&quot;hide_et_tags&quot;:&quot;no&quot;,&quot;hide_et_tl&quot;:&quot;no&quot;,&quot;hide_ft&quot;:&quot;no&quot;,&quot;hide_ft_img&quot;:&quot;no&quot;,&quot;hide_month_headers&quot;:&quot;no&quot;,&quot;hide_mult_occur&quot;:&quot;no&quot;,&quot;hide_past&quot;:&quot;no&quot;,&quot;hide_past_by&quot;:&quot;ee&quot;,&quot;hide_so&quot;:&quot;no&quot;,&quot;ics&quot;:&quot;no&quot;,&quot;jumper&quot;:&quot;yes&quot;,&quot;jumper_count&quot;:5,&quot;jumper_offset&quot;:&quot;0&quot;,&quot;lang&quot;:&quot;L1&quot;,&quot;layout_changer&quot;:&quot;no&quot;,&quot;livenow_bar&quot;:&quot;yes&quot;,&quot;mapformat&quot;:&quot;roadmap&quot;,&quot;mapiconurl&quot;:&quot;&quot;,&quot;maps_load&quot;:&quot;yes&quot;,&quot;mapscroll&quot;:&quot;true&quot;,&quot;mapzoom&quot;:&quot;18&quot;,&quot;members_only&quot;:&quot;no&quot;,&quot;ml_priority&quot;:&quot;no&quot;,&quot;ml_toend&quot;:&quot;no&quot;,&quot;month_incre&quot;:0,&quot;number_of_months&quot;:&quot;1&quot;,&quot;only_ft&quot;:&quot;no&quot;,&quot;pec&quot;:&quot;&quot;,&quot;s&quot;:&quot;&quot;,&quot;search&quot;:&quot;&quot;,&quot;search_all&quot;:&quot;no&quot;,&quot;sep_month&quot;:&quot;no&quot;,&quot;show_et_ft_img&quot;:&quot;yes&quot;,&quot;show_limit&quot;:&quot;yes&quot;,&quot;show_limit_ajax&quot;:&quot;yes&quot;,&quot;show_limit_paged&quot;:1,&quot;show_limit_redir&quot;:&quot;&quot;,&quot;show_repeats&quot;:&quot;no&quot;,&quot;show_search&quot;:&quot;no&quot;,&quot;show_upcoming&quot;:0,&quot;show_year&quot;:&quot;no&quot;,&quot;slide_auto&quot;:&quot;no&quot;,&quot;slide_hide_control&quot;:&quot;no&quot;,&quot;slide_nav_dots&quot;:&quot;no&quot;,&quot;slide_pause_hover&quot;:&quot;no&quot;,&quot;slide_style&quot;:&quot;def&quot;,&quot;slider_pause&quot;:&quot;2000&quot;,&quot;slider_speed&quot;:&quot;400&quot;,&quot;slider_type&quot;:&quot;def&quot;,&quot;slides_visible&quot;:1,&quot;social_share&quot;:&quot;no&quot;,&quot;sort_by&quot;:&quot;sort_date&quot;,&quot;tile_bg&quot;:0,&quot;tile_bg_size&quot;:&quot;full&quot;,&quot;tile_count&quot;:2,&quot;tile_height&quot;:0,&quot;tile_style&quot;:0,&quot;tiles&quot;:&quot;no&quot;,&quot;ux_val&quot;:&quot;0&quot;,&quot;view_switcher&quot;:&quot;no&quot;,&quot;wpml_l1&quot;:&quot;&quot;,&quot;wpml_l2&quot;:&quot;&quot;,&quot;wpml_l3&quot;:&quot;&quot;,&quot;x_ids&quot;:&quot;&quot;,&quot;yl_priority&quot;:&quot;no&quot;,&quot;yl_toend&quot;:&quot;no&quot;,&quot;fixed_day&quot;:&quot;1&quot;,&quot;_cver&quot;:&quot;5.0.6&quot;}\" data-filter_data=\"{&quot;event_type&quot;:{&quot;__name&quot;:&quot;Kategoria&quot;,&quot;__tax&quot;:&quot;event_type&quot;,&quot;__filter_type&quot;:&quot;tax&quot;,&quot;__def_val&quot;:[&quot;all&quot;],&quot;__invals&quot;:[&quot;all&quot;],&quot;__notvals&quot;:[],&quot;__list&quot;:{&quot;all&quot;:[&quot;all&quot;,&quot;Wszystkie&quot;],&quot;dla-dzieci&quot;:[11,&quot;Dla dzieci&quot;,false,&quot;y&quot;,&quot;8f81eb&quot;],&quot;kulturalne&quot;:[7,&quot;Kulturalne&quot;,false,&quot;y&quot;,&quot;7c92f3&quot;],&quot;muzyczne&quot;:[8,&quot;Muzyczne&quot;,false,&quot;y&quot;,&quot;b2afe9&quot;],&quot;plenerowe&quot;:[10,&quot;Plenerowe&quot;,false,&quot;y&quot;,&quot;b4c0f8&quot;],&quot;sportowe&quot;:[9,&quot;Sportowe&quot;,false,&quot;y&quot;,&quot;bddafa&quot;],&quot;targi-i-konferencje&quot;:[13,&quot;Targi i konferencje&quot;,false,&quot;y&quot;,&quot;8ecbf6&quot;],&quot;wernisaz&quot;:[107,&quot;Wernisa\\u017c&quot;,false,&quot;y&quot;,&quot;&quot;],&quot;wosp-2023&quot;:[76,&quot;WO\\u015aP 2023&quot;,false,&quot;y&quot;,&quot;&quot;],&quot;wosp-2026&quot;:[158,&quot;WO\\u015aP 2026&quot;,false,&quot;y&quot;,&quot;&quot;],&quot;wydarzenia-online&quot;:[12,&quot;Wydarzenia online&quot;,false,&quot;y&quot;,&quot;ac8df6&quot;]},&quot;nterms&quot;:[&quot;all&quot;],&quot;tterms&quot;:[&quot;all&quot;],&quot;terms&quot;:[&quot;all&quot;]},&quot;event_location&quot;:{&quot;__name&quot;:&quot;Lokalizacja&quot;,&quot;__tax&quot;:&quot;event_location&quot;,&quot;__filter_type&quot;:&quot;tax&quot;,&quot;__def_val&quot;:[&quot;all&quot;],&quot;__invals&quot;:[&quot;all&quot;],&quot;__notvals&quot;:[],&quot;__list&quot;:{&quot;all&quot;:[&quot;all&quot;,&quot;Wszystkie&quot;],&quot;kruszyna-40&quot;:[53,&quot;\\u00a0Kruszyna 40&quot;,false,&quot;y&quot;,&quot;&quot;],&quot;aula-uniwersytetu-pomorskiego&quot;:[98,&quot;Aula Uniwersytetu Pomorskiego&quot;,false,&quot;y&quot;,&quot;&quot;],&quot;baltycka-galeria-sztuki-wspolczesnej-podgrodzie&quot;:[154,&quot;Ba\\u0142tycka Galeria Sztuki Wsp\\u00f3\\u0142czesnej \\\/ Podgrodzie&quot;,false,&quot;y&quot;,&quot;&quot;],&quot;baltycka-galeria-sztuki-wspolczesnej-ustka&quot;:[157,&quot;Ba\\u0142tycka Galeria Sztuki Wsp\\u00f3\\u0142czesnej\\\/Ustka&quot;,false,&quot;y&quot;,&quot;&quot;],&quot;bazarek-natury-w-kepie-slupskiej&quot;:[90,&quot;Bazarek Natury w Kepie S\\u0142upskiej&quot;,false,&quot;y&quot;,&quot;&quot;],&quot;bialy-spichlerz&quot;:[159,&quot;Bia\\u0142y Spichlerz&quot;,false,&quot;y&quot;,&quot;&quot;],&quot;biblioteka-publiczna-miasta-i-gminy-kepice&quot;:[61,&quot;Biblioteka Publiczna Miasta i Gminy K\\u0119pice&quot;,false,&quot;y&quot;,&quot;&quot;],&quot;biblioteka-publiczna-w-duninowie&quot;:[181,&quot;Biblioteka Publiczna w Duninowie&quot;,false,&quot;y&quot;,&quot;&quot;],&quot;bunkry-bluechera-w-ustce&quot;:[32,&quot;Bunkry Bluechera w Ustce&quot;,false,&quot;y&quot;,&quot;&quot;],&quot;centrum-edukacji-i-kultury-w-damnicy&quot;:[166,&quot;Centrum Edukacji i Kultury w Damnicy&quot;,false,&quot;y&quot;,&quot;&quot;],&quot;centrum-kultury-i-promocji-w-kobylnicy&quot;:[133,&quot;Centrum Kultury i Promocji w Kobylnicy&quot;,false,&quot;y&quot;,&quot;&quot;],&quot;centrum-kultury-powiatu-slupskiego-w-damnicy&quot;:[25,&quot;Centrum Kultury Powiatu S\\u0142upskiego w Damnicy&quot;,false,&quot;y&quot;,&quot;&quot;],&quot;czerwony-spichlerz&quot;:[174,&quot;Czerwony Spichlerz&quot;,false,&quot;y&quot;,&quot;&quot;],&quot;debnica-kaszubska&quot;:[80,&quot;D\\u0119bnica Kaszubska&quot;,false,&quot;y&quot;,&quot;&quot;],&quot;debnica-kaszusbka&quot;:[78,&quot;D\\u0119bnica Kaszusbka&quot;,false,&quot;y&quot;,&quot;&quot;],&quot;dolina-charlotty&quot;:[5,&quot;Dolina Charlotty&quot;,false,&quot;y&quot;,&quot;&quot;],&quot;dom-kultury-w-ustce&quot;:[118,&quot;Dom Kultury w Ustce&quot;,false,&quot;y&quot;,&quot;&quot;],&quot;galeria-ot-rondo-im-jadwigi-girsa-zimy&quot;:[173,&quot;Galeria OT Rondo im. Jadwigi Girsa-Zimy&quot;,false,&quot;y&quot;,&quot;&quot;],&quot;gmina-kepice&quot;:[139,&quot;Gmina K\\u0119pice&quot;,false,&quot;y&quot;,&quot;&quot;],&quot;gminne-centrum-kultury-i-promocji-w-kobylnicy&quot;:[20,&quot;Gminne Centrum Kultury i Promocji w Kobylnicy&quot;,false,&quot;y&quot;,&quot;&quot;],&quot;gminny-osrodek-kultury&quot;:[147,&quot;Gminny O\\u015brodek Kultury&quot;,false,&quot;y&quot;,&quot;&quot;],&quot;gminny-osrodek-kultury-w-glowczycach&quot;:[135,&quot;Gminny O\\u015brodek Kultury w G\\u0142\\u00f3wczycach&quot;,false,&quot;y&quot;,&quot;&quot;],&quot;gminny-osrodek-kultury-w-kobylnicy&quot;:[148,&quot;Gminny O\\u015brodek Kultury w Kobylnicy&quot;,false,&quot;y&quot;,&quot;&quot;],&quot;gminny-osrodek-kultury-w-potegowie&quot;:[81,&quot;Gminny O\\u015brodek Kultury w Pot\\u0119gowie&quot;,false,&quot;y&quot;,&quot;&quot;],&quot;gminny-osrodek-kultury-w-smoldzinie&quot;:[112,&quot;Gminny O\\u015brodek Kultury w Smo\\u0142dzinie&quot;,false,&quot;y&quot;,&quot;&quot;],&quot;gok-w-debnicy-kaszubskiej&quot;:[138,&quot;GOK w D\\u0119bnicy Kaszubskiej&quot;,false,&quot;y&quot;,&quot;&quot;],&quot;hala-gryfia&quot;:[92,&quot;Hala Gryfia&quot;,false,&quot;y&quot;,&quot;&quot;],&quot;hala-sportowa-w-glowczycach&quot;:[151,&quot;Hala sportowa w G\\u0142owczycach&quot;,false,&quot;y&quot;,&quot;&quot;],&quot;hala-widowiskowa-centrum-edukacji-i-kultury-w-damnicy&quot;:[83,&quot;Hala Widowiskowa Centrum Edukacji i Kultury w Damnicy&quot;,false,&quot;y&quot;,&quot;&quot;],&quot;hala-widowiskowa-w-kobylnicy&quot;:[77,&quot;Hala widowiskowa w Kobylnicy&quot;,false,&quot;y&quot;,&quot;&quot;],&quot;hala-widowiskowo-sportowa-w-jezierzycach&quot;:[16,&quot;Hala widowiskowo-sportowa w Jezierzycach&quot;,false,&quot;y&quot;,&quot;&quot;],&quot;karzniczka&quot;:[56,&quot;Karzniczka&quot;,false,&quot;y&quot;,&quot;&quot;],&quot;kasztel-slupski&quot;:[170,&quot;Kasztel S\\u0142upski&quot;,false,&quot;y&quot;,&quot;&quot;],&quot;kepice&quot;:[43,&quot;K\\u0119pice&quot;,false,&quot;y&quot;,&quot;&quot;],&quot;kluki&quot;:[36,&quot;Kluki&quot;,false,&quot;y&quot;,&quot;&quot;],&quot;kosciele-pw-najswietszej-matki-bozej-czestochowskiej-w-duninowie&quot;:[40,&quot;Ko\\u015bciele pw. Naj\\u015bwi\\u0119tszej Matki Bo\\u017cej Cz\\u0119stochowskiej w Duninowie&quot;,false,&quot;y&quot;,&quot;&quot;],&quot;kosciol-najswietszego-zbawiciela-w-ustce&quot;:[108,&quot;Ko\\u015bci\\u00f3\\u0142 Naj\\u015bwietszego Zbawiciela w Ustce&quot;,false,&quot;y&quot;,&quot;&quot;],&quot;kosciol-parafialny-w-glowczycach&quot;:[114,&quot;Ko\\u015bci\\u00f3\\u0142 Parafialny w G\\u0142\\u00f3wczycach&quot;,false,&quot;y&quot;,&quot;&quot;],&quot;kosciol-przemienienia-panskiego-we-wrzesciu&quot;:[67,&quot;Ko\\u015bci\\u00f3\\u0142 Przemienienia Pa\\u0144skiego we Wrze\\u015bciu&quot;,false,&quot;y&quot;,&quot;&quot;],&quot;kosciol-pw-niepokalanego-poczecia-nmp-w-bruskowie-wielkim&quot;:[68,&quot;Ko\\u015bci\\u00f3\\u0142 pw. NIepokalanego Pocz\\u0119cia NMP w Bruskowie WIelkim&quot;,false,&quot;y&quot;,&quot;&quot;],&quot;kosciol-pw-sw-antoniego-padewskiego-w-jezierzycach&quot;:[96,&quot;Ko\\u015bci\\u00f3\\u0142 pw. \\u015bw. Antoniego Padewskiego w Jezierzycach&quot;,false,&quot;y&quot;,&quot;&quot;],&quot;kosciol_w_siemianicach&quot;:[23,&quot;Ko\\u015bci\\u00f3\\u0142 pw. \\u015bw. J\\u00f3zefa Rzemie\\u015blnika w Siemianicach&quot;,false,&quot;y&quot;,&quot;&quot;],&quot;kosciol_we_wlynkowku&quot;:[21,&quot;Ko\\u015bci\\u00f3\\u0142 pw. \\u015bw. Wojciecha Biskupa i M\\u0119czennika we W\\u0142ynk\\u00f3wku&quot;,false,&quot;y&quot;,&quot;&quot;],&quot;kosciol-pw-urszuli-ledochowskiej-w-wieszynie&quot;:[70,&quot;Ko\\u015bci\\u00f3\\u0142 pw. Urszuli Led\\u00f3chowskiej w Wieszynie&quot;,false,&quot;y&quot;,&quot;&quot;],&quot;kosciol-pw-wniebowziecia-nmp-w-swolowie&quot;:[66,&quot;Ko\\u015bci\\u00f3\\u0142 pw. Wniebowzi\\u0119cia NMP w Swo\\u0142owie&quot;,false,&quot;y&quot;,&quot;&quot;],&quot;kosciol-pw-nmp-w-swolowie&quot;:[65,&quot;Ko\\u015bci\\u00f3\\u0142 pw.NMP w Swo\\u0142owie&quot;,false,&quot;y&quot;,&quot;&quot;],&quot;kosciol_w_bierkowie&quot;:[22,&quot;Ko\\u015bci\\u00f3\\u0142 w Bierkowie&quot;,false,&quot;y&quot;,&quot;&quot;],&quot;kosciol-w-duninowie&quot;:[39,&quot;Ko\\u015bci\\u00f3\\u0142 w Duninowie&quot;,false,&quot;y&quot;,&quot;&quot;],&quot;krepa-slupska&quot;:[71,&quot;Kr\\u0119pa S\\u0142upska&quot;,false,&quot;y&quot;,&quot;&quot;],&quot;kwakowo-gmina-kobylnica&quot;:[38,&quot;Kwakowo \\\/ gmina Kobylnica&quot;,false,&quot;y&quot;,&quot;&quot;],&quot;ladowisku-kultury-w-redzikowie&quot;:[58,&quot;L\\u0105dowisku Kultury w Redzikowie&quot;,false,&quot;y&quot;,&quot;&quot;],&quot;latarnia-morska-czolpino&quot;:[150,&quot;Latarnia Morska Czo\\u0142pino&quot;,false,&quot;y&quot;,&quot;&quot;],&quot;lokalne-centrum-kultury-w-bobrownikach&quot;:[167,&quot;Lokalne Centrum Kultury w Bobrownikach&quot;,false,&quot;y&quot;,&quot;&quot;],&quot;lubun-przystan-kajakowa&quot;:[183,&quot;Lubu\\u0144 (przysta\\u0144 kajakowa)&quot;,false,&quot;y&quot;,&quot;&quot;],&quot;marynarki-polskiej-14&quot;:[146,&quot;Marynarki Polskiej 14&quot;,false,&quot;y&quot;,&quot;&quot;],&quot;muzeum-kultury-ludowej-pomorza-w-swolowie&quot;:[64,&quot;Muzeum Kultury Ludowej Pomorza w Swo\\u0142owie&quot;,false,&quot;y&quot;,&quot;&quot;],&quot;muzeum-w-czolpinie&quot;:[48,&quot;Muzeum w Czo\\u0142pinie&quot;,false,&quot;y&quot;,&quot;&quot;],&quot;muzeum-w-rabce&quot;:[117,&quot;Muzeum w R\\u0105bce&quot;,false,&quot;y&quot;,&quot;&quot;],&quot;muzeum-w-rowach&quot;:[116,&quot;Muzeum w Rowach&quot;,false,&quot;y&quot;,&quot;&quot;],&quot;muzeum-wsi-slowinskiej-w-klukach&quot;:[89,&quot;Muzeum Wsi S\\u0142owi\\u0144skiej w Klukach&quot;,false,&quot;y&quot;,&quot;&quot;],&quot;na-terenie-muzeum-kultury-ludowej-pomorza-zagroda-nr-15&quot;:[140,&quot;Na terenie Muzeum Kultury Ludowej Pomorza (Zagroda nr 15)&quot;,false,&quot;y&quot;,&quot;&quot;],&quot;na-terenie-zagrody-albrechta-muzeum-w-swolowie&quot;:[54,&quot;na terenie Zagrody Albrechta Muzeum w Swo\\u0142owie&quot;,false,&quot;y&quot;,&quot;&quot;],&quot;osrodek-sobotka-nad-jeziorem-obleskim&quot;:[50,&quot;O\\u015brodek Sob\\u00f3tka nad Jeziorem Ob\\u0142\\u0119skim&quot;,false,&quot;y&quot;,&quot;&quot;],&quot;osrodka-sportu-i-rozwoju-w-ustce&quot;:[94,&quot;O\\u015brodka Sportu i Rozwoju w Ustce&quot;,false,&quot;y&quot;,&quot;&quot;],&quot;palac-w-damnicy&quot;:[109,&quot;Pa\\u0142ac w Damnicy&quot;,false,&quot;y&quot;,&quot;&quot;],&quot;park-kultury-w-rowach&quot;:[34,&quot;Park Kultury w Rowach&quot;,false,&quot;y&quot;,&quot;&quot;],&quot;park-pod-brzozami&quot;:[145,&quot;Park pod Brzozami&quot;,false,&quot;y&quot;,&quot;&quot;],&quot;parku-kultury-i-wypoczynku-w-rowach&quot;:[45,&quot;Parku Kultury i Wypoczynku w Rowach&quot;,false,&quot;y&quot;,&quot;&quot;],&quot;plac-dabrowskiego-ustka&quot;:[6,&quot;Plac D\\u0105browskiego w Ustce&quot;,false,&quot;y&quot;,&quot;&quot;],&quot;plac-wolnosci-w-kepicach&quot;:[132,&quot;Plac Wolno\\u015bci w K\\u0119picach&quot;,false,&quot;y&quot;,&quot;&quot;],&quot;plaza-w-ustce&quot;:[130,&quot;Pla\\u017ca w Ustce&quot;,false,&quot;y&quot;,&quot;&quot;],&quot;plaza-wschodnia-w-ustce&quot;:[29,&quot;Pla\\u017ca Wschodnia w Ustce&quot;,false,&quot;y&quot;,&quot;&quot;],&quot;polska-filharmonia-sinfonia-baltica-im-wojciecha-kilara&quot;:[72,&quot;Polska Filharmonia Sinfonia Baltica im. Wojciecha Kilara&quot;,false,&quot;y&quot;,&quot;&quot;],&quot;ratusz-miejski&quot;:[122,&quot;Ratusz Miejski&quot;,false,&quot;y&quot;,&quot;&quot;],&quot;ratusz-miejski-w-slupsku&quot;:[126,&quot;Ratusz Miejski w S\\u0142upsku&quot;,false,&quot;y&quot;,&quot;&quot;],&quot;restauracja-anna-de-croy&quot;:[179,&quot;Restauracja Anna de Croy&quot;,false,&quot;y&quot;,&quot;&quot;],&quot;sala_gimnastyczna_w_konczewie&quot;:[24,&quot;Sala gimnastyczna w Ko\\u0144czewie&quot;,false,&quot;y&quot;,&quot;&quot;],&quot;sala-sportowa-sp-zaleskie&quot;:[169,&quot;Sala sportowa SP Zaleskie&quot;,false,&quot;y&quot;,&quot;&quot;],&quot;sala-teatralna-gminnego-centrum-kultury-i-promocji-w-kobylnicy&quot;:[27,&quot;Sala Teatralna Gminnego Centrum Kultury i Promocji w Kobylnicy&quot;,false,&quot;y&quot;,&quot;&quot;],&quot;sala-widowiskowa-biblioteki-w-kepicach&quot;:[97,&quot;Sala widowiskowa Biblioteki w K\\u0119picach&quot;,false,&quot;y&quot;,&quot;&quot;],&quot;siemianice-ul-zytnia-boisko-sportowe-klubu-sportowego-szansa-siemianice&quot;:[141,&quot;Siemianice, ul \\u017bytnia - Boisko Sportowe Klubu Sportowego SZANSA Siemianice&quot;,false,&quot;y&quot;,&quot;&quot;],&quot;slupsk-hala-gryfia&quot;:[85,&quot;S\\u0142upsk Hala Gryfia&quot;,false,&quot;y&quot;,&quot;&quot;],&quot;slupskie-bulwary&quot;:[75,&quot;S\\u0142upskie Bulwary&quot;,false,&quot;y&quot;,&quot;&quot;],&quot;smoldzinski-las-45&quot;:[101,&quot;Smo\\u0142dzi\\u0144ski Las 45&quot;,false,&quot;y&quot;,&quot;&quot;],&quot;sp-2-w-ustce&quot;:[105,&quot;SP 2 w Ustce&quot;,false,&quot;y&quot;,&quot;&quot;],&quot;stadion-kobylnica&quot;:[177,&quot;Stadion Kobylnica&quot;,false,&quot;y&quot;,&quot;&quot;],&quot;stadion-sportowy-w-jezierzycach&quot;:[52,&quot;Stadion sportowy w Jezierzycach&quot;,false,&quot;y&quot;,&quot;&quot;],&quot;starostwo-powiatowe-w-slupsku&quot;:[18,&quot;Starostwo Powiatowe w S\\u0142upsku&quot;,false,&quot;y&quot;,&quot;&quot;],&quot;stary-rynek&quot;:[155,&quot;Stary Rynek&quot;,false,&quot;y&quot;,&quot;&quot;],&quot;strefa-360-park-wodny-redzikowo&quot;:[184,&quot;Strefa 360 Park Wodny Redzikowo&quot;,false,&quot;y&quot;,&quot;&quot;],&quot;swietlica-w-zaleskich&quot;:[136,&quot;\\u015awietlica w Zaleskich&quot;,false,&quot;y&quot;,&quot;&quot;],&quot;swietlica-wiejska-w-gardnie-wielkiej&quot;:[137,&quot;\\u015awietlica wiejska w Gardnie Wielkiej&quot;,false,&quot;y&quot;,&quot;&quot;],&quot;swolowo-5&quot;:[103,&quot;Swo\\u0142owo 5&quot;,false,&quot;y&quot;,&quot;&quot;],&quot;swolowo-8&quot;:[41,&quot;Swo\\u0142owo 8&quot;,false,&quot;y&quot;,&quot;&quot;],&quot;swolowo-zagroda-nr-15&quot;:[180,&quot;Swo\\u0142owo zagroda nr 15&quot;,false,&quot;y&quot;,&quot;&quot;],&quot;szkola-podstawowa-w-barcinie&quot;:[161,&quot;Szko\\u0142a Podstawowa w Barcinie&quot;,false,&quot;y&quot;,&quot;&quot;],&quot;szkola-podstawowa-w-kobylnicy&quot;:[62,&quot;Szko\\u0142a Podstawowa w Kobylnicy&quot;,false,&quot;y&quot;,&quot;&quot;],&quot;szkola-podstawowa-w-korzybiu&quot;:[164,&quot;Szko\\u0142a Podstawowa w Korzybiu&quot;,false,&quot;y&quot;,&quot;&quot;],&quot;szkola-podstawowa-w-zaleskich&quot;:[160,&quot;Szko\\u0142a Podstawowa w Zaleskich&quot;,false,&quot;y&quot;,&quot;&quot;],&quot;teren-parku-trzy-fale-w-slupsku&quot;:[182,&quot;Teren Parku Trzy Fale w S\\u0142upsku&quot;,false,&quot;y&quot;,&quot;&quot;],&quot;trakt-solidarnosci-ustka&quot;:[46,&quot;Trakt Solidarno\\u015bci Ustka&quot;,false,&quot;y&quot;,&quot;&quot;],&quot;uniwersytet-pomorski-w-slupsku&quot;:[152,&quot;Uniwersytet Pomorski w S\\u0142upsku&quot;,false,&quot;y&quot;,&quot;&quot;],&quot;ustka&quot;:[30,&quot;Ustka&quot;,false,&quot;y&quot;,&quot;&quot;],&quot;ustka-promenada-nadmorska&quot;:[31,&quot;Ustka \\\/ Promenada Nadmorska&quot;,false,&quot;y&quot;,&quot;&quot;],&quot;zagroda-inicjatyw-twoczych-w-swolowie&quot;:[91,&quot;Zagroda Inicjatyw Tw\\u00f3czych w Swo\\u0142owie&quot;,false,&quot;y&quot;,&quot;&quot;],&quot;zamek-ksiazat-pomorskich&quot;:[120,&quot;Zamek Ksi\\u0105\\u017c\\u0105t Pomorskich&quot;,false,&quot;y&quot;,&quot;&quot;],&quot;zamek-ksiazat-pomorskich-w-slupsku&quot;:[121,&quot;Zamek Ksi\\u0105\\u017c\\u0105t Pomorskich w S\\u0142upsku&quot;,false,&quot;y&quot;,&quot;&quot;],&quot;zespol-szkolno-przedszkolny-im-czeslawa-milosza-w-siemianicach&quot;:[28,&quot;Zesp\\u00f3\\u0142 Szkolno - Przedszkolny im. Czes\\u0142awa Mi\\u0142osza w Siemianicach&quot;,false,&quot;y&quot;,&quot;&quot;]},&quot;nterms&quot;:[&quot;all&quot;],&quot;tterms&quot;:[&quot;all&quot;],&quot;terms&quot;:[&quot;all&quot;]},&quot;event_organizer&quot;:{&quot;__name&quot;:&quot;Organizator&quot;,&quot;__tax&quot;:&quot;event_organizer&quot;,&quot;__filter_type&quot;:&quot;tax&quot;,&quot;__def_val&quot;:[&quot;all&quot;],&quot;__invals&quot;:[&quot;all&quot;],&quot;__notvals&quot;:[],&quot;__list&quot;:{&quot;all&quot;:[&quot;all&quot;,&quot;Wszystkie&quot;],&quot;kepicki-osrodek-sportu-i-rekreacji&quot;:[51,&quot;\\u00a0K\\u0119picki O\\u015brodek Sportu i Rekreacji&quot;,false,&quot;y&quot;,&quot;&quot;],&quot;aktywna-kobylnica&quot;:[178,&quot;Aktywna Kobylnica&quot;,false,&quot;y&quot;,&quot;&quot;],&quot;baltycka-galeria-sztuki-wspolczesnej&quot;:[26,&quot;Ba\\u0142tycka Galeria Sztuki Wsp\\u00f3\\u0142czesnej&quot;,false,&quot;y&quot;,&quot;&quot;],&quot;bazarek-natury&quot;:[59,&quot;Bazarek natury&quot;,false,&quot;y&quot;,&quot;&quot;],&quot;biblioteka-publiczna-miasta-i-gminy-kepice&quot;:[44,&quot;Biblioteka Publiczna Miasta i Gminy K\\u0119pice&quot;,false,&quot;y&quot;,&quot;&quot;],&quot;biblioteka-publiczna-w-kobylnicy&quot;:[156,&quot;Biblioteka Publiczna w Kobylnicy&quot;,false,&quot;y&quot;,&quot;&quot;],&quot;bunkry-bluchera&quot;:[33,&quot;Bunkry Bl\\u00fcchera&quot;,false,&quot;y&quot;,&quot;&quot;],&quot;centrum-edukacji-i-kultury-w-damnicy&quot;:[84,&quot;Centrum Edukacji i Kultury w Damnicy&quot;,false,&quot;y&quot;,&quot;&quot;],&quot;centrum-informacji-turystycznej-w-slupsku&quot;:[128,&quot;Centrum Informacji Turystycznej w S\\u0142upsku&quot;,false,&quot;y&quot;,&quot;&quot;],&quot;centrum-kultury-gminy-ustka&quot;:[35,&quot;Centrum Kultury Gminy Ustka&quot;,false,&quot;y&quot;,&quot;&quot;],&quot;centrum-kultury-i-biblioteka-publiczna-gminy-redzikowo&quot;:[129,&quot;Centrum Kultury i Biblioteka Publiczna gminy Redzikowo&quot;,false,&quot;y&quot;,&quot;&quot;],&quot;centrum-kultury-i-biblioteka-publiczna-gminy-slupsk&quot;:[15,&quot;Centrum Kultury i Biblioteka Publiczna Gminy S\\u0142upsk&quot;,false,&quot;y&quot;,&quot;&quot;],&quot;centrum-kultury-i-promocji-w-kobylnicy&quot;:[149,&quot;Centrum Kultury i Promocji w Kobylnicy&quot;,false,&quot;y&quot;,&quot;&quot;],&quot;centrum-kultury-powiatu-slupskiego&quot;:[17,&quot;Centrum Kultury Powiatu S\\u0142upskiego&quot;,false,&quot;y&quot;,&quot;&quot;],&quot;centrum-uslug-spolecznych-gminy-redzikowo&quot;:[144,&quot;Centrum Us\\u0142ug Spo\\u0142ecznych Gminy Redzikowo&quot;,false,&quot;y&quot;,&quot;&quot;],&quot;dolina-charlotty&quot;:[131,&quot;Dolina Charlotty&quot;,false,&quot;y&quot;,&quot;&quot;],&quot;dom-kultury-w-ustce&quot;:[119,&quot;Dom Kultury w Ustce&quot;,false,&quot;y&quot;,&quot;&quot;],&quot;dps-machowinko-stowarzyszenie-na-rzecz-osob-niepelnosprawnych-przyjaciel&quot;:[55,&quot;DPS Machowinko \\\/ Stowarzyszenie na rzecz os\\u00f3b niepe\\u0142nosprawnych &amp;quot;Przyjaciel&amp;quot;&quot;,false,&quot;y&quot;,&quot;&quot;],&quot;formoza-challenge&quot;:[111,&quot;Formoza Challenge&quot;,false,&quot;y&quot;,&quot;&quot;],&quot;fundacja-partnerstwo-dorzecze-slupi&quot;:[127,&quot;Fundacja. Partnerstwo Dorzecze S\\u0142upi&quot;,false,&quot;y&quot;,&quot;&quot;],&quot;gmina-kobylnica&quot;:[63,&quot;Gmina Kobylnica&quot;,false,&quot;y&quot;,&quot;&quot;],&quot;gmina-redzikowo&quot;:[142,&quot;Gmina Redzikowo&quot;,false,&quot;y&quot;,&quot;&quot;],&quot;gminnego-centrum-kultury-i-promocji-w-kobylnicy&quot;:[19,&quot;Gminne Centrum Kultury i Promocji w Kobylnicy&quot;,false,&quot;y&quot;,&quot;&quot;],&quot;gminny-osrodek-kultury-w-debnicy-kaszubskiej&quot;:[79,&quot;Gminny O\\u015brodek Kultury w D\\u0119bnicy Kaszubskiej&quot;,false,&quot;y&quot;,&quot;&quot;],&quot;gminny-osrodek-kultury-w-glowczycach&quot;:[115,&quot;Gminny O\\u015brodek Kultury w G\\u0142\\u00f3wczycach&quot;,false,&quot;y&quot;,&quot;&quot;],&quot;gminny-osrodek-kultury-w-potegowie&quot;:[82,&quot;Gminny O\\u015brodek Kultury w Pot\\u0119gowie&quot;,false,&quot;y&quot;,&quot;&quot;],&quot;gminny-osrodek-kultury-w-smoldzinie&quot;:[113,&quot;Gminny O\\u015brodek Kultury w Smo\\u0142dzinie&quot;,false,&quot;y&quot;,&quot;&quot;],&quot;kasztel-slupski&quot;:[171,&quot;Kasztel S\\u0142upski&quot;,false,&quot;y&quot;,&quot;&quot;],&quot;kepicki-osrodek-sportu-i-rekreacji-kosir&quot;:[60,&quot;K\\u0119picki O\\u015brodek Sportu i Rekreacji KOSiR&quot;,false,&quot;y&quot;,&quot;&quot;],&quot;klub-sportowy-szansa-siemianice&quot;:[143,&quot;Klub Sportowy Szansa Siemianice&quot;,false,&quot;y&quot;,&quot;&quot;],&quot;kolo-gospodyn-wiejskich-barcinianki&quot;:[162,&quot;Ko\\u0142o Gospody\\u0144 Wiejskich &amp;quot;Barcinianki&amp;quot;&quot;,false,&quot;y&quot;,&quot;&quot;],&quot;kosciol-pw-urszuli-ledochowskiej-w-wieszynie&quot;:[69,&quot;Ko\\u015bci\\u00f3\\u0142 pw. Urszuli Led\\u00f3chowskiej w Wieszynie&quot;,false,&quot;y&quot;,&quot;&quot;],&quot;liceum-sztuk-plastycznych-im-st-i-witkiewicza-w-slupsku&quot;:[172,&quot;Liceum Sztuk Plastycznych im. St. I. Witkiewicza w S\\u0142upsku&quot;,false,&quot;y&quot;,&quot;&quot;],&quot;lokalne-centrum-kultury-w-bobrownikach&quot;:[168,&quot;Lokalne Centrum Kultury w Bobrownikach&quot;,false,&quot;y&quot;,&quot;&quot;],&quot;miasto-slupsk&quot;:[125,&quot;Miasto S\\u0142upsk&quot;,false,&quot;y&quot;,&quot;&quot;],&quot;miasto-slupsku&quot;:[124,&quot;Miasto S\\u0142upsku&quot;,false,&quot;y&quot;,&quot;&quot;],&quot;muzeum-kultury-ludowej-pomorza-w-swolowie&quot;:[42,&quot;Muzeum Kultury Ludowej Pomorza w Swo\\u0142owie&quot;,false,&quot;y&quot;,&quot;&quot;],&quot;muzeum-pomorza-srodkowego-w-slupsku&quot;:[100,&quot;Muzeum Pomorza \\u015arodkowego w S\\u0142upsku&quot;,false,&quot;y&quot;,&quot;&quot;],&quot;muzeum-wsi-slowinskiej-w-klukach&quot;:[37,&quot;Muzeum Wsi S\\u0142owi\\u0144skiej w Klukach&quot;,false,&quot;y&quot;,&quot;&quot;],&quot;organizator-stowarzyszenie-milosnikow-historii-i-wojskowosci-grzmot-w-slupsku&quot;:[106,&quot;Organizator: Stowarzyszenie Mi\\u0142o\\u015bnik\\u00f3w Historii i Wojskowo\\u015bci Grzmot w S\\u0142upsku&quot;,false,&quot;y&quot;,&quot;&quot;],&quot;osir-ustka&quot;:[47,&quot;OSiR Ustka&quot;,false,&quot;y&quot;,&quot;&quot;],&quot;osrodek-sportu-i-rozwoju-sp-z-o-o&quot;:[95,&quot;O\\u015brodek Sportu i Rozwoju Sp. Z O.O.&quot;,false,&quot;y&quot;,&quot;&quot;],&quot;paktan-klub-tanca-sportowego-zieciak-adam&quot;:[93,&quot;PAKTAN Klub Ta\\u0144ca Sportowego. Zi\\u0119ciak Adam&quot;,false,&quot;y&quot;,&quot;&quot;],&quot;polska-filharmonia-sinfonia-baltica-im-wojciecha-kilara&quot;:[73,&quot;Polska Filharmonia Sinfonia Baltica im. Wojciecha Kilara&quot;,false,&quot;y&quot;,&quot;&quot;],&quot;pomorski-osrodek-doradztwa-rolniczego-w-lubaniu&quot;:[134,&quot;Pomorski O\\u015brodek Doradztwa Rolniczego w Lubaniu&quot;,false,&quot;y&quot;,&quot;&quot;],&quot;pomorski-osrodek-doskonalenia-nauczycieli-w-slupsku&quot;:[99,&quot;Pomorski O\\u015brodek Doskonalenia Nauczycieli w S\\u0142upsku&quot;,false,&quot;y&quot;,&quot;&quot;],&quot;ratusz-miejski-w-slupsku&quot;:[123,&quot;Ratusz Miejski w S\\u0142upsku&quot;,false,&quot;y&quot;,&quot;&quot;],&quot;slowinski-park-narodowy&quot;:[49,&quot;S\\u0142owi\\u0144ski Park Narodowy&quot;,false,&quot;y&quot;,&quot;&quot;],&quot;slupska-akademia-szachowa&quot;:[88,&quot;S\\u0142upska Akademia Szachowa&quot;,false,&quot;y&quot;,&quot;&quot;],&quot;slupski-osrodek-kultury&quot;:[86,&quot;S\\u0142upski O\\u015brodek Kultury&quot;,false,&quot;y&quot;,&quot;&quot;],&quot;slupski-osrodek-sportu-i-rekreacji&quot;:[74,&quot;S\\u0142upski O\\u015brodek Sportu i Rekreacji&quot;,false,&quot;y&quot;,&quot;&quot;],&quot;starostwo-powiatowe-w-slupsku&quot;:[3,&quot;Starostwo Powiatowe w S\\u0142upsku&quot;,false,&quot;y&quot;,&quot;&quot;],&quot;stowarzyszenie-artfriends&quot;:[102,&quot;Stowarzyszenie ArtFriends&quot;,false,&quot;y&quot;,&quot;&quot;],&quot;stowarzyszenie-im-krzysztofa-komedy&quot;:[57,&quot;Stowarzyszenie im. Krzysztofa Komedy&quot;,false,&quot;y&quot;,&quot;&quot;],&quot;szkola-podstawowa-w-barcinie&quot;:[163,&quot;Szko\\u0142a Podstawowa w Barcinie&quot;,false,&quot;y&quot;,&quot;&quot;],&quot;szkola-podstawowa-w-korzybiu&quot;:[165,&quot;Szko\\u0142a Podstawowa w Korzybiu&quot;,false,&quot;y&quot;,&quot;&quot;],&quot;szkola-podstawowa-w-kwakowie&quot;:[87,&quot;Szko\\u0142a Podstawowa w Kwakowie&quot;,false,&quot;y&quot;,&quot;&quot;],&quot;uniwersytet-pomorski-w-slupsku&quot;:[153,&quot;Uniwersytet Pomorski w S\\u0142upsku&quot;,false,&quot;y&quot;,&quot;&quot;],&quot;urzad-miasta-ustka&quot;:[4,&quot;Urz\\u0105d Miasta Ustka&quot;,false,&quot;y&quot;,&quot;&quot;],&quot;ustka-na-fali&quot;:[110,&quot;Ustka na fali&quot;,false,&quot;y&quot;,&quot;&quot;],&quot;zagroda-inicjatyw-tworczych&quot;:[104,&quot;Zagroda Inicjatyw Tw\\u00f3rczych&quot;,false,&quot;y&quot;,&quot;&quot;]},&quot;nterms&quot;:[&quot;all&quot;],&quot;tterms&quot;:[&quot;all&quot;],&quot;terms&quot;:[&quot;all&quot;]}}\" data-nav_data=\"{&quot;month_title&quot;:&quot;&lt;p id=&#039;evcal_cur&#039; class=&#039;evo_month_title padr10&#039;&gt; maj, 2026&lt;\\\/p&gt;&quot;,&quot;arrows&quot;:&quot;&lt;p class=&#039;evo_arrows&#039;&gt;\\r\\n\\t\\t\\t\\t\\t&lt;button id=&#039;evcal_prev&#039; class=&#039;evcal_arrows evcal_btn_prev evodfx evofx_jc_c evofx_ai_c&#039; aria-label=&#039;Previous Month&#039;&gt;&lt;i class=&#039;fa fa-chevron-left&#039; aria-hidden=&#039;true&#039;&gt;&lt;\\\/i&gt;&lt;\\\/button&gt;\\r\\n\\t\\t\\t\\t\\t&lt;button id=&#039;evcal_next&#039; class=&#039;evcal_arrows evo_arrow_next evcal_btn_next evodfx evofx_jc_c evofx_ai_c&#039; aria-label=&#039;Next Month&#039;&gt;&lt;i class=&#039;fa fa-chevron-right&#039; aria-hidden=&#039;true&#039;&gt;&lt;\\\/i&gt;&lt;\\\/button&gt;\\r\\n\\t\\t\\t\\t\\t&lt;\\\/p&gt;&quot;}\" data-od=\"{&quot;lang_no_events&quot;:&quot;No Events&quot;,&quot;cal_tz_offset&quot;:-660,&quot;cal_tz&quot;:&quot;Pacific\\\/Midway&quot;}\" ><\/div>\r\n\t\t \t\t<div class='evo_cal_events' data-events=\"\"><\/div>\r\n\t\t \t<\/div>\r\n\t\t\t\t\r\n\t\t\t\r\n\t\t\t\t\t\t<\/div><!-- EventON End -->\r\n\t\t\t\n<\/div><\/div><\/div><\/div><\/p>\n","protected":false},"excerpt":{"rendered":"","protected":false},"author":1,"featured_media":0,"parent":0,"menu_order":0,"comment_status":"closed","ping_status":"closed","template":"100-width.php","meta":{"footnotes":""},"class_list":["post-2","page","type-page","status-publish","hentry"],"_links":{"self":[{"href":"https:\/\/goslupski.pl\/kalendarz\/wp-json\/wp\/v2\/pages\/2","targetHints":{"allow":["GET"]}}],"collection":[{"href":"https:\/\/goslupski.pl\/kalendarz\/wp-json\/wp\/v2\/pages"}],"about":[{"href":"https:\/\/goslupski.pl\/kalendarz\/wp-json\/wp\/v2\/types\/page"}],"author":[{"embeddable":true,"href":"https:\/\/goslupski.pl\/kalendarz\/wp-json\/wp\/v2\/users\/1"}],"replies":[{"embeddable":true,"href":"https:\/\/goslupski.pl\/kalendarz\/wp-json\/wp\/v2\/comments?post=2"}],"version-history":[{"count":45,"href":"https:\/\/goslupski.pl\/kalendarz\/wp-json\/wp\/v2\/pages\/2\/revisions"}],"predecessor-version":[{"id":1034,"href":"https:\/\/goslupski.pl\/kalendarz\/wp-json\/wp\/v2\/pages\/2\/revisions\/1034"}],"wp:attachment":[{"href":"https:\/\/goslupski.pl\/kalendarz\/wp-json\/wp\/v2\/media?parent=2"}],"curies":[{"name":"wp","href":"https:\/\/api.w.org\/{rel}","templated":true}]}}